{"id":3505,"date":"2025-11-18T14:25:35","date_gmt":"2025-11-18T14:25:35","guid":{"rendered":"https:\/\/www.solis-porec.com\/?page_id=3505"},"modified":"2025-11-27T09:08:15","modified_gmt":"2025-11-27T09:08:15","slug":"ferienhaus-istrien","status":"publish","type":"page","link":"https:\/\/www.solis-porec.com\/de\/ferienhaus-istrien\/","title":{"rendered":"Ferienh\u00e4user in Istrien"},"content":{"rendered":"\t\t<div data-elementor-type=\"wp-page\" data-elementor-id=\"3505\" class=\"elementor elementor-3505 elementor-3259\" data-elementor-post-type=\"page\">\n\t\t\t\t<div class=\"elementor-element elementor-element-3408783d e-flex e-con-boxed e-con e-parent\" data-id=\"3408783d\" data-element_type=\"container\" data-e-type=\"container\" data-settings=\"{&quot;background_background&quot;:&quot;classic&quot;}\">\n\t\t\t\t\t<div class=\"e-con-inner\">\n\t\t\t\t<div class=\"elementor-element elementor-element-2a6be7f1 elementor-icon-list--layout-inline elementor-align-center elementor-list-item-link-full_width elementor-widget elementor-widget-icon-list\" data-id=\"2a6be7f1\" data-element_type=\"widget\" data-e-type=\"widget\" data-widget_type=\"icon-list.default\">\n\t\t\t\t<div class=\"elementor-widget-container\">\n\t\t\t\t\t\t\t<ul class=\"elementor-icon-list-items elementor-inline-items\">\n\t\t\t\t\t\t\t<li class=\"elementor-icon-list-item elementor-inline-item\">\n\t\t\t\t\t\t\t\t\t\t<span class=\"elementor-icon-list-text\">Ferienunterk\u00fcnfte<\/span>\n\t\t\t\t\t\t\t\t\t<\/li>\n\t\t\t\t\t\t\t\t<li class=\"elementor-icon-list-item elementor-inline-item\">\n\t\t\t\t\t\t\t\t\t\t\t<span class=\"elementor-icon-list-icon\">\n\t\t\t\t\t\t\t<i aria-hidden=\"true\" class=\"jki jki-right-arrow-8\"><\/i>\t\t\t\t\t\t<\/span>\n\t\t\t\t\t\t\t\t\t\t<span class=\"elementor-icon-list-text\">Istria<\/span>\n\t\t\t\t\t\t\t\t\t<\/li>\n\t\t\t\t\t\t<\/ul>\n\t\t\t\t\t\t<\/div>\n\t\t\t\t<\/div>\n\t\t\t\t<div class=\"elementor-element elementor-element-1a371a5f elementor-widget elementor-widget-heading\" data-id=\"1a371a5f\" data-element_type=\"widget\" data-e-type=\"widget\" data-widget_type=\"heading.default\">\n\t\t\t\t<div class=\"elementor-widget-container\">\n\t\t\t\t\t<h1 class=\"elementor-heading-title elementor-size-default\">Ferienh\u00e4user in Istrien<\/h1>\t\t\t\t<\/div>\n\t\t\t\t<\/div>\n\t\t\t\t\t<\/div>\n\t\t\t\t<\/div>\n\t\t<div class=\"elementor-element elementor-element-73362b04 e-flex e-con-boxed e-con e-child\" data-id=\"73362b04\" data-element_type=\"container\" data-e-type=\"container\">\n\t\t\t\t\t<div class=\"e-con-inner\">\n\t\t<div class=\"elementor-element elementor-element-6fd83fe2 e-con-full e-flex e-con e-child\" data-id=\"6fd83fe2\" data-element_type=\"container\" data-e-type=\"container\">\n\t\t<div class=\"elementor-element elementor-element-6454d929 e-con-full jkit-sticky-element--enabled e-flex jkit-sticky-element-on--down jkit-sticky-position--sticky e-con e-child\" data-id=\"6454d929\" data-element_type=\"container\" data-e-type=\"container\" data-settings=\"{&quot;jkit_sticky_top_position&quot;:{&quot;unit&quot;:&quot;px&quot;,&quot;size&quot;:&quot;50&quot;,&quot;sizes&quot;:[]},&quot;jkit_sticky_device&quot;:&quot;desktop&quot;}\">\n\t\t<div class=\"elementor-element elementor-element-5d68d80c e-con-full e-flex e-con e-child\" data-id=\"5d68d80c\" data-element_type=\"container\" data-e-type=\"container\" data-settings=\"{&quot;background_background&quot;:&quot;classic&quot;}\">\n\t\t\t\t<div class=\"elementor-element elementor-element-38e8d00d elementor-widget elementor-widget-heading\" data-id=\"38e8d00d\" data-element_type=\"widget\" data-e-type=\"widget\" data-widget_type=\"heading.default\">\n\t\t\t\t<div class=\"elementor-widget-container\">\n\t\t\t\t\t<h2 class=\"elementor-heading-title elementor-size-default\">Ihre Lieblingsausstattung<\/h2>\t\t\t\t<\/div>\n\t\t\t\t<\/div>\n\t\t\t\t<div class=\"elementor-element elementor-element-584d82e8 elementor-widget-divider--view-line elementor-widget elementor-widget-divider\" data-id=\"584d82e8\" data-element_type=\"widget\" data-e-type=\"widget\" data-widget_type=\"divider.default\">\n\t\t\t\t<div class=\"elementor-widget-container\">\n\t\t\t\t\t\t\t<div class=\"elementor-divider\">\n\t\t\t<span class=\"elementor-divider-separator\">\n\t\t\t\t\t\t<\/span>\n\t\t<\/div>\n\t\t\t\t\t\t<\/div>\n\t\t\t\t<\/div>\n\t\t\t\t<div class=\"elementor-element elementor-element-3d8d41a0 jkit-equal-height-disable elementor-widget elementor-widget-jkit_icon_box\" data-id=\"3d8d41a0\" data-element_type=\"widget\" data-e-type=\"widget\" data-widget_type=\"jkit_icon_box.default\">\n\t\t\t\t<div class=\"elementor-widget-container\">\n\t\t\t\t\t<div  class=\"jeg-elementor-kit jkit-icon-box icon-position-left elementor-animation- jeg_module___69ef51b7b2eb1\" ><div class=\"jkit-icon-box-wrapper hover-from-left\"><div class=\"icon-box icon-box-header elementor-animation-\"><div class=\"icon style-color\"><i aria-hidden=\"true\" class=\"jki jki-swimming-pool-solid\"><\/i><\/div><\/div><div class=\"icon-box icon-box-body\">\n                <h2 class=\"title\">Mit Pool<\/h2>\n            <\/div>\n            \n            <\/div><\/div>\t\t\t\t<\/div>\n\t\t\t\t<\/div>\n\t\t\t\t<div class=\"elementor-element elementor-element-fabb941 jkit-equal-height-disable elementor-widget elementor-widget-jkit_icon_box\" data-id=\"fabb941\" data-element_type=\"widget\" data-e-type=\"widget\" data-widget_type=\"jkit_icon_box.default\">\n\t\t\t\t<div class=\"elementor-widget-container\">\n\t\t\t\t\t<div  class=\"jeg-elementor-kit jkit-icon-box icon-position-left elementor-animation- jeg_module__1_69ef51b7b3f25\" ><div class=\"jkit-icon-box-wrapper hover-from-left\"><div class=\"icon-box icon-box-header elementor-animation-\"><div class=\"icon style-color\"><i aria-hidden=\"true\" class=\"jki jki-dog-solid\"><\/i><\/div><\/div><div class=\"icon-box icon-box-body\">\n                <h2 class=\"title\">Haustierfreundlcih<\/h2>\n            <\/div>\n            \n            <\/div><\/div>\t\t\t\t<\/div>\n\t\t\t\t<\/div>\n\t\t\t\t<div class=\"elementor-element elementor-element-12bfa36 jkit-equal-height-disable elementor-widget elementor-widget-jkit_icon_box\" data-id=\"12bfa36\" data-element_type=\"widget\" data-e-type=\"widget\" data-widget_type=\"jkit_icon_box.default\">\n\t\t\t\t<div class=\"elementor-widget-container\">\n\t\t\t\t\t<div  class=\"jeg-elementor-kit jkit-icon-box icon-position-left elementor-animation- jeg_module__2_69ef51b7b4eb0\" ><div class=\"jkit-icon-box-wrapper hover-from-left\"><div class=\"icon-box icon-box-header elementor-animation-\"><div class=\"icon style-color\"><i aria-hidden=\"true\" class=\"jki jki-smile-solid\"><\/i><\/div><\/div><div class=\"icon-box icon-box-body\">\n                <h2 class=\"title\">G\u00fcnstige Apartments<\/h2>\n            <\/div>\n            \n            <\/div><\/div>\t\t\t\t<\/div>\n\t\t\t\t<\/div>\n\t\t\t\t<div class=\"elementor-element elementor-element-02a15f6 jkit-equal-height-disable elementor-widget elementor-widget-jkit_icon_box\" data-id=\"02a15f6\" data-element_type=\"widget\" data-e-type=\"widget\" data-widget_type=\"jkit_icon_box.default\">\n\t\t\t\t<div class=\"elementor-widget-container\">\n\t\t\t\t\t<div  class=\"jeg-elementor-kit jkit-icon-box icon-position-left elementor-animation- jeg_module__3_69ef51b7b5de8\" ><div class=\"jkit-icon-box-wrapper hover-from-left\"><div class=\"icon-box icon-box-header elementor-animation-\"><div class=\"icon style-color\"><i aria-hidden=\"true\" class=\"jki jki-star2-light\"><\/i><\/div><\/div><div class=\"icon-box icon-box-body\">\n                <h2 class=\"title\">Top Rated<\/h2>\n            <\/div>\n            \n            <\/div><\/div>\t\t\t\t<\/div>\n\t\t\t\t<\/div>\n\t\t\t\t<\/div>\n\t\t<div class=\"elementor-element elementor-element-463be7bf e-con-full e-flex e-con e-child\" data-id=\"463be7bf\" data-element_type=\"container\" data-e-type=\"container\" data-settings=\"{&quot;background_background&quot;:&quot;classic&quot;}\">\n\t\t\t\t<div class=\"elementor-element elementor-element-7a51047c elementor-widget elementor-widget-metform\" data-id=\"7a51047c\" data-element_type=\"widget\" data-e-type=\"widget\" data-widget_type=\"metform.default\">\n\t\t\t\t<div class=\"elementor-widget-container\">\n\t\t\t\t\t<div id=\"mf-response-props-id-634\" data-previous-steps-style=\"\" data-editswitchopen=\"\" data-response_type=\"alert\" data-erroricon=\"fas fa-exclamation-triangle\" data-successicon=\"fas fa-check\" data-messageposition=\"top\" class=\"   mf-scroll-top-no\">\n\t\t<div class=\"formpicker_warper formpicker_warper_editable\" data-metform-formpicker-key=\"634\" >\n\t\t\t\t\n\t\t\t<div class=\"mf-widget-container\">\n\t\t\t\t\r\n\t\t<div\r\n\t\t\tid=\"metform-wrap-7a51047c-634\"\r\n\t\t\tclass=\"mf-form-wrapper\"\r\n\t\t\tdata-form-id=\"634\"\r\n\t\t\tdata-action=\"https:\/\/www.solis-porec.com\/de\/wp-json\/metform\/v1\/entries\/insert\/634\"\r\n\t\t\tdata-wp-nonce=\"f851755ed5\"\r\n\t\t\tdata-form-nonce=\"9bffe9ffb0\"\r\n\t\t\tdata-quiz-summery = \"false\"\r\n\t\t\tdata-save-progress = \"false\"\r\n\t\t\tdata-form-type=\"contact_form\"\r\n\t\t\tdata-stop-vertical-effect=\"\"\r\n\t\t\t><\/div>\r\n\r\n\r\n\t\t<!----------------------------- \r\n\t\t\t* controls_data : find the the props passed indie of data attribute\r\n\t\t\t* props.SubmitResponseMarkup : contains the markup of error or success message\r\n\t\t\t* https:\/\/developer.mozilla.org\/en-US\/docs\/Web\/JavaScript\/Reference\/Template_literals\r\n\t\t--------------------------- -->\r\n\r\n\t\t\t\t<script type=\"text\/mf\" class=\"mf-template\">\r\n\t\t\tfunction controls_data (value){\r\n\t\t\t\tlet currentWrapper = \"mf-response-props-id-634\";\r\n\t\t\t\tlet currentEl = document.getElementById(currentWrapper);\r\n\t\t\t\t\r\n\t\t\t\treturn currentEl ? currentEl.dataset[value] : false\r\n\t\t\t}\r\n\r\n\r\n\t\t\tlet is_edit_mode = '' ? true : false;\r\n\t\t\tlet message_position = controls_data('messageposition') || 'top';\r\n\r\n\t\t\t\r\n\t\t\tlet message_successIcon = controls_data('successicon') || '';\r\n\t\t\tlet message_errorIcon = controls_data('erroricon') || '';\r\n\t\t\tlet message_editSwitch = controls_data('editswitchopen') === 'yes' ? true : false;\r\n\t\t\tlet message_proClass = controls_data('editswitchopen') === 'yes' ? 'mf_pro_activated' : '';\r\n\t\t\t\r\n\t\t\tlet is_dummy_markup = is_edit_mode && message_editSwitch ? true : false;\r\n\r\n\t\t\t\r\n\t\t\treturn html`\r\n\t\t\t\t<form\r\n\t\t\t\t\tclassName=\"metform-form-content\"\r\n\t\t\t\t\tref=${parent.formContainerRef}\r\n\t\t\t\t\tonSubmit=${ validation.handleSubmit( parent.handleFormSubmit ) }\r\n\t\t\t\t\r\n\t\t\t\t\t>\r\n\t\t\t\r\n\t\t\t\r\n\t\t\t\t\t${is_dummy_markup ? message_position === 'top' ?  props.ResponseDummyMarkup(message_successIcon, message_proClass) : '' : ''}\r\n\t\t\t\t\t${is_dummy_markup ? ' ' :  message_position === 'top' ? props.SubmitResponseMarkup`${parent}${state}${message_successIcon}${message_errorIcon}${message_proClass}` : ''}\r\n\r\n\t\t\t\t\t<!--------------------------------------------------------\r\n\t\t\t\t\t*** IMPORTANT \/ DANGEROUS ***\r\n\t\t\t\t\t${html``} must be used as in immediate child of \"metform-form-main-wrapper\"\r\n\t\t\t\t\tclass otherwise multistep form will not run at all\r\n\t\t\t\t\t---------------------------------------------------------->\r\n\r\n\t\t\t\t\t<div className=\"metform-form-main-wrapper\" key=${'hide-form-after-submit'} ref=${parent.formRef}>\r\n\t\t\t\t\t${html`\r\n\t\t\t\t\t\t\t\t\t\t\t`}\r\n\t\t\t\t\t<\/div>\r\n\r\n\t\t\t\t\t${is_dummy_markup ? message_position === 'bottom' ? props.ResponseDummyMarkup(message_successIcon, message_proClass) : '' : ''}\r\n\t\t\t\t\t${is_dummy_markup ? ' ' : message_position === 'bottom' ? props.SubmitResponseMarkup`${parent}${state}${message_successIcon}${message_errorIcon}${message_proClass}` : ''}\r\n\t\t\t\t\r\n\t\t\t\t<\/form>\r\n\t\t\t`\r\n\t\t<\/script>\r\n\r\n\t\t\t\t\t<\/div>\n\t\t<\/div>\n\t\t<\/div>\t\t\t\t<\/div>\n\t\t\t\t<\/div>\n\t\t\t\t<\/div>\n\t\t<div class=\"elementor-element elementor-element-46c2464b e-con-full e-flex e-con e-child\" data-id=\"46c2464b\" data-element_type=\"container\" data-e-type=\"container\" data-settings=\"{&quot;background_background&quot;:&quot;classic&quot;}\">\n\t\t\t\t<div class=\"elementor-element elementor-element-27eaae05 elementor-widget elementor-widget-heading\" data-id=\"27eaae05\" data-element_type=\"widget\" data-e-type=\"widget\" data-widget_type=\"heading.default\">\n\t\t\t\t<div class=\"elementor-widget-container\">\n\t\t\t\t\t<h2 class=\"elementor-heading-title elementor-size-default\">Tourismus Istrien<\/h2>\t\t\t\t<\/div>\n\t\t\t\t<\/div>\n\t\t\t\t<div class=\"elementor-element elementor-element-a841b49 elementor-widget elementor-widget-jkit_heading\" data-id=\"a841b49\" data-element_type=\"widget\" data-e-type=\"widget\" data-widget_type=\"jkit_heading.default\">\n\t\t\t\t<div class=\"elementor-widget-container\">\n\t\t\t\t\t<div  class=\"jeg-elementor-kit jkit-heading  align-left align-tablet- align-mobile- jeg_module__4_69ef51b7bb7f1\" ><div class=\"heading-section-title  display-inline-block\"><h2 class=\"heading-title\"><span class=\"style-color\"><span>Entdecken Sie unserem Blog<\/span><\/span><\/h2><\/div><h3 class=\"heading-section-subtitle  style-color\">All info you need before coming<\/h3><\/div>\t\t\t\t<\/div>\n\t\t\t\t<\/div>\n\t\t\t\t<div class=\"elementor-element elementor-element-15fbe55 e-transform elementor-widget elementor-widget-jkit_button\" data-id=\"15fbe55\" data-element_type=\"widget\" data-e-type=\"widget\" data-settings=\"{&quot;_transform_scale_effect_hover&quot;:{&quot;unit&quot;:&quot;px&quot;,&quot;size&quot;:&quot;0.9&quot;,&quot;sizes&quot;:[]},&quot;_transform_scale_effect_hover_tablet&quot;:{&quot;unit&quot;:&quot;px&quot;,&quot;size&quot;:&quot;&quot;,&quot;sizes&quot;:[]},&quot;_transform_scale_effect_hover_mobile&quot;:{&quot;unit&quot;:&quot;px&quot;,&quot;size&quot;:&quot;&quot;,&quot;sizes&quot;:[]}}\" data-widget_type=\"jkit_button.default\">\n\t\t\t\t<div class=\"elementor-widget-container\">\n\t\t\t\t\t<div  class=\"jeg-elementor-kit jkit-button  icon-position-after jeg_module__5_69ef51b7bdb85\" ><a href=\"https:\/\/www.solis-porec.com\/blog\/\" class=\"jkit-button-wrapper\">Istria Tourism Blog<i aria-hidden=\"true\" class=\"jki jki-right-arrow2-light\"><\/i><\/a><\/div>\t\t\t\t<\/div>\n\t\t\t\t<\/div>\n\t\t\t\t<div class=\"elementor-element elementor-element-533e7f33 elementor-widget elementor-widget-spacer\" data-id=\"533e7f33\" data-element_type=\"widget\" data-e-type=\"widget\" data-widget_type=\"spacer.default\">\n\t\t\t\t<div class=\"elementor-widget-container\">\n\t\t\t\t\t\t\t<div class=\"elementor-spacer\">\n\t\t\t<div class=\"elementor-spacer-inner\"><\/div>\n\t\t<\/div>\n\t\t\t\t\t\t<\/div>\n\t\t\t\t<\/div>\n\t\t\t\t<\/div>\n\t\t\t\t<\/div>\n\t\t\t\t<\/div>\n\t\t<div class=\"elementor-element elementor-element-77fa272f e-con-full e-flex e-con e-child\" data-id=\"77fa272f\" data-element_type=\"container\" data-e-type=\"container\">\n\t\t<div class=\"elementor-element elementor-element-412022c6 e-con-full e-flex e-con e-child\" data-id=\"412022c6\" data-element_type=\"container\" data-e-type=\"container\">\n\t\t\t\t<div class=\"elementor-element elementor-element-39237ac4 elementor-widget elementor-widget-image\" data-id=\"39237ac4\" data-element_type=\"widget\" data-e-type=\"widget\" data-widget_type=\"image.default\">\n\t\t\t\t<div class=\"elementor-widget-container\">\n\t\t\t\t\t\t\t\t\t\t\t\t\t\t\t<img fetchpriority=\"high\" decoding=\"async\" width=\"726\" height=\"602\" src=\"https:\/\/www.solis-porec.com\/wp-content\/uploads\/2025\/06\/vacation-rental-istria.jpg\" class=\"attachment-full size-full wp-image-2645\" alt=\"Vacation rentals in Istria Croatia\" srcset=\"https:\/\/www.solis-porec.com\/wp-content\/uploads\/2025\/06\/vacation-rental-istria.jpg 726w, https:\/\/www.solis-porec.com\/wp-content\/uploads\/2025\/06\/vacation-rental-istria-300x249.jpg 300w\" sizes=\"(max-width: 726px) 100vw, 726px\" \/>\t\t\t\t\t\t\t\t\t\t\t\t\t\t\t<\/div>\n\t\t\t\t<\/div>\n\t\t\t\t<\/div>\n\t\t<div class=\"elementor-element elementor-element-59e14fd2 e-con-full e-flex e-con e-child\" data-id=\"59e14fd2\" data-element_type=\"container\" data-e-type=\"container\">\n\t\t\t\t<div class=\"elementor-element elementor-element-540faf7 elementor-widget elementor-widget-jkit_heading\" data-id=\"540faf7\" data-element_type=\"widget\" data-e-type=\"widget\" data-widget_type=\"jkit_heading.default\">\n\t\t\t\t<div class=\"elementor-widget-container\">\n\t\t\t\t\t<div  class=\"jeg-elementor-kit jkit-heading  align-left align-tablet- align-mobile- jeg_module__6_69ef51b7becbe\" ><div class=\"heading-section-title  display-inline-block\"><h2 class=\"heading-title\">Mieten Sie <span class=\"style-color\"><span> ein Ferienhaus <\/span><\/span> in Istrien mit uns<\/h2><\/div><\/div>\t\t\t\t<\/div>\n\t\t\t\t<\/div>\n\t\t\t\t<div class=\"elementor-element elementor-element-1e6b593e elementor-widget elementor-widget-text-editor\" data-id=\"1e6b593e\" data-element_type=\"widget\" data-e-type=\"widget\" data-widget_type=\"text-editor.default\">\n\t\t\t\t<div class=\"elementor-widget-container\">\n\t\t\t\t\t\t\t\t\t<p>Entfliehen Sie nach Istrien, wo mediterraner Charme auf unvergessliche Aufenthalte trifft! Ein <strong>Ferienhaus<\/strong> zu mieten, bietet Ihnen Freiheit, Platz und lokale Authentizit\u00e4t. Wachen Sie mit Meerblick auf, erkunden Sie Bergd\u00f6rfer und genie\u00dfen Sie Tr\u00fcffel &amp; Wein. Durchst\u00f6bern Sie jetzt unsere handverlesenen Apartments!   <\/p>\t\t\t\t\t\t\t\t<\/div>\n\t\t\t\t<\/div>\n\t\t\t\t<\/div>\n\t\t<div class=\"elementor-element elementor-element-23b3c2ba e-con-full e-flex e-con e-child\" data-id=\"23b3c2ba\" data-element_type=\"container\" data-e-type=\"container\">\n\t\t<div class=\"elementor-element elementor-element-69b20a29 e-con-full e-flex e-con e-child\" data-id=\"69b20a29\" data-element_type=\"container\" data-e-type=\"container\">\n\t\t\t\t<div class=\"elementor-element elementor-element-dca82aa elementor-widget elementor-widget-grid\" data-id=\"dca82aa\" data-element_type=\"widget\" data-e-type=\"widget\" data-widget_type=\"grid.default\">\n\t\t\t\t<div class=\"elementor-widget-container\">\n\t\t\t\t\t\t\t<div class=\"its--row alojamientos-recomendados\">\n\n\t\t\t<div class=\"alojamientos-recomendados-container\">\n\n\t\t\t\t\t\n\t\t\t\t\t<a href=\"https:\/\/www.booking.solis-porec.com\/de\/vermietung\/ferienhaus-porec-casa-astrid-by-the-sea-in-porec-istria-219822.html\" rel=\"nofollow\" style=\"width: 49%;\">\n\t\t\t\t\t\t<div class=\"apartamento-box\">\n\t\t\t\t\t\t\t<div class=\"imagen_recomendados\">\n\t\t\t\t\t\t\t\t<img decoding=\"async\" src=\"https:\/\/crs.avantio.com\/fotos\/2\/15117901214cb045cdc9b18d92197356eb0721d945\/big15117936637cab2cc62c27123c4ea2f65acb69721b.jpg\" alt=\"Ferienhaus Casa Astrid  am Meer in Porec, Istrien\">\n\t\t\t\t\t\t\t<\/div>\n\t\t\t\t\t\t\t<div class=\"info\">\n\t\t\t\t\t\t\t\t<div class=\"ubicacion\">\n\t\t\t\t\t\t\t\t\t<i class=\"fa-solid fa-location-dot icono-mapa\"><\/i><span class=\"ubicacion-texto\">Porec - Pore\u010d (Parenzo)<\/span>\n\t\t\t\t\t\t\t\t<\/div>\n\t\t\t\t\t\t\t\t<H4 class=\"titulo-alojamiento\">\n\t\t\t\t\t\t\t\t\tFerienhaus Casa Astrid  am Meer in Porec, Istrien\t\t\t\t\t\t\t\t<\/H4>\n\t\t\t\t\t\t\t\t<p class=\"precio-alojamiento\">Aus <span class=\"precio\">110.00\u20ac<\/span> pro Nacht<\/p>\n\t\t\t\t\t\t\t<\/div>\n\t\t\t\t\t\t<\/div>\n\t\t\t\t\t<\/a> \n\t\t\t\t\t\t\n\t\t\t\t\t<a href=\"https:\/\/www.booking.solis-porec.com\/de\/vermietung\/ferienhaus-dane-holiday-home-dane-22-307376.html\" rel=\"nofollow\" style=\"width: 49%;\">\n\t\t\t\t\t\t<div class=\"apartamento-box\">\n\t\t\t\t\t\t\t<div class=\"imagen_recomendados\">\n\t\t\t\t\t\t\t\t<img decoding=\"async\" src=\"https:\/\/crs.avantio.com\/fotos\/2\/157684964707f2ce7fa3c53e7905d4ba990cddfa8a\/big15768496623dfdbaf50b054839a0fa7feedf4cd26f.jpg\" alt=\"Haus Dane mit Terrasse in \u0106i\u0107arija, Istrien\">\n\t\t\t\t\t\t\t<\/div>\n\t\t\t\t\t\t\t<div class=\"info\">\n\t\t\t\t\t\t\t\t<div class=\"ubicacion\">\n\t\t\t\t\t\t\t\t\t<i class=\"fa-solid fa-location-dot icono-mapa\"><\/i><span class=\"ubicacion-texto\">Dane - Buzet<\/span>\n\t\t\t\t\t\t\t\t<\/div>\n\t\t\t\t\t\t\t\t<H4 class=\"titulo-alojamiento\">\n\t\t\t\t\t\t\t\t\tHaus Dane mit Terrasse in \u0106i\u0107arija, Istrien\t\t\t\t\t\t\t\t<\/H4>\n\t\t\t\t\t\t\t\t<p class=\"precio-alojamiento\">Aus <span class=\"precio\">95.00\u20ac<\/span> pro Nacht<\/p>\n\t\t\t\t\t\t\t<\/div>\n\t\t\t\t\t\t<\/div>\n\t\t\t\t\t<\/a> \n\t\t\t\t\t\t\n\t\t\t\t\t<a href=\"https:\/\/www.booking.solis-porec.com\/de\/vermietung\/ferienhaus-porec-casa-cittar-by-the-sea-in-porec-459826.html\" rel=\"nofollow\" style=\"width: 49%;\">\n\t\t\t\t\t\t<div class=\"apartamento-box\">\n\t\t\t\t\t\t\t<div class=\"imagen_recomendados\">\n\t\t\t\t\t\t\t\t<img decoding=\"async\" src=\"https:\/\/crs.avantio.com\/fotos\/2\/170291415043e13f14743841963e6d2f1f6f435036\/big17029141535f44743e440c8b874c583f024337be58.jpg\" alt=\"Ferienhaus Casa Cittar am Meer, in Pore\u010d, Istrien\">\n\t\t\t\t\t\t\t<\/div>\n\t\t\t\t\t\t\t<div class=\"info\">\n\t\t\t\t\t\t\t\t<div class=\"ubicacion\">\n\t\t\t\t\t\t\t\t\t<i class=\"fa-solid fa-location-dot icono-mapa\"><\/i><span class=\"ubicacion-texto\">Porec - Pore\u010d (Parenzo)<\/span>\n\t\t\t\t\t\t\t\t<\/div>\n\t\t\t\t\t\t\t\t<H4 class=\"titulo-alojamiento\">\n\t\t\t\t\t\t\t\t\tFerienhaus Casa Cittar am Meer, in Pore\u010d, Istrien\t\t\t\t\t\t\t\t<\/H4>\n\t\t\t\t\t\t\t\t<p class=\"precio-alojamiento\">Aus <span class=\"precio\">96.00\u20ac<\/span> pro Nacht<\/p>\n\t\t\t\t\t\t\t<\/div>\n\t\t\t\t\t\t<\/div>\n\t\t\t\t\t<\/a> \n\t\t\t\t\t\t\n\t\t\t\t\t<a href=\"https:\/\/www.booking.solis-porec.com\/de\/vermietung\/ferienhaus-barbi-i-casa-piccola-barbici-with-pool-in-porec-istria-460888.html\" rel=\"nofollow\" style=\"width: 49%;\">\n\t\t\t\t\t\t<div class=\"apartamento-box\">\n\t\t\t\t\t\t\t<div class=\"imagen_recomendados\">\n\t\t\t\t\t\t\t\t<img decoding=\"async\" src=\"https:\/\/crs.avantio.com\/fotos\/2\/17030870337ea1fb84e776d5455635cbe01f860b13\/big170308703489c507976c83fcb102cf8dd98888bc62.jpg\" alt=\"Haus Casa Piccola Barbici mit Pool in Porec, Istrien\">\n\t\t\t\t\t\t\t<\/div>\n\t\t\t\t\t\t\t<div class=\"info\">\n\t\t\t\t\t\t\t\t<div class=\"ubicacion\">\n\t\t\t\t\t\t\t\t\t<i class=\"fa-solid fa-location-dot icono-mapa\"><\/i><span class=\"ubicacion-texto\">Barbi\u0107i - Pore\u010d (Parenzo)<\/span>\n\t\t\t\t\t\t\t\t<\/div>\n\t\t\t\t\t\t\t\t<H4 class=\"titulo-alojamiento\">\n\t\t\t\t\t\t\t\t\tHaus Casa Piccola Barbici mit Pool in Porec, Istrien\t\t\t\t\t\t\t\t<\/H4>\n\t\t\t\t\t\t\t\t<p class=\"precio-alojamiento\">Aus <span class=\"precio\">110.00\u20ac<\/span> pro Nacht<\/p>\n\t\t\t\t\t\t\t<\/div>\n\t\t\t\t\t\t<\/div>\n\t\t\t\t\t<\/a> \n\t\t\t\t\t\t\n\t\t\t\t\t<a href=\"https:\/\/www.booking.solis-porec.com\/de\/vermietung\/ferienhaus-groznjan-casa-piccola-leona-with-pool-in-groznjan-465168.html\" rel=\"nofollow\" style=\"width: 49%;\">\n\t\t\t\t\t\t<div class=\"apartamento-box\">\n\t\t\t\t\t\t\t<div class=\"imagen_recomendados\">\n\t\t\t\t\t\t\t\t<img decoding=\"async\" src=\"https:\/\/crs.avantio.com\/fotos\/2\/170799839270ec9eeb78a4bb9fbddf8b42c8e599e3\/big17079984058a46f440f5963c6d7fcf33df189cbdd8.jpg\" alt=\"Haus Casa Piccola Leona mit Pool in Istrien\">\n\t\t\t\t\t\t\t<\/div>\n\t\t\t\t\t\t\t<div class=\"info\">\n\t\t\t\t\t\t\t\t<div class=\"ubicacion\">\n\t\t\t\t\t\t\t\t\t<i class=\"fa-solid fa-location-dot icono-mapa\"><\/i><span class=\"ubicacion-texto\">Gro\u017enjan - Gro\u017enjan (Grisignana)<\/span>\n\t\t\t\t\t\t\t\t<\/div>\n\t\t\t\t\t\t\t\t<H4 class=\"titulo-alojamiento\">\n\t\t\t\t\t\t\t\t\tHaus Casa Piccola Leona mit Pool in Istrien\t\t\t\t\t\t\t\t<\/H4>\n\t\t\t\t\t\t\t\t<p class=\"precio-alojamiento\">Aus <span class=\"precio\">100.00\u20ac<\/span> pro Nacht<\/p>\n\t\t\t\t\t\t\t<\/div>\n\t\t\t\t\t\t<\/div>\n\t\t\t\t\t<\/a> \n\t\t\t\t\t\t\n\t\t\t\t\t<a href=\"https:\/\/www.booking.solis-porec.com\/de\/vermietung\/ferienhaus-tadini-casa-tadini-491012.html\" rel=\"nofollow\" style=\"width: 49%;\">\n\t\t\t\t\t\t<div class=\"apartamento-box\">\n\t\t\t\t\t\t\t<div class=\"imagen_recomendados\">\n\t\t\t\t\t\t\t\t<img decoding=\"async\" src=\"https:\/\/crs.avantio.com\/fotos\/2\/1718710714f8fca2d30dccdace07a536a7bdb4386e\/big17187115568b5fb43af3c3b53fa1f7ebb6a21f917b.jpg\" alt=\"Haus Casa Tadini mit Terrasse in Ka\u0161telir\">\n\t\t\t\t\t\t\t<\/div>\n\t\t\t\t\t\t\t<div class=\"info\">\n\t\t\t\t\t\t\t\t<div class=\"ubicacion\">\n\t\t\t\t\t\t\t\t\t<i class=\"fa-solid fa-location-dot icono-mapa\"><\/i><span class=\"ubicacion-texto\">Tadini - Ka\u0161telir (Castelliere)<\/span>\n\t\t\t\t\t\t\t\t<\/div>\n\t\t\t\t\t\t\t\t<H4 class=\"titulo-alojamiento\">\n\t\t\t\t\t\t\t\t\tHaus Casa Tadini mit Terrasse in Ka\u0161telir\t\t\t\t\t\t\t\t<\/H4>\n\t\t\t\t\t\t\t\t<p class=\"precio-alojamiento\">Aus <span class=\"precio\">66.00\u20ac<\/span> pro Nacht<\/p>\n\t\t\t\t\t\t\t<\/div>\n\t\t\t\t\t\t<\/div>\n\t\t\t\t\t<\/a> \n\t\t\t\t\t\t\n\t\t\t\t\t<a href=\"https:\/\/www.booking.solis-porec.com\/de\/vermietung\/ferienhaus-porec-casa-san-marco-494267.html\" rel=\"nofollow\" style=\"width: 49%;\">\n\t\t\t\t\t\t<div class=\"apartamento-box\">\n\t\t\t\t\t\t\t<div class=\"imagen_recomendados\">\n\t\t\t\t\t\t\t\t<img decoding=\"async\" src=\"https:\/\/crs.avantio.com\/fotos\/2\/1720111878598a61de66b733d76e3c04e0c8ab847e\/big17455905275054848de3dd52020df321b7d055fe90.jpg\" alt=\"Casa San Marco mit privatem Pool in Porec\">\n\t\t\t\t\t\t\t<\/div>\n\t\t\t\t\t\t\t<div class=\"info\">\n\t\t\t\t\t\t\t\t<div class=\"ubicacion\">\n\t\t\t\t\t\t\t\t\t<i class=\"fa-solid fa-location-dot icono-mapa\"><\/i><span class=\"ubicacion-texto\">Porec - Pore\u010d (Parenzo)<\/span>\n\t\t\t\t\t\t\t\t<\/div>\n\t\t\t\t\t\t\t\t<H4 class=\"titulo-alojamiento\">\n\t\t\t\t\t\t\t\t\tCasa San Marco mit privatem Pool in Porec\t\t\t\t\t\t\t\t<\/H4>\n\t\t\t\t\t\t\t\t<p class=\"precio-alojamiento\">Aus <span class=\"precio\">140.00\u20ac<\/span> pro Nacht<\/p>\n\t\t\t\t\t\t\t<\/div>\n\t\t\t\t\t\t<\/div>\n\t\t\t\t\t<\/a> \n\t\t\t\t\t\t\n\t\t\t\t\t<a href=\"https:\/\/www.booking.solis-porec.com\/de\/vermietung\/ferienhaus-cerjani-casa-toni-with-whirpool-in-kastelir-istria-528839.html\" rel=\"nofollow\" style=\"width: 49%;\">\n\t\t\t\t\t\t<div class=\"apartamento-box\">\n\t\t\t\t\t\t\t<div class=\"imagen_recomendados\">\n\t\t\t\t\t\t\t\t<img decoding=\"async\" src=\"https:\/\/crs.avantio.com\/fotos\/3\/1744986271722c3265824a97e4f84ba10ff9993300\/big17484407832e6a1be5426f173fdf7cfc55cfd998de.jpg\" alt=\"Casa Toni\">\n\t\t\t\t\t\t\t<\/div>\n\t\t\t\t\t\t\t<div class=\"info\">\n\t\t\t\t\t\t\t\t<div class=\"ubicacion\">\n\t\t\t\t\t\t\t\t\t<i class=\"fa-solid fa-location-dot icono-mapa\"><\/i><span class=\"ubicacion-texto\">Cerjani - Ka\u0161telir (Castelliere)<\/span>\n\t\t\t\t\t\t\t\t<\/div>\n\t\t\t\t\t\t\t\t<H4 class=\"titulo-alojamiento\">\n\t\t\t\t\t\t\t\t\tCasa Toni\t\t\t\t\t\t\t\t<\/H4>\n\t\t\t\t\t\t\t\t<p class=\"precio-alojamiento\">Aus <span class=\"precio\">90.00\u20ac<\/span> pro Nacht<\/p>\n\t\t\t\t\t\t\t<\/div>\n\t\t\t\t\t\t<\/div>\n\t\t\t\t\t<\/a> \n\t\t\t\t\t\t\t\t<\/div>\n\t\t\t<\/div>\n\t\t\t\t\t\t<\/div>\n\t\t\t\t<\/div>\n\t\t\t\t<div class=\"elementor-element elementor-element-048e92e elementor-align-center elementor-widget elementor-widget-button\" data-id=\"048e92e\" data-element_type=\"widget\" data-e-type=\"widget\" data-widget_type=\"button.default\">\n\t\t\t\t<div class=\"elementor-widget-container\">\n\t\t\t\t\t\t\t\t\t<div class=\"elementor-button-wrapper\">\n\t\t\t\t\t<a class=\"elementor-button elementor-button-link elementor-size-sm\" href=\"https:\/\/www.booking.solis-porec.com\/de\/vermietung\/ferienhauser-istrien-c19r283\/\">\n\t\t\t\t\t\t<span class=\"elementor-button-content-wrapper\">\n\t\t\t\t\t\t\t\t\t<span class=\"elementor-button-text\">Alle H\u00e4user in Istrien ansehen<\/span>\n\t\t\t\t\t<\/span>\n\t\t\t\t\t<\/a>\n\t\t\t\t<\/div>\n\t\t\t\t\t\t\t\t<\/div>\n\t\t\t\t<\/div>\n\t\t\t\t<\/div>\n\t\t\t\t<\/div>\n\t\t<div class=\"elementor-element elementor-element-2b2ecd68 e-con-full e-flex e-con e-child\" data-id=\"2b2ecd68\" data-element_type=\"container\" data-e-type=\"container\">\n\t\t\t\t<div class=\"elementor-element elementor-element-1aa72b0f elementor-widget elementor-widget-heading\" data-id=\"1aa72b0f\" data-element_type=\"widget\" data-e-type=\"widget\" data-widget_type=\"heading.default\">\n\t\t\t\t<div class=\"elementor-widget-container\">\n\t\t\t\t\t<h2 class=\"elementor-heading-title elementor-size-default\">Gr\u00fcnde f\u00fcr einen Besuch in Istrien<\/h2>\t\t\t\t<\/div>\n\t\t\t\t<\/div>\n\t\t\t\t<div class=\"elementor-element elementor-element-2a52aa7c elementor-icon-list--layout-traditional elementor-list-item-link-full_width elementor-widget elementor-widget-icon-list\" data-id=\"2a52aa7c\" data-element_type=\"widget\" data-e-type=\"widget\" data-widget_type=\"icon-list.default\">\n\t\t\t\t<div class=\"elementor-widget-container\">\n\t\t\t\t\t\t\t<ul class=\"elementor-icon-list-items\">\n\t\t\t\t\t\t\t<li class=\"elementor-icon-list-item\">\n\t\t\t\t\t\t\t\t\t\t\t<span class=\"elementor-icon-list-icon\">\n\t\t\t\t\t\t\t<i aria-hidden=\"true\" class=\"fas fa-check-circle\"><\/i>\t\t\t\t\t\t<\/span>\n\t\t\t\t\t\t\t\t\t\t<span class=\"elementor-icon-list-text\"><b>Atemberaubende K\u00fcstenlinien<\/b> \u2013 Klares Wasser &amp; versteckte Str\u00e4nde, ideal zum Schwimmen<\/span>\n\t\t\t\t\t\t\t\t\t<\/li>\n\t\t\t\t\t\t\t\t<li class=\"elementor-icon-list-item\">\n\t\t\t\t\t\t\t\t\t\t\t<span class=\"elementor-icon-list-icon\">\n\t\t\t\t\t\t\t<i aria-hidden=\"true\" class=\"fas fa-check-circle\"><\/i>\t\t\t\t\t\t<\/span>\n\t\t\t\t\t\t\t\t\t\t<span class=\"elementor-icon-list-text\"><b>Charmante mittelalterliche St\u00e4dte<\/b> \u2013 Erkunden Sie Rovinj oder Pore\u010d voller Geschichte und Romantik<\/span>\n\t\t\t\t\t\t\t\t\t<\/li>\n\t\t\t\t\t\t\t\t<li class=\"elementor-icon-list-item\">\n\t\t\t\t\t\t\t\t\t\t\t<span class=\"elementor-icon-list-icon\">\n\t\t\t\t\t\t\t<i aria-hidden=\"true\" class=\"fas fa-check-circle\"><\/i>\t\t\t\t\t\t<\/span>\n\t\t\t\t\t\t\t\t\t\t<span class=\"elementor-icon-list-text\"><b>Weltklasse-Essen &amp; Wein<\/b> \u2013 Probieren Sie Tr\u00fcffel, Oliven\u00f6l und preisgekr\u00f6nten istrischen Malvasia<\/span>\n\t\t\t\t\t\t\t\t\t<\/li>\n\t\t\t\t\t\t\t\t<li class=\"elementor-icon-list-item\">\n\t\t\t\t\t\t\t\t\t\t\t<span class=\"elementor-icon-list-icon\">\n\t\t\t\t\t\t\t<i aria-hidden=\"true\" class=\"fas fa-check-circle\"><\/i>\t\t\t\t\t\t<\/span>\n\t\t\t\t\t\t\t\t\t\t<span class=\"elementor-icon-list-text\"><b>Naturabenteuer<\/b> \u2013 Wandern, Radfahren oder Segeln Sie durch \u00fcppige Parks und malerische Pfade<\/span>\n\t\t\t\t\t\t\t\t\t<\/li>\n\t\t\t\t\t\t\t\t<li class=\"elementor-icon-list-item\">\n\t\t\t\t\t\t\t\t\t\t\t<span class=\"elementor-icon-list-icon\">\n\t\t\t\t\t\t\t<i aria-hidden=\"true\" class=\"fas fa-check-circle\"><\/i>\t\t\t\t\t\t<\/span>\n\t\t\t\t\t\t\t\t\t\t<span class=\"elementor-icon-list-text\"><b>Erschwinglicher Luxus<\/b> \u2013 Premium-Aufenthalte zu geringeren Kosten als andere Hotspots im Mittelmeer.<\/span>\n\t\t\t\t\t\t\t\t\t<\/li>\n\t\t\t\t\t\t\t\t<li class=\"elementor-icon-list-item\">\n\t\t\t\t\t\t\t\t\t\t\t<span class=\"elementor-icon-list-icon\">\n\t\t\t\t\t\t\t<i aria-hidden=\"true\" class=\"fas fa-check-circle\"><\/i>\t\t\t\t\t\t<\/span>\n\t\t\t\t\t\t\t\t\t\t<span class=\"elementor-icon-list-text\"><b>Ganzj\u00e4hrige Sch\u00f6nheit<\/b> \u2013 Sonnige Sommer, gem\u00fctliche Winter \u2013 jede Jahreszeit hat ihren Zauber.<\/span>\n\t\t\t\t\t\t\t\t\t<\/li>\n\t\t\t\t\t\t<\/ul>\n\t\t\t\t\t\t<\/div>\n\t\t\t\t<\/div>\n\t\t\t\t<\/div>\n\t\t\t\t<\/div>\n\t\t\t\t\t<\/div>\n\t\t\t\t<\/div>\n\t\t<div class=\"elementor-element elementor-element-e8dcc47 e-flex e-con-boxed e-con e-parent\" data-id=\"e8dcc47\" data-element_type=\"container\" data-e-type=\"container\">\n\t\t\t\t\t<div class=\"e-con-inner\">\n\t\t<div class=\"elementor-element elementor-element-5c22aa2 e-flex e-con-boxed e-con e-child\" data-id=\"5c22aa2\" data-element_type=\"container\" data-e-type=\"container\">\n\t\t\t\t\t<div class=\"e-con-inner\">\n\t\t<div class=\"elementor-element elementor-element-fd8d6c9 e-con-full e-flex e-con e-child\" data-id=\"fd8d6c9\" data-element_type=\"container\" data-e-type=\"container\">\n\t\t\t\t<div class=\"elementor-element elementor-element-e6f81c8 elementor-widget elementor-widget-jkit_heading\" data-id=\"e6f81c8\" data-element_type=\"widget\" data-e-type=\"widget\" data-widget_type=\"jkit_heading.default\">\n\t\t\t\t<div class=\"elementor-widget-container\">\n\t\t\t\t\t<div  class=\"jeg-elementor-kit jkit-heading  align-left align-tablet- align-mobile- jeg_module__7_69ef51b9ab2ee\" ><div class=\"heading-section-title  display-inline-block\"><h2 class=\"heading-title\">Ferienh\u00e4user in Istrien <span class=\"style-color\"><span> mit Pool<\/span><\/span><\/h2><\/div><\/div>\t\t\t\t<\/div>\n\t\t\t\t<\/div>\n\t\t\t\t<\/div>\n\t\t\t\t\t<\/div>\n\t\t\t\t<\/div>\n\t\t<div class=\"elementor-element elementor-element-eeb44f8 e-flex e-con-boxed e-con e-child\" data-id=\"eeb44f8\" data-element_type=\"container\" data-e-type=\"container\">\n\t\t\t\t\t<div class=\"e-con-inner\">\n\t\t<div class=\"elementor-element elementor-element-a05c850 e-con-full e-flex e-con e-child\" data-id=\"a05c850\" data-element_type=\"container\" data-e-type=\"container\">\n\t\t\t\t<div class=\"elementor-element elementor-element-087b1b4 elementor-widget elementor-widget-grid\" data-id=\"087b1b4\" data-element_type=\"widget\" data-e-type=\"widget\" data-widget_type=\"grid.default\">\n\t\t\t\t<div class=\"elementor-widget-container\">\n\t\t\t\t\t\t\t<div class=\"its--row alojamientos-recomendados\">\n\n\t\t\t<div class=\"alojamientos-recomendados-container\">\n\n\t\t\t\t\t\n\t\t\t\t\t<a href=\"https:\/\/www.booking.solis-porec.com\/de\/vermietung\/ferienhaus-barbi-i-casa-piccola-barbici-with-pool-in-porec-istria-460888.html\" rel=\"nofollow\" style=\"width: 23%;\">\n\t\t\t\t\t\t<div class=\"apartamento-box\">\n\t\t\t\t\t\t\t<div class=\"imagen_recomendados\">\n\t\t\t\t\t\t\t\t<img decoding=\"async\" src=\"https:\/\/crs.avantio.com\/fotos\/2\/17030870337ea1fb84e776d5455635cbe01f860b13\/big170308703489c507976c83fcb102cf8dd98888bc62.jpg\" alt=\"Haus Casa Piccola Barbici mit Pool in Porec, Istrien\">\n\t\t\t\t\t\t\t<\/div>\n\t\t\t\t\t\t\t<div class=\"info\">\n\t\t\t\t\t\t\t\t<div class=\"ubicacion\">\n\t\t\t\t\t\t\t\t\t<i class=\"fa-solid fa-location-dot icono-mapa\"><\/i><span class=\"ubicacion-texto\">Barbi\u0107i - Pore\u010d (Parenzo)<\/span>\n\t\t\t\t\t\t\t\t<\/div>\n\t\t\t\t\t\t\t\t<H4 class=\"titulo-alojamiento\">\n\t\t\t\t\t\t\t\t\tHaus Casa Piccola Barbici mit Pool in Porec, Istrien\t\t\t\t\t\t\t\t<\/H4>\n\t\t\t\t\t\t\t\t<p class=\"precio-alojamiento\">Aus <span class=\"precio\">110.00\u20ac<\/span> pro Nacht<\/p>\n\t\t\t\t\t\t\t<\/div>\n\t\t\t\t\t\t<\/div>\n\t\t\t\t\t<\/a> \n\t\t\t\t\t\t\n\t\t\t\t\t<a href=\"https:\/\/www.booking.solis-porec.com\/de\/vermietung\/ferienhaus-groznjan-casa-piccola-leona-with-pool-in-groznjan-465168.html\" rel=\"nofollow\" style=\"width: 23%;\">\n\t\t\t\t\t\t<div class=\"apartamento-box\">\n\t\t\t\t\t\t\t<div class=\"imagen_recomendados\">\n\t\t\t\t\t\t\t\t<img decoding=\"async\" src=\"https:\/\/crs.avantio.com\/fotos\/2\/170799839270ec9eeb78a4bb9fbddf8b42c8e599e3\/big17079984058a46f440f5963c6d7fcf33df189cbdd8.jpg\" alt=\"Haus Casa Piccola Leona mit Pool in Istrien\">\n\t\t\t\t\t\t\t<\/div>\n\t\t\t\t\t\t\t<div class=\"info\">\n\t\t\t\t\t\t\t\t<div class=\"ubicacion\">\n\t\t\t\t\t\t\t\t\t<i class=\"fa-solid fa-location-dot icono-mapa\"><\/i><span class=\"ubicacion-texto\">Gro\u017enjan - Gro\u017enjan (Grisignana)<\/span>\n\t\t\t\t\t\t\t\t<\/div>\n\t\t\t\t\t\t\t\t<H4 class=\"titulo-alojamiento\">\n\t\t\t\t\t\t\t\t\tHaus Casa Piccola Leona mit Pool in Istrien\t\t\t\t\t\t\t\t<\/H4>\n\t\t\t\t\t\t\t\t<p class=\"precio-alojamiento\">Aus <span class=\"precio\">100.00\u20ac<\/span> pro Nacht<\/p>\n\t\t\t\t\t\t\t<\/div>\n\t\t\t\t\t\t<\/div>\n\t\t\t\t\t<\/a> \n\t\t\t\t\t\t\t\t<\/div>\n\t\t\t<\/div>\n\t\t\t\t\t\t<\/div>\n\t\t\t\t<\/div>\n\t\t\t\t<div class=\"elementor-element elementor-element-161be50 elementor-align-right elementor-widget elementor-widget-button\" data-id=\"161be50\" data-element_type=\"widget\" data-e-type=\"widget\" data-widget_type=\"button.default\">\n\t\t\t\t<div class=\"elementor-widget-container\">\n\t\t\t\t\t\t\t\t\t<div class=\"elementor-button-wrapper\">\n\t\t\t\t\t<a class=\"elementor-button elementor-button-link elementor-size-sm\" href=\"https:\/\/www.booking.solis-porec.com\/de\/vermietung\/vermietungen-istrien-r283\/tag-mit-pool\/\">\n\t\t\t\t\t\t<span class=\"elementor-button-content-wrapper\">\n\t\t\t\t\t\t\t\t\t<span class=\"elementor-button-text\">Alle mit Pool<\/span>\n\t\t\t\t\t<\/span>\n\t\t\t\t\t<\/a>\n\t\t\t\t<\/div>\n\t\t\t\t\t\t\t\t<\/div>\n\t\t\t\t<\/div>\n\t\t\t\t<\/div>\n\t\t\t\t\t<\/div>\n\t\t\t\t<\/div>\n\t\t\t\t\t<\/div>\n\t\t\t\t<\/div>\n\t\t<div class=\"elementor-element elementor-element-0c145d9 e-flex e-con-boxed e-con e-parent\" data-id=\"0c145d9\" data-element_type=\"container\" data-e-type=\"container\">\n\t\t\t\t\t<div class=\"e-con-inner\">\n\t\t<div class=\"elementor-element elementor-element-b1332b6 e-flex e-con-boxed e-con e-child\" data-id=\"b1332b6\" data-element_type=\"container\" data-e-type=\"container\">\n\t\t\t\t\t<div class=\"e-con-inner\">\n\t\t<div class=\"elementor-element elementor-element-acec042 e-con-full e-flex e-con e-child\" data-id=\"acec042\" data-element_type=\"container\" data-e-type=\"container\">\n\t\t\t\t<div class=\"elementor-element elementor-element-3f9e464 elementor-widget elementor-widget-jkit_heading\" data-id=\"3f9e464\" data-element_type=\"widget\" data-e-type=\"widget\" data-widget_type=\"jkit_heading.default\">\n\t\t\t\t<div class=\"elementor-widget-container\">\n\t\t\t\t\t<div  class=\"jeg-elementor-kit jkit-heading  align-left align-tablet- align-mobile- jeg_module__8_69ef51ba429a6\" ><div class=\"heading-section-title  display-inline-block\"><h2 class=\"heading-title\"><span class=\"style-color\"><span>Pet-friendly<\/span><\/span> Ferienh\u00e4user in Istrien<\/h2><\/div><\/div>\t\t\t\t<\/div>\n\t\t\t\t<\/div>\n\t\t\t\t<\/div>\n\t\t\t\t\t<\/div>\n\t\t\t\t<\/div>\n\t\t<div class=\"elementor-element elementor-element-f4ddbcc e-flex e-con-boxed e-con e-child\" data-id=\"f4ddbcc\" data-element_type=\"container\" data-e-type=\"container\">\n\t\t\t\t\t<div class=\"e-con-inner\">\n\t\t<div class=\"elementor-element elementor-element-0481bd9 e-con-full e-flex e-con e-child\" data-id=\"0481bd9\" data-element_type=\"container\" data-e-type=\"container\">\n\t\t\t\t<div class=\"elementor-element elementor-element-a5bcc4a elementor-widget elementor-widget-grid\" data-id=\"a5bcc4a\" data-element_type=\"widget\" data-e-type=\"widget\" data-widget_type=\"grid.default\">\n\t\t\t\t<div class=\"elementor-widget-container\">\n\t\t\t\t\t\t\t<div class=\"its--row alojamientos-recomendados\">\n\n\t\t\t<div class=\"alojamientos-recomendados-container\">\n\n\t\t\t\t\t\n\t\t\t\t\t<a href=\"https:\/\/www.booking.solis-porec.com\/de\/vermietung\/ferienhaus-porec-casa-astrid-by-the-sea-in-porec-istria-219822.html\" rel=\"nofollow\" style=\"width: 23%;\">\n\t\t\t\t\t\t<div class=\"apartamento-box\">\n\t\t\t\t\t\t\t<div class=\"imagen_recomendados\">\n\t\t\t\t\t\t\t\t<img decoding=\"async\" src=\"https:\/\/crs.avantio.com\/fotos\/2\/15117901214cb045cdc9b18d92197356eb0721d945\/big15117936637cab2cc62c27123c4ea2f65acb69721b.jpg\" alt=\"Ferienhaus Casa Astrid  am Meer in Porec, Istrien\">\n\t\t\t\t\t\t\t<\/div>\n\t\t\t\t\t\t\t<div class=\"info\">\n\t\t\t\t\t\t\t\t<div class=\"ubicacion\">\n\t\t\t\t\t\t\t\t\t<i class=\"fa-solid fa-location-dot icono-mapa\"><\/i><span class=\"ubicacion-texto\">Porec - Pore\u010d (Parenzo)<\/span>\n\t\t\t\t\t\t\t\t<\/div>\n\t\t\t\t\t\t\t\t<H4 class=\"titulo-alojamiento\">\n\t\t\t\t\t\t\t\t\tFerienhaus Casa Astrid  am Meer in Porec, Istrien\t\t\t\t\t\t\t\t<\/H4>\n\t\t\t\t\t\t\t\t<p class=\"precio-alojamiento\">Aus <span class=\"precio\">110.00\u20ac<\/span> pro Nacht<\/p>\n\t\t\t\t\t\t\t<\/div>\n\t\t\t\t\t\t<\/div>\n\t\t\t\t\t<\/a> \n\t\t\t\t\t\t\n\t\t\t\t\t<a href=\"https:\/\/www.booking.solis-porec.com\/de\/vermietung\/ferienhaus-porec-casa-cittar-by-the-sea-in-porec-459826.html\" rel=\"nofollow\" style=\"width: 23%;\">\n\t\t\t\t\t\t<div class=\"apartamento-box\">\n\t\t\t\t\t\t\t<div class=\"imagen_recomendados\">\n\t\t\t\t\t\t\t\t<img decoding=\"async\" src=\"https:\/\/crs.avantio.com\/fotos\/2\/170291415043e13f14743841963e6d2f1f6f435036\/big17029141535f44743e440c8b874c583f024337be58.jpg\" alt=\"Ferienhaus Casa Cittar am Meer, in Pore\u010d, Istrien\">\n\t\t\t\t\t\t\t<\/div>\n\t\t\t\t\t\t\t<div class=\"info\">\n\t\t\t\t\t\t\t\t<div class=\"ubicacion\">\n\t\t\t\t\t\t\t\t\t<i class=\"fa-solid fa-location-dot icono-mapa\"><\/i><span class=\"ubicacion-texto\">Porec - Pore\u010d (Parenzo)<\/span>\n\t\t\t\t\t\t\t\t<\/div>\n\t\t\t\t\t\t\t\t<H4 class=\"titulo-alojamiento\">\n\t\t\t\t\t\t\t\t\tFerienhaus Casa Cittar am Meer, in Pore\u010d, Istrien\t\t\t\t\t\t\t\t<\/H4>\n\t\t\t\t\t\t\t\t<p class=\"precio-alojamiento\">Aus <span class=\"precio\">96.00\u20ac<\/span> pro Nacht<\/p>\n\t\t\t\t\t\t\t<\/div>\n\t\t\t\t\t\t<\/div>\n\t\t\t\t\t<\/a> \n\t\t\t\t\t\t\n\t\t\t\t\t<a href=\"https:\/\/www.booking.solis-porec.com\/de\/vermietung\/ferienhaus-barbi-i-casa-piccola-barbici-with-pool-in-porec-istria-460888.html\" rel=\"nofollow\" style=\"width: 23%;\">\n\t\t\t\t\t\t<div class=\"apartamento-box\">\n\t\t\t\t\t\t\t<div class=\"imagen_recomendados\">\n\t\t\t\t\t\t\t\t<img decoding=\"async\" src=\"https:\/\/crs.avantio.com\/fotos\/2\/17030870337ea1fb84e776d5455635cbe01f860b13\/big170308703489c507976c83fcb102cf8dd98888bc62.jpg\" alt=\"Haus Casa Piccola Barbici mit Pool in Porec, Istrien\">\n\t\t\t\t\t\t\t<\/div>\n\t\t\t\t\t\t\t<div class=\"info\">\n\t\t\t\t\t\t\t\t<div class=\"ubicacion\">\n\t\t\t\t\t\t\t\t\t<i class=\"fa-solid fa-location-dot icono-mapa\"><\/i><span class=\"ubicacion-texto\">Barbi\u0107i - Pore\u010d (Parenzo)<\/span>\n\t\t\t\t\t\t\t\t<\/div>\n\t\t\t\t\t\t\t\t<H4 class=\"titulo-alojamiento\">\n\t\t\t\t\t\t\t\t\tHaus Casa Piccola Barbici mit Pool in Porec, Istrien\t\t\t\t\t\t\t\t<\/H4>\n\t\t\t\t\t\t\t\t<p class=\"precio-alojamiento\">Aus <span class=\"precio\">110.00\u20ac<\/span> pro Nacht<\/p>\n\t\t\t\t\t\t\t<\/div>\n\t\t\t\t\t\t<\/div>\n\t\t\t\t\t<\/a> \n\t\t\t\t\t\t\n\t\t\t\t\t<a href=\"https:\/\/www.booking.solis-porec.com\/de\/vermietung\/ferienhaus-groznjan-casa-piccola-leona-with-pool-in-groznjan-465168.html\" rel=\"nofollow\" style=\"width: 23%;\">\n\t\t\t\t\t\t<div class=\"apartamento-box\">\n\t\t\t\t\t\t\t<div class=\"imagen_recomendados\">\n\t\t\t\t\t\t\t\t<img decoding=\"async\" src=\"https:\/\/crs.avantio.com\/fotos\/2\/170799839270ec9eeb78a4bb9fbddf8b42c8e599e3\/big17079984058a46f440f5963c6d7fcf33df189cbdd8.jpg\" alt=\"Haus Casa Piccola Leona mit Pool in Istrien\">\n\t\t\t\t\t\t\t<\/div>\n\t\t\t\t\t\t\t<div class=\"info\">\n\t\t\t\t\t\t\t\t<div class=\"ubicacion\">\n\t\t\t\t\t\t\t\t\t<i class=\"fa-solid fa-location-dot icono-mapa\"><\/i><span class=\"ubicacion-texto\">Gro\u017enjan - Gro\u017enjan (Grisignana)<\/span>\n\t\t\t\t\t\t\t\t<\/div>\n\t\t\t\t\t\t\t\t<H4 class=\"titulo-alojamiento\">\n\t\t\t\t\t\t\t\t\tHaus Casa Piccola Leona mit Pool in Istrien\t\t\t\t\t\t\t\t<\/H4>\n\t\t\t\t\t\t\t\t<p class=\"precio-alojamiento\">Aus <span class=\"precio\">100.00\u20ac<\/span> pro Nacht<\/p>\n\t\t\t\t\t\t\t<\/div>\n\t\t\t\t\t\t<\/div>\n\t\t\t\t\t<\/a> \n\t\t\t\t\t\t\t\t<\/div>\n\t\t\t<\/div>\n\t\t\t\t\t\t<\/div>\n\t\t\t\t<\/div>\n\t\t\t\t<div class=\"elementor-element elementor-element-f3d44ea elementor-align-right elementor-widget elementor-widget-button\" data-id=\"f3d44ea\" data-element_type=\"widget\" data-e-type=\"widget\" data-widget_type=\"button.default\">\n\t\t\t\t<div class=\"elementor-widget-container\">\n\t\t\t\t\t\t\t\t\t<div class=\"elementor-button-wrapper\">\n\t\t\t\t\t<a class=\"elementor-button elementor-button-link elementor-size-sm\" href=\"https:\/\/www.booking.solis-porec.com\/de\/vermietung\/vermietungen-istrien-r283\/tag-haustierfreundlich\/\">\n\t\t\t\t\t\t<span class=\"elementor-button-content-wrapper\">\n\t\t\t\t\t\t\t\t\t<span class=\"elementor-button-text\">Alle haustierfreundlichen H\u00e4user ansehen<\/span>\n\t\t\t\t\t<\/span>\n\t\t\t\t\t<\/a>\n\t\t\t\t<\/div>\n\t\t\t\t\t\t\t\t<\/div>\n\t\t\t\t<\/div>\n\t\t\t\t<\/div>\n\t\t\t\t\t<\/div>\n\t\t\t\t<\/div>\n\t\t\t\t\t<\/div>\n\t\t\t\t<\/div>\n\t\t<div class=\"elementor-element elementor-element-4ade776 e-flex e-con-boxed e-con e-parent\" data-id=\"4ade776\" data-element_type=\"container\" data-e-type=\"container\">\n\t\t\t\t\t<div class=\"e-con-inner\">\n\t\t<div class=\"elementor-element elementor-element-63a06513 e-flex e-con-boxed e-con e-child\" data-id=\"63a06513\" data-element_type=\"container\" data-e-type=\"container\">\n\t\t\t\t\t<div class=\"e-con-inner\">\n\t\t\t\t<div class=\"elementor-element elementor-element-ee64d7f elementor-widget elementor-widget-jkit_heading\" data-id=\"ee64d7f\" data-element_type=\"widget\" data-e-type=\"widget\" data-widget_type=\"jkit_heading.default\">\n\t\t\t\t<div class=\"elementor-widget-container\">\n\t\t\t\t\t<div  class=\"jeg-elementor-kit jkit-heading  align-left align-tablet- align-mobile- jeg_module__9_69ef51bac935f\" ><div class=\"heading-section-title  display-inline-block\"><h2 class=\"heading-title\">Wesentliche <span class=\"style-color\"><span>Merkmale<\/span><\/span> die ich w\u00fcnsche<\/h2><\/div><\/div>\t\t\t\t<\/div>\n\t\t\t\t<\/div>\n\t\t\t\t<div class=\"elementor-element elementor-element-52410950 elementor-widget elementor-widget-text-editor\" data-id=\"52410950\" data-element_type=\"widget\" data-e-type=\"widget\" data-widget_type=\"text-editor.default\">\n\t\t\t\t<div class=\"elementor-widget-container\">\n\t\t\t\t\t\t\t\t\t<p>Ausstattung, die auf Sie zugeschnitten ist. Auf welche k\u00f6nnen Sie nicht verzichten? Finden Sie Ihren perfekten gefilterten Aufenthalt!  <\/p>\t\t\t\t\t\t\t\t<\/div>\n\t\t\t\t<\/div>\n\t\t\t\t\t<\/div>\n\t\t\t\t<\/div>\n\t\t<div class=\"elementor-element elementor-element-4de24d8d e-flex e-con-boxed e-con e-child\" data-id=\"4de24d8d\" data-element_type=\"container\" data-e-type=\"container\">\n\t\t\t\t\t<div class=\"e-con-inner\">\n\t\t<div class=\"elementor-element elementor-element-175edeb e-con-full e-flex e-con e-child\" data-id=\"175edeb\" data-element_type=\"container\" data-e-type=\"container\">\n\t\t<div class=\"elementor-element elementor-element-518c9b8e e-con-full e-flex e-con e-child\" data-id=\"518c9b8e\" data-element_type=\"container\" data-e-type=\"container\">\n\t\t\t\t<div class=\"elementor-element elementor-element-800cf1e jkit-equal-height-disable elementor-widget elementor-widget-jkit_icon_box\" data-id=\"800cf1e\" data-element_type=\"widget\" data-e-type=\"widget\" data-widget_type=\"jkit_icon_box.default\">\n\t\t\t\t<div class=\"elementor-widget-container\">\n\t\t\t\t\t<div  class=\"jeg-elementor-kit jkit-icon-box icon-position-top elementor-animation- jeg_module__10_69ef51bacac3a\" ><div class=\"jkit-icon-box-wrapper hover-from-left\"><div class=\"icon-box icon-box-header elementor-animation-\"><div class=\"icon style-color\"><i aria-hidden=\"true\" class=\"jki jki-wifi-solid\"><\/i><\/div><\/div><div class=\"icon-box icon-box-body\">\n                <h2 class=\"title\">Wifi<\/h2>\n            <\/div>\n            \n            <\/div><\/div>\t\t\t\t<\/div>\n\t\t\t\t<\/div>\n\t\t\t\t<\/div>\n\t\t<div class=\"elementor-element elementor-element-4d997054 e-con-full e-flex e-con e-child\" data-id=\"4d997054\" data-element_type=\"container\" data-e-type=\"container\">\n\t\t\t\t<div class=\"elementor-element elementor-element-20fcc851 jkit-equal-height-disable elementor-widget elementor-widget-jkit_icon_box\" data-id=\"20fcc851\" data-element_type=\"widget\" data-e-type=\"widget\" data-widget_type=\"jkit_icon_box.default\">\n\t\t\t\t<div class=\"elementor-widget-container\">\n\t\t\t\t\t<div  class=\"jeg-elementor-kit jkit-icon-box icon-position-top elementor-animation- jeg_module__11_69ef51bacbb50\" ><div class=\"jkit-icon-box-wrapper hover-from-left\"><div class=\"icon-box icon-box-header elementor-animation-\"><div class=\"icon style-color\"><i aria-hidden=\"true\" class=\"jki jki-parking-solid\"><\/i><\/div><\/div><div class=\"icon-box icon-box-body\">\n                <h2 class=\"title\">Parking<\/h2>\n            <\/div>\n            \n            <\/div><\/div>\t\t\t\t<\/div>\n\t\t\t\t<\/div>\n\t\t\t\t<\/div>\n\t\t<div class=\"elementor-element elementor-element-f0ab1d2 e-con-full e-flex e-con e-child\" data-id=\"f0ab1d2\" data-element_type=\"container\" data-e-type=\"container\">\n\t\t\t\t<div class=\"elementor-element elementor-element-3bc0717 jkit-equal-height-disable elementor-widget elementor-widget-jkit_icon_box\" data-id=\"3bc0717\" data-element_type=\"widget\" data-e-type=\"widget\" data-widget_type=\"jkit_icon_box.default\">\n\t\t\t\t<div class=\"elementor-widget-container\">\n\t\t\t\t\t<div  class=\"jeg-elementor-kit jkit-icon-box icon-position-top elementor-animation- jeg_module__12_69ef51bacca54\" ><div class=\"jkit-icon-box-wrapper hover-from-left\"><div class=\"icon-box icon-box-header elementor-animation-\"><div class=\"icon style-color\"><i aria-hidden=\"true\" class=\"jki jki-refresh-ccw-line\"><\/i><\/div><\/div><div class=\"icon-box icon-box-body\">\n                <h2 class=\"title\">A\/C<\/h2>\n            <\/div>\n            \n            <\/div><\/div>\t\t\t\t<\/div>\n\t\t\t\t<\/div>\n\t\t\t\t<\/div>\n\t\t<div class=\"elementor-element elementor-element-9e374a2 e-con-full e-flex e-con e-child\" data-id=\"9e374a2\" data-element_type=\"container\" data-e-type=\"container\">\n\t\t\t\t<div class=\"elementor-element elementor-element-2e32360 jkit-equal-height-disable elementor-widget elementor-widget-jkit_icon_box\" data-id=\"2e32360\" data-element_type=\"widget\" data-e-type=\"widget\" data-widget_type=\"jkit_icon_box.default\">\n\t\t\t\t<div class=\"elementor-widget-container\">\n\t\t\t\t\t<div  class=\"jeg-elementor-kit jkit-icon-box icon-position-top elementor-animation- jeg_module__13_69ef51bacd95d\" ><div class=\"jkit-icon-box-wrapper hover-from-left\"><div class=\"icon-box icon-box-header elementor-animation-\"><div class=\"icon style-color\"><i aria-hidden=\"true\" class=\"jki jki-swimming-pool-solid\"><\/i><\/div><\/div><div class=\"icon-box icon-box-body\">\n                <h2 class=\"title\">Pool<\/h2>\n            <\/div>\n            \n            <\/div><\/div>\t\t\t\t<\/div>\n\t\t\t\t<\/div>\n\t\t\t\t<\/div>\n\t\t\t\t<\/div>\n\t\t<div class=\"elementor-element elementor-element-af2d0e0 e-con-full e-flex e-con e-child\" data-id=\"af2d0e0\" data-element_type=\"container\" data-e-type=\"container\">\n\t\t<div class=\"elementor-element elementor-element-4f75f556 e-con-full e-flex e-con e-child\" data-id=\"4f75f556\" data-element_type=\"container\" data-e-type=\"container\">\n\t\t\t\t<div class=\"elementor-element elementor-element-21bac3b7 jkit-equal-height-disable elementor-widget elementor-widget-jkit_icon_box\" data-id=\"21bac3b7\" data-element_type=\"widget\" data-e-type=\"widget\" data-widget_type=\"jkit_icon_box.default\">\n\t\t\t\t<div class=\"elementor-widget-container\">\n\t\t\t\t\t<div  class=\"jeg-elementor-kit jkit-icon-box icon-position-top elementor-animation- jeg_module__14_69ef51bace84a\" ><div class=\"jkit-icon-box-wrapper hover-from-left\"><div class=\"icon-box icon-box-header elementor-animation-\"><div class=\"icon style-color\"><i aria-hidden=\"true\" class=\"jki jki-tv-solid\"><\/i><\/div><\/div><div class=\"icon-box icon-box-body\">\n                <h2 class=\"title\">Tv<\/h2>\n            <\/div>\n            \n            <\/div><\/div>\t\t\t\t<\/div>\n\t\t\t\t<\/div>\n\t\t\t\t<\/div>\n\t\t<div class=\"elementor-element elementor-element-48312b0 e-con-full e-flex e-con e-child\" data-id=\"48312b0\" data-element_type=\"container\" data-e-type=\"container\">\n\t\t\t\t<div class=\"elementor-element elementor-element-fed04f8 jkit-equal-height-disable elementor-widget elementor-widget-jkit_icon_box\" data-id=\"fed04f8\" data-element_type=\"widget\" data-e-type=\"widget\" data-widget_type=\"jkit_icon_box.default\">\n\t\t\t\t<div class=\"elementor-widget-container\">\n\t\t\t\t\t<div  class=\"jeg-elementor-kit jkit-icon-box icon-position-top elementor-animation- jeg_module__15_69ef51bacf730\" ><div class=\"jkit-icon-box-wrapper hover-from-left\"><div class=\"icon-box icon-box-header elementor-animation-\"><div class=\"icon style-color\"><i aria-hidden=\"true\" class=\"jki jki-cat-solid\"><\/i><\/div><\/div><div class=\"icon-box icon-box-body\">\n                <h2 class=\"title\">Pets<\/h2>\n            <\/div>\n            \n            <\/div><\/div>\t\t\t\t<\/div>\n\t\t\t\t<\/div>\n\t\t\t\t<\/div>\n\t\t<div class=\"elementor-element elementor-element-79c5b16 e-con-full e-flex e-con e-child\" data-id=\"79c5b16\" data-element_type=\"container\" data-e-type=\"container\">\n\t\t\t\t<div class=\"elementor-element elementor-element-7c7b2c6 jkit-equal-height-disable elementor-widget elementor-widget-jkit_icon_box\" data-id=\"7c7b2c6\" data-element_type=\"widget\" data-e-type=\"widget\" data-widget_type=\"jkit_icon_box.default\">\n\t\t\t\t<div class=\"elementor-widget-container\">\n\t\t\t\t\t<div  class=\"jeg-elementor-kit jkit-icon-box icon-position-top elementor-animation- jeg_module__16_69ef51bad05ff\" ><div class=\"jkit-icon-box-wrapper hover-from-left\"><div class=\"icon-box icon-box-header elementor-animation-\"><div class=\"icon style-color\"><i aria-hidden=\"true\" class=\"jki jki-wheelchair-solid\"><\/i><\/div><\/div><div class=\"icon-box icon-box-body\">\n                <h2 class=\"title\">A11y<\/h2>\n            <\/div>\n            \n            <\/div><\/div>\t\t\t\t<\/div>\n\t\t\t\t<\/div>\n\t\t\t\t<\/div>\n\t\t<div class=\"elementor-element elementor-element-48479fcc e-con-full e-flex e-con e-child\" data-id=\"48479fcc\" data-element_type=\"container\" data-e-type=\"container\">\n\t\t\t\t<div class=\"elementor-element elementor-element-6c7a43b2 jkit-equal-height-disable elementor-widget elementor-widget-jkit_icon_box\" data-id=\"6c7a43b2\" data-element_type=\"widget\" data-e-type=\"widget\" data-widget_type=\"jkit_icon_box.default\">\n\t\t\t\t<div class=\"elementor-widget-container\">\n\t\t\t\t\t<div  class=\"jeg-elementor-kit jkit-icon-box icon-position-top elementor-animation- jeg_module__17_69ef51bad14de\" ><div class=\"jkit-icon-box-wrapper hover-from-left\"><div class=\"icon-box icon-box-header elementor-animation-\"><div class=\"icon style-color\"><i aria-hidden=\"true\" class=\"jki jki-fire-alt-solid\"><\/i><\/div><\/div><div class=\"icon-box icon-box-body\">\n                <h2 class=\"title\">Bbq<\/h2>\n            <\/div>\n            \n            <\/div><\/div>\t\t\t\t<\/div>\n\t\t\t\t<\/div>\n\t\t\t\t<\/div>\n\t\t\t\t<\/div>\n\t\t\t\t\t<\/div>\n\t\t\t\t<\/div>\n\t\t\t\t\t<\/div>\n\t\t\t\t<\/div>\n\t\t<div class=\"elementor-element elementor-element-3367e241 e-flex e-con-boxed e-con e-parent\" data-id=\"3367e241\" data-element_type=\"container\" data-e-type=\"container\">\n\t\t\t\t\t<div class=\"e-con-inner\">\n\t\t<div class=\"elementor-element elementor-element-61d78866 e-flex e-con-boxed e-con e-child\" data-id=\"61d78866\" data-element_type=\"container\" data-e-type=\"container\">\n\t\t\t\t\t<div class=\"e-con-inner\">\n\t\t\t\t<div class=\"elementor-element elementor-element-0aad6ad elementor-widget elementor-widget-jkit_heading\" data-id=\"0aad6ad\" data-element_type=\"widget\" data-e-type=\"widget\" data-widget_type=\"jkit_heading.default\">\n\t\t\t\t<div class=\"elementor-widget-container\">\n\t\t\t\t\t<div  class=\"jeg-elementor-kit jkit-heading  align-left align-tablet- align-mobile- jeg_module__18_69ef51bad225c\" ><div class=\"heading-section-title  display-inline-block\"><h2 class=\"heading-title\">\u00dcber <span class=\"style-color\"><span> Istrien<\/span><\/span> als Reiseziel<\/h2><\/div><\/div>\t\t\t\t<\/div>\n\t\t\t\t<\/div>\n\t\t\t\t<div class=\"elementor-element elementor-element-5cbd3ea elementor-widget elementor-widget-text-editor\" data-id=\"5cbd3ea\" data-element_type=\"widget\" data-e-type=\"widget\" data-widget_type=\"text-editor.default\">\n\t\t\t\t<div class=\"elementor-widget-container\">\n\t\t\t\t\t\t\t\t\t<p>bietet wichtige Details, die Sie vor einem Besuch in Istrien in Kroatien wissen m\u00fcssen<\/p>\t\t\t\t\t\t\t\t<\/div>\n\t\t\t\t<\/div>\n\t\t\t\t\t<\/div>\n\t\t\t\t<\/div>\n\t\t<div class=\"elementor-element elementor-element-79d3792a e-flex e-con-boxed e-con e-child\" data-id=\"79d3792a\" data-element_type=\"container\" data-e-type=\"container\">\n\t\t\t\t\t<div class=\"e-con-inner\">\n\t\t\t\t<div class=\"elementor-element elementor-element-84aa534 elementor-hidden-tablet elementor-hidden-mobile elementor-widget elementor-widget-jkit_tabs\" data-id=\"84aa534\" data-element_type=\"widget\" data-e-type=\"widget\" data-widget_type=\"jkit_tabs.default\">\n\t\t\t\t<div class=\"elementor-widget-container\">\n\t\t\t\t\t<div  class=\"jeg-elementor-kit jkit-tabs layout-vertical jeg_module__19_69ef51badfa1b\" ><div class=\"tab-navigation\"><ul class=\"tab-nav-list   \" data-toggle=\"yes\"><li class=\"tab-nav active toggle-tab\" data-tab=\"tab-24ab2a9\"><span class=\"tab-title\">Geschichte<\/span><div class=\"tab-content\"><div class=\"tab-description\"><p style=\"text-align: left;\"><span style=\"color: #000000;\"><strong data-start=\"0\" data-end=\"11\" data-is-only-node=\"\">Istrien<\/strong> vereint auf eindrucksvolle Weise <strong data-start=\"45\" data-end=\"64\">r\u00f6mischen Glanz<\/strong>, <strong data-start=\"66\" data-end=\"91\">venezianische Eleganz<\/strong> und <strong data-start=\"96\" data-end=\"128\">mittelalterliche Faszination<\/strong>. In <strong data-start=\"133\" data-end=\"141\">Pula<\/strong> erhebt sich das monumentale <strong data-start=\"170\" data-end=\"186\">Amphitheater<\/strong>, einst Schauplatz k\u00e4mpfender Gladiatoren und heute ein Symbol antiker Macht. In <strong data-start=\"267\" data-end=\"277\">Rovinj<\/strong> f\u00fchren verwinkelte Gassen vorbei an H\u00e4usern, die noch immer Geschichten aus ihrer italienischen Vergangenheit erz\u00e4hlen. Hoch \u00fcber den T\u00e4lern thront <strong data-start=\"426\" data-end=\"437\">Motovun<\/strong>, eine mittelalterliche Festung, deren Mauern seit Jahrhunderten das Erbe des <strong data-start=\"515\" data-end=\"535\">Tr\u00fcffelhandwerks<\/strong> und der <strong data-start=\"544\" data-end=\"561\">Weintradition<\/strong> bewahren.<\/span><\/p><\/div><\/div><\/li><li class=\"tab-nav  toggle-tab\" data-tab=\"tab-c71084f\"><span class=\"tab-title\">Hotspots<\/span><div class=\"tab-content\"><div class=\"tab-description\"><p style=\"text-align: left;\"><span style=\"color: #000000;\"><strong data-start=\"0\" data-end=\"35\" data-is-only-node=\"\">Von der Postkartenidylle Rovinj<\/strong> bis zur <strong data-start=\"44\" data-end=\"95\">UNESCO-gesch\u00fctzten Euphrasius-Basilika in Pore\u010d<\/strong> pr\u00e4sentiert sich Istrien als eine Region voller beeindruckender H\u00f6hepunkte. Das <strong data-start=\"176\" data-end=\"210\">r\u00f6mische Amphitheater von Pula<\/strong> pr\u00e4gt noch immer das Stadtbild, w\u00e4hrend die <strong data-start=\"255\" data-end=\"273\">Brijuni-Inseln<\/strong> mit ihrem Safaripark und fossilen Dinosaurierspuren wie eine Welt f\u00fcr sich wirken. Wer das l\u00e4ndliche Istrien erleben m\u00f6chte, findet in den <strong data-start=\"413\" data-end=\"446\">K\u00fcnstlerateliers von Gro\u017enjan<\/strong> und in <strong data-start=\"454\" data-end=\"491\">Hum, der kleinsten Stadt der Welt<\/strong>, einen unverwechselbaren Hauch von Originalit\u00e4t.<\/span><\/p><\/div><\/div><\/li><li class=\"tab-nav  toggle-tab\" data-tab=\"tab-a2ab903\"><span class=\"tab-title\">Was tun<\/span><div class=\"tab-content\"><div class=\"tab-description\"><p style=\"text-align: left;\"><span style=\"color: #000000;\">Genie\u00dfen Sie opulente Gerichte mit <strong data-start=\"35\" data-end=\"51\">Tr\u00fcffelaroma<\/strong> und kosten Sie <strong data-start=\"67\" data-end=\"93\">goldenen Malvasia-Wein<\/strong> direkt aus den Weinkellern der Region. Tauchen Sie in das <strong data-start=\"152\" data-end=\"184\">t\u00fcrkisfarbene Meer der Adria<\/strong> ein, wandern Sie durch das <strong data-start=\"212\" data-end=\"239\">smaragdgr\u00fcne Hinterland<\/strong> oder folgen Sie dem historischen <strong data-start=\"273\" data-end=\"293\">Parenzana-Radweg<\/strong>. Wenn die Nacht anbricht, schlie\u00dfen Sie sich den Einheimischen bei <strong data-start=\"361\" data-end=\"409\">Festivals rund um Film, Tradition und Kultur<\/strong> an \u2013 oder lassen Sie den Abend bei frischem Meeresfr\u00fcchten unter einem Sternenhimmel ausklingen.<\/span><\/p><\/div><\/div><\/li><li class=\"tab-nav  toggle-tab\" data-tab=\"tab-a6e3ff4\"><span class=\"tab-title\">Das Wetter<\/span><div class=\"tab-content\"><div class=\"tab-description\"><p style=\"text-align: left;\"><span style=\"color: #000000;\">Die Sommermonate von <strong data-start=\"21\" data-end=\"40\">Juni bis August<\/strong> schenken sonnenerf\u00fcllte Tage mit Temperaturen zwischen <strong data-start=\"96\" data-end=\"112\">25 und 30 \u00b0C<\/strong>, perfekt f\u00fcr ausgedehnte Strandbesuche. In <strong data-start=\"156\" data-end=\"179\">Fr\u00fchling und Herbst<\/strong> herrschen angenehm milde <strong data-start=\"205\" data-end=\"221\">15 bis 25 \u00b0C<\/strong>, ideal, um <strong data-start=\"233\" data-end=\"247\">Bergd\u00f6rfer<\/strong> und <strong data-start=\"252\" data-end=\"267\">Olivenhaine<\/strong> in Ruhe zu entdecken. Selbst im <strong data-start=\"300\" data-end=\"310\">Winter<\/strong>, wenn das Thermometer auf <strong data-start=\"337\" data-end=\"352\">5 bis 12 \u00b0C<\/strong> sinkt, bewahrt Istrien seinen Reiz: <strong data-start=\"389\" data-end=\"411\">gem\u00fctliche Konobas<\/strong>, die <strong data-start=\"417\" data-end=\"434\">Tr\u00fcffelsaison<\/strong> und stimmungsvoll beleuchtete <strong data-start=\"465\" data-end=\"485\">Weihnachtsm\u00e4rkte<\/strong> verleihen den steinernen Gassen eine besondere Atmosph\u00e4re.<\/span><\/p><\/div><\/div><\/li><li class=\"tab-nav  toggle-tab\" data-tab=\"tab-c6d2195\"><span class=\"tab-title\">Tipps<\/span><div class=\"tab-content\"><div class=\"tab-description\"><p style=\"text-align: left;\"><span style=\"color: #000000;\">Istriens Zauber liegt in seinen verborgenen Ecken, von <strong data-start=\"55\" data-end=\"73\">K\u00fcsten-D\u00f6rfern<\/strong> bis zu <strong data-start=\"81\" data-end=\"116\">mit Weinbergen bedeckten H\u00fcgeln<\/strong>. Buchen Sie fr\u00fchzeitig, um w\u00e4hrend der Hochsaison in <strong data-start=\"170\" data-end=\"180\">Rovinj<\/strong> oder <strong data-start=\"186\" data-end=\"195\">Pore\u010d<\/strong> zu \u00fcbernachten. Packen Sie <strong data-start=\"223\" data-end=\"236\">Schichten<\/strong> f\u00fcr k\u00fchle Abende und <strong data-start=\"258\" data-end=\"276\">bequeme Schuhe<\/strong> f\u00fcr den Aufstieg auf <strong data-start=\"298\" data-end=\"326\">Kopfsteinpflasterstra\u00dfen<\/strong>. Verpassen Sie nicht die <strong data-start=\"352\" data-end=\"379\">Fuzi-Pasta mit Tr\u00fcffeln<\/strong> und begr\u00fc\u00dfen Sie die Einheimischen mit einem fr\u00f6hlichen \"<strong data-start=\"437\" data-end=\"447\">Hvala!<\/strong>\" (Danke).<\/span><\/p><\/div><\/div><\/li><\/ul><\/div><div class=\"tab-content-list\"><div class=\"tab-content tab-24ab2a9 active\"><\/div><div class=\"tab-content tab-c71084f \"><\/div><div class=\"tab-content tab-a2ab903 \"><\/div><div class=\"tab-content tab-a6e3ff4 \"><\/div><div class=\"tab-content tab-c6d2195 \"><\/div><\/div><\/div>\t\t\t\t<\/div>\n\t\t\t\t<\/div>\n\t\t\t\t\t<\/div>\n\t\t\t\t<\/div>\n\t\t\t\t\t<\/div>\n\t\t\t\t<\/div>\n\t\t<div class=\"elementor-element elementor-element-6ceeff78 e-flex e-con-boxed e-con e-parent\" data-id=\"6ceeff78\" data-element_type=\"container\" data-e-type=\"container\">\n\t\t\t\t\t<div class=\"e-con-inner\">\n\t\t<div class=\"elementor-element elementor-element-61cca0bc e-flex e-con-boxed e-con e-child\" data-id=\"61cca0bc\" data-element_type=\"container\" data-e-type=\"container\">\n\t\t\t\t\t<div class=\"e-con-inner\">\n\t\t<div class=\"elementor-element elementor-element-3f405b25 e-con-full e-flex e-con e-child\" data-id=\"3f405b25\" data-element_type=\"container\" data-e-type=\"container\">\n\t\t\t\t<div class=\"elementor-element elementor-element-c350287 elementor-widget elementor-widget-jkit_heading\" data-id=\"c350287\" data-element_type=\"widget\" data-e-type=\"widget\" data-widget_type=\"jkit_heading.default\">\n\t\t\t\t<div class=\"elementor-widget-container\">\n\t\t\t\t\t<div  class=\"jeg-elementor-kit jkit-heading  align-left align-tablet- align-mobile- jeg_module__20_69ef51bae3b6d\" ><div class=\"heading-section-title  display-inline-block\"><h2 class=\"heading-title\">Lesen Sie unsere neuesten <span class=\"style-color\"><span>Blog-Artikel \u00fcber Istrien<\/span><\/span><\/h2><\/div><\/div>\t\t\t\t<\/div>\n\t\t\t\t<\/div>\n\t\t\t\t<\/div>\n\t\t<div class=\"elementor-element elementor-element-5bacfcb1 e-con-full elementor-hidden-tablet elementor-hidden-mobile e-flex e-con e-child\" data-id=\"5bacfcb1\" data-element_type=\"container\" data-e-type=\"container\">\n\t\t\t\t<\/div>\n\t\t\t\t\t<\/div>\n\t\t\t\t<\/div>\n\t\t<div class=\"elementor-element elementor-element-44c14e67 e-flex e-con-boxed e-con e-child\" data-id=\"44c14e67\" data-element_type=\"container\" data-e-type=\"container\">\n\t\t\t\t\t<div class=\"e-con-inner\">\n\t\t\t\t<div class=\"elementor-element elementor-element-5b9653a elementor-widget elementor-widget-jkit_post_block\" data-id=\"5b9653a\" data-element_type=\"widget\" data-e-type=\"widget\" data-widget_type=\"jkit_post_block.default\">\n\t\t\t\t<div class=\"elementor-widget-container\">\n\t\t\t\t\t<div  class=\"jeg-elementor-kit jkit-postblock postblock-type-1 jkit-pagination-disable post-element jeg_module__21_69ef51baebecd\"  data-id=\"jeg_module__21_69ef51baebecd\" data-settings=\"{&quot;post_type&quot;:&quot;post&quot;,&quot;number_post&quot;:{&quot;unit&quot;:&quot;px&quot;,&quot;size&quot;:3,&quot;sizes&quot;:[]},&quot;post_offset&quot;:0,&quot;unique_content&quot;:&quot;disable&quot;,&quot;include_post&quot;:&quot;&quot;,&quot;exclude_post&quot;:&quot;&quot;,&quot;include_category&quot;:&quot;&quot;,&quot;exclude_category&quot;:&quot;&quot;,&quot;include_author&quot;:&quot;&quot;,&quot;include_tag&quot;:&quot;&quot;,&quot;exclude_tag&quot;:&quot;&quot;,&quot;sort_by&quot;:&quot;latest&quot;,&quot;pagination_mode&quot;:&quot;disable&quot;,&quot;pagination_loadmore_text&quot;:&quot;Load More&quot;,&quot;pagination_loading_text&quot;:&quot;Loading...&quot;,&quot;pagination_number_post&quot;:{&quot;unit&quot;:&quot;px&quot;,&quot;size&quot;:3,&quot;sizes&quot;:[]},&quot;pagination_scroll_limit&quot;:0,&quot;pagination_icon&quot;:{&quot;value&quot;:&quot;jki jki-right-arrow2-light&quot;,&quot;library&quot;:&quot;jkiticon&quot;},&quot;pagination_icon_position&quot;:&quot;after&quot;,&quot;st_category_position&quot;:&quot;center&quot;,&quot;sg_content_postblock_type&quot;:&quot;type-1&quot;,&quot;sg_content_element_order&quot;:&quot;title,meta,excerpt,read&quot;,&quot;sg_content_breakpoint&quot;:&quot;tablet&quot;,&quot;sg_content_title_html_tag&quot;:&quot;h3&quot;,&quot;sg_content_category_enable&quot;:&quot;yes&quot;,&quot;sg_content_excerpt_enable&quot;:&quot;&quot;,&quot;sg_content_excerpt_length&quot;:{&quot;unit&quot;:&quot;px&quot;,&quot;size&quot;:&quot;7&quot;,&quot;sizes&quot;:[]},&quot;sg_content_excerpt_more&quot;:&quot;...&quot;,&quot;sg_content_readmore_enable&quot;:&quot;yes&quot;,&quot;sg_content_readmore_icon&quot;:{&quot;value&quot;:&quot;jki jki-right-arrow2-light&quot;,&quot;library&quot;:&quot;jkiticon&quot;},&quot;sg_content_readmore_icon_position&quot;:&quot;after&quot;,&quot;sg_content_readmore_text&quot;:&quot;Read&quot;,&quot;sg_content_comment_enable&quot;:&quot;&quot;,&quot;sg_content_comment_icon&quot;:{&quot;value&quot;:&quot;fas fa-comment&quot;,&quot;library&quot;:&quot;fa-solid&quot;},&quot;sg_content_comment_icon_position&quot;:&quot;before&quot;,&quot;sg_content_meta_enable&quot;:&quot;&quot;,&quot;sg_content_meta_author_enable&quot;:&quot;&quot;,&quot;sg_content_meta_author_by_text&quot;:&quot;by&quot;,&quot;sg_content_meta_author_icon&quot;:{&quot;value&quot;:&quot;fas fa-user&quot;,&quot;library&quot;:&quot;fa-solid&quot;},&quot;sg_content_meta_author_icon_position&quot;:&quot;before&quot;,&quot;sg_content_meta_date_enable&quot;:&quot;yes&quot;,&quot;sg_content_meta_date_type&quot;:&quot;published&quot;,&quot;sg_content_meta_date_format&quot;:&quot;default&quot;,&quot;sg_content_meta_date_format_custom&quot;:&quot;F j, Y&quot;,&quot;sg_content_meta_date_icon&quot;:{&quot;value&quot;:&quot;fas fa-clock&quot;,&quot;library&quot;:&quot;fa-solid&quot;},&quot;sg_content_meta_date_icon_position&quot;:&quot;before&quot;,&quot;sg_content_image_size_imagesize_size&quot;:&quot;medium&quot;,&quot;lang&quot;:&quot;de&quot;,&quot;paged&quot;:1,&quot;class&quot;:&quot;jkit_post_block&quot;}\"><div class=\"jkit-block-container\"><div class=\"jkit-posts jkit-ajax-flag\">\n            <article class=\"jkit-post post-5387 post type-post status-publish format-standard has-post-thumbnail hentry category-kroatie\">\n                    <div class=\"jkit-thumb\"><a aria-label=\"Mramornica-H\u00f6hle: Eines der bestgeh\u00fcteten Naturgeheimnisse Istriens\" href=\"https:\/\/www.solis-porec.com\/de\/blog\/mramornica-hoehle\/\"><div class=\"thumbnail-container \">\n            <img loading=\"lazy\" decoding=\"async\" width=\"300\" height=\"100\" src=\"https:\/\/www.solis-porec.com\/wp-content\/uploads\/2026\/04\/croatia-Mramornica-Cave-300x100.jpg\" class=\"attachment-medium size-medium wp-post-image\" alt=\"croatia-Mramornica-Cave\" loading=\"lazy\" srcset=\"https:\/\/www.solis-porec.com\/wp-content\/uploads\/2026\/04\/croatia-Mramornica-Cave-300x100.jpg 300w, https:\/\/www.solis-porec.com\/wp-content\/uploads\/2026\/04\/croatia-Mramornica-Cave-1024x341.jpg 1024w, https:\/\/www.solis-porec.com\/wp-content\/uploads\/2026\/04\/croatia-Mramornica-Cave-768x256.jpg 768w, https:\/\/www.solis-porec.com\/wp-content\/uploads\/2026\/04\/croatia-Mramornica-Cave-1536x512.jpg 1536w, https:\/\/www.solis-porec.com\/wp-content\/uploads\/2026\/04\/croatia-Mramornica-Cave-2048x683.jpg 2048w\" sizes=\"auto, (max-width: 300px) 100vw, 300px\" \/>\n        <\/div><\/a><\/div>\n                    <div class=\"jkit-postblock-content\"><div class=\"jkit-post-category \"><span><a href=\"https:\/\/www.solis-porec.com\/de\/blog\/category\/kroatie\/\" class=\"category-kroatie\">Kroatie<\/a><\/span><\/div><h3 class=\"jkit-post-title\">\n\t\t\t\t\t\t\t<a href=\"https:\/\/www.solis-porec.com\/de\/blog\/mramornica-hoehle\/\">Mramornica-H\u00f6hle: Eines der bestgeh\u00fcteten Naturgeheimnisse Istriens<\/a>\n\t\t\t\t\t\t<\/h3><div class=\"jkit-post-meta-bottom\">\n\t\t\t\t\t\t\t<div class=\"jkit-meta-readmore icon-position-after\">\n                <a title=\"Mramornica-H\u00f6hle: Eines der bestgeh\u00fcteten Naturgeheimnisse Istriens\" href=\"https:\/\/www.solis-porec.com\/de\/blog\/mramornica-hoehle\/\" class=\"jkit-readmore\">Read<i aria-hidden=\"true\" class=\"jki jki-right-arrow2-light\"><\/i><\/a>\n            <\/div>\n\t\t\t\t\t\t<\/div><\/div>\n                <\/article><article class=\"jkit-post post-5346 post type-post status-publish format-standard has-post-thumbnail hentry category-kroatie\">\n                    <div class=\"jkit-thumb\"><a aria-label=\"Kirche der Heiligen Euphemia in Rovinj\" href=\"https:\/\/www.solis-porec.com\/de\/blog\/kirche-euphemi\/\"><div class=\"thumbnail-container \">\n            <img loading=\"lazy\" decoding=\"async\" width=\"300\" height=\"100\" src=\"https:\/\/www.solis-porec.com\/wp-content\/uploads\/2026\/03\/church-st-euphemia-rovinj-300x100.jpg\" class=\"attachment-medium size-medium wp-post-image\" alt=\"church-st-euphemia-rovinj.jpg\" loading=\"lazy\" srcset=\"https:\/\/www.solis-porec.com\/wp-content\/uploads\/2026\/03\/church-st-euphemia-rovinj-300x100.jpg 300w, https:\/\/www.solis-porec.com\/wp-content\/uploads\/2026\/03\/church-st-euphemia-rovinj-1024x341.jpg 1024w, https:\/\/www.solis-porec.com\/wp-content\/uploads\/2026\/03\/church-st-euphemia-rovinj-768x256.jpg 768w, https:\/\/www.solis-porec.com\/wp-content\/uploads\/2026\/03\/church-st-euphemia-rovinj-1536x512.jpg 1536w, https:\/\/www.solis-porec.com\/wp-content\/uploads\/2026\/03\/church-st-euphemia-rovinj-2048x683.jpg 2048w\" sizes=\"auto, (max-width: 300px) 100vw, 300px\" \/>\n        <\/div><\/a><\/div>\n                    <div class=\"jkit-postblock-content\"><div class=\"jkit-post-category \"><span><a href=\"https:\/\/www.solis-porec.com\/de\/blog\/category\/kroatie\/\" class=\"category-kroatie\">Kroatie<\/a><\/span><\/div><h3 class=\"jkit-post-title\">\n\t\t\t\t\t\t\t<a href=\"https:\/\/www.solis-porec.com\/de\/blog\/kirche-euphemi\/\">Kirche der Heiligen Euphemia in Rovinj<\/a>\n\t\t\t\t\t\t<\/h3><div class=\"jkit-post-meta-bottom\">\n\t\t\t\t\t\t\t<div class=\"jkit-meta-readmore icon-position-after\">\n                <a title=\"Kirche der Heiligen Euphemia in Rovinj\" href=\"https:\/\/www.solis-porec.com\/de\/blog\/kirche-euphemi\/\" class=\"jkit-readmore\">Read<i aria-hidden=\"true\" class=\"jki jki-right-arrow2-light\"><\/i><\/a>\n            <\/div>\n\t\t\t\t\t\t<\/div><\/div>\n                <\/article><article class=\"jkit-post post-5344 post type-post status-publish format-standard has-post-thumbnail hentry category-kroatie\">\n                    <div class=\"jkit-thumb\"><a aria-label=\"Vrsar Kroatien Reisef\u00fchrer: Aktivit\u00e4ten, Wetter und Unterkunftsm\u00f6glichkeiten\" href=\"https:\/\/www.solis-porec.com\/de\/blog\/vrsar\/\"><div class=\"thumbnail-container \">\n            <img loading=\"lazy\" decoding=\"async\" width=\"300\" height=\"100\" src=\"https:\/\/www.solis-porec.com\/wp-content\/uploads\/2026\/02\/Vrsar-Kroatie-300x100.jpg\" class=\"attachment-medium size-medium wp-post-image\" alt=\"\" loading=\"lazy\" srcset=\"https:\/\/www.solis-porec.com\/wp-content\/uploads\/2026\/02\/Vrsar-Kroatie-300x100.jpg 300w, https:\/\/www.solis-porec.com\/wp-content\/uploads\/2026\/02\/Vrsar-Kroatie-1024x341.jpg 1024w, https:\/\/www.solis-porec.com\/wp-content\/uploads\/2026\/02\/Vrsar-Kroatie-768x256.jpg 768w, https:\/\/www.solis-porec.com\/wp-content\/uploads\/2026\/02\/Vrsar-Kroatie-1536x512.jpg 1536w, https:\/\/www.solis-porec.com\/wp-content\/uploads\/2026\/02\/Vrsar-Kroatie-2048x683.jpg 2048w\" sizes=\"auto, (max-width: 300px) 100vw, 300px\" \/>\n        <\/div><\/a><\/div>\n                    <div class=\"jkit-postblock-content\"><div class=\"jkit-post-category \"><span><a href=\"https:\/\/www.solis-porec.com\/de\/blog\/category\/kroatie\/\" class=\"category-kroatie\">Kroatie<\/a><\/span><\/div><h3 class=\"jkit-post-title\">\n\t\t\t\t\t\t\t<a href=\"https:\/\/www.solis-porec.com\/de\/blog\/vrsar\/\">Vrsar Kroatien Reisef\u00fchrer: Aktivit\u00e4ten, Wetter und Unterkunftsm\u00f6glichkeiten<\/a>\n\t\t\t\t\t\t<\/h3><div class=\"jkit-post-meta-bottom\">\n\t\t\t\t\t\t\t<div class=\"jkit-meta-readmore icon-position-after\">\n                <a title=\"Vrsar Kroatien Reisef\u00fchrer: Aktivit\u00e4ten, Wetter und Unterkunftsm\u00f6glichkeiten\" href=\"https:\/\/www.solis-porec.com\/de\/blog\/vrsar\/\" class=\"jkit-readmore\">Read<i aria-hidden=\"true\" class=\"jki jki-right-arrow2-light\"><\/i><\/a>\n            <\/div>\n\t\t\t\t\t\t<\/div><\/div>\n                <\/article>\n        <\/div><\/div><\/div>\t\t\t\t<\/div>\n\t\t\t\t<\/div>\n\t\t\t\t\t<\/div>\n\t\t\t\t<\/div>\n\t\t\t\t\t<\/div>\n\t\t\t\t<\/div>\n\t\t<div class=\"elementor-element elementor-element-571162b7 e-flex e-con-boxed e-con e-parent\" data-id=\"571162b7\" data-element_type=\"container\" data-e-type=\"container\">\n\t\t\t\t\t<div class=\"e-con-inner\">\n\t\t<div class=\"elementor-element elementor-element-f1680cf e-con-full e-flex e-con e-child\" data-id=\"f1680cf\" data-element_type=\"container\" data-e-type=\"container\">\n\t\t\t\t<div class=\"elementor-element elementor-element-85b4464 elementor-widget__width-initial elementor-widget elementor-widget-jkit_heading\" data-id=\"85b4464\" data-element_type=\"widget\" data-e-type=\"widget\" data-widget_type=\"jkit_heading.default\">\n\t\t\t\t<div class=\"elementor-widget-container\">\n\t\t\t\t\t<div  class=\"jeg-elementor-kit jkit-heading  align-left align-tablet- align-mobile- jeg_module__22_69ef51baf0d96\" ><div class=\"heading-section-title  display-inline-block\"><h2 class=\"heading-title\">H\u00e4ufig gestellte<span class=\"style-color\"><span> Fragen<\/span><\/span><\/h2><\/div><\/div>\t\t\t\t<\/div>\n\t\t\t\t<\/div>\n\t\t\t\t<div class=\"elementor-element elementor-element-54be2a3b elementor-widget elementor-widget-text-editor\" data-id=\"54be2a3b\" data-element_type=\"widget\" data-e-type=\"widget\" data-widget_type=\"text-editor.default\">\n\t\t\t\t<div class=\"elementor-widget-container\">\n\t\t\t\t\t\t\t\t\t<p>H\u00e4ufige Fragen, einfache Antworten: Ihr Solis Pore\u010d Apartment-Guide.<\/p>\t\t\t\t\t\t\t\t<\/div>\n\t\t\t\t<\/div>\n\t\t\t\t<\/div>\n\t\t\t\t<div class=\"elementor-element elementor-element-a97d36f elementor-widget elementor-widget-jkit_accordion\" data-id=\"a97d36f\" data-element_type=\"widget\" data-e-type=\"widget\" data-widget_type=\"jkit_accordion.default\">\n\t\t\t\t<div class=\"elementor-widget-container\">\n\t\t\t\t\t<div  class=\"jeg-elementor-kit jkit-accordion style-default jeg_module__23_69ef51bb02791\" ><div class=\"card-wrapper expand\">\n                <div class=\"card-header\">\n                    <a href=\"#expand-e4bb230\" class=\"card-header-button\" aria-expanded=\"false\" data-target=\"#expand-e4bb230\" aria-controls=\"expand-e4bb230\">\n                        <span class=\"title\">Welche Zahlungsmethoden akzeptieren Sie f\u00fcr meine Ferienwohnung in Istrien?<\/span><div class=\"right-icon-group\">\n                <div class=\"normal-icon\"><i aria-hidden=\"true\" class=\"jki jki-down-arrow-4\"><\/i><\/div>\n                <div class=\"active-icon\"><i aria-hidden=\"true\" class=\"jki jki-up-arrow-4\"><\/i><\/div>\n            <\/div>\n                    <\/a>\n                <\/div>\n                <div class=\"card-expand\" id=\"expand-e4bb230\" style=\"display:block\"><div class=\"card-body\"><p>Zu Ihrer Bequemlichkeit akzeptieren wir Zahlungen per <strong data-start=\"132\" data-end=\"140\">Visa<\/strong>, <strong data-start=\"142\" data-end=\"156\">Mastercard<\/strong>, <strong data-start=\"158\" data-end=\"169\">Maestro<\/strong>, <strong data-start=\"171\" data-end=\"190\">Bank\u00fcberweisung<\/strong> und <strong data-start=\"195\" data-end=\"205\">PayPal<\/strong>, um Ihnen ein reibungsloses und sicheres Buchungserlebnis zu bieten.<\/p><\/div><\/div>\n            <\/div><div class=\"card-wrapper \">\n                <div class=\"card-header\">\n                    <a href=\"#expand-65e3492\" class=\"card-header-button\" aria-expanded=\"false\" data-target=\"#expand-65e3492\" aria-controls=\"expand-65e3492\">\n                        <span class=\"title\">Was sind die Check-in- und Check-out-Zeiten f\u00fcr meine Ferienwohnung in Istrien?<\/span><div class=\"right-icon-group\">\n                <div class=\"normal-icon\"><i aria-hidden=\"true\" class=\"jki jki-down-arrow-4\"><\/i><\/div>\n                <div class=\"active-icon\"><i aria-hidden=\"true\" class=\"jki jki-up-arrow-4\"><\/i><\/div>\n            <\/div>\n                    <\/a>\n                <\/div>\n                <div class=\"card-expand\" id=\"expand-65e3492\" style=\"display:none\"><div class=\"card-body\"><p data-start=\"0\" data-end=\"167\">In der Regel ist der Check-in nach <strong data-start=\"117\" data-end=\"130\" data-is-only-node=\"\">15:00 Uhr<\/strong> und der Check-out bis <strong data-start=\"153\" data-end=\"166\">10:00 Uhr<\/strong>.<\/p><p data-start=\"169\" data-end=\"360\">Wir bieten Ihnen jedoch auf Anfrage einen fr\u00fchen Check-in oder einen sp\u00e4ten Check-out, je nach Verf\u00fcgbarkeit. Kontaktieren Sie einfach unser freundliches Team, um Ihre Optionen zu besprechen!<\/p><p data-start=\"362\" data-end=\"452\" data-is-last-node=\"\" data-is-only-node=\"\">Bitte beachten Sie, dass solche Sonderregelungen in der Nebensaison wahrscheinlicher sind.<\/p><\/div><\/div>\n            <\/div><div class=\"card-wrapper \">\n                <div class=\"card-header\">\n                    <a href=\"#expand-016c517\" class=\"card-header-button\" aria-expanded=\"false\" data-target=\"#expand-016c517\" aria-controls=\"expand-016c517\">\n                        <span class=\"title\">Ist die Reinigung im Preis aller Ihrer Ferienunterk\u00fcnfte in Istrien enthalten?<\/span><div class=\"right-icon-group\">\n                <div class=\"normal-icon\"><i aria-hidden=\"true\" class=\"jki jki-down-arrow-4\"><\/i><\/div>\n                <div class=\"active-icon\"><i aria-hidden=\"true\" class=\"jki jki-up-arrow-4\"><\/i><\/div>\n            <\/div>\n                    <\/a>\n                <\/div>\n                <div class=\"card-expand\" id=\"expand-016c517\" style=\"display:none\"><div class=\"card-body\"><p>Ja, die Endreinigung und der W\u00e4scheservice sind zu Ihrer Bequemlichkeit im Preis enthalten. Wir bitten Sie jedoch h\u00f6flich, die Unterkunft in gutem Zustand f\u00fcr die n\u00e4chsten G\u00e4ste zu hinterlassen.<\/p><\/div><\/div>\n            <\/div><div class=\"card-wrapper \">\n                <div class=\"card-header\">\n                    <a href=\"#expand-296d6ce\" class=\"card-header-button\" aria-expanded=\"false\" data-target=\"#expand-296d6ce\" aria-controls=\"expand-296d6ce\">\n                        <span class=\"title\">Gibt es Parkm\u00f6glichkeiten f\u00fcr meine Ferienunterkunft in Istrien?<\/span><div class=\"right-icon-group\">\n                <div class=\"normal-icon\"><i aria-hidden=\"true\" class=\"jki jki-down-arrow-4\"><\/i><\/div>\n                <div class=\"active-icon\"><i aria-hidden=\"true\" class=\"jki jki-up-arrow-4\"><\/i><\/div>\n            <\/div>\n                    <\/a>\n                <\/div>\n                <div class=\"card-expand\" id=\"expand-296d6ce\" style=\"display:none\"><div class=\"card-body\"><p data-start=\"0\" data-end=\"266\">Ja! Einige unserer Unterk\u00fcnfte in Istrien bieten <strong data-start=\"116\" data-end=\"138\">privaten Parkplatz<\/strong>, w\u00e4hrend in den historischen Altst\u00e4dten <strong data-start=\"179\" data-end=\"216\">kostenlose \u00f6ffentliche Parkpl\u00e4tze<\/strong> f\u00fcr ein Auto pro Unterkunft zur Verf\u00fcgung stehen.<\/p><p data-start=\"268\" data-end=\"426\" data-is-last-node=\"\" data-is-only-node=\"\">Bei der Buchung bitten wir Sie, anzugeben, ob Sie einen Parkplatz ben\u00f6tigen, damit wir Ihnen die richtigen Informationen und weitere Anweisungen geben k\u00f6nnen.<\/p><\/div><\/div>\n            <\/div><div class=\"card-wrapper \">\n                <div class=\"card-header\">\n                    <a href=\"#expand-ec2e366\" class=\"card-header-button\" aria-expanded=\"false\" data-target=\"#expand-ec2e366\" aria-controls=\"expand-ec2e366\">\n                        <span class=\"title\">Darf ich mein Haustier in Ihre Ferienunterk\u00fcnfte mitbringen?<\/span><div class=\"right-icon-group\">\n                <div class=\"normal-icon\"><i aria-hidden=\"true\" class=\"jki jki-down-arrow-4\"><\/i><\/div>\n                <div class=\"active-icon\"><i aria-hidden=\"true\" class=\"jki jki-up-arrow-4\"><\/i><\/div>\n            <\/div>\n                    <\/a>\n                <\/div>\n                <div class=\"card-expand\" id=\"expand-ec2e366\" style=\"display:none\"><div class=\"card-body\"><p>Wir hei\u00dfen Ihre pelzigen Freunde willkommen! Haustiere sind in ausgew\u00e4hlten Ferienunterk\u00fcnften in Istrien erlaubt. Um unsere haustierfreundlichen Unterk\u00fcnfte f\u00fcr Sie und Ihren vierbeinigen Begleiter zu entdecken, klicken Sie hier und genie\u00dfen Sie Ihren Aufenthalt gemeinsam!<\/p><\/div><\/div>\n            <\/div><div class=\"card-wrapper \">\n                <div class=\"card-header\">\n                    <a href=\"#expand-edfee25\" class=\"card-header-button\" aria-expanded=\"false\" data-target=\"#expand-edfee25\" aria-controls=\"expand-edfee25\">\n                        <span class=\"title\">Wie ist Ihre Stornierungsrichtlinie f\u00fcr Ferienunterk\u00fcnfte in Istrien?<\/span><div class=\"right-icon-group\">\n                <div class=\"normal-icon\"><i aria-hidden=\"true\" class=\"jki jki-down-arrow-4\"><\/i><\/div>\n                <div class=\"active-icon\"><i aria-hidden=\"true\" class=\"jki jki-up-arrow-4\"><\/i><\/div>\n            <\/div>\n                    <\/a>\n                <\/div>\n                <div class=\"card-expand\" id=\"expand-edfee25\" style=\"display:none\"><div class=\"card-body\"><p data-start=\"0\" data-end=\"176\">Wir verstehen, dass sich Ihre Reisepl\u00e4ne \u00e4ndern k\u00f6nnen. Hier ist unsere flexible Stornierungsrichtlinie:<\/p><ul data-start=\"178\" data-end=\"536\" data-is-last-node=\"\" data-is-only-node=\"\"><li data-start=\"178\" data-end=\"276\"><p data-start=\"180\" data-end=\"276\">Vom Buchungsdatum bis 61 Tage vor dem Check-in: 10 % der gesamten Mietgeb\u00fchren werden berechnet.<\/p><\/li><li data-start=\"277\" data-end=\"385\"><p data-start=\"279\" data-end=\"385\">Ab 60 Tage vor dem Check-in bis 43 Tage vor dem Check-in: 20 % der gesamten Mietgeb\u00fchren werden berechnet.<\/p><\/li><li data-start=\"386\" data-end=\"483\"><p data-start=\"388\" data-end=\"483\">Ab 42 Tage vor dem Check-in bis zum Check-in: 100 % der gesamten Mietgeb\u00fchren werden berechnet.<\/p><\/li><li data-start=\"484\" data-end=\"536\" data-is-last-node=\"\"><p data-start=\"486\" data-end=\"536\" data-is-last-node=\"\">No-Show: 100 % des gesamten Vorauszahlungsbetrags.<\/p><\/li><\/ul><\/div><\/div>\n            <\/div><div class=\"card-wrapper \">\n                <div class=\"card-header\">\n                    <a href=\"#expand-2ae06e5\" class=\"card-header-button\" aria-expanded=\"false\" data-target=\"#expand-2ae06e5\" aria-controls=\"expand-2ae06e5\">\n                        <span class=\"title\">Ist eine Kaution obligatorisch zu zahlen?<\/span><div class=\"right-icon-group\">\n                <div class=\"normal-icon\"><i aria-hidden=\"true\" class=\"jki jki-down-arrow-4\"><\/i><\/div>\n                <div class=\"active-icon\"><i aria-hidden=\"true\" class=\"jki jki-up-arrow-4\"><\/i><\/div>\n            <\/div>\n                    <\/a>\n                <\/div>\n                <div class=\"card-expand\" id=\"expand-2ae06e5\" style=\"display:none\"><div class=\"card-body\"><p data-start=\"0\" data-end=\"174\">Die meisten unserer Unterk\u00fcnfte erfordern eine Kaution, die im Falle von keinerlei Sch\u00e4den an der Unterkunft zur\u00fcckerstattet wird.<\/p><p data-start=\"176\" data-end=\"400\" data-is-last-node=\"\" data-is-only-node=\"\"><strong data-start=\"176\" data-end=\"191\">Solis Pore\u010d<\/strong> kann eine andere Kautionsh\u00f6he verlangen, als sie f\u00fcr die jeweilige Unterkunft \u00fcblich ist, insbesondere bei jungen Gruppen oder in F\u00e4llen, in denen die Agentur ein h\u00f6heres Risiko f\u00fcr die Unterkunft einsch\u00e4tzt.<\/p><\/div><\/div>\n            <\/div><div class=\"card-wrapper \">\n                <div class=\"card-header\">\n                    <a href=\"#expand-c023220\" class=\"card-header-button\" aria-expanded=\"false\" data-target=\"#expand-c023220\" aria-controls=\"expand-c023220\">\n                        <span class=\"title\">Wo liegt Istrien? Ist Istrien ein Land?<\/span><div class=\"right-icon-group\">\n                <div class=\"normal-icon\"><i aria-hidden=\"true\" class=\"jki jki-down-arrow-4\"><\/i><\/div>\n                <div class=\"active-icon\"><i aria-hidden=\"true\" class=\"jki jki-up-arrow-4\"><\/i><\/div>\n            <\/div>\n                    <\/a>\n                <\/div>\n                <div class=\"card-expand\" id=\"expand-c023220\" style=\"display:none\"><div class=\"card-body\"><p data-start=\"0\" data-end=\"331\">Istrien ist eine atemberaubende Halbinsel in der <strong data-start=\"91\" data-end=\"100\">Adria<\/strong>, die von <strong data-start=\"110\" data-end=\"122\">Kroatien<\/strong> (90 %), <strong data-start=\"131\" data-end=\"144\">Slowenien<\/strong> (9 %) und <strong data-start=\"155\" data-end=\"166\">Italien<\/strong> (1 %) geteilt wird. Der gr\u00f6\u00dfte und meistbesuchte Teil liegt im <strong data-start=\"230\" data-end=\"257\">nordwestlichen Kroatien<\/strong> und ist von <strong data-start=\"270\" data-end=\"280\">Triest<\/strong> (Italien) oder <strong data-start=\"296\" data-end=\"306\">Zagreb<\/strong> aus leicht zu erreichen.<\/p><p data-start=\"333\" data-end=\"618\" data-is-last-node=\"\" data-is-only-node=\"\">Nein, Istrien ist kein Land. Es ist eine <strong data-start=\"374\" data-end=\"412\">geografische und kulturelle Region<\/strong>, die zwischen Kroatien, Slowenien und Italien aufgeteilt ist. Der kroatische Teil (die <strong data-start=\"500\" data-end=\"526\">Istrische Gespanschaft<\/strong>) ist der beliebteste f\u00fcr den Tourismus und bietet K\u00fcstenst\u00e4dte und mittelalterliche D\u00f6rfer.<\/p><\/div><\/div>\n            <\/div><\/div>\t\t\t\t<\/div>\n\t\t\t\t<\/div>\n\t\t\t\t\t<\/div>\n\t\t\t\t<\/div>\n\t\t<div class=\"elementor-element elementor-element-986598e e-flex e-con-boxed e-con e-parent\" data-id=\"986598e\" data-element_type=\"container\" data-e-type=\"container\">\n\t\t\t\t\t<div class=\"e-con-inner\">\n\t\t<div class=\"elementor-element elementor-element-682e3fc e-flex e-con-boxed e-con e-child\" data-id=\"682e3fc\" data-element_type=\"container\" data-e-type=\"container\">\n\t\t\t\t\t<div class=\"e-con-inner\">\n\t\t\t\t<div class=\"elementor-element elementor-element-6e90ef3 elementor-widget__width-initial elementor-widget elementor-widget-jkit_heading\" data-id=\"6e90ef3\" data-element_type=\"widget\" data-e-type=\"widget\" data-widget_type=\"jkit_heading.default\">\n\t\t\t\t<div class=\"elementor-widget-container\">\n\t\t\t\t\t<div  class=\"jeg-elementor-kit jkit-heading  align-left align-tablet- align-mobile- jeg_module__24_69ef51bb04558\" ><div class=\"heading-section-title  display-inline-block\"><h2 class=\"heading-title\"><span class=\"style-color\"><span>Quick <\/span><\/span> Destination Links<\/h2><\/div><\/div>\t\t\t\t<\/div>\n\t\t\t\t<\/div>\n\t\t\t\t<div class=\"elementor-element elementor-element-e8996dd elementor-widget elementor-widget-text-editor\" data-id=\"e8996dd\" data-element_type=\"widget\" data-e-type=\"widget\" data-widget_type=\"text-editor.default\">\n\t\t\t\t<div class=\"elementor-widget-container\">\n\t\t\t\t\t\t\t\t\t<p>Entdecken Sie unsere wichtigsten Landkreise und St\u00e4dte. Gehen Sie direkt von hier aus zu Ihrer Art von Unterkunft und Lage.  <\/p>\t\t\t\t\t\t\t\t<\/div>\n\t\t\t\t<\/div>\n\t\t<div class=\"elementor-element elementor-element-5ece8b6 e-con-full e-flex e-con e-child\" data-id=\"5ece8b6\" data-element_type=\"container\" data-e-type=\"container\">\n\t\t<div class=\"elementor-element elementor-element-5d67729 e-grid e-con-full e-con e-child\" data-id=\"5d67729\" data-element_type=\"container\" data-e-type=\"container\">\n\t\t<div class=\"elementor-element elementor-element-2aca54a e-con-full e-flex e-con e-child\" data-id=\"2aca54a\" data-element_type=\"container\" data-e-type=\"container\" data-settings=\"{&quot;background_background&quot;:&quot;classic&quot;}\">\n\t\t\t\t<div class=\"elementor-element elementor-element-2cac4fd elementor-widget elementor-widget-text-editor\" data-id=\"2cac4fd\" data-element_type=\"widget\" data-e-type=\"widget\" data-widget_type=\"text-editor.default\">\n\t\t\t\t<div class=\"elementor-widget-container\">\n\t\t\t\t\t\t\t\t\t<p><span style=\"color: #f7c008;\"><strong>Istrien entdecken<\/strong><\/span><\/p><p><a href=\"https:\/\/www.solis-porec.com\/istria-apartments\/\">Apartment<\/a> | <a href=\"https:\/\/www.solis-porec.com\/de\/?page_id=3505\">H\u00e4user<\/a> | <a href=\"https:\/\/www.solis-porec.com\/holiday-villas-istria-croatia\/\">Villen<\/a> | <a href=\"https:\/\/www.solis-porec.com\/holiday-rentals-in-istria\">Alle<\/a><\/p>\t\t\t\t\t\t\t\t<\/div>\n\t\t\t\t<\/div>\n\t\t\t\t<\/div>\n\t\t<div class=\"elementor-element elementor-element-c4d58ef e-con-full e-flex e-con e-child\" data-id=\"c4d58ef\" data-element_type=\"container\" data-e-type=\"container\" data-settings=\"{&quot;background_background&quot;:&quot;classic&quot;}\">\n\t\t\t\t<div class=\"elementor-element elementor-element-5603173 elementor-widget elementor-widget-text-editor\" data-id=\"5603173\" data-element_type=\"widget\" data-e-type=\"widget\" data-widget_type=\"text-editor.default\">\n\t\t\t\t<div class=\"elementor-widget-container\">\n\t\t\t\t\t\t\t\t\t<p><span style=\"color: #f7c008;\"><a style=\"color: #f7c008;\" href=\"https:\/\/www.solis-porec.com\/de\/\"><strong>Porec entdecken<\/strong><\/a><\/span><\/p><p><a href=\"https:\/\/www.solis-porec.com\/apartment-porec-croatia\/\">Apartment<\/a> | <a href=\"https:\/\/www.solis-porec.com\/holiday-house-rental-porec-croatia\">H\u00e4user<\/a> | <a href=\"https:\/\/www.solis-porec.com\/villas-in-porec-croatia\/\">Villen<\/a> | <a href=\"https:\/\/www.solis-porec.com\/accommodation-in-porec-croatia\/\">Alle<\/a><\/p>\t\t\t\t\t\t\t\t<\/div>\n\t\t\t\t<\/div>\n\t\t\t\t<\/div>\n\t\t<div class=\"elementor-element elementor-element-b0baf64 e-con-full e-flex e-con e-child\" data-id=\"b0baf64\" data-element_type=\"container\" data-e-type=\"container\" data-settings=\"{&quot;background_background&quot;:&quot;classic&quot;}\">\n\t\t\t\t<div class=\"elementor-element elementor-element-909ffd4 elementor-widget elementor-widget-text-editor\" data-id=\"909ffd4\" data-element_type=\"widget\" data-e-type=\"widget\" data-widget_type=\"text-editor.default\">\n\t\t\t\t<div class=\"elementor-widget-container\">\n\t\t\t\t\t\t\t\t\t<p><span style=\"color: #f7c008;\"><a style=\"color: #f7c008;\" href=\"https:\/\/www.solis-porec.com\/de\/\"><strong>Visnjan entdecken<\/strong><\/a><\/span><\/p><p><a href=\"https:\/\/www.solis-porec.com\/de\/\">Apartment<\/a> | <a href=\"https:\/\/www.booking.solis-porec.com\/rentals\/villas-visnjan-visignano-c2e5139\/\">Villen<\/a> | <a href=\"https:\/\/www.solis-porec.com\/rentals\/rentals-visnjan-visignano-e5139\/\">Alle<\/a><\/p>\t\t\t\t\t\t\t\t<\/div>\n\t\t\t\t<\/div>\n\t\t\t\t<\/div>\n\t\t<div class=\"elementor-element elementor-element-d9507f0 e-con-full e-flex e-con e-child\" data-id=\"d9507f0\" data-element_type=\"container\" data-e-type=\"container\" data-settings=\"{&quot;background_background&quot;:&quot;classic&quot;}\">\n\t\t\t\t<div class=\"elementor-element elementor-element-cee7d24 elementor-widget elementor-widget-text-editor\" data-id=\"cee7d24\" data-element_type=\"widget\" data-e-type=\"widget\" data-widget_type=\"text-editor.default\">\n\t\t\t\t<div class=\"elementor-widget-container\">\n\t\t\t\t\t\t\t\t\t<p><span style=\"color: #f7c008;\"><a style=\"color: #f7c008;\" href=\"https:\/\/www.solis-porec.com\/de\/\"><strong>Funtana entdecken<\/strong><\/a><\/span><\/p><p><a href=\"https:\/\/www.booking.solis-porec.com\/rentals\/apartments-funtana-fontane-c1e4493\/\">Apartment<\/a> | <a href=\"https:\/\/www.booking.solis-porec.com\/rentals\/rentals-funtana-fontane-e4493\/\">Unterk\u00fcnfte<\/a><\/p>\t\t\t\t\t\t\t\t<\/div>\n\t\t\t\t<\/div>\n\t\t\t\t<\/div>\n\t\t<div class=\"elementor-element elementor-element-71a0300 e-con-full e-flex e-con e-child\" data-id=\"71a0300\" data-element_type=\"container\" data-e-type=\"container\" data-settings=\"{&quot;background_background&quot;:&quot;classic&quot;}\">\n\t\t\t\t<div class=\"elementor-element elementor-element-85ba329 elementor-widget elementor-widget-text-editor\" data-id=\"85ba329\" data-element_type=\"widget\" data-e-type=\"widget\" data-widget_type=\"text-editor.default\">\n\t\t\t\t<div class=\"elementor-widget-container\">\n\t\t\t\t\t\t\t\t\t<p><span style=\"color: #f7c008;\"><a style=\"color: #f7c008;\" href=\"https:\/\/www.solis-porec.com\/de\/\"><strong>Tinjan entdecken<\/strong><\/a><\/span><\/p><p><a href=\"https:\/\/www.booking.solis-porec.com\/rentals\/villas-tinjan-c2e5067\/\">Villen<\/a> | <a href=\"https:\/\/www.booking.solis-porec.com\/rentals\/rentals-tinjan-e5067\/\">Unterk\u00fcnfte<\/a><\/p>\t\t\t\t\t\t\t\t<\/div>\n\t\t\t\t<\/div>\n\t\t\t\t<\/div>\n\t\t<div class=\"elementor-element elementor-element-4765d26 e-con-full e-flex e-con e-child\" data-id=\"4765d26\" data-element_type=\"container\" data-e-type=\"container\" data-settings=\"{&quot;background_background&quot;:&quot;classic&quot;}\">\n\t\t\t\t<div class=\"elementor-element elementor-element-38b2f3f elementor-widget elementor-widget-text-editor\" data-id=\"38b2f3f\" data-element_type=\"widget\" data-e-type=\"widget\" data-widget_type=\"text-editor.default\">\n\t\t\t\t<div class=\"elementor-widget-container\">\n\t\t\t\t\t\t\t\t\t<p><span style=\"color: #f7c008;\"><a style=\"color: #f7c008;\" href=\"https:\/\/www.solis-porec.com\/de\/\"><strong>Kastelir entdecken<\/strong><\/a><\/span><\/p><p><a href=\"https:\/\/www.booking.solis-porec.com\/rentals\/apartments-kastelir-castelliere-c1e4607\/\">Apartment<\/a> | <a href=\"https:\/\/www.booking.solis-porec.com\/rentals\/houses-kastelir-castelliere-c19e4607\/\">H\u00e4user<\/a> | <a href=\"https:\/\/www.booking.solis-porec.com\/rentals\/villas-kastelir-castelliere-c2e4607\/\">Villen<\/a> | <a href=\"https:\/\/www.booking.solis-porec.com\/rentals\/rentals-kastelir-castelliere-e4607\/\">Alle<\/a><\/p>\t\t\t\t\t\t\t\t<\/div>\n\t\t\t\t<\/div>\n\t\t\t\t<\/div>\n\t\t<div class=\"elementor-element elementor-element-a21dc6b e-con-full e-flex e-con e-child\" data-id=\"a21dc6b\" data-element_type=\"container\" data-e-type=\"container\" data-settings=\"{&quot;background_background&quot;:&quot;classic&quot;}\">\n\t\t\t\t<div class=\"elementor-element elementor-element-f417bc5 elementor-widget elementor-widget-text-editor\" data-id=\"f417bc5\" data-element_type=\"widget\" data-e-type=\"widget\" data-widget_type=\"text-editor.default\">\n\t\t\t\t<div class=\"elementor-widget-container\">\n\t\t\t\t\t\t\t\t\t<p><span style=\"color: #f7c008;\"><a style=\"color: #f7c008;\" href=\"https:\/\/www.solis-porec.com\/de\/\"><strong>Nova vas entdecken<\/strong><\/a><\/span><\/p><p><a href=\"https:\/\/www.booking.solis-porec.com\/rentals\/apartments-nova-vas-c1e4787\/\">Apartment<\/a> | <a href=\"https:\/\/www.booking.solis-porec.com\/rentals\/villas-nova-vas-c2e4787\/\">Villen<\/a> | <a href=\"https:\/\/www.booking.solis-porec.com\/rentals\/rentals-nova-vas-e4787\/\">Alle<\/a><\/p>\t\t\t\t\t\t\t\t<\/div>\n\t\t\t\t<\/div>\n\t\t\t\t<\/div>\n\t\t<div class=\"elementor-element elementor-element-e70f2c5 e-con-full e-flex e-con e-child\" data-id=\"e70f2c5\" data-element_type=\"container\" data-e-type=\"container\" data-settings=\"{&quot;background_background&quot;:&quot;classic&quot;}\">\n\t\t\t\t<div class=\"elementor-element elementor-element-9675f30 elementor-widget elementor-widget-text-editor\" data-id=\"9675f30\" data-element_type=\"widget\" data-e-type=\"widget\" data-widget_type=\"text-editor.default\">\n\t\t\t\t<div class=\"elementor-widget-container\">\n\t\t\t\t\t\t\t\t\t<p><span style=\"color: #f7c008;\"><a style=\"color: #f7c008;\" href=\"https:\/\/www.solis-porec.com\/de\/\"><strong>Buzet entdecken<\/strong><\/a><\/span><\/p><p><a href=\"https:\/\/www.booking.solis-porec.com\/rentals\/houses-buzet-c19e4382\/\">H\u00e4user<\/a> | <a href=\"https:\/\/www.booking.solis-porec.com\/rentals\/villas-buzet-c2e4382\/\">Villen<\/a> | <a href=\"https:\/\/www.booking.solis-porec.com\/rentals\/rentals-buzet-e4382\/\">Alle<\/a><\/p>\t\t\t\t\t\t\t\t<\/div>\n\t\t\t\t<\/div>\n\t\t\t\t<\/div>\n\t\t\t\t<\/div>\n\t\t\t\t<\/div>\n\t\t\t\t\t<\/div>\n\t\t\t\t<\/div>\n\t\t\t\t\t<\/div>\n\t\t\t\t<\/div>\n\t\t\t\t<\/div>\n\t\t","protected":false},"excerpt":{"rendered":"<p>Ferienunterk\u00fcnfte Istria Ferienh\u00e4user in Istrien Ihre Lieblingsausstattung Mit Pool Haustierfreundlcih G\u00fcnstige Apartments Top Rated Tourismus Istrien Entdecken Sie unserem Blog All info you need before coming Istria Tourism Blog Mieten Sie ein Ferienhaus in Istrien mit uns Entfliehen Sie nach Istrien, wo mediterraner Charme auf unvergessliche Aufenthalte trifft! Ein Ferienhaus zu mieten, bietet Ihnen Freiheit, [&hellip;]<\/p>\n","protected":false},"author":3,"featured_media":3261,"parent":0,"menu_order":0,"comment_status":"closed","ping_status":"closed","template":"","meta":{"footnotes":""},"class_list":["post-3505","page","type-page","status-publish","has-post-thumbnail","hentry"],"yoast_head":"<!-- This site is optimized with the Yoast SEO plugin v27.4 - https:\/\/yoast.com\/product\/yoast-seo-wordpress\/ -->\n<title>Ferienh\u00e4user in Istrien zu vermieten. Buchen Sie jetzt Ihren Urlaub<\/title>\n<meta name=\"description\" content=\"Finden Sie Ihr perfektes Haus in Istrien! Atemberaubende Villen am Meer, gem\u00fctliche Landh\u00e4user &amp; Aufenthalte in der Altstadt. Mit Pool, Meerblick... Buchen Sie noch heute!\" \/>\n<meta name=\"robots\" content=\"index, follow, max-snippet:-1, max-image-preview:large, max-video-preview:-1\" \/>\n<link rel=\"canonical\" href=\"https:\/\/www.solis-porec.com\/de\/ferienhaus-istrien\/\" \/>\n<meta property=\"og:locale\" content=\"de_DE\" \/>\n<meta property=\"og:type\" content=\"article\" \/>\n<meta property=\"og:title\" content=\"Ferienh\u00e4user in Istrien zu vermieten. Buchen Sie jetzt Ihren Urlaub\" \/>\n<meta property=\"og:description\" content=\"Finden Sie Ihr perfektes Haus in Istrien! Atemberaubende Villen am Meer, gem\u00fctliche Landh\u00e4user &amp; Aufenthalte in der Altstadt. Mit Pool, Meerblick... Buchen Sie noch heute!\" \/>\n<meta property=\"og:url\" content=\"https:\/\/www.solis-porec.com\/de\/ferienhaus-istrien\/\" \/>\n<meta property=\"og:site_name\" content=\"Istria tourism information\" \/>\n<meta property=\"article:modified_time\" content=\"2025-11-27T09:08:15+00:00\" \/>\n<meta property=\"og:image\" content=\"https:\/\/www.solis-porec.com\/wp-content\/uploads\/2025\/10\/istria-house.jpg\" \/>\n\t<meta property=\"og:image:width\" content=\"1466\" \/>\n\t<meta property=\"og:image:height\" content=\"716\" \/>\n\t<meta property=\"og:image:type\" content=\"image\/jpeg\" \/>\n<meta name=\"twitter:card\" content=\"summary_large_image\" \/>\n<meta name=\"twitter:label1\" content=\"Gesch\u00e4tzte Lesezeit\" \/>\n\t<meta name=\"twitter:data1\" content=\"10\u00a0Minuten\" \/>\n<script type=\"application\/ld+json\" class=\"yoast-schema-graph\">{\"@context\":\"https:\\\/\\\/schema.org\",\"@graph\":[{\"@type\":\"WebPage\",\"@id\":\"https:\\\/\\\/www.solis-porec.com\\\/de\\\/ferienhaus-istrien\\\/\",\"url\":\"https:\\\/\\\/www.solis-porec.com\\\/de\\\/ferienhaus-istrien\\\/\",\"name\":\"Ferienh\u00e4user in Istrien zu vermieten. Buchen Sie jetzt Ihren Urlaub\",\"isPartOf\":{\"@id\":\"https:\\\/\\\/www.solis-porec.com\\\/#website\"},\"primaryImageOfPage\":{\"@id\":\"https:\\\/\\\/www.solis-porec.com\\\/de\\\/ferienhaus-istrien\\\/#primaryimage\"},\"image\":{\"@id\":\"https:\\\/\\\/www.solis-porec.com\\\/de\\\/ferienhaus-istrien\\\/#primaryimage\"},\"thumbnailUrl\":\"https:\\\/\\\/www.solis-porec.com\\\/wp-content\\\/uploads\\\/2025\\\/10\\\/istria-house.jpg\",\"datePublished\":\"2025-11-18T14:25:35+00:00\",\"dateModified\":\"2025-11-27T09:08:15+00:00\",\"description\":\"Finden Sie Ihr perfektes Haus in Istrien! Atemberaubende Villen am Meer, gem\u00fctliche Landh\u00e4user & Aufenthalte in der Altstadt. Mit Pool, Meerblick... Buchen Sie noch heute!\",\"breadcrumb\":{\"@id\":\"https:\\\/\\\/www.solis-porec.com\\\/de\\\/ferienhaus-istrien\\\/#breadcrumb\"},\"inLanguage\":\"de\",\"potentialAction\":[{\"@type\":\"ReadAction\",\"target\":[\"https:\\\/\\\/www.solis-porec.com\\\/de\\\/ferienhaus-istrien\\\/\"]}]},{\"@type\":\"ImageObject\",\"inLanguage\":\"de\",\"@id\":\"https:\\\/\\\/www.solis-porec.com\\\/de\\\/ferienhaus-istrien\\\/#primaryimage\",\"url\":\"https:\\\/\\\/www.solis-porec.com\\\/wp-content\\\/uploads\\\/2025\\\/10\\\/istria-house.jpg\",\"contentUrl\":\"https:\\\/\\\/www.solis-porec.com\\\/wp-content\\\/uploads\\\/2025\\\/10\\\/istria-house.jpg\",\"width\":1466,\"height\":716,\"caption\":\"Arena Pula historic Roman amphitheater panoramc green landscape view, Istria region of Croatia\"},{\"@type\":\"BreadcrumbList\",\"@id\":\"https:\\\/\\\/www.solis-porec.com\\\/de\\\/ferienhaus-istrien\\\/#breadcrumb\",\"itemListElement\":[{\"@type\":\"ListItem\",\"position\":1,\"name\":\"Home\",\"item\":\"https:\\\/\\\/www.solis-porec.com\\\/\"},{\"@type\":\"ListItem\",\"position\":2,\"name\":\"Ferienh\u00e4user in Istrien\"}]},{\"@type\":\"WebSite\",\"@id\":\"https:\\\/\\\/www.solis-porec.com\\\/#website\",\"url\":\"https:\\\/\\\/www.solis-porec.com\\\/\",\"name\":\"Istria tourism information\",\"description\":\"Solis Porec\",\"potentialAction\":[{\"@type\":\"SearchAction\",\"target\":{\"@type\":\"EntryPoint\",\"urlTemplate\":\"https:\\\/\\\/www.solis-porec.com\\\/?s={search_term_string}\"},\"query-input\":{\"@type\":\"PropertyValueSpecification\",\"valueRequired\":true,\"valueName\":\"search_term_string\"}}],\"inLanguage\":\"de\"}]}<\/script>\n<!-- \/ Yoast SEO plugin. -->","yoast_head_json":{"title":"Ferienh\u00e4user in Istrien zu vermieten. Buchen Sie jetzt Ihren Urlaub","description":"Finden Sie Ihr perfektes Haus in Istrien! Atemberaubende Villen am Meer, gem\u00fctliche Landh\u00e4user & Aufenthalte in der Altstadt. Mit Pool, Meerblick... Buchen Sie noch heute!","robots":{"index":"index","follow":"follow","max-snippet":"max-snippet:-1","max-image-preview":"max-image-preview:large","max-video-preview":"max-video-preview:-1"},"canonical":"https:\/\/www.solis-porec.com\/de\/ferienhaus-istrien\/","og_locale":"de_DE","og_type":"article","og_title":"Ferienh\u00e4user in Istrien zu vermieten. Buchen Sie jetzt Ihren Urlaub","og_description":"Finden Sie Ihr perfektes Haus in Istrien! Atemberaubende Villen am Meer, gem\u00fctliche Landh\u00e4user & Aufenthalte in der Altstadt. Mit Pool, Meerblick... Buchen Sie noch heute!","og_url":"https:\/\/www.solis-porec.com\/de\/ferienhaus-istrien\/","og_site_name":"Istria tourism information","article_modified_time":"2025-11-27T09:08:15+00:00","og_image":[{"width":1466,"height":716,"url":"https:\/\/www.solis-porec.com\/wp-content\/uploads\/2025\/10\/istria-house.jpg","type":"image\/jpeg"}],"twitter_card":"summary_large_image","twitter_misc":{"Gesch\u00e4tzte Lesezeit":"10\u00a0Minuten"},"schema":{"@context":"https:\/\/schema.org","@graph":[{"@type":"WebPage","@id":"https:\/\/www.solis-porec.com\/de\/ferienhaus-istrien\/","url":"https:\/\/www.solis-porec.com\/de\/ferienhaus-istrien\/","name":"Ferienh\u00e4user in Istrien zu vermieten. Buchen Sie jetzt Ihren Urlaub","isPartOf":{"@id":"https:\/\/www.solis-porec.com\/#website"},"primaryImageOfPage":{"@id":"https:\/\/www.solis-porec.com\/de\/ferienhaus-istrien\/#primaryimage"},"image":{"@id":"https:\/\/www.solis-porec.com\/de\/ferienhaus-istrien\/#primaryimage"},"thumbnailUrl":"https:\/\/www.solis-porec.com\/wp-content\/uploads\/2025\/10\/istria-house.jpg","datePublished":"2025-11-18T14:25:35+00:00","dateModified":"2025-11-27T09:08:15+00:00","description":"Finden Sie Ihr perfektes Haus in Istrien! Atemberaubende Villen am Meer, gem\u00fctliche Landh\u00e4user & Aufenthalte in der Altstadt. Mit Pool, Meerblick... Buchen Sie noch heute!","breadcrumb":{"@id":"https:\/\/www.solis-porec.com\/de\/ferienhaus-istrien\/#breadcrumb"},"inLanguage":"de","potentialAction":[{"@type":"ReadAction","target":["https:\/\/www.solis-porec.com\/de\/ferienhaus-istrien\/"]}]},{"@type":"ImageObject","inLanguage":"de","@id":"https:\/\/www.solis-porec.com\/de\/ferienhaus-istrien\/#primaryimage","url":"https:\/\/www.solis-porec.com\/wp-content\/uploads\/2025\/10\/istria-house.jpg","contentUrl":"https:\/\/www.solis-porec.com\/wp-content\/uploads\/2025\/10\/istria-house.jpg","width":1466,"height":716,"caption":"Arena Pula historic Roman amphitheater panoramc green landscape view, Istria region of Croatia"},{"@type":"BreadcrumbList","@id":"https:\/\/www.solis-porec.com\/de\/ferienhaus-istrien\/#breadcrumb","itemListElement":[{"@type":"ListItem","position":1,"name":"Home","item":"https:\/\/www.solis-porec.com\/"},{"@type":"ListItem","position":2,"name":"Ferienh\u00e4user in Istrien"}]},{"@type":"WebSite","@id":"https:\/\/www.solis-porec.com\/#website","url":"https:\/\/www.solis-porec.com\/","name":"Istria tourism information","description":"Solis Porec","potentialAction":[{"@type":"SearchAction","target":{"@type":"EntryPoint","urlTemplate":"https:\/\/www.solis-porec.com\/?s={search_term_string}"},"query-input":{"@type":"PropertyValueSpecification","valueRequired":true,"valueName":"search_term_string"}}],"inLanguage":"de"}]}},"_links":{"self":[{"href":"https:\/\/www.solis-porec.com\/de\/wp-json\/wp\/v2\/pages\/3505","targetHints":{"allow":["GET"]}}],"collection":[{"href":"https:\/\/www.solis-porec.com\/de\/wp-json\/wp\/v2\/pages"}],"about":[{"href":"https:\/\/www.solis-porec.com\/de\/wp-json\/wp\/v2\/types\/page"}],"author":[{"embeddable":true,"href":"https:\/\/www.solis-porec.com\/de\/wp-json\/wp\/v2\/users\/3"}],"replies":[{"embeddable":true,"href":"https:\/\/www.solis-porec.com\/de\/wp-json\/wp\/v2\/comments?post=3505"}],"version-history":[{"count":14,"href":"https:\/\/www.solis-porec.com\/de\/wp-json\/wp\/v2\/pages\/3505\/revisions"}],"predecessor-version":[{"id":4481,"href":"https:\/\/www.solis-porec.com\/de\/wp-json\/wp\/v2\/pages\/3505\/revisions\/4481"}],"wp:featuredmedia":[{"embeddable":true,"href":"https:\/\/www.solis-porec.com\/de\/wp-json\/wp\/v2\/media\/3261"}],"wp:attachment":[{"href":"https:\/\/www.solis-porec.com\/de\/wp-json\/wp\/v2\/media?parent=3505"}],"curies":[{"name":"wp","href":"https:\/\/api.w.org\/{rel}","templated":true}]}}