{"id":4145,"date":"2025-11-24T13:09:09","date_gmt":"2025-11-24T13:09:09","guid":{"rendered":"https:\/\/www.solis-porec.com\/?page_id=4145"},"modified":"2025-12-04T11:18:23","modified_gmt":"2025-12-04T11:18:23","slug":"blog","status":"publish","type":"page","link":"https:\/\/www.solis-porec.com\/de\/blog\/","title":{"rendered":"Blog"},"content":{"rendered":"\t\t<div data-elementor-type=\"wp-page\" data-elementor-id=\"4145\" class=\"elementor elementor-4145 elementor-2491\" data-elementor-post-type=\"page\">\n\t\t\t\t<div class=\"elementor-element elementor-element-1c5298fb e-flex e-con-boxed e-con e-parent\" data-id=\"1c5298fb\" data-element_type=\"container\" data-e-type=\"container\" data-settings=\"{&quot;background_background&quot;:&quot;classic&quot;}\">\n\t\t\t\t\t<div class=\"e-con-inner\">\n\t\t\t\t<div class=\"elementor-element elementor-element-6d12de76 elementor-icon-list--layout-inline elementor-align-center elementor-list-item-link-full_width elementor-widget elementor-widget-icon-list\" data-id=\"6d12de76\" data-element_type=\"widget\" data-e-type=\"widget\" data-widget_type=\"icon-list.default\">\n\t\t\t\t<div class=\"elementor-widget-container\">\n\t\t\t\t\t\t\t<ul class=\"elementor-icon-list-items elementor-inline-items\">\n\t\t\t\t\t\t\t<li class=\"elementor-icon-list-item elementor-inline-item\">\n\t\t\t\t\t\t\t\t\t\t<span class=\"elementor-icon-list-text\">Startseite<\/span>\n\t\t\t\t\t\t\t\t\t<\/li>\n\t\t\t\t\t\t\t\t<li class=\"elementor-icon-list-item elementor-inline-item\">\n\t\t\t\t\t\t\t\t\t\t\t<span class=\"elementor-icon-list-icon\">\n\t\t\t\t\t\t\t<i aria-hidden=\"true\" class=\"jki jki-right-arrow-8\"><\/i>\t\t\t\t\t\t<\/span>\n\t\t\t\t\t\t\t\t\t\t<span class=\"elementor-icon-list-text\">Blog<\/span>\n\t\t\t\t\t\t\t\t\t<\/li>\n\t\t\t\t\t\t<\/ul>\n\t\t\t\t\t\t<\/div>\n\t\t\t\t<\/div>\n\t\t\t\t<div class=\"elementor-element elementor-element-1676211b elementor-widget elementor-widget-heading\" data-id=\"1676211b\" data-element_type=\"widget\" data-e-type=\"widget\" data-widget_type=\"heading.default\">\n\t\t\t\t<div class=\"elementor-widget-container\">\n\t\t\t\t\t<h2 class=\"elementor-heading-title elementor-size-default\">Blog<\/h2>\t\t\t\t<\/div>\n\t\t\t\t<\/div>\n\t\t\t\t\t<\/div>\n\t\t\t\t<\/div>\n\t\t<div class=\"elementor-element elementor-element-48d71ed e-flex e-con-boxed e-con e-parent\" data-id=\"48d71ed\" data-element_type=\"container\" data-e-type=\"container\">\n\t\t\t\t\t<div class=\"e-con-inner\">\n\t\t\t\t<div class=\"elementor-element elementor-element-38a94408 elementor-widget elementor-widget-jkit_heading\" data-id=\"38a94408\" data-element_type=\"widget\" data-e-type=\"widget\" data-widget_type=\"jkit_heading.default\">\n\t\t\t\t<div class=\"elementor-widget-container\">\n\t\t\t\t\t<div  class=\"jeg-elementor-kit jkit-heading  align-left align-tablet-center align-mobile- jeg_module___69ef6666374da\" ><div class=\"heading-section-title  display-inline-block\"><h2 class=\"heading-title\">Mache das Beste aus deinem <span class=\"style-color\"><span>Urlaub<\/span><\/span><\/h2><\/div><\/div>\t\t\t\t<\/div>\n\t\t\t\t<\/div>\n\t\t\t\t\t<\/div>\n\t\t\t\t<\/div>\n\t\t<div class=\"elementor-element elementor-element-54d8a20 e-flex e-con-boxed e-con e-parent\" data-id=\"54d8a20\" data-element_type=\"container\" data-e-type=\"container\">\n\t\t\t\t\t<div class=\"e-con-inner\">\n\t\t<div class=\"elementor-element elementor-element-18c0dc3 e-con-full e-flex e-con e-child\" data-id=\"18c0dc3\" data-element_type=\"container\" data-e-type=\"container\">\n\t\t\t\t<div class=\"elementor-element elementor-element-409d4f6 elementor-cta--skin-cover elementor-cta--valign-bottom elementor-animated-content elementor-bg-transform elementor-bg-transform-zoom-in elementor-widget elementor-widget-call-to-action\" data-id=\"409d4f6\" data-element_type=\"widget\" data-e-type=\"widget\" data-widget_type=\"call-to-action.default\">\n\t\t\t\t<div class=\"elementor-widget-container\">\n\t\t\t\t\t\t\t<a class=\"elementor-cta\" href=\"https:\/\/www.solis-porec.com\/de\/blog\/category\/porec-de\/\">\n\t\t\t\t\t<div class=\"elementor-cta__bg-wrapper\">\n\t\t\t\t<div class=\"elementor-cta__bg elementor-bg\" style=\"background-image: url(https:\/\/www.solis-porec.com\/wp-content\/uploads\/2025\/11\/villa-porec-1024x728.jpg);\" role=\"img\" aria-label=\"villa-porec.jpg\"><\/div>\n\t\t\t\t<div class=\"elementor-cta__bg-overlay\"><\/div>\n\t\t\t<\/div>\n\t\t\t\t\t\t\t<div class=\"elementor-cta__content\">\n\t\t\t\t\n\t\t\t\t\t\t\t\t\t<h2 class=\"elementor-cta__title elementor-cta__content-item elementor-content-item elementor-animated-item--grow\">\n\t\t\t\t\t\tPore\u010d\t\t\t\t\t<\/h2>\n\t\t\t\t\n\t\t\t\t\n\t\t\t\t\t\t\t<\/div>\n\t\t\t\t\t\t<\/a>\n\t\t\t\t\t\t<\/div>\n\t\t\t\t<\/div>\n\t\t\t\t<\/div>\n\t\t<div class=\"elementor-element elementor-element-b92bffe e-con-full e-flex e-con e-child\" data-id=\"b92bffe\" data-element_type=\"container\" data-e-type=\"container\">\n\t\t<div class=\"elementor-element elementor-element-2308eb0 e-con-full e-flex e-con e-child\" data-id=\"2308eb0\" data-element_type=\"container\" data-e-type=\"container\">\n\t\t\t\t<div class=\"elementor-element elementor-element-b45f719 elementor-cta--skin-cover elementor-cta--valign-bottom elementor-animated-content elementor-bg-transform elementor-bg-transform-zoom-in elementor-widget elementor-widget-call-to-action\" data-id=\"b45f719\" data-element_type=\"widget\" data-e-type=\"widget\" data-widget_type=\"call-to-action.default\">\n\t\t\t\t<div class=\"elementor-widget-container\">\n\t\t\t\t\t\t\t<a class=\"elementor-cta\" href=\"https:\/\/www.solis-porec.com\/de\/blog\/category\/kroatie\/\">\n\t\t\t\t\t<div class=\"elementor-cta__bg-wrapper\">\n\t\t\t\t<div class=\"elementor-cta__bg elementor-bg\" style=\"background-image: url(https:\/\/www.solis-porec.com\/wp-content\/uploads\/2025\/10\/istria-house-1024x500.jpg);\" role=\"img\" aria-label=\"Arena Pula historic Roman amphitheater panoramc green landscape view, Istria region of Croatia\"><\/div>\n\t\t\t\t<div class=\"elementor-cta__bg-overlay\"><\/div>\n\t\t\t<\/div>\n\t\t\t\t\t\t\t<div class=\"elementor-cta__content\">\n\t\t\t\t\n\t\t\t\t\t\t\t\t\t<h2 class=\"elementor-cta__title elementor-cta__content-item elementor-content-item elementor-animated-item--grow\">\n\t\t\t\t\t\tKroatie\t\t\t\t\t<\/h2>\n\t\t\t\t\n\t\t\t\t\n\t\t\t\t\t\t\t<\/div>\n\t\t\t\t\t\t<\/a>\n\t\t\t\t\t\t<\/div>\n\t\t\t\t<\/div>\n\t\t\t\t<\/div>\n\t\t<div class=\"elementor-element elementor-element-e43046f e-con-full e-flex e-con e-child\" data-id=\"e43046f\" data-element_type=\"container\" data-e-type=\"container\">\n\t\t\t\t<div class=\"elementor-element elementor-element-59458ad elementor-cta--skin-cover elementor-cta--valign-bottom elementor-animated-content elementor-bg-transform elementor-bg-transform-zoom-in elementor-widget elementor-widget-call-to-action\" data-id=\"59458ad\" data-element_type=\"widget\" data-e-type=\"widget\" data-widget_type=\"call-to-action.default\">\n\t\t\t\t<div class=\"elementor-widget-container\">\n\t\t\t\t\t\t\t<a class=\"elementor-cta\" href=\"https:\/\/www.solis-porec.com\/de\/blog\/category\/istrien\/\">\n\t\t\t\t\t<div class=\"elementor-cta__bg-wrapper\">\n\t\t\t\t<div class=\"elementor-cta__bg elementor-bg\" style=\"background-image: url(https:\/\/www.solis-porec.com\/wp-content\/uploads\/2025\/10\/istrien-ferienwohnungen-pool-1024x347.webp);\" role=\"img\" aria-label=\"istrien-ferienwohnungen-pool\"><\/div>\n\t\t\t\t<div class=\"elementor-cta__bg-overlay\"><\/div>\n\t\t\t<\/div>\n\t\t\t\t\t\t\t<div class=\"elementor-cta__content\">\n\t\t\t\t\n\t\t\t\t\t\t\t\t\t<h2 class=\"elementor-cta__title elementor-cta__content-item elementor-content-item elementor-animated-item--grow\">\n\t\t\t\t\t\tIstrien\t\t\t\t\t<\/h2>\n\t\t\t\t\n\t\t\t\t\n\t\t\t\t\t\t\t<\/div>\n\t\t\t\t\t\t<\/a>\n\t\t\t\t\t\t<\/div>\n\t\t\t\t<\/div>\n\t\t\t\t<\/div>\n\t\t\t\t<\/div>\n\t\t\t\t\t<\/div>\n\t\t\t\t<\/div>\n\t\t<div class=\"elementor-element elementor-element-83d6f0e e-flex e-con-boxed e-con e-parent\" data-id=\"83d6f0e\" data-element_type=\"container\" data-e-type=\"container\">\n\t\t\t\t\t<div class=\"e-con-inner\">\n\t\t\t\t<div class=\"elementor-element elementor-element-59a2050 elementor-widget elementor-widget-jkit_heading\" data-id=\"59a2050\" data-element_type=\"widget\" data-e-type=\"widget\" data-widget_type=\"jkit_heading.default\">\n\t\t\t\t<div class=\"elementor-widget-container\">\n\t\t\t\t\t<div  class=\"jeg-elementor-kit jkit-heading  align-left align-tablet-center align-mobile- jeg_module__1_69ef66663840c\" ><div class=\"heading-section-title  display-inline-block\"><h2 class=\"heading-title\">Lies unsere neuesten Blogs &amp; <span class=\"style-color\"><span>Artikel<\/span><\/span><\/h2><\/div><\/div>\t\t\t\t<\/div>\n\t\t\t\t<\/div>\n\t\t\t\t<div class=\"elementor-element elementor-element-89813ea elementor-widget elementor-widget-text-editor\" data-id=\"89813ea\" data-element_type=\"widget\" data-e-type=\"widget\" data-widget_type=\"text-editor.default\">\n\t\t\t\t<div class=\"elementor-widget-container\">\n\t\t\t\t\t\t\t\t\t<p>Im Folgenden finden Sie einen ausf\u00fchrlichen Blog-Artikel zu unseren Touren- und Reisethemen<\/p>\t\t\t\t\t\t\t\t<\/div>\n\t\t\t\t<\/div>\n\t\t\t\t\t<\/div>\n\t\t\t\t<\/div>\n\t\t<div class=\"elementor-element elementor-element-465d666b e-flex e-con-boxed e-con e-parent\" data-id=\"465d666b\" data-element_type=\"container\" data-e-type=\"container\">\n\t\t\t\t\t<div class=\"e-con-inner\">\n\t\t<div class=\"elementor-element elementor-element-1790794e e-flex e-con-boxed e-con e-child\" data-id=\"1790794e\" data-element_type=\"container\" data-e-type=\"container\">\n\t\t\t\t\t<div class=\"e-con-inner\">\n\t\t\t\t<div class=\"elementor-element elementor-element-107ebd58 elementor-widget elementor-widget-jkit_post_block\" data-id=\"107ebd58\" data-element_type=\"widget\" data-e-type=\"widget\" data-widget_type=\"jkit_post_block.default\">\n\t\t\t\t<div class=\"elementor-widget-container\">\n\t\t\t\t\t<div  class=\"jeg-elementor-kit jkit-postblock postblock-type-2 jkit-pagination-loadmore post-element jeg_module__2_69ef666641b40\"  data-id=\"jeg_module__2_69ef666641b40\" data-settings=\"{&quot;post_type&quot;:&quot;post&quot;,&quot;number_post&quot;:{&quot;unit&quot;:&quot;px&quot;,&quot;size&quot;:9,&quot;sizes&quot;:[]},&quot;post_offset&quot;:0,&quot;unique_content&quot;:&quot;disable&quot;,&quot;include_post&quot;:&quot;&quot;,&quot;exclude_post&quot;:&quot;&quot;,&quot;include_category&quot;:&quot;&quot;,&quot;exclude_category&quot;:&quot;&quot;,&quot;include_author&quot;:&quot;&quot;,&quot;include_tag&quot;:&quot;&quot;,&quot;exclude_tag&quot;:&quot;&quot;,&quot;sort_by&quot;:&quot;latest&quot;,&quot;pagination_mode&quot;:&quot;loadmore&quot;,&quot;pagination_loadmore_text&quot;:&quot;Mehr laden&quot;,&quot;pagination_loading_text&quot;:&quot;Wird geladen \\u2026&quot;,&quot;pagination_number_post&quot;:{&quot;unit&quot;:&quot;px&quot;,&quot;size&quot;:3,&quot;sizes&quot;:[]},&quot;pagination_scroll_limit&quot;:0,&quot;pagination_icon&quot;:{&quot;value&quot;:&quot;jki jki-right-arrow2-light&quot;,&quot;library&quot;:&quot;jkiticon&quot;},&quot;pagination_icon_position&quot;:&quot;after&quot;,&quot;st_category_position&quot;:&quot;center&quot;,&quot;sg_content_postblock_type&quot;:&quot;type-2&quot;,&quot;sg_content_element_order&quot;:&quot;title,meta,excerpt,read&quot;,&quot;sg_content_breakpoint&quot;:&quot;tablet&quot;,&quot;sg_content_title_html_tag&quot;:&quot;h3&quot;,&quot;sg_content_category_enable&quot;:&quot;yes&quot;,&quot;sg_content_excerpt_enable&quot;:&quot;&quot;,&quot;sg_content_excerpt_length&quot;:{&quot;unit&quot;:&quot;px&quot;,&quot;size&quot;:&quot;7&quot;,&quot;sizes&quot;:[]},&quot;sg_content_excerpt_more&quot;:&quot;...&quot;,&quot;sg_content_readmore_enable&quot;:&quot;&quot;,&quot;sg_content_readmore_icon&quot;:{&quot;value&quot;:&quot;jki jki-right-arrow2-light&quot;,&quot;library&quot;:&quot;jkiticon&quot;},&quot;sg_content_readmore_icon_position&quot;:&quot;after&quot;,&quot;sg_content_readmore_text&quot;:&quot;Read More&quot;,&quot;sg_content_comment_enable&quot;:&quot;&quot;,&quot;sg_content_comment_icon&quot;:{&quot;value&quot;:&quot;fas fa-comment&quot;,&quot;library&quot;:&quot;fa-solid&quot;},&quot;sg_content_comment_icon_position&quot;:&quot;before&quot;,&quot;sg_content_meta_enable&quot;:&quot;&quot;,&quot;sg_content_meta_author_enable&quot;:&quot;&quot;,&quot;sg_content_meta_author_by_text&quot;:&quot;by&quot;,&quot;sg_content_meta_author_icon&quot;:{&quot;value&quot;:&quot;fas fa-user&quot;,&quot;library&quot;:&quot;fa-solid&quot;},&quot;sg_content_meta_author_icon_position&quot;:&quot;before&quot;,&quot;sg_content_meta_date_enable&quot;:&quot;yes&quot;,&quot;sg_content_meta_date_type&quot;:&quot;published&quot;,&quot;sg_content_meta_date_format&quot;:&quot;default&quot;,&quot;sg_content_meta_date_format_custom&quot;:&quot;F j, Y&quot;,&quot;sg_content_meta_date_icon&quot;:{&quot;value&quot;:&quot;fas fa-clock&quot;,&quot;library&quot;:&quot;fa-solid&quot;},&quot;sg_content_meta_date_icon_position&quot;:&quot;before&quot;,&quot;sg_content_image_size_imagesize_size&quot;:&quot;full&quot;,&quot;lang&quot;:&quot;de&quot;,&quot;paged&quot;:1,&quot;class&quot;:&quot;jkit_post_block&quot;}\"><div class=\"jkit-block-container\"><div class=\"jkit-posts jkit-ajax-flag\">\n            <article class=\"jkit-post post-5387 post type-post status-publish format-standard has-post-thumbnail hentry category-kroatie\">\n                    <div class=\"jkit-thumb\"><a aria-label=\"Mramornica-H\u00f6hle: Eines der bestgeh\u00fcteten Naturgeheimnisse Istriens\" href=\"https:\/\/www.solis-porec.com\/de\/blog\/mramornica-hoehle\/\"><div class=\"thumbnail-container \">\n            <img loading=\"lazy\" decoding=\"async\" width=\"2103\" height=\"701\" src=\"https:\/\/www.solis-porec.com\/wp-content\/uploads\/2026\/04\/croatia-Mramornica-Cave.jpg\" class=\"attachment-full size-full wp-post-image\" alt=\"croatia-Mramornica-Cave\" loading=\"lazy\" srcset=\"https:\/\/www.solis-porec.com\/wp-content\/uploads\/2026\/04\/croatia-Mramornica-Cave.jpg 2103w, https:\/\/www.solis-porec.com\/wp-content\/uploads\/2026\/04\/croatia-Mramornica-Cave-300x100.jpg 300w, https:\/\/www.solis-porec.com\/wp-content\/uploads\/2026\/04\/croatia-Mramornica-Cave-1024x341.jpg 1024w, https:\/\/www.solis-porec.com\/wp-content\/uploads\/2026\/04\/croatia-Mramornica-Cave-768x256.jpg 768w, https:\/\/www.solis-porec.com\/wp-content\/uploads\/2026\/04\/croatia-Mramornica-Cave-1536x512.jpg 1536w, https:\/\/www.solis-porec.com\/wp-content\/uploads\/2026\/04\/croatia-Mramornica-Cave-2048x683.jpg 2048w\" sizes=\"auto, (max-width: 2103px) 100vw, 2103px\" \/>\n        <\/div><\/a><\/div>\n                    <div class=\"jkit-postblock-content\"><div class=\"jkit-post-category \"><span><a href=\"https:\/\/www.solis-porec.com\/de\/blog\/category\/kroatie\/\" class=\"category-kroatie\">Kroatie<\/a><\/span><\/div><h3 class=\"jkit-post-title\">\n\t\t\t\t\t\t\t<a href=\"https:\/\/www.solis-porec.com\/de\/blog\/mramornica-hoehle\/\">Mramornica-H\u00f6hle: Eines der bestgeh\u00fcteten Naturgeheimnisse Istriens<\/a>\n\t\t\t\t\t\t<\/h3><div class=\"jkit-post-meta-bottom\">\n\t\t\t\t\t\t\t\n\t\t\t\t\t\t<\/div><\/div>\n                <\/article><article class=\"jkit-post post-5346 post type-post status-publish format-standard has-post-thumbnail hentry category-kroatie\">\n                    <div class=\"jkit-thumb\"><a aria-label=\"Kirche der Heiligen Euphemia in Rovinj\" href=\"https:\/\/www.solis-porec.com\/de\/blog\/kirche-euphemi\/\"><div class=\"thumbnail-container \">\n            <img loading=\"lazy\" decoding=\"async\" width=\"2120\" height=\"707\" src=\"https:\/\/www.solis-porec.com\/wp-content\/uploads\/2026\/03\/church-st-euphemia-rovinj.jpg\" class=\"attachment-full size-full wp-post-image\" alt=\"church-st-euphemia-rovinj.jpg\" loading=\"lazy\" srcset=\"https:\/\/www.solis-porec.com\/wp-content\/uploads\/2026\/03\/church-st-euphemia-rovinj.jpg 2120w, https:\/\/www.solis-porec.com\/wp-content\/uploads\/2026\/03\/church-st-euphemia-rovinj-300x100.jpg 300w, https:\/\/www.solis-porec.com\/wp-content\/uploads\/2026\/03\/church-st-euphemia-rovinj-1024x341.jpg 1024w, https:\/\/www.solis-porec.com\/wp-content\/uploads\/2026\/03\/church-st-euphemia-rovinj-768x256.jpg 768w, https:\/\/www.solis-porec.com\/wp-content\/uploads\/2026\/03\/church-st-euphemia-rovinj-1536x512.jpg 1536w, https:\/\/www.solis-porec.com\/wp-content\/uploads\/2026\/03\/church-st-euphemia-rovinj-2048x683.jpg 2048w\" sizes=\"auto, (max-width: 2120px) 100vw, 2120px\" \/>\n        <\/div><\/a><\/div>\n                    <div class=\"jkit-postblock-content\"><div class=\"jkit-post-category \"><span><a href=\"https:\/\/www.solis-porec.com\/de\/blog\/category\/kroatie\/\" class=\"category-kroatie\">Kroatie<\/a><\/span><\/div><h3 class=\"jkit-post-title\">\n\t\t\t\t\t\t\t<a href=\"https:\/\/www.solis-porec.com\/de\/blog\/kirche-euphemi\/\">Kirche der Heiligen Euphemia in Rovinj<\/a>\n\t\t\t\t\t\t<\/h3><div class=\"jkit-post-meta-bottom\">\n\t\t\t\t\t\t\t\n\t\t\t\t\t\t<\/div><\/div>\n                <\/article><article class=\"jkit-post post-5344 post type-post status-publish format-standard has-post-thumbnail hentry category-kroatie\">\n                    <div class=\"jkit-thumb\"><a aria-label=\"Vrsar Kroatien Reisef\u00fchrer: Aktivit\u00e4ten, Wetter und Unterkunftsm\u00f6glichkeiten\" href=\"https:\/\/www.solis-porec.com\/de\/blog\/vrsar\/\"><div class=\"thumbnail-container \">\n            <img loading=\"lazy\" decoding=\"async\" width=\"2121\" height=\"707\" src=\"https:\/\/www.solis-porec.com\/wp-content\/uploads\/2026\/02\/Vrsar-Kroatie.jpg\" class=\"attachment-full size-full wp-post-image\" alt=\"\" loading=\"lazy\" srcset=\"https:\/\/www.solis-porec.com\/wp-content\/uploads\/2026\/02\/Vrsar-Kroatie.jpg 2121w, https:\/\/www.solis-porec.com\/wp-content\/uploads\/2026\/02\/Vrsar-Kroatie-300x100.jpg 300w, https:\/\/www.solis-porec.com\/wp-content\/uploads\/2026\/02\/Vrsar-Kroatie-1024x341.jpg 1024w, https:\/\/www.solis-porec.com\/wp-content\/uploads\/2026\/02\/Vrsar-Kroatie-768x256.jpg 768w, https:\/\/www.solis-porec.com\/wp-content\/uploads\/2026\/02\/Vrsar-Kroatie-1536x512.jpg 1536w, https:\/\/www.solis-porec.com\/wp-content\/uploads\/2026\/02\/Vrsar-Kroatie-2048x683.jpg 2048w\" sizes=\"auto, (max-width: 2121px) 100vw, 2121px\" \/>\n        <\/div><\/a><\/div>\n                    <div class=\"jkit-postblock-content\"><div class=\"jkit-post-category \"><span><a href=\"https:\/\/www.solis-porec.com\/de\/blog\/category\/kroatie\/\" class=\"category-kroatie\">Kroatie<\/a><\/span><\/div><h3 class=\"jkit-post-title\">\n\t\t\t\t\t\t\t<a href=\"https:\/\/www.solis-porec.com\/de\/blog\/vrsar\/\">Vrsar Kroatien Reisef\u00fchrer: Aktivit\u00e4ten, Wetter und Unterkunftsm\u00f6glichkeiten<\/a>\n\t\t\t\t\t\t<\/h3><div class=\"jkit-post-meta-bottom\">\n\t\t\t\t\t\t\t\n\t\t\t\t\t\t<\/div><\/div>\n                <\/article><article class=\"jkit-post post-5156 post type-post status-publish format-standard has-post-thumbnail hentry category-aktivitaten category-porec-de\">\n                    <div class=\"jkit-thumb\"><a aria-label=\"Eine Flucht in den Istrischen Fantasiewald\" href=\"https:\/\/www.solis-porec.com\/de\/blog\/flucht-istrischen-fantasiewald\/\"><div class=\"thumbnail-container \">\n            <img loading=\"lazy\" decoding=\"async\" width=\"1906\" height=\"768\" src=\"https:\/\/www.solis-porec.com\/wp-content\/uploads\/2026\/01\/Istrian-Fantasy-Forest-porec.jpg\" class=\"attachment-full size-full wp-post-image\" alt=\"Istrian-Fantasy-Forest-porec.jpg\" loading=\"lazy\" srcset=\"https:\/\/www.solis-porec.com\/wp-content\/uploads\/2026\/01\/Istrian-Fantasy-Forest-porec.jpg 1906w, https:\/\/www.solis-porec.com\/wp-content\/uploads\/2026\/01\/Istrian-Fantasy-Forest-porec-300x121.jpg 300w, https:\/\/www.solis-porec.com\/wp-content\/uploads\/2026\/01\/Istrian-Fantasy-Forest-porec-1024x413.jpg 1024w, https:\/\/www.solis-porec.com\/wp-content\/uploads\/2026\/01\/Istrian-Fantasy-Forest-porec-768x309.jpg 768w, https:\/\/www.solis-porec.com\/wp-content\/uploads\/2026\/01\/Istrian-Fantasy-Forest-porec-1536x619.jpg 1536w\" sizes=\"auto, (max-width: 1906px) 100vw, 1906px\" \/>\n        <\/div><\/a><\/div>\n                    <div class=\"jkit-postblock-content\"><div class=\"jkit-post-category \"><span><a href=\"https:\/\/www.solis-porec.com\/de\/blog\/category\/aktivitaten\/\" class=\"category-aktivitaten\">Aktivit\u00e4ten<\/a><\/span><\/div><h3 class=\"jkit-post-title\">\n\t\t\t\t\t\t\t<a href=\"https:\/\/www.solis-porec.com\/de\/blog\/flucht-istrischen-fantasiewald\/\">Eine Flucht in den Istrischen Fantasiewald<\/a>\n\t\t\t\t\t\t<\/h3><div class=\"jkit-post-meta-bottom\">\n\t\t\t\t\t\t\t\n\t\t\t\t\t\t<\/div><\/div>\n                <\/article><article class=\"jkit-post post-5082 post type-post status-publish format-standard has-post-thumbnail hentry category-kroatie\">\n                    <div class=\"jkit-thumb\"><a aria-label=\"Nationalpark Brijuni\" href=\"https:\/\/www.solis-porec.com\/de\/blog\/nationalpark-brijuni\/\"><div class=\"thumbnail-container \">\n            <img loading=\"lazy\" decoding=\"async\" width=\"1360\" height=\"967\" src=\"https:\/\/www.solis-porec.com\/wp-content\/uploads\/2025\/12\/Brijuni-National-Park.webp\" class=\"attachment-full size-full wp-post-image\" alt=\"Brijuni National Park\" loading=\"lazy\" srcset=\"https:\/\/www.solis-porec.com\/wp-content\/uploads\/2025\/12\/Brijuni-National-Park.webp 1360w, https:\/\/www.solis-porec.com\/wp-content\/uploads\/2025\/12\/Brijuni-National-Park-300x213.webp 300w, https:\/\/www.solis-porec.com\/wp-content\/uploads\/2025\/12\/Brijuni-National-Park-1024x728.webp 1024w, https:\/\/www.solis-porec.com\/wp-content\/uploads\/2025\/12\/Brijuni-National-Park-768x546.webp 768w\" sizes=\"auto, (max-width: 1360px) 100vw, 1360px\" \/>\n        <\/div><\/a><\/div>\n                    <div class=\"jkit-postblock-content\"><div class=\"jkit-post-category \"><span><a href=\"https:\/\/www.solis-porec.com\/de\/blog\/category\/kroatie\/\" class=\"category-kroatie\">Kroatie<\/a><\/span><\/div><h3 class=\"jkit-post-title\">\n\t\t\t\t\t\t\t<a href=\"https:\/\/www.solis-porec.com\/de\/blog\/nationalpark-brijuni\/\">Nationalpark Brijuni<\/a>\n\t\t\t\t\t\t<\/h3><div class=\"jkit-post-meta-bottom\">\n\t\t\t\t\t\t\t\n\t\t\t\t\t\t<\/div><\/div>\n                <\/article><article class=\"jkit-post post-1917 post type-post status-publish format-standard has-post-thumbnail hentry category-kroatie\">\n                    <div class=\"jkit-thumb\"><a aria-label=\"Strand Bijela Uvala\" href=\"https:\/\/www.solis-porec.com\/de\/blog\/strand-bijela-uvala\/\"><div class=\"thumbnail-container \">\n            <img loading=\"lazy\" decoding=\"async\" width=\"1920\" height=\"640\" src=\"https:\/\/www.solis-porec.com\/wp-content\/uploads\/2025\/05\/Zelena-Laguna-Bijela-Uvala.jpg\" class=\"attachment-full size-full wp-post-image\" alt=\"Zelena Laguna Bijela Uvala\" loading=\"lazy\" srcset=\"https:\/\/www.solis-porec.com\/wp-content\/uploads\/2025\/05\/Zelena-Laguna-Bijela-Uvala.jpg 1920w, https:\/\/www.solis-porec.com\/wp-content\/uploads\/2025\/05\/Zelena-Laguna-Bijela-Uvala-768x256.jpg 768w, https:\/\/www.solis-porec.com\/wp-content\/uploads\/2025\/05\/Zelena-Laguna-Bijela-Uvala-1536x512.jpg 1536w\" sizes=\"auto, (max-width: 1920px) 100vw, 1920px\" \/>\n        <\/div><\/a><\/div>\n                    <div class=\"jkit-postblock-content\"><div class=\"jkit-post-category \"><span><a href=\"https:\/\/www.solis-porec.com\/de\/blog\/category\/kroatie\/\" class=\"category-kroatie\">Kroatie<\/a><\/span><\/div><h3 class=\"jkit-post-title\">\n\t\t\t\t\t\t\t<a href=\"https:\/\/www.solis-porec.com\/de\/blog\/strand-bijela-uvala\/\">Strand Bijela Uvala<\/a>\n\t\t\t\t\t\t<\/h3><div class=\"jkit-post-meta-bottom\">\n\t\t\t\t\t\t\t\n\t\t\t\t\t\t<\/div><\/div>\n                <\/article><article class=\"jkit-post post-4299 post type-post status-publish format-standard has-post-thumbnail hentry category-kroatie\">\n                    <div class=\"jkit-thumb\"><a aria-label=\"Genie\u00dfen Sie einen Tag im Dinopark Funtana\" href=\"https:\/\/www.solis-porec.com\/de\/blog\/dinopark-funtana\/\"><div class=\"thumbnail-container \">\n            <img loading=\"lazy\" decoding=\"async\" width=\"680\" height=\"453\" src=\"https:\/\/www.solis-porec.com\/wp-content\/uploads\/2025\/09\/amusement-park-Dino-Park-Funtana.webp\" class=\"attachment-full size-full wp-post-image\" alt=\"\" loading=\"lazy\" srcset=\"https:\/\/www.solis-porec.com\/wp-content\/uploads\/2025\/09\/amusement-park-Dino-Park-Funtana.webp 680w, https:\/\/www.solis-porec.com\/wp-content\/uploads\/2025\/09\/amusement-park-Dino-Park-Funtana-300x200.webp 300w\" sizes=\"auto, (max-width: 680px) 100vw, 680px\" \/>\n        <\/div><\/a><\/div>\n                    <div class=\"jkit-postblock-content\"><div class=\"jkit-post-category \"><span><a href=\"https:\/\/www.solis-porec.com\/de\/blog\/category\/kroatie\/\" class=\"category-kroatie\">Kroatie<\/a><\/span><\/div><h3 class=\"jkit-post-title\">\n\t\t\t\t\t\t\t<a href=\"https:\/\/www.solis-porec.com\/de\/blog\/dinopark-funtana\/\">Genie\u00dfen Sie einen Tag im Dinopark Funtana<\/a>\n\t\t\t\t\t\t<\/h3><div class=\"jkit-post-meta-bottom\">\n\t\t\t\t\t\t\t\n\t\t\t\t\t\t<\/div><\/div>\n                <\/article><article class=\"jkit-post post-4303 post type-post status-publish format-standard has-post-thumbnail hentry category-kroatie\">\n                    <div class=\"jkit-thumb\"><a aria-label=\"Stadtmarkt Pula\" href=\"https:\/\/www.solis-porec.com\/de\/blog\/stadtmarkt-pula\/\"><div class=\"thumbnail-container \">\n            <img loading=\"lazy\" decoding=\"async\" width=\"1360\" height=\"1020\" src=\"https:\/\/www.solis-porec.com\/wp-content\/uploads\/2025\/11\/City-Market-Pula-Istria.webp\" class=\"attachment-full size-full wp-post-image\" alt=\"City Market Pula Istria\" loading=\"lazy\" srcset=\"https:\/\/www.solis-porec.com\/wp-content\/uploads\/2025\/11\/City-Market-Pula-Istria.webp 1360w, https:\/\/www.solis-porec.com\/wp-content\/uploads\/2025\/11\/City-Market-Pula-Istria-300x225.webp 300w, https:\/\/www.solis-porec.com\/wp-content\/uploads\/2025\/11\/City-Market-Pula-Istria-1024x768.webp 1024w, https:\/\/www.solis-porec.com\/wp-content\/uploads\/2025\/11\/City-Market-Pula-Istria-768x576.webp 768w\" sizes=\"auto, (max-width: 1360px) 100vw, 1360px\" \/>\n        <\/div><\/a><\/div>\n                    <div class=\"jkit-postblock-content\"><div class=\"jkit-post-category \"><span><a href=\"https:\/\/www.solis-porec.com\/de\/blog\/category\/kroatie\/\" class=\"category-kroatie\">Kroatie<\/a><\/span><\/div><h3 class=\"jkit-post-title\">\n\t\t\t\t\t\t\t<a href=\"https:\/\/www.solis-porec.com\/de\/blog\/stadtmarkt-pula\/\">Stadtmarkt Pula<\/a>\n\t\t\t\t\t\t<\/h3><div class=\"jkit-post-meta-bottom\">\n\t\t\t\t\t\t\t\n\t\t\t\t\t\t<\/div><\/div>\n                <\/article><article class=\"jkit-post post-4301 post type-post status-publish format-standard has-post-thumbnail hentry category-kroatie\">\n                    <div class=\"jkit-thumb\"><a aria-label=\"Die Euphrasius-Basilika in Pore\u010d\" href=\"https:\/\/www.solis-porec.com\/de\/blog\/euphrasius-basilika\/\"><div class=\"thumbnail-container \">\n            <img loading=\"lazy\" decoding=\"async\" width=\"2121\" height=\"707\" src=\"https:\/\/www.solis-porec.com\/wp-content\/uploads\/2025\/10\/Porec-Euphrasius-Basilica-croatia.jpg\" class=\"attachment-full size-full wp-post-image\" alt=\"Porec-Euphrasius-Basilica-croatia.jpg\" loading=\"lazy\" srcset=\"https:\/\/www.solis-porec.com\/wp-content\/uploads\/2025\/10\/Porec-Euphrasius-Basilica-croatia.jpg 2121w, https:\/\/www.solis-porec.com\/wp-content\/uploads\/2025\/10\/Porec-Euphrasius-Basilica-croatia-300x100.jpg 300w, https:\/\/www.solis-porec.com\/wp-content\/uploads\/2025\/10\/Porec-Euphrasius-Basilica-croatia-1024x341.jpg 1024w, https:\/\/www.solis-porec.com\/wp-content\/uploads\/2025\/10\/Porec-Euphrasius-Basilica-croatia-768x256.jpg 768w, https:\/\/www.solis-porec.com\/wp-content\/uploads\/2025\/10\/Porec-Euphrasius-Basilica-croatia-1536x512.jpg 1536w, https:\/\/www.solis-porec.com\/wp-content\/uploads\/2025\/10\/Porec-Euphrasius-Basilica-croatia-2048x683.jpg 2048w\" sizes=\"auto, (max-width: 2121px) 100vw, 2121px\" \/>\n        <\/div><\/a><\/div>\n                    <div class=\"jkit-postblock-content\"><div class=\"jkit-post-category \"><span><a href=\"https:\/\/www.solis-porec.com\/de\/blog\/category\/kroatie\/\" class=\"category-kroatie\">Kroatie<\/a><\/span><\/div><h3 class=\"jkit-post-title\">\n\t\t\t\t\t\t\t<a href=\"https:\/\/www.solis-porec.com\/de\/blog\/euphrasius-basilika\/\">Die Euphrasius-Basilika in Pore\u010d<\/a>\n\t\t\t\t\t\t<\/h3><div class=\"jkit-post-meta-bottom\">\n\t\t\t\t\t\t\t\n\t\t\t\t\t\t<\/div><\/div>\n                <\/article>\n        <\/div><\/div><div class=\"jkit-block-pagination jkit-align\"><button type=\"button\" class=\"jkit-pagination-button jkit-block-loadmore icon-position-after\"><span data-load=\"Mehr laden\" data-loading=\"Wird geladen \u2026\">Mehr laden<\/span><i aria-hidden=\"true\" class=\"jki jki-right-arrow2-light\"><\/i><\/button><\/div><\/div>\t\t\t\t<\/div>\n\t\t\t\t<\/div>\n\t\t\t\t\t<\/div>\n\t\t\t\t<\/div>\n\t\t\t\t\t<\/div>\n\t\t\t\t<\/div>\n\t\t<div class=\"elementor-element elementor-element-7613a55 e-flex e-con-boxed e-con e-parent\" data-id=\"7613a55\" data-element_type=\"container\" data-e-type=\"container\">\n\t\t\t\t\t<div class=\"e-con-inner\">\n\t\t\t\t<div class=\"elementor-element elementor-element-1b304b7 elementor-widget elementor-widget-jkit_heading\" data-id=\"1b304b7\" data-element_type=\"widget\" data-e-type=\"widget\" data-widget_type=\"jkit_heading.default\">\n\t\t\t\t<div class=\"elementor-widget-container\">\n\t\t\t\t\t<div  class=\"jeg-elementor-kit jkit-heading  align-left align-tablet-center align-mobile- jeg_module__3_69ef6666496fe\" ><div class=\"heading-section-title  display-inline-block\"><h2 class=\"heading-title\">Finde deine <span class=\"style-color\"><span>Unterkunft<\/span><\/span><\/h2><\/div><\/div>\t\t\t\t<\/div>\n\t\t\t\t<\/div>\n\t\t\t\t<div class=\"elementor-element elementor-element-1caf8da elementor-widget elementor-widget-template\" data-id=\"1caf8da\" data-element_type=\"widget\" data-e-type=\"widget\" data-widget_type=\"template.default\">\n\t\t\t\t<div class=\"elementor-widget-container\">\n\t\t\t\t\t\t\t<div class=\"elementor-template\">\n\t\t\t\t\t<div data-elementor-type=\"container\" data-elementor-id=\"4742\" class=\"elementor elementor-4742\" data-elementor-post-type=\"elementor_library\">\n\t\t\t\t<div class=\"elementor-element elementor-element-5ce0a376 e-flex e-con-boxed e-con e-parent\" data-id=\"5ce0a376\" data-element_type=\"container\" data-e-type=\"container\">\n\t\t\t\t\t<div class=\"e-con-inner\">\n\t\t<div class=\"elementor-element elementor-element-3f90847a e-con-full e-flex e-con e-child\" data-id=\"3f90847a\" data-element_type=\"container\" data-e-type=\"container\">\n\t\t<div class=\"elementor-element elementor-element-3aec5513 e-con-full e-flex e-con e-child\" data-id=\"3aec5513\" data-element_type=\"container\" data-e-type=\"container\">\n\t\t<div class=\"elementor-element elementor-element-60f1f7 e-con-full e-flex e-con e-child\" data-id=\"60f1f7\" data-element_type=\"container\" data-e-type=\"container\">\n\t\t\t\t<div class=\"elementor-element elementor-element-c9fcd4e elementor-cta--skin-cover elementor-widget elementor-widget-call-to-action\" data-id=\"c9fcd4e\" data-element_type=\"widget\" data-e-type=\"widget\" data-widget_type=\"call-to-action.default\">\n\t\t\t\t<div class=\"elementor-widget-container\">\n\t\t\t\t\t\t\t<a class=\"elementor-cta\" href=\"https:\/\/www.booking.solis-porec.com\/de\/vermietung\/zu-mieten-villen-c2\/\">\n\t\t\t\t\t<div class=\"elementor-cta__bg-wrapper\">\n\t\t\t\t<div class=\"elementor-cta__bg elementor-bg\" style=\"background-image: url(https:\/\/www.solis-porec.com\/wp-content\/uploads\/2024\/10\/property-1-1200x630.png);\" role=\"img\" aria-label=\"villa-kroatien\"><\/div>\n\t\t\t\t<div class=\"elementor-cta__bg-overlay\"><\/div>\n\t\t\t<\/div>\n\t\t\t\t\t\t\t<div class=\"elementor-cta__content\">\n\t\t\t\t\n\t\t\t\t\t\t\t\t\t<span class=\"elementor-cta__title elementor-cta__content-item elementor-content-item\">\n\t\t\t\t\t\tVillen in Kroatien\t\t\t\t\t<\/span>\n\t\t\t\t\n\t\t\t\t\n\t\t\t\t\t\t\t\t\t<div class=\"elementor-cta__button-wrapper elementor-cta__content-item elementor-content-item \">\n\t\t\t\t\t<span class=\"elementor-cta__button elementor-button elementor-size-\">\n\t\t\t\t\t\tKlicken Sie hier\t\t\t\t\t<\/span>\n\t\t\t\t\t<\/div>\n\t\t\t\t\t\t\t<\/div>\n\t\t\t\t\t\t<\/a>\n\t\t\t\t\t\t<\/div>\n\t\t\t\t<\/div>\n\t\t\t\t<\/div>\n\t\t<div class=\"elementor-element elementor-element-430c09cf e-con-full e-flex e-con e-child\" data-id=\"430c09cf\" data-element_type=\"container\" data-e-type=\"container\">\n\t\t\t\t<div class=\"elementor-element elementor-element-63f3a869 elementor-cta--skin-cover elementor-widget elementor-widget-call-to-action\" data-id=\"63f3a869\" data-element_type=\"widget\" data-e-type=\"widget\" data-widget_type=\"call-to-action.default\">\n\t\t\t\t<div class=\"elementor-widget-container\">\n\t\t\t\t\t\t\t<a class=\"elementor-cta\" href=\"https:\/\/www.booking.solis-porec.com\/de\/vermietung\/zu-mieten-ferienwohnungen-c1\/\">\n\t\t\t\t\t<div class=\"elementor-cta__bg-wrapper\">\n\t\t\t\t<div class=\"elementor-cta__bg elementor-bg\" style=\"background-image: url(https:\/\/www.solis-porec.com\/wp-content\/uploads\/2024\/10\/Deluxe-apartment-Antonija-Istria-Croatia-1920x630.jpg);\" role=\"img\" aria-label=\"ferienwohnungen-kroatien\"><\/div>\n\t\t\t\t<div class=\"elementor-cta__bg-overlay\"><\/div>\n\t\t\t<\/div>\n\t\t\t\t\t\t\t<div class=\"elementor-cta__content\">\n\t\t\t\t\n\t\t\t\t\t\t\t\t\t<span class=\"elementor-cta__title elementor-cta__content-item elementor-content-item\">\n\t\t\t\t\t\tFerienwohnungen in Kroatien\t\t\t\t\t<\/span>\n\t\t\t\t\n\t\t\t\t\n\t\t\t\t\t\t\t\t\t<div class=\"elementor-cta__button-wrapper elementor-cta__content-item elementor-content-item \">\n\t\t\t\t\t<span class=\"elementor-cta__button elementor-button elementor-size-\">\n\t\t\t\t\t\tKlicken Sie hier\t\t\t\t\t<\/span>\n\t\t\t\t\t<\/div>\n\t\t\t\t\t\t\t<\/div>\n\t\t\t\t\t\t<\/a>\n\t\t\t\t\t\t<\/div>\n\t\t\t\t<\/div>\n\t\t\t\t<\/div>\n\t\t<div class=\"elementor-element elementor-element-6aaa23ca e-con-full e-flex e-con e-child\" data-id=\"6aaa23ca\" data-element_type=\"container\" data-e-type=\"container\">\n\t\t\t\t<div class=\"elementor-element elementor-element-11649aa1 elementor-cta--skin-cover elementor-widget elementor-widget-call-to-action\" data-id=\"11649aa1\" data-element_type=\"widget\" data-e-type=\"widget\" data-widget_type=\"call-to-action.default\">\n\t\t\t\t<div class=\"elementor-widget-container\">\n\t\t\t\t\t\t\t<a class=\"elementor-cta\" href=\"https:\/\/www.booking.solis-porec.com\/de\/vermietung\/zu-mieten-ferienhauser-c19\/\">\n\t\t\t\t\t<div class=\"elementor-cta__bg-wrapper\">\n\t\t\t\t<div class=\"elementor-cta__bg elementor-bg\" style=\"background-image: url(https:\/\/www.solis-porec.com\/wp-content\/uploads\/2024\/10\/Casa-Astrid-Porec-Istria-Croatia-1920x630.jpg);\" role=\"img\" aria-label=\"ferienhauser-kroatien\"><\/div>\n\t\t\t\t<div class=\"elementor-cta__bg-overlay\"><\/div>\n\t\t\t<\/div>\n\t\t\t\t\t\t\t<div class=\"elementor-cta__content\">\n\t\t\t\t\n\t\t\t\t\t\t\t\t\t<span class=\"elementor-cta__title elementor-cta__content-item elementor-content-item\">\n\t\t\t\t\t\tFerienh\u00e4user in Kroatien\t\t\t\t\t<\/span>\n\t\t\t\t\n\t\t\t\t\n\t\t\t\t\t\t\t\t\t<div class=\"elementor-cta__button-wrapper elementor-cta__content-item elementor-content-item \">\n\t\t\t\t\t<span class=\"elementor-cta__button elementor-button elementor-size-\">\n\t\t\t\t\t\tKlicken Sie hier\t\t\t\t\t<\/span>\n\t\t\t\t\t<\/div>\n\t\t\t\t\t\t\t<\/div>\n\t\t\t\t\t\t<\/a>\n\t\t\t\t\t\t<\/div>\n\t\t\t\t<\/div>\n\t\t\t\t<\/div>\n\t\t\t\t<\/div>\n\t\t\t\t<\/div>\n\t\t<div class=\"elementor-element elementor-element-1fe5db7d e-con-full e-flex e-con e-child\" data-id=\"1fe5db7d\" data-element_type=\"container\" data-e-type=\"container\">\n\t\t<div class=\"elementor-element elementor-element-195d8bb4 e-con-full e-flex e-con e-child\" data-id=\"195d8bb4\" data-element_type=\"container\" data-e-type=\"container\">\n\t\t\t\t<div class=\"elementor-element elementor-element-346f8532 elementor-align-justify elementor-widget elementor-widget-button\" data-id=\"346f8532\" data-element_type=\"widget\" data-e-type=\"widget\" data-widget_type=\"button.default\">\n\t\t\t\t<div class=\"elementor-widget-container\">\n\t\t\t\t\t\t\t\t\t<div class=\"elementor-button-wrapper\">\n\t\t\t\t\t<a class=\"elementor-button elementor-button-link elementor-size-md\" href=\"https:\/\/www.booking.solis-porec.com\/de\/vermietung\/ferienwohnungen-porec-parenzo-c1e4881\/\">\n\t\t\t\t\t\t<span class=\"elementor-button-content-wrapper\">\n\t\t\t\t\t\t\t\t\t<span class=\"elementor-button-text\">Unterk\u00fcnfte in Pore\u010d<\/span>\n\t\t\t\t\t<\/span>\n\t\t\t\t\t<\/a>\n\t\t\t\t<\/div>\n\t\t\t\t\t\t\t\t<\/div>\n\t\t\t\t<\/div>\n\t\t\t\t<\/div>\n\t\t<div class=\"elementor-element elementor-element-74772857 e-con-full e-flex e-con e-child\" data-id=\"74772857\" data-element_type=\"container\" data-e-type=\"container\">\n\t\t\t\t<div class=\"elementor-element elementor-element-751daf69 elementor-align-justify elementor-widget elementor-widget-button\" data-id=\"751daf69\" data-element_type=\"widget\" data-e-type=\"widget\" data-widget_type=\"button.default\">\n\t\t\t\t<div class=\"elementor-widget-container\">\n\t\t\t\t\t\t\t\t\t<div class=\"elementor-button-wrapper\">\n\t\t\t\t\t<a class=\"elementor-button elementor-button-link elementor-size-md\" href=\"https:\/\/www.booking.solis-porec.com\/de\/vermietung\/ferienhauser-porec-parenzo-c19e4881\/\">\n\t\t\t\t\t\t<span class=\"elementor-button-content-wrapper\">\n\t\t\t\t\t\t\t\t\t<span class=\"elementor-button-text\">Ferienwohnungen in Pore\u010d<\/span>\n\t\t\t\t\t<\/span>\n\t\t\t\t\t<\/a>\n\t\t\t\t<\/div>\n\t\t\t\t\t\t\t\t<\/div>\n\t\t\t\t<\/div>\n\t\t\t\t<\/div>\n\t\t<div class=\"elementor-element elementor-element-4a7fcaed e-con-full e-flex e-con e-child\" data-id=\"4a7fcaed\" data-element_type=\"container\" data-e-type=\"container\">\n\t\t\t\t<div class=\"elementor-element elementor-element-3b438ee9 elementor-align-justify elementor-widget elementor-widget-button\" data-id=\"3b438ee9\" data-element_type=\"widget\" data-e-type=\"widget\" data-widget_type=\"button.default\">\n\t\t\t\t<div class=\"elementor-widget-container\">\n\t\t\t\t\t\t\t\t\t<div class=\"elementor-button-wrapper\">\n\t\t\t\t\t<a class=\"elementor-button elementor-button-link elementor-size-md\" href=\"https:\/\/www.booking.solis-porec.com\/de\/vermietung\/ferienhauser-porec-parenzo-c19e4881\/\">\n\t\t\t\t\t\t<span class=\"elementor-button-content-wrapper\">\n\t\t\t\t\t\t\t\t\t<span class=\"elementor-button-text\">H\u00e4user in Pore\u010d<\/span>\n\t\t\t\t\t<\/span>\n\t\t\t\t\t<\/a>\n\t\t\t\t<\/div>\n\t\t\t\t\t\t\t\t<\/div>\n\t\t\t\t<\/div>\n\t\t\t\t<\/div>\n\t\t<div class=\"elementor-element elementor-element-1e91f95e e-con-full e-flex e-con e-child\" data-id=\"1e91f95e\" data-element_type=\"container\" data-e-type=\"container\">\n\t\t\t\t<div class=\"elementor-element elementor-element-e7807 elementor-align-justify elementor-widget elementor-widget-button\" data-id=\"e7807\" data-element_type=\"widget\" data-e-type=\"widget\" data-widget_type=\"button.default\">\n\t\t\t\t<div class=\"elementor-widget-container\">\n\t\t\t\t\t\t\t\t\t<div class=\"elementor-button-wrapper\">\n\t\t\t\t\t<a class=\"elementor-button elementor-button-link elementor-size-md\" href=\"https:\/\/www.booking.solis-porec.com\/de\/vermietung\/villen-porec-parenzo-c2e4881\/\">\n\t\t\t\t\t\t<span class=\"elementor-button-content-wrapper\">\n\t\t\t\t\t\t\t\t\t<span class=\"elementor-button-text\">Villen in Pore\u010d<\/span>\n\t\t\t\t\t<\/span>\n\t\t\t\t\t<\/a>\n\t\t\t\t<\/div>\n\t\t\t\t\t\t\t\t<\/div>\n\t\t\t\t<\/div>\n\t\t\t\t<\/div>\n\t\t\t\t<\/div>\n\t\t\t\t\t<\/div>\n\t\t\t\t<\/div>\n\t\t\t\t<\/div>\n\t\t\t\t<\/div>\n\t\t\t\t\t\t<\/div>\n\t\t\t\t<\/div>\n\t\t\t\t\t<\/div>\n\t\t\t\t<\/div>\n\t\t\t\t<\/div>\n\t\t","protected":false},"excerpt":{"rendered":"<p>Startseite Blog Blog Mache das Beste aus deinem Urlaub Pore\u010d Kroatie Istrien Lies unsere neuesten Blogs &amp; Artikel Im Folgenden finden Sie einen ausf\u00fchrlichen Blog-Artikel zu unseren Touren- und Reisethemen edit post Croatia Strand Bijela Uvala edit post Croatia Genie\u00dfen Sie einen Tag im Dinopark Funtana edit post Croatia Stadtmarkt Pula edit post Croatia Die [&hellip;]<\/p>\n","protected":false},"author":3,"featured_media":0,"parent":0,"menu_order":0,"comment_status":"closed","ping_status":"closed","template":"","meta":{"footnotes":""},"class_list":["post-4145","page","type-page","status-publish","hentry"],"yoast_head":"<!-- This site is optimized with the Yoast SEO plugin v27.4 - https:\/\/yoast.com\/product\/yoast-seo-wordpress\/ -->\n<title>Blog - Istria tourism information<\/title>\n<meta name=\"robots\" content=\"index, follow, max-snippet:-1, max-image-preview:large, max-video-preview:-1\" \/>\n<link rel=\"canonical\" href=\"https:\/\/www.solis-porec.com\/de\/blog\/\" \/>\n<meta property=\"og:locale\" content=\"de_DE\" \/>\n<meta property=\"og:type\" content=\"article\" \/>\n<meta property=\"og:title\" content=\"Blog - Istria tourism information\" \/>\n<meta property=\"og:description\" content=\"Startseite Blog Blog Mache das Beste aus deinem Urlaub Pore\u010d Kroatie Istrien Lies unsere neuesten Blogs &amp; Artikel Im Folgenden finden Sie einen ausf\u00fchrlichen Blog-Artikel zu unseren Touren- und Reisethemen edit post Croatia Strand Bijela Uvala edit post Croatia Genie\u00dfen Sie einen Tag im Dinopark Funtana edit post Croatia Stadtmarkt Pula edit post Croatia Die [&hellip;]\" \/>\n<meta property=\"og:url\" content=\"https:\/\/www.solis-porec.com\/de\/blog\/\" \/>\n<meta property=\"og:site_name\" content=\"Istria tourism information\" \/>\n<meta property=\"article:modified_time\" content=\"2025-12-04T11:18:23+00:00\" \/>\n<meta property=\"og:image\" content=\"https:\/\/www.solis-porec.com\/wp-content\/uploads\/2025\/05\/Zelena-Laguna-Bijela-Uvala.jpg\" \/>\n<meta name=\"twitter:card\" content=\"summary_large_image\" \/>\n<meta name=\"twitter:label1\" content=\"Gesch\u00e4tzte Lesezeit\" \/>\n\t<meta name=\"twitter:data1\" content=\"3\u00a0Minuten\" \/>\n<script type=\"application\/ld+json\" class=\"yoast-schema-graph\">{\"@context\":\"https:\\\/\\\/schema.org\",\"@graph\":[{\"@type\":\"WebPage\",\"@id\":\"https:\\\/\\\/www.solis-porec.com\\\/de\\\/blog\\\/\",\"url\":\"https:\\\/\\\/www.solis-porec.com\\\/de\\\/blog\\\/\",\"name\":\"Blog - Istria tourism information\",\"isPartOf\":{\"@id\":\"https:\\\/\\\/www.solis-porec.com\\\/#website\"},\"primaryImageOfPage\":{\"@id\":\"https:\\\/\\\/www.solis-porec.com\\\/de\\\/blog\\\/#primaryimage\"},\"image\":{\"@id\":\"https:\\\/\\\/www.solis-porec.com\\\/de\\\/blog\\\/#primaryimage\"},\"thumbnailUrl\":\"https:\\\/\\\/www.solis-porec.com\\\/wp-content\\\/uploads\\\/2025\\\/05\\\/Zelena-Laguna-Bijela-Uvala.jpg\",\"datePublished\":\"2025-11-24T13:09:09+00:00\",\"dateModified\":\"2025-12-04T11:18:23+00:00\",\"breadcrumb\":{\"@id\":\"https:\\\/\\\/www.solis-porec.com\\\/de\\\/blog\\\/#breadcrumb\"},\"inLanguage\":\"de\",\"potentialAction\":[{\"@type\":\"ReadAction\",\"target\":[\"https:\\\/\\\/www.solis-porec.com\\\/de\\\/blog\\\/\"]}]},{\"@type\":\"ImageObject\",\"inLanguage\":\"de\",\"@id\":\"https:\\\/\\\/www.solis-porec.com\\\/de\\\/blog\\\/#primaryimage\",\"url\":\"https:\\\/\\\/www.solis-porec.com\\\/wp-content\\\/uploads\\\/2025\\\/05\\\/Zelena-Laguna-Bijela-Uvala.jpg\",\"contentUrl\":\"https:\\\/\\\/www.solis-porec.com\\\/wp-content\\\/uploads\\\/2025\\\/05\\\/Zelena-Laguna-Bijela-Uvala.jpg\"},{\"@type\":\"BreadcrumbList\",\"@id\":\"https:\\\/\\\/www.solis-porec.com\\\/de\\\/blog\\\/#breadcrumb\",\"itemListElement\":[{\"@type\":\"ListItem\",\"position\":1,\"name\":\"Home\",\"item\":\"https:\\\/\\\/www.solis-porec.com\\\/\"},{\"@type\":\"ListItem\",\"position\":2,\"name\":\"Blog\"}]},{\"@type\":\"WebSite\",\"@id\":\"https:\\\/\\\/www.solis-porec.com\\\/#website\",\"url\":\"https:\\\/\\\/www.solis-porec.com\\\/\",\"name\":\"Istria tourism information\",\"description\":\"Solis Porec\",\"potentialAction\":[{\"@type\":\"SearchAction\",\"target\":{\"@type\":\"EntryPoint\",\"urlTemplate\":\"https:\\\/\\\/www.solis-porec.com\\\/?s={search_term_string}\"},\"query-input\":{\"@type\":\"PropertyValueSpecification\",\"valueRequired\":true,\"valueName\":\"search_term_string\"}}],\"inLanguage\":\"de\"}]}<\/script>\n<!-- \/ Yoast SEO plugin. -->","yoast_head_json":{"title":"Blog - Istria tourism information","robots":{"index":"index","follow":"follow","max-snippet":"max-snippet:-1","max-image-preview":"max-image-preview:large","max-video-preview":"max-video-preview:-1"},"canonical":"https:\/\/www.solis-porec.com\/de\/blog\/","og_locale":"de_DE","og_type":"article","og_title":"Blog - Istria tourism information","og_description":"Startseite Blog Blog Mache das Beste aus deinem Urlaub Pore\u010d Kroatie Istrien Lies unsere neuesten Blogs &amp; Artikel Im Folgenden finden Sie einen ausf\u00fchrlichen Blog-Artikel zu unseren Touren- und Reisethemen edit post Croatia Strand Bijela Uvala edit post Croatia Genie\u00dfen Sie einen Tag im Dinopark Funtana edit post Croatia Stadtmarkt Pula edit post Croatia Die [&hellip;]","og_url":"https:\/\/www.solis-porec.com\/de\/blog\/","og_site_name":"Istria tourism information","article_modified_time":"2025-12-04T11:18:23+00:00","og_image":[{"url":"https:\/\/www.solis-porec.com\/wp-content\/uploads\/2025\/05\/Zelena-Laguna-Bijela-Uvala.jpg","type":"","width":"","height":""}],"twitter_card":"summary_large_image","twitter_misc":{"Gesch\u00e4tzte Lesezeit":"3\u00a0Minuten"},"schema":{"@context":"https:\/\/schema.org","@graph":[{"@type":"WebPage","@id":"https:\/\/www.solis-porec.com\/de\/blog\/","url":"https:\/\/www.solis-porec.com\/de\/blog\/","name":"Blog - Istria tourism information","isPartOf":{"@id":"https:\/\/www.solis-porec.com\/#website"},"primaryImageOfPage":{"@id":"https:\/\/www.solis-porec.com\/de\/blog\/#primaryimage"},"image":{"@id":"https:\/\/www.solis-porec.com\/de\/blog\/#primaryimage"},"thumbnailUrl":"https:\/\/www.solis-porec.com\/wp-content\/uploads\/2025\/05\/Zelena-Laguna-Bijela-Uvala.jpg","datePublished":"2025-11-24T13:09:09+00:00","dateModified":"2025-12-04T11:18:23+00:00","breadcrumb":{"@id":"https:\/\/www.solis-porec.com\/de\/blog\/#breadcrumb"},"inLanguage":"de","potentialAction":[{"@type":"ReadAction","target":["https:\/\/www.solis-porec.com\/de\/blog\/"]}]},{"@type":"ImageObject","inLanguage":"de","@id":"https:\/\/www.solis-porec.com\/de\/blog\/#primaryimage","url":"https:\/\/www.solis-porec.com\/wp-content\/uploads\/2025\/05\/Zelena-Laguna-Bijela-Uvala.jpg","contentUrl":"https:\/\/www.solis-porec.com\/wp-content\/uploads\/2025\/05\/Zelena-Laguna-Bijela-Uvala.jpg"},{"@type":"BreadcrumbList","@id":"https:\/\/www.solis-porec.com\/de\/blog\/#breadcrumb","itemListElement":[{"@type":"ListItem","position":1,"name":"Home","item":"https:\/\/www.solis-porec.com\/"},{"@type":"ListItem","position":2,"name":"Blog"}]},{"@type":"WebSite","@id":"https:\/\/www.solis-porec.com\/#website","url":"https:\/\/www.solis-porec.com\/","name":"Istria tourism information","description":"Solis Porec","potentialAction":[{"@type":"SearchAction","target":{"@type":"EntryPoint","urlTemplate":"https:\/\/www.solis-porec.com\/?s={search_term_string}"},"query-input":{"@type":"PropertyValueSpecification","valueRequired":true,"valueName":"search_term_string"}}],"inLanguage":"de"}]}},"_links":{"self":[{"href":"https:\/\/www.solis-porec.com\/de\/wp-json\/wp\/v2\/pages\/4145","targetHints":{"allow":["GET"]}}],"collection":[{"href":"https:\/\/www.solis-porec.com\/de\/wp-json\/wp\/v2\/pages"}],"about":[{"href":"https:\/\/www.solis-porec.com\/de\/wp-json\/wp\/v2\/types\/page"}],"author":[{"embeddable":true,"href":"https:\/\/www.solis-porec.com\/de\/wp-json\/wp\/v2\/users\/3"}],"replies":[{"embeddable":true,"href":"https:\/\/www.solis-porec.com\/de\/wp-json\/wp\/v2\/comments?post=4145"}],"version-history":[{"count":26,"href":"https:\/\/www.solis-porec.com\/de\/wp-json\/wp\/v2\/pages\/4145\/revisions"}],"predecessor-version":[{"id":4775,"href":"https:\/\/www.solis-porec.com\/de\/wp-json\/wp\/v2\/pages\/4145\/revisions\/4775"}],"wp:attachment":[{"href":"https:\/\/www.solis-porec.com\/de\/wp-json\/wp\/v2\/media?parent=4145"}],"curies":[{"name":"wp","href":"https:\/\/api.w.org\/{rel}","templated":true}]}}