{"id":4267,"date":"2025-11-25T07:31:41","date_gmt":"2025-11-25T07:31:41","guid":{"rendered":"https:\/\/www.solis-porec.com\/?page_id=4267"},"modified":"2025-11-27T09:44:38","modified_gmt":"2025-11-27T09:44:38","slug":"ferienwohnungen-in-kroatien","status":"publish","type":"page","link":"https:\/\/www.solis-porec.com\/de\/ferienwohnungen-in-kroatien\/","title":{"rendered":"Ferienwohnungen in Kroatien"},"content":{"rendered":"\t\t<div data-elementor-type=\"wp-page\" data-elementor-id=\"4267\" class=\"elementor elementor-4267 elementor-3381\" data-elementor-post-type=\"page\">\n\t\t\t\t<div class=\"elementor-element elementor-element-3408783d e-flex e-con-boxed e-con e-parent\" data-id=\"3408783d\" data-element_type=\"container\" data-e-type=\"container\" data-settings=\"{&quot;background_background&quot;:&quot;classic&quot;}\">\n\t\t\t\t\t<div class=\"e-con-inner\">\n\t\t\t\t<div class=\"elementor-element elementor-element-2a6be7f1 elementor-icon-list--layout-inline elementor-align-center elementor-list-item-link-full_width elementor-widget elementor-widget-icon-list\" data-id=\"2a6be7f1\" data-element_type=\"widget\" data-e-type=\"widget\" data-widget_type=\"icon-list.default\">\n\t\t\t\t<div class=\"elementor-widget-container\">\n\t\t\t\t\t\t\t<ul class=\"elementor-icon-list-items elementor-inline-items\">\n\t\t\t\t\t\t\t<li class=\"elementor-icon-list-item elementor-inline-item\">\n\t\t\t\t\t\t\t\t\t\t<span class=\"elementor-icon-list-text\">Ferienunterk\u00fcnfte<\/span>\n\t\t\t\t\t\t\t\t\t<\/li>\n\t\t\t\t\t\t\t\t<li class=\"elementor-icon-list-item elementor-inline-item\">\n\t\t\t\t\t\t\t\t\t\t\t<span class=\"elementor-icon-list-icon\">\n\t\t\t\t\t\t\t<i aria-hidden=\"true\" class=\"jki jki-right-arrow-8\"><\/i>\t\t\t\t\t\t<\/span>\n\t\t\t\t\t\t\t\t\t\t<span class=\"elementor-icon-list-text\">Croatia<\/span>\n\t\t\t\t\t\t\t\t\t<\/li>\n\t\t\t\t\t\t<\/ul>\n\t\t\t\t\t\t<\/div>\n\t\t\t\t<\/div>\n\t\t\t\t<div class=\"elementor-element elementor-element-1a371a5f elementor-widget elementor-widget-heading\" data-id=\"1a371a5f\" data-element_type=\"widget\" data-e-type=\"widget\" data-widget_type=\"heading.default\">\n\t\t\t\t<div class=\"elementor-widget-container\">\n\t\t\t\t\t<h1 class=\"elementor-heading-title elementor-size-default\">Ferienwohnungen in Kroatien<\/h1>\t\t\t\t<\/div>\n\t\t\t\t<\/div>\n\t\t\t\t\t<\/div>\n\t\t\t\t<\/div>\n\t\t<div class=\"elementor-element elementor-element-73362b04 e-flex e-con-boxed e-con e-child\" data-id=\"73362b04\" data-element_type=\"container\" data-e-type=\"container\">\n\t\t\t\t\t<div class=\"e-con-inner\">\n\t\t<div class=\"elementor-element elementor-element-6fd83fe2 e-con-full e-flex e-con e-child\" data-id=\"6fd83fe2\" data-element_type=\"container\" data-e-type=\"container\">\n\t\t\t\t<div class=\"elementor-element elementor-element-e431e88 elementor-widget elementor-widget-template\" data-id=\"e431e88\" data-element_type=\"widget\" data-e-type=\"widget\" data-widget_type=\"template.default\">\n\t\t\t\t<div class=\"elementor-widget-container\">\n\t\t\t\t\t\t\t<div class=\"elementor-template\">\n\t\t\t\t\t<div data-elementor-type=\"container\" data-elementor-id=\"4453\" class=\"elementor elementor-4453\" data-elementor-post-type=\"elementor_library\">\n\t\t\t\t<div class=\"elementor-element elementor-element-4d0ee54 e-con-full jkit-sticky-element--enabled e-flex jkit-sticky-element-on--down jkit-sticky-position--sticky e-con e-child\" data-id=\"4d0ee54\" data-element_type=\"container\" data-e-type=\"container\" data-settings=\"{&quot;jkit_sticky_top_position&quot;:{&quot;unit&quot;:&quot;px&quot;,&quot;size&quot;:&quot;50&quot;,&quot;sizes&quot;:[]},&quot;jkit_sticky_device&quot;:&quot;desktop&quot;}\">\n\t\t<div class=\"elementor-element elementor-element-57d49948 e-con-full e-flex e-con e-child\" data-id=\"57d49948\" data-element_type=\"container\" data-e-type=\"container\" data-settings=\"{&quot;background_background&quot;:&quot;classic&quot;}\">\n\t\t\t\t<div class=\"elementor-element elementor-element-5aef521e elementor-widget elementor-widget-heading\" data-id=\"5aef521e\" data-element_type=\"widget\" data-e-type=\"widget\" data-widget_type=\"heading.default\">\n\t\t\t\t<div class=\"elementor-widget-container\">\n\t\t\t\t\t<h2 class=\"elementor-heading-title elementor-size-default\">Ihre Lieblingsausstattung<\/h2>\t\t\t\t<\/div>\n\t\t\t\t<\/div>\n\t\t\t\t<div class=\"elementor-element elementor-element-6006e140 elementor-widget-divider--view-line elementor-widget elementor-widget-divider\" data-id=\"6006e140\" data-element_type=\"widget\" data-e-type=\"widget\" data-widget_type=\"divider.default\">\n\t\t\t\t<div class=\"elementor-widget-container\">\n\t\t\t\t\t\t\t<div class=\"elementor-divider\">\n\t\t\t<span class=\"elementor-divider-separator\">\n\t\t\t\t\t\t<\/span>\n\t\t<\/div>\n\t\t\t\t\t\t<\/div>\n\t\t\t\t<\/div>\n\t\t\t\t<div class=\"elementor-element elementor-element-768111fb jkit-equal-height-disable elementor-widget elementor-widget-jkit_icon_box\" data-id=\"768111fb\" data-element_type=\"widget\" data-e-type=\"widget\" data-widget_type=\"jkit_icon_box.default\">\n\t\t\t\t<div class=\"elementor-widget-container\">\n\t\t\t\t\t<div  class=\"jeg-elementor-kit jkit-icon-box icon-position-left elementor-animation- jeg_module___69f4cfeab89a0\" ><a href=\"https:\/\/www.booking.solis-porec.com\/de\/vermietung\/vermietungen-porec-parenzo-e4881\/tag-mit-pool\/\" class=\"icon-box-link\" aria-label=\"Learn More\"><div class=\"jkit-icon-box-wrapper hover-from-left\"><div class=\"icon-box icon-box-header elementor-animation-\"><div class=\"icon style-color\"><i aria-hidden=\"true\" class=\"jki jki-swimming-pool-solid\"><\/i><\/div><\/div><div class=\"icon-box icon-box-body\">\n                <h2 class=\"title\">Mit Pool<\/h2>\n            <\/div>\n            \n            <\/div><\/a><\/div>\t\t\t\t<\/div>\n\t\t\t\t<\/div>\n\t\t\t\t<div class=\"elementor-element elementor-element-51ae5ab jkit-equal-height-disable elementor-widget elementor-widget-jkit_icon_box\" data-id=\"51ae5ab\" data-element_type=\"widget\" data-e-type=\"widget\" data-widget_type=\"jkit_icon_box.default\">\n\t\t\t\t<div class=\"elementor-widget-container\">\n\t\t\t\t\t<div  class=\"jeg-elementor-kit jkit-icon-box icon-position-left elementor-animation- jeg_module__1_69f4cfeab9c5f\" ><a href=\"https:\/\/www.booking.solis-porec.com\/de\/vermietung\/vermietungen-porec-parenzo-e4881\/tag-haustierfreundlich\/\" class=\"icon-box-link\" aria-label=\"Learn More\"><div class=\"jkit-icon-box-wrapper hover-from-left\"><div class=\"icon-box icon-box-header elementor-animation-\"><div class=\"icon style-color\"><i aria-hidden=\"true\" class=\"jki jki-dog-solid\"><\/i><\/div><\/div><div class=\"icon-box icon-box-body\">\n                <h2 class=\"title\">Petfriendly<\/h2>\n            <\/div>\n            \n            <\/div><\/a><\/div>\t\t\t\t<\/div>\n\t\t\t\t<\/div>\n\t\t\t\t<div class=\"elementor-element elementor-element-54695f1d jkit-equal-height-disable elementor-widget elementor-widget-jkit_icon_box\" data-id=\"54695f1d\" data-element_type=\"widget\" data-e-type=\"widget\" data-widget_type=\"jkit_icon_box.default\">\n\t\t\t\t<div class=\"elementor-widget-container\">\n\t\t\t\t\t<div  class=\"jeg-elementor-kit jkit-icon-box icon-position-left elementor-animation- jeg_module__2_69f4cfeabad5f\" ><a href=\"https:\/\/www.booking.solis-porec.com\/de\/vermietung\/vermietungen-porec-parenzo-e4881\/tag-gunstige\/\" class=\"icon-box-link\" aria-label=\"Learn More\"><div class=\"jkit-icon-box-wrapper hover-from-left\"><div class=\"icon-box icon-box-header elementor-animation-\"><div class=\"icon style-color\"><i aria-hidden=\"true\" class=\"jki jki-smile-solid\"><\/i><\/div><\/div><div class=\"icon-box icon-box-body\">\n                <h2 class=\"title\">G\u00fcnstige Ferienwohnungen<\/h2>\n            <\/div>\n            \n            <\/div><\/a><\/div>\t\t\t\t<\/div>\n\t\t\t\t<\/div>\n\t\t\t\t<div class=\"elementor-element elementor-element-21cd6938 jkit-equal-height-disable elementor-widget elementor-widget-jkit_icon_box\" data-id=\"21cd6938\" data-element_type=\"widget\" data-e-type=\"widget\" data-widget_type=\"jkit_icon_box.default\">\n\t\t\t\t<div class=\"elementor-widget-container\">\n\t\t\t\t\t<div  class=\"jeg-elementor-kit jkit-icon-box icon-position-left elementor-animation- jeg_module__3_69f4cfeabbef5\" ><a href=\"https:\/\/www.booking.solis-porec.com\/de\/vermietung\/vermietungen-porec-parenzo-e4881\/\" class=\"icon-box-link\" aria-label=\"Learn More\"><div class=\"jkit-icon-box-wrapper hover-from-left\"><div class=\"icon-box icon-box-header elementor-animation-\"><div class=\"icon style-color\"><i aria-hidden=\"true\" class=\"jki jki-star2-light\"><\/i><\/div><\/div><div class=\"icon-box icon-box-body\">\n                <h2 class=\"title\">Top Rated<\/h2>\n            <\/div>\n            \n            <\/div><\/a><\/div>\t\t\t\t<\/div>\n\t\t\t\t<\/div>\n\t\t\t\t<\/div>\n\t\t<div class=\"elementor-element elementor-element-78a53080 e-con-full e-flex e-con e-child\" data-id=\"78a53080\" data-element_type=\"container\" data-e-type=\"container\" data-settings=\"{&quot;background_background&quot;:&quot;classic&quot;}\">\n\t\t\t\t<div class=\"elementor-element elementor-element-4bb0a612 elementor-widget elementor-widget-metform\" data-id=\"4bb0a612\" data-element_type=\"widget\" data-e-type=\"widget\" data-widget_type=\"metform.default\">\n\t\t\t\t<div class=\"elementor-widget-container\">\n\t\t\t\t\t<div id=\"mf-response-props-id-634\" data-previous-steps-style=\"\" data-editswitchopen=\"\" data-response_type=\"alert\" data-erroricon=\"fas fa-exclamation-triangle\" data-successicon=\"fas fa-check\" data-messageposition=\"top\" class=\"   mf-scroll-top-no\">\n\t\t<div class=\"formpicker_warper formpicker_warper_editable\" data-metform-formpicker-key=\"634\" >\n\t\t\t\t\n\t\t\t<div class=\"mf-widget-container\">\n\t\t\t\t\r\n\t\t<div\r\n\t\t\tid=\"metform-wrap-4bb0a612-634\"\r\n\t\t\tclass=\"mf-form-wrapper\"\r\n\t\t\tdata-form-id=\"634\"\r\n\t\t\tdata-action=\"https:\/\/www.solis-porec.com\/de\/wp-json\/metform\/v1\/entries\/insert\/634\"\r\n\t\t\tdata-wp-nonce=\"6d49c46c7d\"\r\n\t\t\tdata-form-nonce=\"fdb3ff1959\"\r\n\t\t\tdata-quiz-summery = \"false\"\r\n\t\t\tdata-save-progress = \"false\"\r\n\t\t\tdata-form-type=\"contact_form\"\r\n\t\t\tdata-stop-vertical-effect=\"\"\r\n\t\t\t><\/div>\r\n\r\n\r\n\t\t<!----------------------------- \r\n\t\t\t* controls_data : find the the props passed indie of data attribute\r\n\t\t\t* props.SubmitResponseMarkup : contains the markup of error or success message\r\n\t\t\t* https:\/\/developer.mozilla.org\/en-US\/docs\/Web\/JavaScript\/Reference\/Template_literals\r\n\t\t--------------------------- -->\r\n\r\n\t\t\t\t<script type=\"text\/mf\" class=\"mf-template\">\r\n\t\t\tfunction controls_data (value){\r\n\t\t\t\tlet currentWrapper = \"mf-response-props-id-634\";\r\n\t\t\t\tlet currentEl = document.getElementById(currentWrapper);\r\n\t\t\t\t\r\n\t\t\t\treturn currentEl ? currentEl.dataset[value] : false\r\n\t\t\t}\r\n\r\n\r\n\t\t\tlet is_edit_mode = '' ? true : false;\r\n\t\t\tlet message_position = controls_data('messageposition') || 'top';\r\n\r\n\t\t\t\r\n\t\t\tlet message_successIcon = controls_data('successicon') || '';\r\n\t\t\tlet message_errorIcon = controls_data('erroricon') || '';\r\n\t\t\tlet message_editSwitch = controls_data('editswitchopen') === 'yes' ? true : false;\r\n\t\t\tlet message_proClass = controls_data('editswitchopen') === 'yes' ? 'mf_pro_activated' : '';\r\n\t\t\t\r\n\t\t\tlet is_dummy_markup = is_edit_mode && message_editSwitch ? true : false;\r\n\r\n\t\t\t\r\n\t\t\treturn html`\r\n\t\t\t\t<form\r\n\t\t\t\t\tclassName=\"metform-form-content\"\r\n\t\t\t\t\tref=${parent.formContainerRef}\r\n\t\t\t\t\tonSubmit=${ validation.handleSubmit( parent.handleFormSubmit ) }\r\n\t\t\t\t\r\n\t\t\t\t\t>\r\n\t\t\t\r\n\t\t\t\r\n\t\t\t\t\t${is_dummy_markup ? message_position === 'top' ?  props.ResponseDummyMarkup(message_successIcon, message_proClass) : '' : ''}\r\n\t\t\t\t\t${is_dummy_markup ? ' ' :  message_position === 'top' ? props.SubmitResponseMarkup`${parent}${state}${message_successIcon}${message_errorIcon}${message_proClass}` : ''}\r\n\r\n\t\t\t\t\t<!--------------------------------------------------------\r\n\t\t\t\t\t*** IMPORTANT \/ DANGEROUS ***\r\n\t\t\t\t\t${html``} must be used as in immediate child of \"metform-form-main-wrapper\"\r\n\t\t\t\t\tclass otherwise multistep form will not run at all\r\n\t\t\t\t\t---------------------------------------------------------->\r\n\r\n\t\t\t\t\t<div className=\"metform-form-main-wrapper\" key=${'hide-form-after-submit'} ref=${parent.formRef}>\r\n\t\t\t\t\t${html`\r\n\t\t\t\t\t\t\t\t\t\t\t`}\r\n\t\t\t\t\t<\/div>\r\n\r\n\t\t\t\t\t${is_dummy_markup ? message_position === 'bottom' ? props.ResponseDummyMarkup(message_successIcon, message_proClass) : '' : ''}\r\n\t\t\t\t\t${is_dummy_markup ? ' ' : message_position === 'bottom' ? props.SubmitResponseMarkup`${parent}${state}${message_successIcon}${message_errorIcon}${message_proClass}` : ''}\r\n\t\t\t\t\r\n\t\t\t\t<\/form>\r\n\t\t\t`\r\n\t\t<\/script>\r\n\r\n\t\t\t\t\t<\/div>\n\t\t<\/div>\n\t\t<\/div>\t\t\t\t<\/div>\n\t\t\t\t<\/div>\n\t\t\t\t<\/div>\n\t\t<div class=\"elementor-element elementor-element-2af26fd5 e-con-full e-flex e-con e-child\" data-id=\"2af26fd5\" data-element_type=\"container\" data-e-type=\"container\" data-settings=\"{&quot;background_background&quot;:&quot;classic&quot;}\">\n\t\t\t\t<div class=\"elementor-element elementor-element-70d6eb91 elementor-widget elementor-widget-heading\" data-id=\"70d6eb91\" data-element_type=\"widget\" data-e-type=\"widget\" data-widget_type=\"heading.default\">\n\t\t\t\t<div class=\"elementor-widget-container\">\n\t\t\t\t\t<h2 class=\"elementor-heading-title elementor-size-default\">Tourismus Istrien<\/h2>\t\t\t\t<\/div>\n\t\t\t\t<\/div>\n\t\t\t\t<div class=\"elementor-element elementor-element-3c0f023e elementor-widget elementor-widget-jkit_heading\" data-id=\"3c0f023e\" data-element_type=\"widget\" data-e-type=\"widget\" data-widget_type=\"jkit_heading.default\">\n\t\t\t\t<div class=\"elementor-widget-container\">\n\t\t\t\t\t<div  class=\"jeg-elementor-kit jkit-heading  align-left align-tablet- align-mobile- jeg_module__4_69f4cfeac1b9b\" ><div class=\"heading-section-title  display-inline-block\"><h2 class=\"heading-title\"><span class=\"style-color\"><span>Visit our Blog<\/span><\/span><\/h2><\/div><h3 class=\"heading-section-subtitle  style-color\">All info you need before coming<\/h3><\/div>\t\t\t\t<\/div>\n\t\t\t\t<\/div>\n\t\t\t\t<div class=\"elementor-element elementor-element-376b53c5 e-transform elementor-widget elementor-widget-jkit_button\" data-id=\"376b53c5\" data-element_type=\"widget\" data-e-type=\"widget\" data-settings=\"{&quot;_transform_scale_effect_hover&quot;:{&quot;unit&quot;:&quot;px&quot;,&quot;size&quot;:&quot;0.9&quot;,&quot;sizes&quot;:[]},&quot;_transform_scale_effect_hover_tablet&quot;:{&quot;unit&quot;:&quot;px&quot;,&quot;size&quot;:&quot;&quot;,&quot;sizes&quot;:[]},&quot;_transform_scale_effect_hover_mobile&quot;:{&quot;unit&quot;:&quot;px&quot;,&quot;size&quot;:&quot;&quot;,&quot;sizes&quot;:[]}}\" data-widget_type=\"jkit_button.default\">\n\t\t\t\t<div class=\"elementor-widget-container\">\n\t\t\t\t\t<div  class=\"jeg-elementor-kit jkit-button  icon-position-after jeg_module__5_69f4cfeac3ff3\" ><a href=\"https:\/\/www.solis-porec.com\/blog\/\" class=\"jkit-button-wrapper\">Istria Tourism Blog<i aria-hidden=\"true\" class=\"jki jki-right-arrow2-light\"><\/i><\/a><\/div>\t\t\t\t<\/div>\n\t\t\t\t<\/div>\n\t\t\t\t<div class=\"elementor-element elementor-element-68f6c1a4 elementor-widget elementor-widget-spacer\" data-id=\"68f6c1a4\" data-element_type=\"widget\" data-e-type=\"widget\" data-widget_type=\"spacer.default\">\n\t\t\t\t<div class=\"elementor-widget-container\">\n\t\t\t\t\t\t\t<div class=\"elementor-spacer\">\n\t\t\t<div class=\"elementor-spacer-inner\"><\/div>\n\t\t<\/div>\n\t\t\t\t\t\t<\/div>\n\t\t\t\t<\/div>\n\t\t\t\t<\/div>\n\t\t\t\t<\/div>\n\t\t\t\t<\/div>\n\t\t\t\t<\/div>\n\t\t\t\t\t\t<\/div>\n\t\t\t\t<\/div>\n\t\t\t\t<\/div>\n\t\t<div class=\"elementor-element elementor-element-77fa272f e-con-full e-flex e-con e-child\" data-id=\"77fa272f\" data-element_type=\"container\" data-e-type=\"container\">\n\t\t<div class=\"elementor-element elementor-element-412022c6 e-con-full e-flex e-con e-child\" data-id=\"412022c6\" data-element_type=\"container\" data-e-type=\"container\">\n\t\t\t\t<div class=\"elementor-element elementor-element-39237ac4 elementor-widget elementor-widget-image\" data-id=\"39237ac4\" data-element_type=\"widget\" data-e-type=\"widget\" data-widget_type=\"image.default\">\n\t\t\t\t<div class=\"elementor-widget-container\">\n\t\t\t\t\t\t\t\t\t\t\t\t\t\t\t<img fetchpriority=\"high\" decoding=\"async\" width=\"1254\" height=\"836\" src=\"https:\/\/www.solis-porec.com\/wp-content\/uploads\/2025\/11\/croatia-apartments.jpg\" class=\"attachment-full size-full wp-image-3386\" alt=\"croatia-apartments.jpg\" srcset=\"https:\/\/www.solis-porec.com\/wp-content\/uploads\/2025\/11\/croatia-apartments.jpg 1254w, https:\/\/www.solis-porec.com\/wp-content\/uploads\/2025\/11\/croatia-apartments-300x200.jpg 300w, https:\/\/www.solis-porec.com\/wp-content\/uploads\/2025\/11\/croatia-apartments-1024x683.jpg 1024w, https:\/\/www.solis-porec.com\/wp-content\/uploads\/2025\/11\/croatia-apartments-768x512.jpg 768w\" sizes=\"(max-width: 1254px) 100vw, 1254px\" \/>\t\t\t\t\t\t\t\t\t\t\t\t\t\t\t<\/div>\n\t\t\t\t<\/div>\n\t\t\t\t<\/div>\n\t\t<div class=\"elementor-element elementor-element-59e14fd2 e-con-full e-flex e-con e-child\" data-id=\"59e14fd2\" data-element_type=\"container\" data-e-type=\"container\">\n\t\t\t\t<div class=\"elementor-element elementor-element-540faf7 elementor-widget elementor-widget-jkit_heading\" data-id=\"540faf7\" data-element_type=\"widget\" data-e-type=\"widget\" data-widget_type=\"jkit_heading.default\">\n\t\t\t\t<div class=\"elementor-widget-container\">\n\t\t\t\t\t<div  class=\"jeg-elementor-kit jkit-heading  align-left align-tablet- align-mobile- jeg_module__6_69f4cfeac551c\" ><div class=\"heading-section-title  display-inline-block\"><h2 class=\"heading-title\">Mieten Sie <span class=\"style-color\"><span>Ihre Ferienwohnungen <\/span><\/span> in Kroatien mit uns<\/h2><\/div><\/div>\t\t\t\t<\/div>\n\t\t\t\t<\/div>\n\t\t\t\t<div class=\"elementor-element elementor-element-1e6b593e elementor-widget elementor-widget-text-editor\" data-id=\"1e6b593e\" data-element_type=\"widget\" data-e-type=\"widget\" data-widget_type=\"text-editor.default\">\n\t\t\t\t<div class=\"elementor-widget-container\">\n\t\t\t\t\t\t\t\t\t<p>Entfliehen Sie nach Kroatien, wo sich der mediterrane Geist mit zeitloser Sch\u00f6nheit verbindet. Eine Ferienunterkunft bietet die Freiheit, in Ihrem eigenen Tempo zu erkunden, den Komfort von viel Platz und die Herzlichkeit lokaler Authentizit\u00e4t. Wachen Sie mit dem Rauschen der Adria auf, schlendern Sie durch antike St\u00e4dte und K\u00fcstenorte und genie\u00dfen Sie Kroatiens gefeierte K\u00fcche und Weine. Entdecken Sie unsere sorgf\u00e4ltig ausgew\u00e4hlten Unterk\u00fcnfte und erleben Sie Kroatien auf Ihre Weise.   <\/p>\t\t\t\t\t\t\t\t<\/div>\n\t\t\t\t<\/div>\n\t\t\t\t<\/div>\n\t\t<div class=\"elementor-element elementor-element-23b3c2ba e-con-full e-flex e-con e-child\" data-id=\"23b3c2ba\" data-element_type=\"container\" data-e-type=\"container\">\n\t\t<div class=\"elementor-element elementor-element-69b20a29 e-con-full e-flex e-con e-child\" data-id=\"69b20a29\" data-element_type=\"container\" data-e-type=\"container\">\n\t\t\t\t<div class=\"elementor-element elementor-element-dca82aa elementor-widget elementor-widget-grid\" data-id=\"dca82aa\" data-element_type=\"widget\" data-e-type=\"widget\" data-widget_type=\"grid.default\">\n\t\t\t\t<div class=\"elementor-widget-container\">\n\t\t\t\t\t\t\t<div class=\"its--row alojamientos-recomendados\">\n\n\t\t\t<div class=\"alojamientos-recomendados-container\">\n\n\t\t\t\t\t\n\t\t\t\t\t<a href=\"https:\/\/www.booking.solis-porec.com\/de\/vermietung\/ferienwohnung-porec-apartment-rocco-in-porec-istria-219995.html\" rel=\"nofollow\" style=\"width: 49%;\">\n\t\t\t\t\t\t<div class=\"apartamento-box\">\n\t\t\t\t\t\t\t<div class=\"imagen_recomendados\">\n\t\t\t\t\t\t\t\t<img decoding=\"async\" src=\"https:\/\/crs.avantio.com\/fotos\/2\/150814926738ea3ace8b49b3914a16778c7716b792\/big17489544271e9c0ec57d7f1829c742ce66cfc28079.jpg\" alt=\"Ferienwohnung  Rocco mir Balkon in Pore\u010d\">\n\t\t\t\t\t\t\t<\/div>\n\t\t\t\t\t\t\t<div class=\"info\">\n\t\t\t\t\t\t\t\t<div class=\"ubicacion\">\n\t\t\t\t\t\t\t\t\t<i class=\"fa-solid fa-location-dot icono-mapa\"><\/i><span class=\"ubicacion-texto\">Porec - Pore\u010d (Parenzo)<\/span>\n\t\t\t\t\t\t\t\t<\/div>\n\t\t\t\t\t\t\t\t<H4 class=\"titulo-alojamiento\">\n\t\t\t\t\t\t\t\t\tFerienwohnung  Rocco mir Balkon in Pore\u010d\t\t\t\t\t\t\t\t<\/H4>\n\t\t\t\t\t\t\t\t<p class=\"precio-alojamiento\">Aus <span class=\"precio\">70.00\u20ac<\/span> pro Nacht<\/p>\n\t\t\t\t\t\t\t<\/div>\n\t\t\t\t\t\t<\/div>\n\t\t\t\t\t<\/a> \n\t\t\t\t\t\t\n\t\t\t\t\t<a href=\"https:\/\/www.booking.solis-porec.com\/de\/vermietung\/ferienwohnung-porec-apartment-sasa-in-porec-220071.html\" rel=\"nofollow\" style=\"width: 49%;\">\n\t\t\t\t\t\t<div class=\"apartamento-box\">\n\t\t\t\t\t\t\t<div class=\"imagen_recomendados\">\n\t\t\t\t\t\t\t\t<img decoding=\"async\" src=\"https:\/\/crs.avantio.com\/fotos\/2\/15082319416a904a4d9f82755b1bcc1296daaea154\/big17489546394b3ae63f7f6861422ac704e699f8de00.jpg\" alt=\"Ferienwohnung  Sa\u0161a mit Balkon in Pore\u010d\">\n\t\t\t\t\t\t\t<\/div>\n\t\t\t\t\t\t\t<div class=\"info\">\n\t\t\t\t\t\t\t\t<div class=\"ubicacion\">\n\t\t\t\t\t\t\t\t\t<i class=\"fa-solid fa-location-dot icono-mapa\"><\/i><span class=\"ubicacion-texto\">Porec - Pore\u010d (Parenzo)<\/span>\n\t\t\t\t\t\t\t\t<\/div>\n\t\t\t\t\t\t\t\t<H4 class=\"titulo-alojamiento\">\n\t\t\t\t\t\t\t\t\tFerienwohnung  Sa\u0161a mit Balkon in Pore\u010d\t\t\t\t\t\t\t\t<\/H4>\n\t\t\t\t\t\t\t\t<p class=\"precio-alojamiento\">Aus <span class=\"precio\">65.00\u20ac<\/span> pro Nacht<\/p>\n\t\t\t\t\t\t\t<\/div>\n\t\t\t\t\t\t<\/div>\n\t\t\t\t\t<\/a> \n\t\t\t\t\t\t\n\t\t\t\t\t<a href=\"https:\/\/www.booking.solis-porec.com\/de\/vermietung\/ferienwohnung-porec-apartment-filipin-in-porec-istria-220076.html\" rel=\"nofollow\" style=\"width: 49%;\">\n\t\t\t\t\t\t<div class=\"apartamento-box\">\n\t\t\t\t\t\t\t<div class=\"imagen_recomendados\">\n\t\t\t\t\t\t\t\t<img decoding=\"async\" src=\"https:\/\/crs.avantio.com\/fotos\/2\/1508235095c1759a14a51eccac2e4fface3649ca37\/big1508235101bf5652d88178d91233df2d3d74f1e52d.jpg\" alt=\"Ferienwohnung Filipin in Strandn\u00e4he in Porec, Istrien\">\n\t\t\t\t\t\t\t<\/div>\n\t\t\t\t\t\t\t<div class=\"info\">\n\t\t\t\t\t\t\t\t<div class=\"ubicacion\">\n\t\t\t\t\t\t\t\t\t<i class=\"fa-solid fa-location-dot icono-mapa\"><\/i><span class=\"ubicacion-texto\">Porec - Pore\u010d (Parenzo)<\/span>\n\t\t\t\t\t\t\t\t<\/div>\n\t\t\t\t\t\t\t\t<H4 class=\"titulo-alojamiento\">\n\t\t\t\t\t\t\t\t\tFerienwohnung Filipin in Strandn\u00e4he in Porec, Istrien\t\t\t\t\t\t\t\t<\/H4>\n\t\t\t\t\t\t\t\t<p class=\"precio-alojamiento\">Aus <span class=\"precio\">65.00\u20ac<\/span> pro Nacht<\/p>\n\t\t\t\t\t\t\t<\/div>\n\t\t\t\t\t\t<\/div>\n\t\t\t\t\t<\/a> \n\t\t\t\t\t\t\n\t\t\t\t\t<a href=\"https:\/\/www.booking.solis-porec.com\/de\/vermietung\/ferienwohnung-visnjan-apartment-milena-visnjan-with-pool-221747.html\" rel=\"nofollow\" style=\"width: 49%;\">\n\t\t\t\t\t\t<div class=\"apartamento-box\">\n\t\t\t\t\t\t\t<div class=\"imagen_recomendados\">\n\t\t\t\t\t\t\t\t<img decoding=\"async\" src=\"https:\/\/crs.avantio.com\/fotos\/2\/15094599255a91300cbb9ede44054b8fc754010a15\/big16417745310692829ea3bf090e84783c4355b92c22.jpg\" alt=\"Ferienwohnung  Milena mit Pool in  Visnjan, Istrien\">\n\t\t\t\t\t\t\t<\/div>\n\t\t\t\t\t\t\t<div class=\"info\">\n\t\t\t\t\t\t\t\t<div class=\"ubicacion\">\n\t\t\t\t\t\t\t\t\t<i class=\"fa-solid fa-location-dot icono-mapa\"><\/i><span class=\"ubicacion-texto\">Vi\u0161njan - Vi\u0161njan (Visignano)<\/span>\n\t\t\t\t\t\t\t\t<\/div>\n\t\t\t\t\t\t\t\t<H4 class=\"titulo-alojamiento\">\n\t\t\t\t\t\t\t\t\tFerienwohnung  Milena mit Pool in  Visnjan, Istrien\t\t\t\t\t\t\t\t<\/H4>\n\t\t\t\t\t\t\t\t<p class=\"precio-alojamiento\">Aus <span class=\"precio\">75.00\u20ac<\/span> pro Nacht<\/p>\n\t\t\t\t\t\t\t<\/div>\n\t\t\t\t\t\t<\/div>\n\t\t\t\t\t<\/a> \n\t\t\t\t\t\t\n\t\t\t\t\t<a href=\"https:\/\/www.booking.solis-porec.com\/de\/vermietung\/ferienwohnung-porec-apartment-alma-ig-in-porec-istria-224250.html\" rel=\"nofollow\" style=\"width: 49%;\">\n\t\t\t\t\t\t<div class=\"apartamento-box\">\n\t\t\t\t\t\t\t<div class=\"imagen_recomendados\">\n\t\t\t\t\t\t\t\t<img decoding=\"async\" src=\"https:\/\/crs.avantio.com\/fotos\/2\/1510929194a627323402220b000b5d27a8aaaee2bc\/big1654341456ccc1bbd1f4bae1636eabd100140fd011.jpg\" alt=\"Ferienwohnung  Alma IG mit Balkon in Porec, Istrien\">\n\t\t\t\t\t\t\t<\/div>\n\t\t\t\t\t\t\t<div class=\"info\">\n\t\t\t\t\t\t\t\t<div class=\"ubicacion\">\n\t\t\t\t\t\t\t\t\t<i class=\"fa-solid fa-location-dot icono-mapa\"><\/i><span class=\"ubicacion-texto\">Porec - Pore\u010d (Parenzo)<\/span>\n\t\t\t\t\t\t\t\t<\/div>\n\t\t\t\t\t\t\t\t<H4 class=\"titulo-alojamiento\">\n\t\t\t\t\t\t\t\t\tFerienwohnung  Alma IG mit Balkon in Porec, Istrien\t\t\t\t\t\t\t\t<\/H4>\n\t\t\t\t\t\t\t\t<p class=\"precio-alojamiento\">Aus <span class=\"precio\">59.00\u20ac<\/span> pro Nacht<\/p>\n\t\t\t\t\t\t\t<\/div>\n\t\t\t\t\t\t<\/div>\n\t\t\t\t\t<\/a> \n\t\t\t\t\t\t\n\t\t\t\t\t<a href=\"https:\/\/www.booking.solis-porec.com\/de\/vermietung\/ferienwohnung-porec-apartment-alma-iig-in-porec-istria-224263.html\" rel=\"nofollow\" style=\"width: 49%;\">\n\t\t\t\t\t\t<div class=\"apartamento-box\">\n\t\t\t\t\t\t\t<div class=\"imagen_recomendados\">\n\t\t\t\t\t\t\t\t<img decoding=\"async\" src=\"https:\/\/crs.avantio.com\/fotos\/2\/15111826287fdf2dd55c8dfa8ec13bb3be8114bb56\/big165434219686bcd7acd75a19584ffe618049a62134.jpg\" alt=\"Ferienwohnung  Alma IIG mit Balkon in Porec, Istrien\">\n\t\t\t\t\t\t\t<\/div>\n\t\t\t\t\t\t\t<div class=\"info\">\n\t\t\t\t\t\t\t\t<div class=\"ubicacion\">\n\t\t\t\t\t\t\t\t\t<i class=\"fa-solid fa-location-dot icono-mapa\"><\/i><span class=\"ubicacion-texto\">Porec - Pore\u010d (Parenzo)<\/span>\n\t\t\t\t\t\t\t\t<\/div>\n\t\t\t\t\t\t\t\t<H4 class=\"titulo-alojamiento\">\n\t\t\t\t\t\t\t\t\tFerienwohnung  Alma IIG mit Balkon in Porec, Istrien\t\t\t\t\t\t\t\t<\/H4>\n\t\t\t\t\t\t\t\t<p class=\"precio-alojamiento\">Aus <span class=\"precio\">55.00\u20ac<\/span> pro Nacht<\/p>\n\t\t\t\t\t\t\t<\/div>\n\t\t\t\t\t\t<\/div>\n\t\t\t\t\t<\/a> \n\t\t\t\t\t\t\n\t\t\t\t\t<a href=\"https:\/\/www.booking.solis-porec.com\/de\/vermietung\/ferienwohnung-porec-deluxe-apartment-nina-by-the-sea-in-porec-istria-224557.html\" rel=\"nofollow\" style=\"width: 49%;\">\n\t\t\t\t\t\t<div class=\"apartamento-box\">\n\t\t\t\t\t\t\t<div class=\"imagen_recomendados\">\n\t\t\t\t\t\t\t\t<img decoding=\"async\" src=\"https:\/\/crs.avantio.com\/fotos\/2\/1511261058bf1f739ee1f3c18e8a85a482b69af420\/big168433656063555ec67dbe3cff0b054cc6501b6627.jpg\" alt=\"Ferienwohnung Nina im Zentrum von Pore\u010d, Istrien\">\n\t\t\t\t\t\t\t<\/div>\n\t\t\t\t\t\t\t<div class=\"info\">\n\t\t\t\t\t\t\t\t<div class=\"ubicacion\">\n\t\t\t\t\t\t\t\t\t<i class=\"fa-solid fa-location-dot icono-mapa\"><\/i><span class=\"ubicacion-texto\">Porec - Pore\u010d (Parenzo)<\/span>\n\t\t\t\t\t\t\t\t<\/div>\n\t\t\t\t\t\t\t\t<H4 class=\"titulo-alojamiento\">\n\t\t\t\t\t\t\t\t\tFerienwohnung Nina im Zentrum von Pore\u010d, Istrien\t\t\t\t\t\t\t\t<\/H4>\n\t\t\t\t\t\t\t\t<p class=\"precio-alojamiento\">Aus <span class=\"precio\">150.00\u20ac<\/span> pro Nacht<\/p>\n\t\t\t\t\t\t\t<\/div>\n\t\t\t\t\t\t<\/div>\n\t\t\t\t\t<\/a> \n\t\t\t\t\t\t\n\t\t\t\t\t<a href=\"https:\/\/www.booking.solis-porec.com\/de\/vermietung\/ferienwohnung-porec-premium-apartment-hari-i-224634.html\" rel=\"nofollow\" style=\"width: 49%;\">\n\t\t\t\t\t\t<div class=\"apartamento-box\">\n\t\t\t\t\t\t\t<div class=\"imagen_recomendados\">\n\t\t\t\t\t\t\t\t<img decoding=\"async\" src=\"https:\/\/crs.avantio.com\/fotos\/2\/15117883376b28f13ec8eb7f9e014c64c1f6647864\/big166567304570fb985052a6ae470e1bfcac8b3b858c.jpg\" alt=\"Ferienwohnung  Hari I mit Terrasse in Pore\u010d, Istrien\">\n\t\t\t\t\t\t\t<\/div>\n\t\t\t\t\t\t\t<div class=\"info\">\n\t\t\t\t\t\t\t\t<div class=\"ubicacion\">\n\t\t\t\t\t\t\t\t\t<i class=\"fa-solid fa-location-dot icono-mapa\"><\/i><span class=\"ubicacion-texto\">Porec - Pore\u010d (Parenzo)<\/span>\n\t\t\t\t\t\t\t\t<\/div>\n\t\t\t\t\t\t\t\t<H4 class=\"titulo-alojamiento\">\n\t\t\t\t\t\t\t\t\tFerienwohnung  Hari I mit Terrasse in Pore\u010d, Istrien\t\t\t\t\t\t\t\t<\/H4>\n\t\t\t\t\t\t\t\t<p class=\"precio-alojamiento\">Aus <span class=\"precio\">72.00\u20ac<\/span> pro Nacht<\/p>\n\t\t\t\t\t\t\t<\/div>\n\t\t\t\t\t\t<\/div>\n\t\t\t\t\t<\/a> \n\t\t\t\t\t\t\n\t\t\t\t\t<a href=\"https:\/\/www.booking.solis-porec.com\/de\/vermietung\/ferienwohnung-porec-apartment-inteuro-porec-224641.html\" rel=\"nofollow\" style=\"width: 49%;\">\n\t\t\t\t\t\t<div class=\"apartamento-box\">\n\t\t\t\t\t\t\t<div class=\"imagen_recomendados\">\n\t\t\t\t\t\t\t\t<img decoding=\"async\" src=\"https:\/\/crs.avantio.com\/fotos\/2\/151127553530ed37667fce0662a31d5bfbd3bb1417\/big1684839569b5815778a9c01865793a547433fb259b.jpg\" alt=\" Ferienwohnung in Pore\u010d, Istrien\">\n\t\t\t\t\t\t\t<\/div>\n\t\t\t\t\t\t\t<div class=\"info\">\n\t\t\t\t\t\t\t\t<div class=\"ubicacion\">\n\t\t\t\t\t\t\t\t\t<i class=\"fa-solid fa-location-dot icono-mapa\"><\/i><span class=\"ubicacion-texto\">Porec - Pore\u010d (Parenzo)<\/span>\n\t\t\t\t\t\t\t\t<\/div>\n\t\t\t\t\t\t\t\t<H4 class=\"titulo-alojamiento\">\n\t\t\t\t\t\t\t\t\t Ferienwohnung in Pore\u010d, Istrien\t\t\t\t\t\t\t\t<\/H4>\n\t\t\t\t\t\t\t\t<p class=\"precio-alojamiento\">Aus <span class=\"precio\">200.00\u20ac<\/span> pro Nacht<\/p>\n\t\t\t\t\t\t\t<\/div>\n\t\t\t\t\t\t<\/div>\n\t\t\t\t\t<\/a> \n\t\t\t\t\t\t\n\t\t\t\t\t<a href=\"https:\/\/www.booking.solis-porec.com\/de\/vermietung\/ferienwohnung-porec-apartment-alexandra-in-porec-istria-224651.html\" rel=\"nofollow\" style=\"width: 49%;\">\n\t\t\t\t\t\t<div class=\"apartamento-box\">\n\t\t\t\t\t\t\t<div class=\"imagen_recomendados\">\n\t\t\t\t\t\t\t\t<img decoding=\"async\" src=\"https:\/\/crs.avantio.com\/fotos\/2\/15112767784ffb4ff7cb76bb260db7af505526a317\/big1511276789459dc266323d4487db698839ec654fc6.jpg\" alt=\"Ferienwohnung  Alexandra mit Terrasse in Porec, Istria\">\n\t\t\t\t\t\t\t<\/div>\n\t\t\t\t\t\t\t<div class=\"info\">\n\t\t\t\t\t\t\t\t<div class=\"ubicacion\">\n\t\t\t\t\t\t\t\t\t<i class=\"fa-solid fa-location-dot icono-mapa\"><\/i><span class=\"ubicacion-texto\">Porec - Pore\u010d (Parenzo)<\/span>\n\t\t\t\t\t\t\t\t<\/div>\n\t\t\t\t\t\t\t\t<H4 class=\"titulo-alojamiento\">\n\t\t\t\t\t\t\t\t\tFerienwohnung  Alexandra mit Terrasse in Porec, Istria\t\t\t\t\t\t\t\t<\/H4>\n\t\t\t\t\t\t\t\t<p class=\"precio-alojamiento\">Aus <span class=\"precio\">55.00\u20ac<\/span> pro Nacht<\/p>\n\t\t\t\t\t\t\t<\/div>\n\t\t\t\t\t\t<\/div>\n\t\t\t\t\t<\/a> \n\t\t\t\t\t\t\t\t<\/div>\n\t\t\t<\/div>\n\t\t\t\t\t\t<\/div>\n\t\t\t\t<\/div>\n\t\t\t\t<div class=\"elementor-element elementor-element-048e92e elementor-align-center elementor-widget elementor-widget-button\" data-id=\"048e92e\" data-element_type=\"widget\" data-e-type=\"widget\" data-widget_type=\"button.default\">\n\t\t\t\t<div class=\"elementor-widget-container\">\n\t\t\t\t\t\t\t\t\t<div class=\"elementor-button-wrapper\">\n\t\t\t\t\t<a class=\"elementor-button elementor-button-link elementor-size-sm\" href=\"https:\/\/www.booking.solis-porec.com\/de\/vermietung\/ferienwohnungen-kroatien-c1p17\/\">\n\t\t\t\t\t\t<span class=\"elementor-button-content-wrapper\">\n\t\t\t\t\t\t\t\t\t<span class=\"elementor-button-text\">Alle Ferienwohnungen in Kroatien anzeigen<\/span>\n\t\t\t\t\t<\/span>\n\t\t\t\t\t<\/a>\n\t\t\t\t<\/div>\n\t\t\t\t\t\t\t\t<\/div>\n\t\t\t\t<\/div>\n\t\t\t\t<\/div>\n\t\t\t\t<\/div>\n\t\t<div class=\"elementor-element elementor-element-2b2ecd68 e-con-full e-flex e-con e-child\" data-id=\"2b2ecd68\" data-element_type=\"container\" data-e-type=\"container\">\n\t\t\t\t<div class=\"elementor-element elementor-element-1aa72b0f elementor-widget elementor-widget-heading\" data-id=\"1aa72b0f\" data-element_type=\"widget\" data-e-type=\"widget\" data-widget_type=\"heading.default\">\n\t\t\t\t<div class=\"elementor-widget-container\">\n\t\t\t\t\t<h2 class=\"elementor-heading-title elementor-size-default\">Gr\u00fcnde, Kroatien zu besuchen<\/h2>\t\t\t\t<\/div>\n\t\t\t\t<\/div>\n\t\t\t\t<div class=\"elementor-element elementor-element-2a52aa7c elementor-icon-list--layout-traditional elementor-list-item-link-full_width elementor-widget elementor-widget-icon-list\" data-id=\"2a52aa7c\" data-element_type=\"widget\" data-e-type=\"widget\" data-widget_type=\"icon-list.default\">\n\t\t\t\t<div class=\"elementor-widget-container\">\n\t\t\t\t\t\t\t<ul class=\"elementor-icon-list-items\">\n\t\t\t\t\t\t\t<li class=\"elementor-icon-list-item\">\n\t\t\t\t\t\t\t\t\t\t\t<span class=\"elementor-icon-list-icon\">\n\t\t\t\t\t\t\t<i aria-hidden=\"true\" class=\"fas fa-check-circle\"><\/i>\t\t\t\t\t\t<\/span>\n\t\t\t\t\t\t\t\t\t\t<span class=\"elementor-icon-list-text\"><b>Atemberaubende K\u00fcstenlinien<\/b> \u2013 Klares Wasser &amp; versteckte Str\u00e4nde, ideal zum Schwimmen<\/span>\n\t\t\t\t\t\t\t\t\t<\/li>\n\t\t\t\t\t\t\t\t<li class=\"elementor-icon-list-item\">\n\t\t\t\t\t\t\t\t\t\t\t<span class=\"elementor-icon-list-icon\">\n\t\t\t\t\t\t\t<i aria-hidden=\"true\" class=\"fas fa-check-circle\"><\/i>\t\t\t\t\t\t<\/span>\n\t\t\t\t\t\t\t\t\t\t<span class=\"elementor-icon-list-text\"><b>Charmante mittelalterliche St\u00e4dte<\/b> \u2013 Erkunden Sie Rovinj oder Pore\u010d voller Geschichte und Romantik<\/span>\n\t\t\t\t\t\t\t\t\t<\/li>\n\t\t\t\t\t\t\t\t<li class=\"elementor-icon-list-item\">\n\t\t\t\t\t\t\t\t\t\t\t<span class=\"elementor-icon-list-icon\">\n\t\t\t\t\t\t\t<i aria-hidden=\"true\" class=\"fas fa-check-circle\"><\/i>\t\t\t\t\t\t<\/span>\n\t\t\t\t\t\t\t\t\t\t<span class=\"elementor-icon-list-text\"><b>Weltklasse-Essen &amp; Wein<\/b> \u2013 Probieren Sie Tr\u00fcffel, Oliven\u00f6l und preisgekr\u00f6nten istrischen Malvasia<\/span>\n\t\t\t\t\t\t\t\t\t<\/li>\n\t\t\t\t\t\t\t\t<li class=\"elementor-icon-list-item\">\n\t\t\t\t\t\t\t\t\t\t\t<span class=\"elementor-icon-list-icon\">\n\t\t\t\t\t\t\t<i aria-hidden=\"true\" class=\"fas fa-check-circle\"><\/i>\t\t\t\t\t\t<\/span>\n\t\t\t\t\t\t\t\t\t\t<span class=\"elementor-icon-list-text\"><b>Naturabenteuer<\/b> \u2013 Wandern, Radfahren oder Segeln Sie durch \u00fcppige Parks und malerische Pfade<\/span>\n\t\t\t\t\t\t\t\t\t<\/li>\n\t\t\t\t\t\t\t\t<li class=\"elementor-icon-list-item\">\n\t\t\t\t\t\t\t\t\t\t\t<span class=\"elementor-icon-list-icon\">\n\t\t\t\t\t\t\t<i aria-hidden=\"true\" class=\"fas fa-check-circle\"><\/i>\t\t\t\t\t\t<\/span>\n\t\t\t\t\t\t\t\t\t\t<span class=\"elementor-icon-list-text\"><b>Erschwinglicher Luxus<\/b> \u2013 Premium-Aufenthalte zu geringeren Kosten als andere Hotspots im Mittelmeer.<\/span>\n\t\t\t\t\t\t\t\t\t<\/li>\n\t\t\t\t\t\t\t\t<li class=\"elementor-icon-list-item\">\n\t\t\t\t\t\t\t\t\t\t\t<span class=\"elementor-icon-list-icon\">\n\t\t\t\t\t\t\t<i aria-hidden=\"true\" class=\"fas fa-check-circle\"><\/i>\t\t\t\t\t\t<\/span>\n\t\t\t\t\t\t\t\t\t\t<span class=\"elementor-icon-list-text\"><b>Ganzj\u00e4hrige Sch\u00f6nheit<\/b> \u2013 Sonnige Sommer, gem\u00fctliche Winter \u2013 jede Jahreszeit hat ihren Zauber.<\/span>\n\t\t\t\t\t\t\t\t\t<\/li>\n\t\t\t\t\t\t<\/ul>\n\t\t\t\t\t\t<\/div>\n\t\t\t\t<\/div>\n\t\t\t\t<\/div>\n\t\t\t\t<\/div>\n\t\t\t\t\t<\/div>\n\t\t\t\t<\/div>\n\t\t<div class=\"elementor-element elementor-element-e8dcc47 e-flex e-con-boxed e-con e-parent\" data-id=\"e8dcc47\" data-element_type=\"container\" data-e-type=\"container\">\n\t\t\t\t\t<div class=\"e-con-inner\">\n\t\t<div class=\"elementor-element elementor-element-5c22aa2 e-flex e-con-boxed e-con e-child\" data-id=\"5c22aa2\" data-element_type=\"container\" data-e-type=\"container\">\n\t\t\t\t\t<div class=\"e-con-inner\">\n\t\t<div class=\"elementor-element elementor-element-fd8d6c9 e-con-full e-flex e-con e-child\" data-id=\"fd8d6c9\" data-element_type=\"container\" data-e-type=\"container\">\n\t\t\t\t<div class=\"elementor-element elementor-element-e6f81c8 elementor-widget elementor-widget-jkit_heading\" data-id=\"e6f81c8\" data-element_type=\"widget\" data-e-type=\"widget\" data-widget_type=\"jkit_heading.default\">\n\t\t\t\t<div class=\"elementor-widget-container\">\n\t\t\t\t\t<div  class=\"jeg-elementor-kit jkit-heading  align-left align-tablet- align-mobile- jeg_module__7_69f4cfeb6d5e6\" ><div class=\"heading-section-title  display-inline-block\"><h2 class=\"heading-title\">Ferienwohnungen in Kroatien <span class=\"style-color\"><span> mit Pool<\/span><\/span><\/h2><\/div><\/div>\t\t\t\t<\/div>\n\t\t\t\t<\/div>\n\t\t\t\t<\/div>\n\t\t\t\t\t<\/div>\n\t\t\t\t<\/div>\n\t\t<div class=\"elementor-element elementor-element-eeb44f8 e-flex e-con-boxed e-con e-child\" data-id=\"eeb44f8\" data-element_type=\"container\" data-e-type=\"container\">\n\t\t\t\t\t<div class=\"e-con-inner\">\n\t\t<div class=\"elementor-element elementor-element-a05c850 e-con-full e-flex e-con e-child\" data-id=\"a05c850\" data-element_type=\"container\" data-e-type=\"container\">\n\t\t\t\t<div class=\"elementor-element elementor-element-087b1b4 elementor-widget elementor-widget-grid\" data-id=\"087b1b4\" data-element_type=\"widget\" data-e-type=\"widget\" data-widget_type=\"grid.default\">\n\t\t\t\t<div class=\"elementor-widget-container\">\n\t\t\t\t\t\t\t<div class=\"its--row alojamientos-recomendados\">\n\n\t\t\t<div class=\"alojamientos-recomendados-container\">\n\n\t\t\t\t\t\n\t\t\t\t\t<a href=\"https:\/\/www.booking.solis-porec.com\/de\/vermietung\/ferienwohnung-visnjan-apartment-milena-visnjan-with-pool-221747.html\" rel=\"nofollow\" style=\"width: 23%;\">\n\t\t\t\t\t\t<div class=\"apartamento-box\">\n\t\t\t\t\t\t\t<div class=\"imagen_recomendados\">\n\t\t\t\t\t\t\t\t<img decoding=\"async\" src=\"https:\/\/crs.avantio.com\/fotos\/2\/15094599255a91300cbb9ede44054b8fc754010a15\/big16417745310692829ea3bf090e84783c4355b92c22.jpg\" alt=\"Ferienwohnung  Milena mit Pool in  Visnjan, Istrien\">\n\t\t\t\t\t\t\t<\/div>\n\t\t\t\t\t\t\t<div class=\"info\">\n\t\t\t\t\t\t\t\t<div class=\"ubicacion\">\n\t\t\t\t\t\t\t\t\t<i class=\"fa-solid fa-location-dot icono-mapa\"><\/i><span class=\"ubicacion-texto\">Vi\u0161njan - Vi\u0161njan (Visignano)<\/span>\n\t\t\t\t\t\t\t\t<\/div>\n\t\t\t\t\t\t\t\t<H4 class=\"titulo-alojamiento\">\n\t\t\t\t\t\t\t\t\tFerienwohnung  Milena mit Pool in  Visnjan, Istrien\t\t\t\t\t\t\t\t<\/H4>\n\t\t\t\t\t\t\t\t<p class=\"precio-alojamiento\">Aus <span class=\"precio\">75.00\u20ac<\/span> pro Nacht<\/p>\n\t\t\t\t\t\t\t<\/div>\n\t\t\t\t\t\t<\/div>\n\t\t\t\t\t<\/a> \n\t\t\t\t\t\t\n\t\t\t\t\t<a href=\"https:\/\/www.booking.solis-porec.com\/de\/vermietung\/ferienwohnung-porec-apartment-josipa-with-whirpool-in-porec-286340.html\" rel=\"nofollow\" style=\"width: 23%;\">\n\t\t\t\t\t\t<div class=\"apartamento-box\">\n\t\t\t\t\t\t\t<div class=\"imagen_recomendados\">\n\t\t\t\t\t\t\t\t<img decoding=\"async\" src=\"https:\/\/crs.avantio.com\/fotos\/2\/15566241101a3bceab2b79ffb335718b0ec6e56381\/big1654098701c237171a4d5df25956a34fc6a557fd08.jpg\" alt=\"Ferienwohnung Josipa mit Whirlpool im Freien, in Porec, Istria\">\n\t\t\t\t\t\t\t<\/div>\n\t\t\t\t\t\t\t<div class=\"info\">\n\t\t\t\t\t\t\t\t<div class=\"ubicacion\">\n\t\t\t\t\t\t\t\t\t<i class=\"fa-solid fa-location-dot icono-mapa\"><\/i><span class=\"ubicacion-texto\">Porec - Pore\u010d (Parenzo)<\/span>\n\t\t\t\t\t\t\t\t<\/div>\n\t\t\t\t\t\t\t\t<H4 class=\"titulo-alojamiento\">\n\t\t\t\t\t\t\t\t\tFerienwohnung Josipa mit Whirlpool im Freien, in Porec, Istria\t\t\t\t\t\t\t\t<\/H4>\n\t\t\t\t\t\t\t\t<p class=\"precio-alojamiento\">Aus <span class=\"precio\">165.00\u20ac<\/span> pro Nacht<\/p>\n\t\t\t\t\t\t\t<\/div>\n\t\t\t\t\t\t<\/div>\n\t\t\t\t\t<\/a> \n\t\t\t\t\t\t\n\t\t\t\t\t<a href=\"https:\/\/www.booking.solis-porec.com\/de\/vermietung\/ferienwohnung-kukci-apartment-monika-with-private-pool-in-porec-306905.html\" rel=\"nofollow\" style=\"width: 23%;\">\n\t\t\t\t\t\t<div class=\"apartamento-box\">\n\t\t\t\t\t\t\t<div class=\"imagen_recomendados\">\n\t\t\t\t\t\t\t\t<img decoding=\"async\" src=\"https:\/\/crs.avantio.com\/fotos\/2\/15792662435c9e1998b6b5847ecbcce6f90f4849a6\/big162498878199f7746ad1612e8eecafd1d35528a3ae.jpg\" alt=\"Apartment  Monika mit  Private Pool in Porec\">\n\t\t\t\t\t\t\t<\/div>\n\t\t\t\t\t\t\t<div class=\"info\">\n\t\t\t\t\t\t\t\t<div class=\"ubicacion\">\n\t\t\t\t\t\t\t\t\t<i class=\"fa-solid fa-location-dot icono-mapa\"><\/i><span class=\"ubicacion-texto\">Kukci - Pore\u010d (Parenzo)<\/span>\n\t\t\t\t\t\t\t\t<\/div>\n\t\t\t\t\t\t\t\t<H4 class=\"titulo-alojamiento\">\n\t\t\t\t\t\t\t\t\tApartment  Monika mit  Private Pool in Porec\t\t\t\t\t\t\t\t<\/H4>\n\t\t\t\t\t\t\t\t<p class=\"precio-alojamiento\">Aus <span class=\"precio\">135.00\u20ac<\/span> pro Nacht<\/p>\n\t\t\t\t\t\t\t<\/div>\n\t\t\t\t\t\t<\/div>\n\t\t\t\t\t<\/a> \n\t\t\t\t\t\t\n\t\t\t\t\t<a href=\"https:\/\/www.booking.solis-porec.com\/de\/vermietung\/ferienwohnung-kukci-apartment-vedran-with-heated-pool-in-porec-351870.html\" rel=\"nofollow\" style=\"width: 23%;\">\n\t\t\t\t\t\t<div class=\"apartamento-box\">\n\t\t\t\t\t\t\t<div class=\"imagen_recomendados\">\n\t\t\t\t\t\t\t\t<img decoding=\"async\" src=\"https:\/\/crs.avantio.com\/fotos\/2\/162377574481a09c3ca75187c9303defc90afdf970\/big16249904681df867cdef88cd2be6fec1e1f92acdab.jpg\" alt=\"Ferienwohnung  Vedran mit beheiztem Pool in Pore\u010d, Istrien\">\n\t\t\t\t\t\t\t<\/div>\n\t\t\t\t\t\t\t<div class=\"info\">\n\t\t\t\t\t\t\t\t<div class=\"ubicacion\">\n\t\t\t\t\t\t\t\t\t<i class=\"fa-solid fa-location-dot icono-mapa\"><\/i><span class=\"ubicacion-texto\">Kukci - Pore\u010d (Parenzo)<\/span>\n\t\t\t\t\t\t\t\t<\/div>\n\t\t\t\t\t\t\t\t<H4 class=\"titulo-alojamiento\">\n\t\t\t\t\t\t\t\t\tFerienwohnung  Vedran mit beheiztem Pool in Pore\u010d, Istrien\t\t\t\t\t\t\t\t<\/H4>\n\t\t\t\t\t\t\t\t<p class=\"precio-alojamiento\">Aus <span class=\"precio\">160.00\u20ac<\/span> pro Nacht<\/p>\n\t\t\t\t\t\t\t<\/div>\n\t\t\t\t\t\t<\/div>\n\t\t\t\t\t<\/a> \n\t\t\t\t\t\t\t\t<\/div>\n\t\t\t<\/div>\n\t\t\t\t\t\t<\/div>\n\t\t\t\t<\/div>\n\t\t\t\t<div class=\"elementor-element elementor-element-161be50 elementor-align-right elementor-widget elementor-widget-button\" data-id=\"161be50\" data-element_type=\"widget\" data-e-type=\"widget\" data-widget_type=\"button.default\">\n\t\t\t\t<div class=\"elementor-widget-container\">\n\t\t\t\t\t\t\t\t\t<div class=\"elementor-button-wrapper\">\n\t\t\t\t\t<a class=\"elementor-button elementor-button-link elementor-size-sm\" href=\"https:\/\/www.booking.solis-porec.com\/rentals\/rentals-croatia-p17\/tag-with-pool\/\">\n\t\t\t\t\t\t<span class=\"elementor-button-content-wrapper\">\n\t\t\t\t\t\t\t\t\t<span class=\"elementor-button-text\">Alle mit Pool<\/span>\n\t\t\t\t\t<\/span>\n\t\t\t\t\t<\/a>\n\t\t\t\t<\/div>\n\t\t\t\t\t\t\t\t<\/div>\n\t\t\t\t<\/div>\n\t\t\t\t<\/div>\n\t\t\t\t\t<\/div>\n\t\t\t\t<\/div>\n\t\t\t\t\t<\/div>\n\t\t\t\t<\/div>\n\t\t<div class=\"elementor-element elementor-element-c44aa8b e-flex e-con-boxed e-con e-parent\" data-id=\"c44aa8b\" data-element_type=\"container\" data-e-type=\"container\">\n\t\t\t\t\t<div class=\"e-con-inner\">\n\t\t<div class=\"elementor-element elementor-element-c557791 e-flex e-con-boxed e-con e-child\" data-id=\"c557791\" data-element_type=\"container\" data-e-type=\"container\">\n\t\t\t\t\t<div class=\"e-con-inner\">\n\t\t<div class=\"elementor-element elementor-element-a937cd5 e-con-full e-flex e-con e-child\" data-id=\"a937cd5\" data-element_type=\"container\" data-e-type=\"container\">\n\t\t\t\t<div class=\"elementor-element elementor-element-58e4f66 elementor-widget elementor-widget-jkit_heading\" data-id=\"58e4f66\" data-element_type=\"widget\" data-e-type=\"widget\" data-widget_type=\"jkit_heading.default\">\n\t\t\t\t<div class=\"elementor-widget-container\">\n\t\t\t\t\t<div  class=\"jeg-elementor-kit jkit-heading  align-left align-tablet- align-mobile- jeg_module__8_69f4cfebf1680\" ><div class=\"heading-section-title  display-inline-block\"><h2 class=\"heading-title\">Ferienwohnungen in Kroatien <span class=\"style-color\"><span> am Meer<\/span><\/span><\/h2><\/div><\/div>\t\t\t\t<\/div>\n\t\t\t\t<\/div>\n\t\t\t\t<\/div>\n\t\t\t\t\t<\/div>\n\t\t\t\t<\/div>\n\t\t<div class=\"elementor-element elementor-element-93b404c e-flex e-con-boxed e-con e-child\" data-id=\"93b404c\" data-element_type=\"container\" data-e-type=\"container\">\n\t\t\t\t\t<div class=\"e-con-inner\">\n\t\t<div class=\"elementor-element elementor-element-a11becd e-con-full e-flex e-con e-child\" data-id=\"a11becd\" data-element_type=\"container\" data-e-type=\"container\">\n\t\t\t\t<div class=\"elementor-element elementor-element-cf2d6bf elementor-widget elementor-widget-grid\" data-id=\"cf2d6bf\" data-element_type=\"widget\" data-e-type=\"widget\" data-widget_type=\"grid.default\">\n\t\t\t\t<div class=\"elementor-widget-container\">\n\t\t\t\t\t\t\t<div class=\"its--row alojamientos-recomendados\">\n\n\t\t\t<div class=\"alojamientos-recomendados-container\">\n\n\t\t\t\t\t\n\t\t\t\t\t<a href=\"https:\/\/www.booking.solis-porec.com\/de\/vermietung\/ferienwohnung-porec-apartment-filipin-in-porec-istria-220076.html\" rel=\"nofollow\" style=\"width: 23%;\">\n\t\t\t\t\t\t<div class=\"apartamento-box\">\n\t\t\t\t\t\t\t<div class=\"imagen_recomendados\">\n\t\t\t\t\t\t\t\t<img decoding=\"async\" src=\"https:\/\/crs.avantio.com\/fotos\/2\/1508235095c1759a14a51eccac2e4fface3649ca37\/big1508235101bf5652d88178d91233df2d3d74f1e52d.jpg\" alt=\"Ferienwohnung Filipin in Strandn\u00e4he in Porec, Istrien\">\n\t\t\t\t\t\t\t<\/div>\n\t\t\t\t\t\t\t<div class=\"info\">\n\t\t\t\t\t\t\t\t<div class=\"ubicacion\">\n\t\t\t\t\t\t\t\t\t<i class=\"fa-solid fa-location-dot icono-mapa\"><\/i><span class=\"ubicacion-texto\">Porec - Pore\u010d (Parenzo)<\/span>\n\t\t\t\t\t\t\t\t<\/div>\n\t\t\t\t\t\t\t\t<H4 class=\"titulo-alojamiento\">\n\t\t\t\t\t\t\t\t\tFerienwohnung Filipin in Strandn\u00e4he in Porec, Istrien\t\t\t\t\t\t\t\t<\/H4>\n\t\t\t\t\t\t\t\t<p class=\"precio-alojamiento\">Aus <span class=\"precio\">65.00\u20ac<\/span> pro Nacht<\/p>\n\t\t\t\t\t\t\t<\/div>\n\t\t\t\t\t\t<\/div>\n\t\t\t\t\t<\/a> \n\t\t\t\t\t\t\n\t\t\t\t\t<a href=\"https:\/\/www.booking.solis-porec.com\/de\/vermietung\/ferienwohnung-porec-deluxe-apartment-nina-by-the-sea-in-porec-istria-224557.html\" rel=\"nofollow\" style=\"width: 23%;\">\n\t\t\t\t\t\t<div class=\"apartamento-box\">\n\t\t\t\t\t\t\t<div class=\"imagen_recomendados\">\n\t\t\t\t\t\t\t\t<img decoding=\"async\" src=\"https:\/\/crs.avantio.com\/fotos\/2\/1511261058bf1f739ee1f3c18e8a85a482b69af420\/big168433656063555ec67dbe3cff0b054cc6501b6627.jpg\" alt=\"Ferienwohnung Nina im Zentrum von Pore\u010d, Istrien\">\n\t\t\t\t\t\t\t<\/div>\n\t\t\t\t\t\t\t<div class=\"info\">\n\t\t\t\t\t\t\t\t<div class=\"ubicacion\">\n\t\t\t\t\t\t\t\t\t<i class=\"fa-solid fa-location-dot icono-mapa\"><\/i><span class=\"ubicacion-texto\">Porec - Pore\u010d (Parenzo)<\/span>\n\t\t\t\t\t\t\t\t<\/div>\n\t\t\t\t\t\t\t\t<H4 class=\"titulo-alojamiento\">\n\t\t\t\t\t\t\t\t\tFerienwohnung Nina im Zentrum von Pore\u010d, Istrien\t\t\t\t\t\t\t\t<\/H4>\n\t\t\t\t\t\t\t\t<p class=\"precio-alojamiento\">Aus <span class=\"precio\">150.00\u20ac<\/span> pro Nacht<\/p>\n\t\t\t\t\t\t\t<\/div>\n\t\t\t\t\t\t<\/div>\n\t\t\t\t\t<\/a> \n\t\t\t\t\t\t\n\t\t\t\t\t<a href=\"https:\/\/www.booking.solis-porec.com\/de\/vermietung\/ferienwohnung-porec-premium-apartment-hari-i-224634.html\" rel=\"nofollow\" style=\"width: 23%;\">\n\t\t\t\t\t\t<div class=\"apartamento-box\">\n\t\t\t\t\t\t\t<div class=\"imagen_recomendados\">\n\t\t\t\t\t\t\t\t<img decoding=\"async\" src=\"https:\/\/crs.avantio.com\/fotos\/2\/15117883376b28f13ec8eb7f9e014c64c1f6647864\/big166567304570fb985052a6ae470e1bfcac8b3b858c.jpg\" alt=\"Ferienwohnung  Hari I mit Terrasse in Pore\u010d, Istrien\">\n\t\t\t\t\t\t\t<\/div>\n\t\t\t\t\t\t\t<div class=\"info\">\n\t\t\t\t\t\t\t\t<div class=\"ubicacion\">\n\t\t\t\t\t\t\t\t\t<i class=\"fa-solid fa-location-dot icono-mapa\"><\/i><span class=\"ubicacion-texto\">Porec - Pore\u010d (Parenzo)<\/span>\n\t\t\t\t\t\t\t\t<\/div>\n\t\t\t\t\t\t\t\t<H4 class=\"titulo-alojamiento\">\n\t\t\t\t\t\t\t\t\tFerienwohnung  Hari I mit Terrasse in Pore\u010d, Istrien\t\t\t\t\t\t\t\t<\/H4>\n\t\t\t\t\t\t\t\t<p class=\"precio-alojamiento\">Aus <span class=\"precio\">72.00\u20ac<\/span> pro Nacht<\/p>\n\t\t\t\t\t\t\t<\/div>\n\t\t\t\t\t\t<\/div>\n\t\t\t\t\t<\/a> \n\t\t\t\t\t\t\n\t\t\t\t\t<a href=\"https:\/\/www.booking.solis-porec.com\/de\/vermietung\/ferienwohnung-porec-apartment-inteuro-porec-224641.html\" rel=\"nofollow\" style=\"width: 23%;\">\n\t\t\t\t\t\t<div class=\"apartamento-box\">\n\t\t\t\t\t\t\t<div class=\"imagen_recomendados\">\n\t\t\t\t\t\t\t\t<img decoding=\"async\" src=\"https:\/\/crs.avantio.com\/fotos\/2\/151127553530ed37667fce0662a31d5bfbd3bb1417\/big1684839569b5815778a9c01865793a547433fb259b.jpg\" alt=\" Ferienwohnung in Pore\u010d, Istrien\">\n\t\t\t\t\t\t\t<\/div>\n\t\t\t\t\t\t\t<div class=\"info\">\n\t\t\t\t\t\t\t\t<div class=\"ubicacion\">\n\t\t\t\t\t\t\t\t\t<i class=\"fa-solid fa-location-dot icono-mapa\"><\/i><span class=\"ubicacion-texto\">Porec - Pore\u010d (Parenzo)<\/span>\n\t\t\t\t\t\t\t\t<\/div>\n\t\t\t\t\t\t\t\t<H4 class=\"titulo-alojamiento\">\n\t\t\t\t\t\t\t\t\t Ferienwohnung in Pore\u010d, Istrien\t\t\t\t\t\t\t\t<\/H4>\n\t\t\t\t\t\t\t\t<p class=\"precio-alojamiento\">Aus <span class=\"precio\">200.00\u20ac<\/span> pro Nacht<\/p>\n\t\t\t\t\t\t\t<\/div>\n\t\t\t\t\t\t<\/div>\n\t\t\t\t\t<\/a> \n\t\t\t\t\t\t\t\t<\/div>\n\t\t\t<\/div>\n\t\t\t\t\t\t<\/div>\n\t\t\t\t<\/div>\n\t\t\t\t<div class=\"elementor-element elementor-element-829f7dd elementor-align-right elementor-widget elementor-widget-button\" data-id=\"829f7dd\" data-element_type=\"widget\" data-e-type=\"widget\" data-widget_type=\"button.default\">\n\t\t\t\t<div class=\"elementor-widget-container\">\n\t\t\t\t\t\t\t\t\t<div class=\"elementor-button-wrapper\">\n\t\t\t\t\t<a class=\"elementor-button elementor-button-link elementor-size-sm\" href=\"https:\/\/www.booking.solis-porec.com\/de\/vermietung\/vermietungen-kroatien-p17\/tag-am-meer\/\">\n\t\t\t\t\t\t<span class=\"elementor-button-content-wrapper\">\n\t\t\t\t\t\t\t\t\t<span class=\"elementor-button-text\">Alle mit Meerblick anzeigen<\/span>\n\t\t\t\t\t<\/span>\n\t\t\t\t\t<\/a>\n\t\t\t\t<\/div>\n\t\t\t\t\t\t\t\t<\/div>\n\t\t\t\t<\/div>\n\t\t\t\t<\/div>\n\t\t\t\t\t<\/div>\n\t\t\t\t<\/div>\n\t\t\t\t\t<\/div>\n\t\t\t\t<\/div>\n\t\t<div class=\"elementor-element elementor-element-0c145d9 e-flex e-con-boxed e-con e-parent\" data-id=\"0c145d9\" data-element_type=\"container\" data-e-type=\"container\">\n\t\t\t\t\t<div class=\"e-con-inner\">\n\t\t<div class=\"elementor-element elementor-element-b1332b6 e-flex e-con-boxed e-con e-child\" data-id=\"b1332b6\" data-element_type=\"container\" data-e-type=\"container\">\n\t\t\t\t\t<div class=\"e-con-inner\">\n\t\t<div class=\"elementor-element elementor-element-acec042 e-con-full e-flex e-con e-child\" data-id=\"acec042\" data-element_type=\"container\" data-e-type=\"container\">\n\t\t\t\t<div class=\"elementor-element elementor-element-3f9e464 elementor-widget elementor-widget-jkit_heading\" data-id=\"3f9e464\" data-element_type=\"widget\" data-e-type=\"widget\" data-widget_type=\"jkit_heading.default\">\n\t\t\t\t<div class=\"elementor-widget-container\">\n\t\t\t\t\t<div  class=\"jeg-elementor-kit jkit-heading  align-left align-tablet- align-mobile- jeg_module__9_69f4cfec94764\" ><div class=\"heading-section-title  display-inline-block\"><h2 class=\"heading-title\"><span class=\"style-color\"><span>Familien- <\/span><\/span> Ferienwohnungen in Kroatien<\/h2><\/div><\/div>\t\t\t\t<\/div>\n\t\t\t\t<\/div>\n\t\t\t\t<\/div>\n\t\t\t\t\t<\/div>\n\t\t\t\t<\/div>\n\t\t<div class=\"elementor-element elementor-element-f4ddbcc e-flex e-con-boxed e-con e-child\" data-id=\"f4ddbcc\" data-element_type=\"container\" data-e-type=\"container\">\n\t\t\t\t\t<div class=\"e-con-inner\">\n\t\t<div class=\"elementor-element elementor-element-0481bd9 e-con-full e-flex e-con e-child\" data-id=\"0481bd9\" data-element_type=\"container\" data-e-type=\"container\">\n\t\t\t\t<div class=\"elementor-element elementor-element-a5bcc4a elementor-widget elementor-widget-grid\" data-id=\"a5bcc4a\" data-element_type=\"widget\" data-e-type=\"widget\" data-widget_type=\"grid.default\">\n\t\t\t\t<div class=\"elementor-widget-container\">\n\t\t\t\t\t\t\t<div class=\"its--row alojamientos-recomendados\">\n\n\t\t\t<div class=\"alojamientos-recomendados-container\">\n\n\t\t\t\t\t\n\t\t\t\t\t<a href=\"https:\/\/www.booking.solis-porec.com\/de\/vermietung\/ferienwohnung-porec-premium-apartment-hari-i-224634.html\" rel=\"nofollow\" style=\"width: 23%;\">\n\t\t\t\t\t\t<div class=\"apartamento-box\">\n\t\t\t\t\t\t\t<div class=\"imagen_recomendados\">\n\t\t\t\t\t\t\t\t<img decoding=\"async\" src=\"https:\/\/crs.avantio.com\/fotos\/2\/15117883376b28f13ec8eb7f9e014c64c1f6647864\/big166567304570fb985052a6ae470e1bfcac8b3b858c.jpg\" alt=\"Ferienwohnung  Hari I mit Terrasse in Pore\u010d, Istrien\">\n\t\t\t\t\t\t\t<\/div>\n\t\t\t\t\t\t\t<div class=\"info\">\n\t\t\t\t\t\t\t\t<div class=\"ubicacion\">\n\t\t\t\t\t\t\t\t\t<i class=\"fa-solid fa-location-dot icono-mapa\"><\/i><span class=\"ubicacion-texto\">Porec - Pore\u010d (Parenzo)<\/span>\n\t\t\t\t\t\t\t\t<\/div>\n\t\t\t\t\t\t\t\t<H4 class=\"titulo-alojamiento\">\n\t\t\t\t\t\t\t\t\tFerienwohnung  Hari I mit Terrasse in Pore\u010d, Istrien\t\t\t\t\t\t\t\t<\/H4>\n\t\t\t\t\t\t\t\t<p class=\"precio-alojamiento\">Aus <span class=\"precio\">72.00\u20ac<\/span> pro Nacht<\/p>\n\t\t\t\t\t\t\t<\/div>\n\t\t\t\t\t\t<\/div>\n\t\t\t\t\t<\/a> \n\t\t\t\t\t\t\n\t\t\t\t\t<a href=\"https:\/\/www.booking.solis-porec.com\/de\/vermietung\/ferienwohnung-porec-premium-apartment-hari-ii-224750.html\" rel=\"nofollow\" style=\"width: 23%;\">\n\t\t\t\t\t\t<div class=\"apartamento-box\">\n\t\t\t\t\t\t\t<div class=\"imagen_recomendados\">\n\t\t\t\t\t\t\t\t<img decoding=\"async\" src=\"https:\/\/crs.avantio.com\/fotos\/2\/15113457871b0e8f2d35e626756b5fee8b44ee30d3\/big1665675200ca93f76cc16cf8bea84282a8182dd905.jpg\" alt=\"Ferienwohnung  Hari II mit Terrasse in Pore\u010d, Istrien\">\n\t\t\t\t\t\t\t<\/div>\n\t\t\t\t\t\t\t<div class=\"info\">\n\t\t\t\t\t\t\t\t<div class=\"ubicacion\">\n\t\t\t\t\t\t\t\t\t<i class=\"fa-solid fa-location-dot icono-mapa\"><\/i><span class=\"ubicacion-texto\">Porec - Pore\u010d (Parenzo)<\/span>\n\t\t\t\t\t\t\t\t<\/div>\n\t\t\t\t\t\t\t\t<H4 class=\"titulo-alojamiento\">\n\t\t\t\t\t\t\t\t\tFerienwohnung  Hari II mit Terrasse in Pore\u010d, Istrien\t\t\t\t\t\t\t\t<\/H4>\n\t\t\t\t\t\t\t\t<p class=\"precio-alojamiento\">Aus <span class=\"precio\">80.00\u20ac<\/span> pro Nacht<\/p>\n\t\t\t\t\t\t\t<\/div>\n\t\t\t\t\t\t<\/div>\n\t\t\t\t\t<\/a> \n\t\t\t\t\t\t\n\t\t\t\t\t<a href=\"https:\/\/www.booking.solis-porec.com\/de\/vermietung\/ferienwohnung-porec-premium-apartment-peschiera-porec-247445.html\" rel=\"nofollow\" style=\"width: 23%;\">\n\t\t\t\t\t\t<div class=\"apartamento-box\">\n\t\t\t\t\t\t\t<div class=\"imagen_recomendados\">\n\t\t\t\t\t\t\t\t<img decoding=\"async\" src=\"https:\/\/crs.avantio.com\/fotos\/2\/152777401514219c9dbe059dbfbf40f7043a70300a\/big16493428683fd55d682408ce3da91a0128b494d855.jpg\" alt=\"Ferienwohnung  Peschiera mit Balkon in Pore\u010d\">\n\t\t\t\t\t\t\t<\/div>\n\t\t\t\t\t\t\t<div class=\"info\">\n\t\t\t\t\t\t\t\t<div class=\"ubicacion\">\n\t\t\t\t\t\t\t\t\t<i class=\"fa-solid fa-location-dot icono-mapa\"><\/i><span class=\"ubicacion-texto\">Porec - Pore\u010d (Parenzo)<\/span>\n\t\t\t\t\t\t\t\t<\/div>\n\t\t\t\t\t\t\t\t<H4 class=\"titulo-alojamiento\">\n\t\t\t\t\t\t\t\t\tFerienwohnung  Peschiera mit Balkon in Pore\u010d\t\t\t\t\t\t\t\t<\/H4>\n\t\t\t\t\t\t\t\t<p class=\"precio-alojamiento\">Aus <span class=\"precio\">85.00\u20ac<\/span> pro Nacht<\/p>\n\t\t\t\t\t\t\t<\/div>\n\t\t\t\t\t\t<\/div>\n\t\t\t\t\t<\/a> \n\t\t\t\t\t\t\n\t\t\t\t\t<a href=\"https:\/\/www.booking.solis-porec.com\/de\/vermietung\/ferienwohnung-porec-apartment-josipa-with-whirpool-in-porec-286340.html\" rel=\"nofollow\" style=\"width: 23%;\">\n\t\t\t\t\t\t<div class=\"apartamento-box\">\n\t\t\t\t\t\t\t<div class=\"imagen_recomendados\">\n\t\t\t\t\t\t\t\t<img decoding=\"async\" src=\"https:\/\/crs.avantio.com\/fotos\/2\/15566241101a3bceab2b79ffb335718b0ec6e56381\/big1654098701c237171a4d5df25956a34fc6a557fd08.jpg\" alt=\"Ferienwohnung Josipa mit Whirlpool im Freien, in Porec, Istria\">\n\t\t\t\t\t\t\t<\/div>\n\t\t\t\t\t\t\t<div class=\"info\">\n\t\t\t\t\t\t\t\t<div class=\"ubicacion\">\n\t\t\t\t\t\t\t\t\t<i class=\"fa-solid fa-location-dot icono-mapa\"><\/i><span class=\"ubicacion-texto\">Porec - Pore\u010d (Parenzo)<\/span>\n\t\t\t\t\t\t\t\t<\/div>\n\t\t\t\t\t\t\t\t<H4 class=\"titulo-alojamiento\">\n\t\t\t\t\t\t\t\t\tFerienwohnung Josipa mit Whirlpool im Freien, in Porec, Istria\t\t\t\t\t\t\t\t<\/H4>\n\t\t\t\t\t\t\t\t<p class=\"precio-alojamiento\">Aus <span class=\"precio\">165.00\u20ac<\/span> pro Nacht<\/p>\n\t\t\t\t\t\t\t<\/div>\n\t\t\t\t\t\t<\/div>\n\t\t\t\t\t<\/a> \n\t\t\t\t\t\t\t\t<\/div>\n\t\t\t<\/div>\n\t\t\t\t\t\t<\/div>\n\t\t\t\t<\/div>\n\t\t\t\t<div class=\"elementor-element elementor-element-f3d44ea elementor-align-right elementor-widget elementor-widget-button\" data-id=\"f3d44ea\" data-element_type=\"widget\" data-e-type=\"widget\" data-widget_type=\"button.default\">\n\t\t\t\t<div class=\"elementor-widget-container\">\n\t\t\t\t\t\t\t\t\t<div class=\"elementor-button-wrapper\">\n\t\t\t\t\t<a class=\"elementor-button elementor-button-link elementor-size-sm\" href=\"https:\/\/www.booking.solis-porec.com\/de\/vermietung\/vermietungen-kroatien-p17\/tag-family\/\">\n\t\t\t\t\t\t<span class=\"elementor-button-content-wrapper\">\n\t\t\t\t\t\t\t\t\t<span class=\"elementor-button-text\">Alle Familienwohnungen ansehen<\/span>\n\t\t\t\t\t<\/span>\n\t\t\t\t\t<\/a>\n\t\t\t\t<\/div>\n\t\t\t\t\t\t\t\t<\/div>\n\t\t\t\t<\/div>\n\t\t\t\t<\/div>\n\t\t\t\t\t<\/div>\n\t\t\t\t<\/div>\n\t\t\t\t\t<\/div>\n\t\t\t\t<\/div>\n\t\t<div class=\"elementor-element elementor-element-21353f7 e-flex e-con-boxed e-con e-parent\" data-id=\"21353f7\" data-element_type=\"container\" data-e-type=\"container\">\n\t\t\t\t\t<div class=\"e-con-inner\">\n\t\t\t\t<div class=\"elementor-element elementor-element-b703ba3 elementor-widget elementor-widget-template\" data-id=\"b703ba3\" data-element_type=\"widget\" data-e-type=\"widget\" data-widget_type=\"template.default\">\n\t\t\t\t<div class=\"elementor-widget-container\">\n\t\t\t\t\t\t\t<div class=\"elementor-template\">\n\t\t\t\t\t<div data-elementor-type=\"container\" data-elementor-id=\"4416\" class=\"elementor elementor-4416\" data-elementor-post-type=\"elementor_library\">\n\t\t\t\t<div class=\"elementor-element elementor-element-26b5e203 e-flex e-con-boxed e-con e-parent\" data-id=\"26b5e203\" data-element_type=\"container\" data-e-type=\"container\">\n\t\t\t\t\t<div class=\"e-con-inner\">\n\t\t<div class=\"elementor-element elementor-element-8dacb13 e-flex e-con-boxed e-con e-child\" data-id=\"8dacb13\" data-element_type=\"container\" data-e-type=\"container\">\n\t\t\t\t\t<div class=\"e-con-inner\">\n\t\t\t\t<div class=\"elementor-element elementor-element-69c74f00 elementor-widget elementor-widget-jkit_heading\" data-id=\"69c74f00\" data-element_type=\"widget\" data-e-type=\"widget\" data-widget_type=\"jkit_heading.default\">\n\t\t\t\t<div class=\"elementor-widget-container\">\n\t\t\t\t\t<div  class=\"jeg-elementor-kit jkit-heading  align-left align-tablet- align-mobile- jeg_module__10_69f4cfed65d78\" ><div class=\"heading-section-title  display-inline-block\"><h2 class=\"heading-title\">Wesentliche <span class=\"style-color\"><span>Merkmale<\/span><\/span> die ich w\u00fcnsche<\/h2><\/div><\/div>\t\t\t\t<\/div>\n\t\t\t\t<\/div>\n\t\t\t\t<div class=\"elementor-element elementor-element-5d8687b0 elementor-widget elementor-widget-text-editor\" data-id=\"5d8687b0\" data-element_type=\"widget\" data-e-type=\"widget\" data-widget_type=\"text-editor.default\">\n\t\t\t\t<div class=\"elementor-widget-container\">\n\t\t\t\t\t\t\t\t\t<p>Ausstattung, die auf Sie zugeschnitten ist. Auf welche k\u00f6nnen Sie nicht verzichten? Finden Sie Ihren perfekten gefilterten Aufenthalt!  <\/p>\t\t\t\t\t\t\t\t<\/div>\n\t\t\t\t<\/div>\n\t\t\t\t\t<\/div>\n\t\t\t\t<\/div>\n\t\t<div class=\"elementor-element elementor-element-74e1d259 e-flex e-con-boxed e-con e-child\" data-id=\"74e1d259\" data-element_type=\"container\" data-e-type=\"container\">\n\t\t\t\t\t<div class=\"e-con-inner\">\n\t\t<div class=\"elementor-element elementor-element-6c5de618 e-con-full e-flex e-con e-child\" data-id=\"6c5de618\" data-element_type=\"container\" data-e-type=\"container\">\n\t\t<div class=\"elementor-element elementor-element-26575f8e e-con-full e-flex e-con e-child\" data-id=\"26575f8e\" data-element_type=\"container\" data-e-type=\"container\">\n\t\t\t\t<div class=\"elementor-element elementor-element-4df83595 jkit-equal-height-disable elementor-widget elementor-widget-jkit_icon_box\" data-id=\"4df83595\" data-element_type=\"widget\" data-e-type=\"widget\" data-widget_type=\"jkit_icon_box.default\">\n\t\t\t\t<div class=\"elementor-widget-container\">\n\t\t\t\t\t<div  class=\"jeg-elementor-kit jkit-icon-box icon-position-top elementor-animation- jeg_module__11_69f4cfed6762d\" ><a href=\"https:\/\/www.booking.solis-porec.com\/de\/vermietung\/vermietungen-istrien-r283\/internet\/\" class=\"icon-box-link\" aria-label=\"Learn More\"><div class=\"jkit-icon-box-wrapper hover-from-left\"><div class=\"icon-box icon-box-header elementor-animation-\"><div class=\"icon style-color\"><i aria-hidden=\"true\" class=\"jki jki-wifi-solid\"><\/i><\/div><\/div><div class=\"icon-box icon-box-body\">\n                <h2 class=\"title\">Wifi<\/h2>\n            <\/div>\n            \n            <\/div><\/a><\/div>\t\t\t\t<\/div>\n\t\t\t\t<\/div>\n\t\t\t\t<\/div>\n\t\t<div class=\"elementor-element elementor-element-5b10d25a e-con-full e-flex e-con e-child\" data-id=\"5b10d25a\" data-element_type=\"container\" data-e-type=\"container\">\n\t\t\t\t<div class=\"elementor-element elementor-element-13805ee9 jkit-equal-height-disable elementor-widget elementor-widget-jkit_icon_box\" data-id=\"13805ee9\" data-element_type=\"widget\" data-e-type=\"widget\" data-widget_type=\"jkit_icon_box.default\">\n\t\t\t\t<div class=\"elementor-widget-container\">\n\t\t\t\t\t<div  class=\"jeg-elementor-kit jkit-icon-box icon-position-top elementor-animation- jeg_module__12_69f4cfed68759\" ><a href=\"https:\/\/www.booking.solis-porec.com\/de\/vermietung\/vermietungen-istrien-r283\/parkplatz\/\" class=\"icon-box-link\" aria-label=\"Learn More\"><div class=\"jkit-icon-box-wrapper hover-from-left\"><div class=\"icon-box icon-box-header elementor-animation-\"><div class=\"icon style-color\"><i aria-hidden=\"true\" class=\"jki jki-parking-solid\"><\/i><\/div><\/div><div class=\"icon-box icon-box-body\">\n                <h2 class=\"title\">Parking<\/h2>\n            <\/div>\n            \n            <\/div><\/a><\/div>\t\t\t\t<\/div>\n\t\t\t\t<\/div>\n\t\t\t\t<\/div>\n\t\t<div class=\"elementor-element elementor-element-ea9b375 e-con-full e-flex e-con e-child\" data-id=\"ea9b375\" data-element_type=\"container\" data-e-type=\"container\">\n\t\t\t\t<div class=\"elementor-element elementor-element-35134c4d jkit-equal-height-disable elementor-widget elementor-widget-jkit_icon_box\" data-id=\"35134c4d\" data-element_type=\"widget\" data-e-type=\"widget\" data-widget_type=\"jkit_icon_box.default\">\n\t\t\t\t<div class=\"elementor-widget-container\">\n\t\t\t\t\t<div  class=\"jeg-elementor-kit jkit-icon-box icon-position-top elementor-animation- jeg_module__13_69f4cfed6982c\" ><a href=\"https:\/\/www.booking.solis-porec.com\/de\/vermietung\/vermietungen-istrien-r283\/klimaanlage\/\" class=\"icon-box-link\" aria-label=\"Learn More\"><div class=\"jkit-icon-box-wrapper hover-from-left\"><div class=\"icon-box icon-box-header elementor-animation-\"><div class=\"icon style-color\"><i aria-hidden=\"true\" class=\"jki jki-refresh-ccw-line\"><\/i><\/div><\/div><div class=\"icon-box icon-box-body\">\n                <h2 class=\"title\">A\/C<\/h2>\n            <\/div>\n            \n            <\/div><\/a><\/div>\t\t\t\t<\/div>\n\t\t\t\t<\/div>\n\t\t\t\t<\/div>\n\t\t<div class=\"elementor-element elementor-element-2a51dbcd e-con-full e-flex e-con e-child\" data-id=\"2a51dbcd\" data-element_type=\"container\" data-e-type=\"container\">\n\t\t\t\t<div class=\"elementor-element elementor-element-396ddd0b jkit-equal-height-disable elementor-widget elementor-widget-jkit_icon_box\" data-id=\"396ddd0b\" data-element_type=\"widget\" data-e-type=\"widget\" data-widget_type=\"jkit_icon_box.default\">\n\t\t\t\t<div class=\"elementor-widget-container\">\n\t\t\t\t\t<div  class=\"jeg-elementor-kit jkit-icon-box icon-position-top elementor-animation- jeg_module__14_69f4cfed6a909\" ><a href=\"https:\/\/www.booking.solis-porec.com\/de\/vermietung\/vermietungen-istrien-r283\/tag-mit-pool\/\" class=\"icon-box-link\" aria-label=\"Learn More\"><div class=\"jkit-icon-box-wrapper hover-from-left\"><div class=\"icon-box icon-box-header elementor-animation-\"><div class=\"icon style-color\"><i aria-hidden=\"true\" class=\"jki jki-swimming-pool-solid\"><\/i><\/div><\/div><div class=\"icon-box icon-box-body\">\n                <h2 class=\"title\">Pool<\/h2>\n            <\/div>\n            \n            <\/div><\/a><\/div>\t\t\t\t<\/div>\n\t\t\t\t<\/div>\n\t\t\t\t<\/div>\n\t\t\t\t<\/div>\n\t\t<div class=\"elementor-element elementor-element-409cf1ff e-con-full e-flex e-con e-child\" data-id=\"409cf1ff\" data-element_type=\"container\" data-e-type=\"container\">\n\t\t<div class=\"elementor-element elementor-element-e9e66db e-con-full e-flex e-con e-child\" data-id=\"e9e66db\" data-element_type=\"container\" data-e-type=\"container\">\n\t\t\t\t<div class=\"elementor-element elementor-element-cb27a95 jkit-equal-height-disable elementor-widget elementor-widget-jkit_icon_box\" data-id=\"cb27a95\" data-element_type=\"widget\" data-e-type=\"widget\" data-widget_type=\"jkit_icon_box.default\">\n\t\t\t\t<div class=\"elementor-widget-container\">\n\t\t\t\t\t<div  class=\"jeg-elementor-kit jkit-icon-box icon-position-top elementor-animation- jeg_module__15_69f4cfed6b9eb\" ><a href=\"https:\/\/www.booking.solis-porec.com\/de\/vermietung\/vermietungen-istrien-r283\/tv\/\" class=\"icon-box-link\" aria-label=\"Learn More\"><div class=\"jkit-icon-box-wrapper hover-from-left\"><div class=\"icon-box icon-box-header elementor-animation-\"><div class=\"icon style-color\"><i aria-hidden=\"true\" class=\"jki jki-tv-solid\"><\/i><\/div><\/div><div class=\"icon-box icon-box-body\">\n                <h2 class=\"title\">Tv<\/h2>\n            <\/div>\n            \n            <\/div><\/a><\/div>\t\t\t\t<\/div>\n\t\t\t\t<\/div>\n\t\t\t\t<\/div>\n\t\t<div class=\"elementor-element elementor-element-8454b3a e-con-full e-flex e-con e-child\" data-id=\"8454b3a\" data-element_type=\"container\" data-e-type=\"container\">\n\t\t\t\t<div class=\"elementor-element elementor-element-6c29c684 jkit-equal-height-disable elementor-widget elementor-widget-jkit_icon_box\" data-id=\"6c29c684\" data-element_type=\"widget\" data-e-type=\"widget\" data-widget_type=\"jkit_icon_box.default\">\n\t\t\t\t<div class=\"elementor-widget-container\">\n\t\t\t\t\t<div  class=\"jeg-elementor-kit jkit-icon-box icon-position-top elementor-animation- jeg_module__16_69f4cfed6cb36\" ><a href=\"https:\/\/www.booking.solis-porec.com\/de\/vermietung\/vermietungen-istrien-r283\/tag-haustierfreundlich\/\" class=\"icon-box-link\" aria-label=\"Learn More\"><div class=\"jkit-icon-box-wrapper hover-from-left\"><div class=\"icon-box icon-box-header elementor-animation-\"><div class=\"icon style-color\"><i aria-hidden=\"true\" class=\"jki jki-cat-solid\"><\/i><\/div><\/div><div class=\"icon-box icon-box-body\">\n                <h2 class=\"title\">Pets<\/h2>\n            <\/div>\n            \n            <\/div><\/a><\/div>\t\t\t\t<\/div>\n\t\t\t\t<\/div>\n\t\t\t\t<\/div>\n\t\t<div class=\"elementor-element elementor-element-79c52d5f e-con-full e-flex e-con e-child\" data-id=\"79c52d5f\" data-element_type=\"container\" data-e-type=\"container\">\n\t\t\t\t<div class=\"elementor-element elementor-element-10ff0777 jkit-equal-height-disable elementor-widget elementor-widget-jkit_icon_box\" data-id=\"10ff0777\" data-element_type=\"widget\" data-e-type=\"widget\" data-widget_type=\"jkit_icon_box.default\">\n\t\t\t\t<div class=\"elementor-widget-container\">\n\t\t\t\t\t<div  class=\"jeg-elementor-kit jkit-icon-box icon-position-top elementor-animation- jeg_module__17_69f4cfed6dc55\" ><a href=\"https:\/\/www.booking.solis-porec.com\/de\/vermietung\/vermietungen-istrien-r283\/\" class=\"icon-box-link\" aria-label=\"Learn More\"><div class=\"jkit-icon-box-wrapper hover-from-left\"><div class=\"icon-box icon-box-header elementor-animation-\"><div class=\"icon style-color\"><i aria-hidden=\"true\" class=\"jki jki-wheelchair-solid\"><\/i><\/div><\/div><div class=\"icon-box icon-box-body\">\n                <h2 class=\"title\">A11y<\/h2>\n            <\/div>\n            \n            <\/div><\/a><\/div>\t\t\t\t<\/div>\n\t\t\t\t<\/div>\n\t\t\t\t<\/div>\n\t\t<div class=\"elementor-element elementor-element-62970d20 e-con-full e-flex e-con e-child\" data-id=\"62970d20\" data-element_type=\"container\" data-e-type=\"container\">\n\t\t\t\t<div class=\"elementor-element elementor-element-30d790c9 jkit-equal-height-disable elementor-widget elementor-widget-jkit_icon_box\" data-id=\"30d790c9\" data-element_type=\"widget\" data-e-type=\"widget\" data-widget_type=\"jkit_icon_box.default\">\n\t\t\t\t<div class=\"elementor-widget-container\">\n\t\t\t\t\t<div  class=\"jeg-elementor-kit jkit-icon-box icon-position-top elementor-animation- jeg_module__18_69f4cfed6ed3e\" ><a href=\"https:\/\/www.booking.solis-porec.com\/de\/vermietung\/vermietungen-istrien-r283\/grill\/\" class=\"icon-box-link\" aria-label=\"Learn More\"><div class=\"jkit-icon-box-wrapper hover-from-left\"><div class=\"icon-box icon-box-header elementor-animation-\"><div class=\"icon style-color\"><i aria-hidden=\"true\" class=\"jki jki-fire-alt-solid\"><\/i><\/div><\/div><div class=\"icon-box icon-box-body\">\n                <h2 class=\"title\">Bbq<\/h2>\n            <\/div>\n            \n            <\/div><\/a><\/div>\t\t\t\t<\/div>\n\t\t\t\t<\/div>\n\t\t\t\t<\/div>\n\t\t\t\t<\/div>\n\t\t\t\t\t<\/div>\n\t\t\t\t<\/div>\n\t\t\t\t\t<\/div>\n\t\t\t\t<\/div>\n\t\t\t\t<\/div>\n\t\t\t\t<\/div>\n\t\t\t\t\t\t<\/div>\n\t\t\t\t<\/div>\n\t\t\t\t\t<\/div>\n\t\t\t\t<\/div>\n\t\t<div class=\"elementor-element elementor-element-3367e241 e-flex e-con-boxed e-con e-parent\" data-id=\"3367e241\" data-element_type=\"container\" data-e-type=\"container\">\n\t\t\t\t\t<div class=\"e-con-inner\">\n\t\t<div class=\"elementor-element elementor-element-61d78866 e-flex e-con-boxed e-con e-child\" data-id=\"61d78866\" data-element_type=\"container\" data-e-type=\"container\">\n\t\t\t\t\t<div class=\"e-con-inner\">\n\t\t\t\t<div class=\"elementor-element elementor-element-540ad1d elementor-widget elementor-widget-jkit_heading\" data-id=\"540ad1d\" data-element_type=\"widget\" data-e-type=\"widget\" data-widget_type=\"jkit_heading.default\">\n\t\t\t\t<div class=\"elementor-widget-container\">\n\t\t\t\t\t<div  class=\"jeg-elementor-kit jkit-heading  align-left align-tablet- align-mobile- jeg_module__19_69f4cfed7043b\" ><div class=\"heading-section-title  display-inline-block\"><h2 class=\"heading-title\">\u00dcber <span class=\"style-color\"><span> Kroatien <\/span><\/span> als Reiseziel<\/h2><\/div><\/div>\t\t\t\t<\/div>\n\t\t\t\t<\/div>\n\t\t\t\t<div class=\"elementor-element elementor-element-5cbd3ea elementor-widget elementor-widget-text-editor\" data-id=\"5cbd3ea\" data-element_type=\"widget\" data-e-type=\"widget\" data-widget_type=\"text-editor.default\">\n\t\t\t\t<div class=\"elementor-widget-container\">\n\t\t\t\t\t\t\t\t\t<p>enth\u00e4lt wichtige Details, die Sie vor Ihrem Kroatienbesuch wissen m\u00fcssen<\/p>\t\t\t\t\t\t\t\t<\/div>\n\t\t\t\t<\/div>\n\t\t\t\t\t<\/div>\n\t\t\t\t<\/div>\n\t\t<div class=\"elementor-element elementor-element-79d3792a e-flex e-con-boxed e-con e-child\" data-id=\"79d3792a\" data-element_type=\"container\" data-e-type=\"container\">\n\t\t\t\t\t<div class=\"e-con-inner\">\n\t\t\t\t<div class=\"elementor-element elementor-element-c3cdce4 elementor-hidden-tablet elementor-hidden-mobile elementor-widget elementor-widget-jkit_tabs\" data-id=\"c3cdce4\" data-element_type=\"widget\" data-e-type=\"widget\" data-widget_type=\"jkit_tabs.default\">\n\t\t\t\t<div class=\"elementor-widget-container\">\n\t\t\t\t\t<div  class=\"jeg-elementor-kit jkit-tabs layout-vertical jeg_module__20_69f4cfed7ba72\" ><div class=\"tab-navigation\"><ul class=\"tab-nav-list   \" data-toggle=\"yes\"><li class=\"tab-nav active toggle-tab\" data-tab=\"tab-24ab2a9\"><span class=\"tab-title\">Geschichte<\/span><div class=\"tab-content\"><div class=\"tab-description\"><p data-start=\"0\" data-end=\"371\"><span style=\"color: #000000;\">Kroatien ist ein faszinierendes Mosaik aus <strong data-start=\"43\" data-end=\"61\">r\u00f6mischem Erbe<\/strong>, <strong data-start=\"63\" data-end=\"90\">venezianischem Einfluss<\/strong> und <strong data-start=\"95\" data-end=\"123\">mittelalterlichem Charme<\/strong>. In St\u00e4dten wie Split und Dubrovnik stehen antike Mauern und pr\u00e4chtige Pal\u00e4ste als lebendige Zeugnisse einer glanzvollen Vergangenheit, w\u00e4hrend K\u00fcstenst\u00e4dte wie Rovinj oder Kor\u010dula mit ihren engen Gassen und ihrer zeitlosen Sch\u00f6nheit verzaubern.<\/span><\/p><p data-start=\"373\" data-end=\"756\" data-is-last-node=\"\" data-is-only-node=\"\"><span style=\"color: #000000;\">In den H\u00fcgeln und auf den Inseln bewahren steinerne D\u00f6rfer jahrhundertealte Traditionen des <strong data-start=\"465\" data-end=\"477\">Weinbaus<\/strong>, der <strong data-start=\"483\" data-end=\"499\">Olivenkultur<\/strong> und der <strong data-start=\"508\" data-end=\"523\">Gastronomie<\/strong>. Von der r\u00f6mischen Pracht des <strong data-start=\"554\" data-end=\"580\">Amphitheaters von Pula<\/strong> bis zur renaissancezeitlichen Eleganz des <strong data-start=\"623\" data-end=\"642\">Hafens von Hvar<\/strong> erz\u00e4hlt jede Ecke Kroatiens eine Geschichte \u2013 gepr\u00e4gt von Geschichte, Kultur und dem best\u00e4ndigen Geist der Adria.<\/span><\/p><\/div><\/div><\/li><li class=\"tab-nav  toggle-tab\" data-tab=\"tab-c71084f\"><span class=\"tab-title\">Hotspots<\/span><div class=\"tab-content\"><div class=\"tab-description\"><p style=\"text-align: left;\"><span style=\"color: #000000;\">Von den majest\u00e4tischen Mauern Dubrovniks bis zur zeitlosen Eleganz des <strong data-start=\"71\" data-end=\"93\">Diokletianpalastes<\/strong> in Split ist Kroatien ein Land voller unvergesslicher Sch\u00e4tze. Die <strong data-start=\"161\" data-end=\"179\">Plitvicer Seen<\/strong> begeistern mit ihren Kaskadenwasserf\u00e4llen und smaragdgr\u00fcnen Becken, w\u00e4hrend die Insel <strong data-start=\"266\" data-end=\"274\">Hvar<\/strong> mit duftenden Lavendelfeldern und sonnendurchfluteten Promenaden verzaubert. An der istrischen K\u00fcste stehen die <strong data-start=\"387\" data-end=\"410\">Euphrasius-Basilika<\/strong> in Pore\u010d und das <strong data-start=\"428\" data-end=\"462\">r\u00f6mische Amphitheater von Pula<\/strong> als bleibende Symbole von Geschichte und Kunstfertigkeit. Im Landesinneren offenbaren uralte D\u00f6rfer wie <strong data-start=\"567\" data-end=\"578\">Motovun<\/strong> und <strong data-start=\"583\" data-end=\"590\">Hum<\/strong> die Seele des l\u00e4ndlichen Kroatiens \u2013 ein Ort, an dem Tradition, Kreativit\u00e4t und Authentizit\u00e4t in vollkommener Harmonie weiterleben.<\/span><\/p><\/div><\/div><\/li><li class=\"tab-nav  toggle-tab\" data-tab=\"tab-a2ab903\"><span class=\"tab-title\">Was tun<\/span><div class=\"tab-content\"><div class=\"tab-description\"><p style=\"text-align: left;\"><span style=\"color: #000000;\">Genie\u00dfe das Wesen Kroatiens durch seine reichen Aromen und seine lebendige Seele. Freue dich auf Gerichte, die mit <strong data-start=\"115\" data-end=\"127\">Tr\u00fcffeln<\/strong>, <strong data-start=\"129\" data-end=\"141\">Oliven\u00f6l<\/strong> und dem <strong data-start=\"150\" data-end=\"168\">Fang des Tages<\/strong> verfeinert sind, und erhebe ein Glas <strong data-start=\"206\" data-end=\"236\">dalmatinischen Plavac Mali<\/strong> oder <strong data-start=\"242\" data-end=\"266\">istrischen Malvasija<\/strong> in Weinbergen mit Blick auf das Meer. Verbringe deine Tage im <strong data-start=\"329\" data-end=\"365\">kristallklaren Adriatischen Meer<\/strong>, beim Wandern durch Nationalparks wie <strong data-start=\"404\" data-end=\"412\">Krka<\/strong> oder <strong data-start=\"418\" data-end=\"431\">Paklenica<\/strong>, oder beim Radfahren entlang malerischer K\u00fcsten- und Landrouten, die die nat\u00fcrliche Harmonie des Landes offenbaren. Wenn die Nacht hereinbricht, schlie\u00dfe dich den Einheimischen auf lebhaften Festivals an, die Musik, Film und Tradition feiern \u2013 oder genie\u00dfe ein stilles Abendessen am Ufer, wo das Rauschen der Wellen Teil der Melodie des Abends wird.<\/span><\/p><\/div><\/div><\/li><li class=\"tab-nav  toggle-tab\" data-tab=\"tab-a6e3ff4\"><span class=\"tab-title\">Wetter<\/span><div class=\"tab-content\"><div class=\"tab-description\"><p style=\"text-align: left;\"><span style=\"color: #000000;\">Der Sommer (Juni\u2013August) bringt <strong data-start=\"32\" data-end=\"56\">sonnenverw\u00f6hnte Tage<\/strong> mit 25\u201330 \u00b0C, ideal f\u00fcr Streifz\u00fcge von Strand zu Strand. Fr\u00fchling und Herbst (15\u201325 \u00b0C) bieten ein mildes, angenehmes Klima, das sich perfekt daf\u00fcr eignet, <strong data-start=\"213\" data-end=\"228\">H\u00fcgeld\u00f6rfer<\/strong> und <strong data-start=\"233\" data-end=\"248\">Olivenhaine<\/strong> zu erkunden. Selbst der Winter (5\u201312 \u00b0C) hat seinen eigenen Reiz \u2013 mit <strong data-start=\"320\" data-end=\"344\">gem\u00fctlichen Tavernen<\/strong>, der <strong data-start=\"350\" data-end=\"367\">Tr\u00fcffelsaison<\/strong> und <strong data-start=\"372\" data-end=\"393\">Weihnachtsm\u00e4rkten<\/strong>, die in den steinernen Gassen stimmungsvoll leuchten.<\/span><\/p><\/div><\/div><\/li><li class=\"tab-nav  toggle-tab\" data-tab=\"tab-c6d2195\"><span class=\"tab-title\">Tipps<\/span><div class=\"tab-content\"><div class=\"tab-description\"><p style=\"text-align: left;\"><span style=\"color: #000000;\">Kroatiens Zauber zeigt sich in seinen vielen Gegens\u00e4tzen \u2013 von ruhigen <strong data-start=\"71\" data-end=\"85\">Inselorten<\/strong> bis zu <strong data-start=\"93\" data-end=\"111\">H\u00fcgelst\u00e4dtchen<\/strong>, die von Weinbergen und Olivenhainen umgeben sind. Um deinen Aufenthalt voll auszukosten, lohnt es sich, rechtzeitig zu planen und die Unterkunft fr\u00fch zu sichern, besonders in den Sommermonaten in beliebten Reisezielen wie <strong data-start=\"335\" data-end=\"348\">Dubrovnik<\/strong>, <strong data-start=\"350\" data-end=\"359\">Split<\/strong> oder <strong data-start=\"365\" data-end=\"375\">Rovinj<\/strong>. Leichte Kleidung f\u00fcr sonnige Tage, eine zus\u00e4tzliche Schicht f\u00fcr die abendliche Brise und bequeme Schuhe f\u00fcr <strong data-start=\"485\" data-end=\"508\">gepflasterte Gassen<\/strong> und <strong data-start=\"513\" data-end=\"527\">K\u00fcstenwege<\/strong> sind empfehlenswert. G\u00f6nne dir regionale Spezialit\u00e4ten wie <strong data-start=\"587\" data-end=\"608\">Fu\u017ei mit Tr\u00fcffeln<\/strong> oder frisch gegrillten Fisch, und vergiss nicht: Ein herzliches \u201e<strong data-start=\"674\" data-end=\"684\">Hvala!<\/strong>\u201c (Danke) zaubert \u00fcberall ein L\u00e4cheln.<\/span><\/p><\/div><\/div><\/li><\/ul><\/div><div class=\"tab-content-list\"><div class=\"tab-content tab-24ab2a9 active\"><\/div><div class=\"tab-content tab-c71084f \"><\/div><div class=\"tab-content tab-a2ab903 \"><\/div><div class=\"tab-content tab-a6e3ff4 \"><\/div><div class=\"tab-content tab-c6d2195 \"><\/div><\/div><\/div>\t\t\t\t<\/div>\n\t\t\t\t<\/div>\n\t\t\t\t\t<\/div>\n\t\t\t\t<\/div>\n\t\t\t\t\t<\/div>\n\t\t\t\t<\/div>\n\t\t<div class=\"elementor-element elementor-element-6ceeff78 e-flex e-con-boxed e-con e-parent\" data-id=\"6ceeff78\" data-element_type=\"container\" data-e-type=\"container\">\n\t\t\t\t\t<div class=\"e-con-inner\">\n\t\t<div class=\"elementor-element elementor-element-61cca0bc e-flex e-con-boxed e-con e-child\" data-id=\"61cca0bc\" data-element_type=\"container\" data-e-type=\"container\">\n\t\t\t\t\t<div class=\"e-con-inner\">\n\t\t<div class=\"elementor-element elementor-element-3f405b25 e-con-full e-flex e-con e-child\" data-id=\"3f405b25\" data-element_type=\"container\" data-e-type=\"container\">\n\t\t\t\t<div class=\"elementor-element elementor-element-3cfff79 elementor-widget elementor-widget-jkit_heading\" data-id=\"3cfff79\" data-element_type=\"widget\" data-e-type=\"widget\" data-widget_type=\"jkit_heading.default\">\n\t\t\t\t<div class=\"elementor-widget-container\">\n\t\t\t\t\t<div  class=\"jeg-elementor-kit jkit-heading  align-left align-tablet- align-mobile- jeg_module__21_69f4cfed7ee7c\" ><div class=\"heading-section-title  display-inline-block\"><h2 class=\"heading-title\">Lesen Sie unsere neuesten <span class=\"style-color\"><span>Blog-Artikel \u00fcber Kroatien<\/span><\/span><\/h2><\/div><\/div>\t\t\t\t<\/div>\n\t\t\t\t<\/div>\n\t\t\t\t<\/div>\n\t\t<div class=\"elementor-element elementor-element-5bacfcb1 e-con-full elementor-hidden-tablet elementor-hidden-mobile e-flex e-con e-child\" data-id=\"5bacfcb1\" data-element_type=\"container\" data-e-type=\"container\">\n\t\t\t\t<\/div>\n\t\t\t\t\t<\/div>\n\t\t\t\t<\/div>\n\t\t<div class=\"elementor-element elementor-element-44c14e67 e-flex e-con-boxed e-con e-child\" data-id=\"44c14e67\" data-element_type=\"container\" data-e-type=\"container\">\n\t\t\t\t\t<div class=\"e-con-inner\">\n\t\t\t\t<div class=\"elementor-element elementor-element-5b9653a elementor-widget elementor-widget-jkit_post_block\" data-id=\"5b9653a\" data-element_type=\"widget\" data-e-type=\"widget\" data-widget_type=\"jkit_post_block.default\">\n\t\t\t\t<div class=\"elementor-widget-container\">\n\t\t\t\t\t<div  class=\"jeg-elementor-kit jkit-postblock postblock-type-1 jkit-pagination-disable post-element jeg_module__22_69f4cfed871c9\"  data-id=\"jeg_module__22_69f4cfed871c9\" data-settings=\"{&quot;post_type&quot;:&quot;post&quot;,&quot;number_post&quot;:{&quot;unit&quot;:&quot;px&quot;,&quot;size&quot;:3,&quot;sizes&quot;:[]},&quot;post_offset&quot;:0,&quot;unique_content&quot;:&quot;disable&quot;,&quot;include_post&quot;:&quot;&quot;,&quot;exclude_post&quot;:&quot;&quot;,&quot;include_category&quot;:&quot;&quot;,&quot;exclude_category&quot;:&quot;&quot;,&quot;include_author&quot;:&quot;&quot;,&quot;include_tag&quot;:&quot;&quot;,&quot;exclude_tag&quot;:&quot;&quot;,&quot;sort_by&quot;:&quot;latest&quot;,&quot;pagination_mode&quot;:&quot;disable&quot;,&quot;pagination_loadmore_text&quot;:&quot;Load More&quot;,&quot;pagination_loading_text&quot;:&quot;Loading...&quot;,&quot;pagination_number_post&quot;:{&quot;unit&quot;:&quot;px&quot;,&quot;size&quot;:3,&quot;sizes&quot;:[]},&quot;pagination_scroll_limit&quot;:0,&quot;pagination_icon&quot;:{&quot;value&quot;:&quot;jki jki-right-arrow2-light&quot;,&quot;library&quot;:&quot;jkiticon&quot;},&quot;pagination_icon_position&quot;:&quot;after&quot;,&quot;st_category_position&quot;:&quot;center&quot;,&quot;sg_content_postblock_type&quot;:&quot;type-1&quot;,&quot;sg_content_element_order&quot;:&quot;title,meta,excerpt,read&quot;,&quot;sg_content_breakpoint&quot;:&quot;tablet&quot;,&quot;sg_content_title_html_tag&quot;:&quot;h3&quot;,&quot;sg_content_category_enable&quot;:&quot;yes&quot;,&quot;sg_content_excerpt_enable&quot;:&quot;&quot;,&quot;sg_content_excerpt_length&quot;:{&quot;unit&quot;:&quot;px&quot;,&quot;size&quot;:&quot;7&quot;,&quot;sizes&quot;:[]},&quot;sg_content_excerpt_more&quot;:&quot;...&quot;,&quot;sg_content_readmore_enable&quot;:&quot;yes&quot;,&quot;sg_content_readmore_icon&quot;:{&quot;value&quot;:&quot;jki jki-right-arrow2-light&quot;,&quot;library&quot;:&quot;jkiticon&quot;},&quot;sg_content_readmore_icon_position&quot;:&quot;after&quot;,&quot;sg_content_readmore_text&quot;:&quot;Read&quot;,&quot;sg_content_comment_enable&quot;:&quot;&quot;,&quot;sg_content_comment_icon&quot;:{&quot;value&quot;:&quot;fas fa-comment&quot;,&quot;library&quot;:&quot;fa-solid&quot;},&quot;sg_content_comment_icon_position&quot;:&quot;before&quot;,&quot;sg_content_meta_enable&quot;:&quot;&quot;,&quot;sg_content_meta_author_enable&quot;:&quot;&quot;,&quot;sg_content_meta_author_by_text&quot;:&quot;by&quot;,&quot;sg_content_meta_author_icon&quot;:{&quot;value&quot;:&quot;fas fa-user&quot;,&quot;library&quot;:&quot;fa-solid&quot;},&quot;sg_content_meta_author_icon_position&quot;:&quot;before&quot;,&quot;sg_content_meta_date_enable&quot;:&quot;yes&quot;,&quot;sg_content_meta_date_type&quot;:&quot;published&quot;,&quot;sg_content_meta_date_format&quot;:&quot;default&quot;,&quot;sg_content_meta_date_format_custom&quot;:&quot;F j, Y&quot;,&quot;sg_content_meta_date_icon&quot;:{&quot;value&quot;:&quot;fas fa-clock&quot;,&quot;library&quot;:&quot;fa-solid&quot;},&quot;sg_content_meta_date_icon_position&quot;:&quot;before&quot;,&quot;sg_content_image_size_imagesize_size&quot;:&quot;medium&quot;,&quot;lang&quot;:&quot;de&quot;,&quot;paged&quot;:1,&quot;class&quot;:&quot;jkit_post_block&quot;}\"><div class=\"jkit-block-container\"><div class=\"jkit-posts jkit-ajax-flag\">\n            <article class=\"jkit-post post-5387 post type-post status-publish format-standard has-post-thumbnail hentry category-kroatie\">\n                    <div class=\"jkit-thumb\"><a aria-label=\"Mramornica-H\u00f6hle: Eines der bestgeh\u00fcteten Naturgeheimnisse Istriens\" href=\"https:\/\/www.solis-porec.com\/de\/blog\/mramornica-hoehle\/\"><div class=\"thumbnail-container \">\n            <img loading=\"lazy\" decoding=\"async\" width=\"300\" height=\"100\" src=\"https:\/\/www.solis-porec.com\/wp-content\/uploads\/2026\/04\/croatia-Mramornica-Cave-300x100.jpg\" class=\"attachment-medium size-medium wp-post-image\" alt=\"croatia-Mramornica-Cave\" loading=\"lazy\" srcset=\"https:\/\/www.solis-porec.com\/wp-content\/uploads\/2026\/04\/croatia-Mramornica-Cave-300x100.jpg 300w, https:\/\/www.solis-porec.com\/wp-content\/uploads\/2026\/04\/croatia-Mramornica-Cave-1024x341.jpg 1024w, https:\/\/www.solis-porec.com\/wp-content\/uploads\/2026\/04\/croatia-Mramornica-Cave-768x256.jpg 768w, https:\/\/www.solis-porec.com\/wp-content\/uploads\/2026\/04\/croatia-Mramornica-Cave-1536x512.jpg 1536w, https:\/\/www.solis-porec.com\/wp-content\/uploads\/2026\/04\/croatia-Mramornica-Cave-2048x683.jpg 2048w\" sizes=\"auto, (max-width: 300px) 100vw, 300px\" \/>\n        <\/div><\/a><\/div>\n                    <div class=\"jkit-postblock-content\"><div class=\"jkit-post-category \"><span><a href=\"https:\/\/www.solis-porec.com\/de\/blog\/category\/kroatie\/\" class=\"category-kroatie\">Kroatie<\/a><\/span><\/div><h3 class=\"jkit-post-title\">\n\t\t\t\t\t\t\t<a href=\"https:\/\/www.solis-porec.com\/de\/blog\/mramornica-hoehle\/\">Mramornica-H\u00f6hle: Eines der bestgeh\u00fcteten Naturgeheimnisse Istriens<\/a>\n\t\t\t\t\t\t<\/h3><div class=\"jkit-post-meta-bottom\">\n\t\t\t\t\t\t\t<div class=\"jkit-meta-readmore icon-position-after\">\n                <a title=\"Mramornica-H\u00f6hle: Eines der bestgeh\u00fcteten Naturgeheimnisse Istriens\" href=\"https:\/\/www.solis-porec.com\/de\/blog\/mramornica-hoehle\/\" class=\"jkit-readmore\">Read<i aria-hidden=\"true\" class=\"jki jki-right-arrow2-light\"><\/i><\/a>\n            <\/div>\n\t\t\t\t\t\t<\/div><\/div>\n                <\/article><article class=\"jkit-post post-5346 post type-post status-publish format-standard has-post-thumbnail hentry category-kroatie\">\n                    <div class=\"jkit-thumb\"><a aria-label=\"Kirche der Heiligen Euphemia in Rovinj\" href=\"https:\/\/www.solis-porec.com\/de\/blog\/kirche-euphemi\/\"><div class=\"thumbnail-container \">\n            <img loading=\"lazy\" decoding=\"async\" width=\"300\" height=\"100\" src=\"https:\/\/www.solis-porec.com\/wp-content\/uploads\/2026\/03\/church-st-euphemia-rovinj-300x100.jpg\" class=\"attachment-medium size-medium wp-post-image\" alt=\"church-st-euphemia-rovinj.jpg\" loading=\"lazy\" srcset=\"https:\/\/www.solis-porec.com\/wp-content\/uploads\/2026\/03\/church-st-euphemia-rovinj-300x100.jpg 300w, https:\/\/www.solis-porec.com\/wp-content\/uploads\/2026\/03\/church-st-euphemia-rovinj-1024x341.jpg 1024w, https:\/\/www.solis-porec.com\/wp-content\/uploads\/2026\/03\/church-st-euphemia-rovinj-768x256.jpg 768w, https:\/\/www.solis-porec.com\/wp-content\/uploads\/2026\/03\/church-st-euphemia-rovinj-1536x512.jpg 1536w, https:\/\/www.solis-porec.com\/wp-content\/uploads\/2026\/03\/church-st-euphemia-rovinj-2048x683.jpg 2048w\" sizes=\"auto, (max-width: 300px) 100vw, 300px\" \/>\n        <\/div><\/a><\/div>\n                    <div class=\"jkit-postblock-content\"><div class=\"jkit-post-category \"><span><a href=\"https:\/\/www.solis-porec.com\/de\/blog\/category\/kroatie\/\" class=\"category-kroatie\">Kroatie<\/a><\/span><\/div><h3 class=\"jkit-post-title\">\n\t\t\t\t\t\t\t<a href=\"https:\/\/www.solis-porec.com\/de\/blog\/kirche-euphemi\/\">Kirche der Heiligen Euphemia in Rovinj<\/a>\n\t\t\t\t\t\t<\/h3><div class=\"jkit-post-meta-bottom\">\n\t\t\t\t\t\t\t<div class=\"jkit-meta-readmore icon-position-after\">\n                <a title=\"Kirche der Heiligen Euphemia in Rovinj\" href=\"https:\/\/www.solis-porec.com\/de\/blog\/kirche-euphemi\/\" class=\"jkit-readmore\">Read<i aria-hidden=\"true\" class=\"jki jki-right-arrow2-light\"><\/i><\/a>\n            <\/div>\n\t\t\t\t\t\t<\/div><\/div>\n                <\/article><article class=\"jkit-post post-5344 post type-post status-publish format-standard has-post-thumbnail hentry category-kroatie\">\n                    <div class=\"jkit-thumb\"><a aria-label=\"Vrsar Kroatien Reisef\u00fchrer: Aktivit\u00e4ten, Wetter und Unterkunftsm\u00f6glichkeiten\" href=\"https:\/\/www.solis-porec.com\/de\/blog\/vrsar\/\"><div class=\"thumbnail-container \">\n            <img loading=\"lazy\" decoding=\"async\" width=\"300\" height=\"100\" src=\"https:\/\/www.solis-porec.com\/wp-content\/uploads\/2026\/02\/Vrsar-Kroatie-300x100.jpg\" class=\"attachment-medium size-medium wp-post-image\" alt=\"\" loading=\"lazy\" srcset=\"https:\/\/www.solis-porec.com\/wp-content\/uploads\/2026\/02\/Vrsar-Kroatie-300x100.jpg 300w, https:\/\/www.solis-porec.com\/wp-content\/uploads\/2026\/02\/Vrsar-Kroatie-1024x341.jpg 1024w, https:\/\/www.solis-porec.com\/wp-content\/uploads\/2026\/02\/Vrsar-Kroatie-768x256.jpg 768w, https:\/\/www.solis-porec.com\/wp-content\/uploads\/2026\/02\/Vrsar-Kroatie-1536x512.jpg 1536w, https:\/\/www.solis-porec.com\/wp-content\/uploads\/2026\/02\/Vrsar-Kroatie-2048x683.jpg 2048w\" sizes=\"auto, (max-width: 300px) 100vw, 300px\" \/>\n        <\/div><\/a><\/div>\n                    <div class=\"jkit-postblock-content\"><div class=\"jkit-post-category \"><span><a href=\"https:\/\/www.solis-porec.com\/de\/blog\/category\/kroatie\/\" class=\"category-kroatie\">Kroatie<\/a><\/span><\/div><h3 class=\"jkit-post-title\">\n\t\t\t\t\t\t\t<a href=\"https:\/\/www.solis-porec.com\/de\/blog\/vrsar\/\">Vrsar Kroatien Reisef\u00fchrer: Aktivit\u00e4ten, Wetter und Unterkunftsm\u00f6glichkeiten<\/a>\n\t\t\t\t\t\t<\/h3><div class=\"jkit-post-meta-bottom\">\n\t\t\t\t\t\t\t<div class=\"jkit-meta-readmore icon-position-after\">\n                <a title=\"Vrsar Kroatien Reisef\u00fchrer: Aktivit\u00e4ten, Wetter und Unterkunftsm\u00f6glichkeiten\" href=\"https:\/\/www.solis-porec.com\/de\/blog\/vrsar\/\" class=\"jkit-readmore\">Read<i aria-hidden=\"true\" class=\"jki jki-right-arrow2-light\"><\/i><\/a>\n            <\/div>\n\t\t\t\t\t\t<\/div><\/div>\n                <\/article>\n        <\/div><\/div><\/div>\t\t\t\t<\/div>\n\t\t\t\t<\/div>\n\t\t\t\t\t<\/div>\n\t\t\t\t<\/div>\n\t\t\t\t\t<\/div>\n\t\t\t\t<\/div>\n\t\t<div class=\"elementor-element elementor-element-571162b7 e-flex e-con-boxed e-con e-parent\" data-id=\"571162b7\" data-element_type=\"container\" data-e-type=\"container\">\n\t\t\t\t\t<div class=\"e-con-inner\">\n\t\t<div class=\"elementor-element elementor-element-f1680cf e-con-full e-flex e-con e-child\" data-id=\"f1680cf\" data-element_type=\"container\" data-e-type=\"container\">\n\t\t\t\t<div class=\"elementor-element elementor-element-fcbd3bd elementor-widget__width-initial elementor-widget elementor-widget-jkit_heading\" data-id=\"fcbd3bd\" data-element_type=\"widget\" data-e-type=\"widget\" data-widget_type=\"jkit_heading.default\">\n\t\t\t\t<div class=\"elementor-widget-container\">\n\t\t\t\t\t<div  class=\"jeg-elementor-kit jkit-heading  align-left align-tablet- align-mobile- jeg_module__23_69f4cfed8cbdf\" ><div class=\"heading-section-title  display-inline-block\"><h2 class=\"heading-title\">H\u00e4ufig gestellte<span class=\"style-color\"><span> Fragen<\/span><\/span><\/h2><\/div><\/div>\t\t\t\t<\/div>\n\t\t\t\t<\/div>\n\t\t\t\t<div class=\"elementor-element elementor-element-54be2a3b elementor-widget elementor-widget-text-editor\" data-id=\"54be2a3b\" data-element_type=\"widget\" data-e-type=\"widget\" data-widget_type=\"text-editor.default\">\n\t\t\t\t<div class=\"elementor-widget-container\">\n\t\t\t\t\t\t\t\t\t<p>H\u00e4ufige Fragen, einfache Antworten: Ihr Solis Pore\u010d Apartment-Guide.<\/p>\t\t\t\t\t\t\t\t<\/div>\n\t\t\t\t<\/div>\n\t\t\t\t<\/div>\n\t\t\t\t<div class=\"elementor-element elementor-element-dda4695 elementor-widget elementor-widget-jkit_accordion\" data-id=\"dda4695\" data-element_type=\"widget\" data-e-type=\"widget\" data-widget_type=\"jkit_accordion.default\">\n\t\t\t\t<div class=\"elementor-widget-container\">\n\t\t\t\t\t<div  class=\"jeg-elementor-kit jkit-accordion style-default jeg_module__24_69f4cfed9232a\" ><div class=\"card-wrapper expand\">\n                <div class=\"card-header\">\n                    <a href=\"#expand-e4bb230\" class=\"card-header-button\" aria-expanded=\"false\" data-target=\"#expand-e4bb230\" aria-controls=\"expand-e4bb230\">\n                        <span class=\"title\">Welche Zahlungsmethoden akzeptieren Sie f\u00fcr meine Ferienwohnung in Kroatien?<\/span><div class=\"right-icon-group\">\n                <div class=\"normal-icon\"><i aria-hidden=\"true\" class=\"jki jki-down-arrow-4\"><\/i><\/div>\n                <div class=\"active-icon\"><i aria-hidden=\"true\" class=\"jki jki-up-arrow-4\"><\/i><\/div>\n            <\/div>\n                    <\/a>\n                <\/div>\n                <div class=\"card-expand\" id=\"expand-e4bb230\" style=\"display:block\"><div class=\"card-body\"><p>Zu Ihrer Bequemlichkeit akzeptieren wir Zahlungen per <strong data-start=\"132\" data-end=\"140\">Visa<\/strong>, <strong data-start=\"142\" data-end=\"156\">Mastercard<\/strong>, <strong data-start=\"158\" data-end=\"169\">Maestro<\/strong>, <strong data-start=\"171\" data-end=\"190\">Bank\u00fcberweisung<\/strong> und <strong data-start=\"195\" data-end=\"205\">PayPal<\/strong>, um Ihnen ein reibungsloses und sicheres Buchungserlebnis zu bieten.<\/p><\/div><\/div>\n            <\/div><div class=\"card-wrapper \">\n                <div class=\"card-header\">\n                    <a href=\"#expand-65e3492\" class=\"card-header-button\" aria-expanded=\"false\" data-target=\"#expand-65e3492\" aria-controls=\"expand-65e3492\">\n                        <span class=\"title\">Was sind die Check-in- und Check-out-Zeiten f\u00fcr meine Ferienwohnung in Kroatien?<\/span><div class=\"right-icon-group\">\n                <div class=\"normal-icon\"><i aria-hidden=\"true\" class=\"jki jki-down-arrow-4\"><\/i><\/div>\n                <div class=\"active-icon\"><i aria-hidden=\"true\" class=\"jki jki-up-arrow-4\"><\/i><\/div>\n            <\/div>\n                    <\/a>\n                <\/div>\n                <div class=\"card-expand\" id=\"expand-65e3492\" style=\"display:none\"><div class=\"card-body\"><p data-start=\"0\" data-end=\"167\">In der Regel ist der Check-in nach <strong data-start=\"117\" data-end=\"130\" data-is-only-node=\"\">15:00 Uhr<\/strong> und der Check-out bis <strong data-start=\"153\" data-end=\"166\">10:00 Uhr<\/strong>.<\/p><p data-start=\"169\" data-end=\"360\">Wir bieten Ihnen jedoch auf Anfrage einen fr\u00fchen Check-in oder einen sp\u00e4ten Check-out, je nach Verf\u00fcgbarkeit. Kontaktieren Sie einfach unser freundliches Team, um Ihre Optionen zu besprechen!<\/p><p data-start=\"362\" data-end=\"452\" data-is-last-node=\"\" data-is-only-node=\"\">Bitte beachten Sie, dass solche Sonderregelungen in der Nebensaison wahrscheinlicher sind.<\/p><\/div><\/div>\n            <\/div><div class=\"card-wrapper \">\n                <div class=\"card-header\">\n                    <a href=\"#expand-016c517\" class=\"card-header-button\" aria-expanded=\"false\" data-target=\"#expand-016c517\" aria-controls=\"expand-016c517\">\n                        <span class=\"title\">Ist die Reinigung im Preis aller Ihrer Ferienunterk\u00fcnfte in Kroatien enthalten?<\/span><div class=\"right-icon-group\">\n                <div class=\"normal-icon\"><i aria-hidden=\"true\" class=\"jki jki-down-arrow-4\"><\/i><\/div>\n                <div class=\"active-icon\"><i aria-hidden=\"true\" class=\"jki jki-up-arrow-4\"><\/i><\/div>\n            <\/div>\n                    <\/a>\n                <\/div>\n                <div class=\"card-expand\" id=\"expand-016c517\" style=\"display:none\"><div class=\"card-body\"><p>Ja, die Endreinigung und der W\u00e4scheservice sind zu Ihrer Bequemlichkeit im Preis enthalten. Wir bitten Sie jedoch h\u00f6flich, die Unterkunft in gutem Zustand f\u00fcr die n\u00e4chsten G\u00e4ste zu hinterlassen.<\/p><\/div><\/div>\n            <\/div><div class=\"card-wrapper \">\n                <div class=\"card-header\">\n                    <a href=\"#expand-296d6ce\" class=\"card-header-button\" aria-expanded=\"false\" data-target=\"#expand-296d6ce\" aria-controls=\"expand-296d6ce\">\n                        <span class=\"title\">Gibt es Parkm\u00f6glichkeiten f\u00fcr meine Ferienunterkunft in Kroatien?<\/span><div class=\"right-icon-group\">\n                <div class=\"normal-icon\"><i aria-hidden=\"true\" class=\"jki jki-down-arrow-4\"><\/i><\/div>\n                <div class=\"active-icon\"><i aria-hidden=\"true\" class=\"jki jki-up-arrow-4\"><\/i><\/div>\n            <\/div>\n                    <\/a>\n                <\/div>\n                <div class=\"card-expand\" id=\"expand-296d6ce\" style=\"display:none\"><div class=\"card-body\"><p data-start=\"0\" data-end=\"266\">Ja! Einige unserer Unterk\u00fcnfte in Istrien bieten <strong data-start=\"116\" data-end=\"138\">privaten Parkplatz<\/strong>, w\u00e4hrend in den historischen Altst\u00e4dten <strong data-start=\"179\" data-end=\"216\">kostenlose \u00f6ffentliche Parkpl\u00e4tze<\/strong> f\u00fcr ein Auto pro Unterkunft zur Verf\u00fcgung stehen.<\/p><p data-start=\"268\" data-end=\"426\" data-is-last-node=\"\" data-is-only-node=\"\">Bei der Buchung bitten wir Sie, anzugeben, ob Sie einen Parkplatz ben\u00f6tigen, damit wir Ihnen die richtigen Informationen und weitere Anweisungen geben k\u00f6nnen.<\/p><\/div><\/div>\n            <\/div><div class=\"card-wrapper \">\n                <div class=\"card-header\">\n                    <a href=\"#expand-ec2e366\" class=\"card-header-button\" aria-expanded=\"false\" data-target=\"#expand-ec2e366\" aria-controls=\"expand-ec2e366\">\n                        <span class=\"title\">Darf ich mein Haustier in Ihre Ferienunterk\u00fcnfte mitbringen?<\/span><div class=\"right-icon-group\">\n                <div class=\"normal-icon\"><i aria-hidden=\"true\" class=\"jki jki-down-arrow-4\"><\/i><\/div>\n                <div class=\"active-icon\"><i aria-hidden=\"true\" class=\"jki jki-up-arrow-4\"><\/i><\/div>\n            <\/div>\n                    <\/a>\n                <\/div>\n                <div class=\"card-expand\" id=\"expand-ec2e366\" style=\"display:none\"><div class=\"card-body\"><p>Wir hei\u00dfen Ihre pelzigen Freunde willkommen! Haustiere sind in ausgew\u00e4hlten Ferienunterk\u00fcnften in Istrien erlaubt. Um unsere haustierfreundlichen Unterk\u00fcnfte f\u00fcr Sie und Ihren vierbeinigen Begleiter zu entdecken, klicken Sie hier und genie\u00dfen Sie Ihren Aufenthalt gemeinsam!<\/p><\/div><\/div>\n            <\/div><div class=\"card-wrapper \">\n                <div class=\"card-header\">\n                    <a href=\"#expand-edfee25\" class=\"card-header-button\" aria-expanded=\"false\" data-target=\"#expand-edfee25\" aria-controls=\"expand-edfee25\">\n                        <span class=\"title\">Wie ist Ihre Stornierungsrichtlinie f\u00fcr Ferienunterk\u00fcnfte in Kroatien?<\/span><div class=\"right-icon-group\">\n                <div class=\"normal-icon\"><i aria-hidden=\"true\" class=\"jki jki-down-arrow-4\"><\/i><\/div>\n                <div class=\"active-icon\"><i aria-hidden=\"true\" class=\"jki jki-up-arrow-4\"><\/i><\/div>\n            <\/div>\n                    <\/a>\n                <\/div>\n                <div class=\"card-expand\" id=\"expand-edfee25\" style=\"display:none\"><div class=\"card-body\"><p data-start=\"0\" data-end=\"176\">Wir verstehen, dass sich Ihre Reisepl\u00e4ne \u00e4ndern k\u00f6nnen. Hier ist unsere flexible Stornierungsrichtlinie:<\/p><ul data-start=\"178\" data-end=\"536\" data-is-last-node=\"\" data-is-only-node=\"\"><li data-start=\"178\" data-end=\"276\"><p data-start=\"180\" data-end=\"276\">Vom Buchungsdatum bis 61 Tage vor dem Check-in: 10 % der gesamten Mietgeb\u00fchren werden berechnet.<\/p><\/li><li data-start=\"277\" data-end=\"385\"><p data-start=\"279\" data-end=\"385\">Ab 60 Tage vor dem Check-in bis 43 Tage vor dem Check-in: 20 % der gesamten Mietgeb\u00fchren werden berechnet.<\/p><\/li><li data-start=\"386\" data-end=\"483\"><p data-start=\"388\" data-end=\"483\">Ab 42 Tage vor dem Check-in bis zum Check-in: 100 % der gesamten Mietgeb\u00fchren werden berechnet.<\/p><\/li><li data-start=\"484\" data-end=\"536\" data-is-last-node=\"\"><p data-start=\"486\" data-end=\"536\" data-is-last-node=\"\">No-Show: 100 % des gesamten Vorauszahlungsbetrags.<\/p><\/li><\/ul><\/div><\/div>\n            <\/div><div class=\"card-wrapper \">\n                <div class=\"card-header\">\n                    <a href=\"#expand-2ae06e5\" class=\"card-header-button\" aria-expanded=\"false\" data-target=\"#expand-2ae06e5\" aria-controls=\"expand-2ae06e5\">\n                        <span class=\"title\">Ist eine Kaution obligatorisch zu zahlen?<\/span><div class=\"right-icon-group\">\n                <div class=\"normal-icon\"><i aria-hidden=\"true\" class=\"jki jki-down-arrow-4\"><\/i><\/div>\n                <div class=\"active-icon\"><i aria-hidden=\"true\" class=\"jki jki-up-arrow-4\"><\/i><\/div>\n            <\/div>\n                    <\/a>\n                <\/div>\n                <div class=\"card-expand\" id=\"expand-2ae06e5\" style=\"display:none\"><div class=\"card-body\"><p data-start=\"0\" data-end=\"174\">Die meisten unserer Unterk\u00fcnfte erfordern eine Kaution, die im Falle von keinerlei Sch\u00e4den an der Unterkunft zur\u00fcckerstattet wird.<\/p><p data-start=\"176\" data-end=\"400\" data-is-last-node=\"\" data-is-only-node=\"\"><strong data-start=\"176\" data-end=\"191\">Solis Pore\u010d<\/strong> kann eine andere Kautionsh\u00f6he verlangen, als sie f\u00fcr die jeweilige Unterkunft \u00fcblich ist, insbesondere bei jungen Gruppen oder in F\u00e4llen, in denen die Agentur ein h\u00f6heres Risiko f\u00fcr die Unterkunft einsch\u00e4tzt.<\/p><\/div><\/div>\n            <\/div><\/div>\t\t\t\t<\/div>\n\t\t\t\t<\/div>\n\t\t\t\t\t<\/div>\n\t\t\t\t<\/div>\n\t\t<div class=\"elementor-element elementor-element-986598e e-flex e-con-boxed e-con e-parent\" data-id=\"986598e\" data-element_type=\"container\" data-e-type=\"container\">\n\t\t\t\t\t<div class=\"e-con-inner\">\n\t\t<div class=\"elementor-element elementor-element-682e3fc e-flex e-con-boxed e-con e-child\" data-id=\"682e3fc\" data-element_type=\"container\" data-e-type=\"container\">\n\t\t\t\t\t<div class=\"e-con-inner\">\n\t\t\t\t<div class=\"elementor-element elementor-element-6e90ef3 elementor-widget__width-initial elementor-widget elementor-widget-jkit_heading\" data-id=\"6e90ef3\" data-element_type=\"widget\" data-e-type=\"widget\" data-widget_type=\"jkit_heading.default\">\n\t\t\t\t<div class=\"elementor-widget-container\">\n\t\t\t\t\t<div  class=\"jeg-elementor-kit jkit-heading  align-left align-tablet- align-mobile- jeg_module__25_69f4cfed93a66\" ><div class=\"heading-section-title  display-inline-block\"><h2 class=\"heading-title\"><span class=\"style-color\"><span>Quick <\/span><\/span> Destination Links<\/h2><\/div><\/div>\t\t\t\t<\/div>\n\t\t\t\t<\/div>\n\t\t\t\t<div class=\"elementor-element elementor-element-e8996dd elementor-widget elementor-widget-text-editor\" data-id=\"e8996dd\" data-element_type=\"widget\" data-e-type=\"widget\" data-widget_type=\"text-editor.default\">\n\t\t\t\t<div class=\"elementor-widget-container\">\n\t\t\t\t\t\t\t\t\t<p>Entdecken Sie unsere wichtigsten Landkreise und St\u00e4dte. Gehen Sie direkt von hier aus zu Ihrer Art von Unterkunft und Lage.  <\/p>\t\t\t\t\t\t\t\t<\/div>\n\t\t\t\t<\/div>\n\t\t<div class=\"elementor-element elementor-element-5ece8b6 e-con-full e-flex e-con e-child\" data-id=\"5ece8b6\" data-element_type=\"container\" data-e-type=\"container\">\n\t\t<div class=\"elementor-element elementor-element-5d67729 e-grid e-con-full e-con e-child\" data-id=\"5d67729\" data-element_type=\"container\" data-e-type=\"container\">\n\t\t<div class=\"elementor-element elementor-element-2aca54a e-con-full e-flex e-con e-child\" data-id=\"2aca54a\" data-element_type=\"container\" data-e-type=\"container\" data-settings=\"{&quot;background_background&quot;:&quot;classic&quot;}\">\n\t\t\t\t<div class=\"elementor-element elementor-element-2cac4fd elementor-widget elementor-widget-text-editor\" data-id=\"2cac4fd\" data-element_type=\"widget\" data-e-type=\"widget\" data-widget_type=\"text-editor.default\">\n\t\t\t\t<div class=\"elementor-widget-container\">\n\t\t\t\t\t\t\t\t\t<p><span style=\"color: #f7c008;\"><strong>Istrien entdecken<\/strong><\/span><\/p><p><a href=\"https:\/\/www.solis-porec.com\/de\/ferienwohnung-in-istrien\/\">Apartment<\/a> | <a href=\"https:\/\/www.solis-porec.com\/de\/ferienhaus-istrien\/\">H\u00e4user<\/a> | <a href=\"https:\/\/www.solis-porec.com\/de\/villen-istrien\/\">Villen<\/a> | <a href=\"https:\/\/www.solis-porec.com\/holiday-rentals-in-istria\">Alle<\/a><\/p>\t\t\t\t\t\t\t\t<\/div>\n\t\t\t\t<\/div>\n\t\t\t\t<\/div>\n\t\t<div class=\"elementor-element elementor-element-c4d58ef e-con-full e-flex e-con e-child\" data-id=\"c4d58ef\" data-element_type=\"container\" data-e-type=\"container\" data-settings=\"{&quot;background_background&quot;:&quot;classic&quot;}\">\n\t\t\t\t<div class=\"elementor-element elementor-element-5603173 elementor-widget elementor-widget-text-editor\" data-id=\"5603173\" data-element_type=\"widget\" data-e-type=\"widget\" data-widget_type=\"text-editor.default\">\n\t\t\t\t<div class=\"elementor-widget-container\">\n\t\t\t\t\t\t\t\t\t<p><span style=\"color: #f7c008;\"><a style=\"color: #f7c008;\" href=\"https:\/\/www.solis-porec.com\/de\/\"><strong>Porec entdecken<\/strong><\/a><\/span><\/p><p><a href=\"https:\/\/www.solis-porec.com\/de\/ferienwohnung-porec-kroatien\/\">Apartment<\/a> | <a href=\"https:\/\/www.solis-porec.com\/holiday-house-rental-porec-croatia\">H\u00e4user<\/a> | <a href=\"https:\/\/www.solis-porec.com\/de\/villas-in-porec\/\">Villen<\/a> | <a href=\"https:\/\/www.solis-porec.com\/de\/unterkunft-in-porec-kroatien\/\">Alle<\/a><\/p>\t\t\t\t\t\t\t\t<\/div>\n\t\t\t\t<\/div>\n\t\t\t\t<\/div>\n\t\t<div class=\"elementor-element elementor-element-b0baf64 e-con-full e-flex e-con e-child\" data-id=\"b0baf64\" data-element_type=\"container\" data-e-type=\"container\" data-settings=\"{&quot;background_background&quot;:&quot;classic&quot;}\">\n\t\t\t\t<div class=\"elementor-element elementor-element-909ffd4 elementor-widget elementor-widget-text-editor\" data-id=\"909ffd4\" data-element_type=\"widget\" data-e-type=\"widget\" data-widget_type=\"text-editor.default\">\n\t\t\t\t<div class=\"elementor-widget-container\">\n\t\t\t\t\t\t\t\t\t<p><span style=\"color: #f7c008;\"><a style=\"color: #f7c008;\" href=\"https:\/\/www.solis-porec.com\/de\/\"><strong>Visnjan entdecken<\/strong><\/a><\/span><\/p><p><a href=\"https:\/\/www.solis-porec.com\/de\/\">Apartment<\/a> | <a href=\"https:\/\/www.booking.solis-porec.com\/rentals\/villas-visnjan-visignano-c2e5139\/\">Villen<\/a> | <a href=\"https:\/\/www.solis-porec.com\/rentals\/rentals-visnjan-visignano-e5139\/\">Alle<\/a><\/p>\t\t\t\t\t\t\t\t<\/div>\n\t\t\t\t<\/div>\n\t\t\t\t<\/div>\n\t\t<div class=\"elementor-element elementor-element-d9507f0 e-con-full e-flex e-con e-child\" data-id=\"d9507f0\" data-element_type=\"container\" data-e-type=\"container\" data-settings=\"{&quot;background_background&quot;:&quot;classic&quot;}\">\n\t\t\t\t<div class=\"elementor-element elementor-element-cee7d24 elementor-widget elementor-widget-text-editor\" data-id=\"cee7d24\" data-element_type=\"widget\" data-e-type=\"widget\" data-widget_type=\"text-editor.default\">\n\t\t\t\t<div class=\"elementor-widget-container\">\n\t\t\t\t\t\t\t\t\t<p><span style=\"color: #f7c008;\"><a style=\"color: #f7c008;\" href=\"https:\/\/www.solis-porec.com\/de\/\"><strong>Funtana entdecken<\/strong><\/a><\/span><\/p><p><a href=\"https:\/\/www.booking.solis-porec.com\/rentals\/apartments-funtana-fontane-c1e4493\/\">Apartment<\/a> | <a href=\"https:\/\/www.booking.solis-porec.com\/rentals\/rentals-funtana-fontane-e4493\/\">Unterk\u00fcnfte<\/a><\/p>\t\t\t\t\t\t\t\t<\/div>\n\t\t\t\t<\/div>\n\t\t\t\t<\/div>\n\t\t<div class=\"elementor-element elementor-element-71a0300 e-con-full e-flex e-con e-child\" data-id=\"71a0300\" data-element_type=\"container\" data-e-type=\"container\" data-settings=\"{&quot;background_background&quot;:&quot;classic&quot;}\">\n\t\t\t\t<div class=\"elementor-element elementor-element-85ba329 elementor-widget elementor-widget-text-editor\" data-id=\"85ba329\" data-element_type=\"widget\" data-e-type=\"widget\" data-widget_type=\"text-editor.default\">\n\t\t\t\t<div class=\"elementor-widget-container\">\n\t\t\t\t\t\t\t\t\t<p><span style=\"color: #f7c008;\"><a style=\"color: #f7c008;\" href=\"https:\/\/www.solis-porec.com\/de\/\"><strong>Tinjan entdecken<\/strong><\/a><\/span><\/p><p><a href=\"https:\/\/www.booking.solis-porec.com\/rentals\/villas-tinjan-c2e5067\/\">Villen<\/a> | <a href=\"https:\/\/www.booking.solis-porec.com\/rentals\/rentals-tinjan-e5067\/\">Unterk\u00fcnfte<\/a><\/p>\t\t\t\t\t\t\t\t<\/div>\n\t\t\t\t<\/div>\n\t\t\t\t<\/div>\n\t\t<div class=\"elementor-element elementor-element-4765d26 e-con-full e-flex e-con e-child\" data-id=\"4765d26\" data-element_type=\"container\" data-e-type=\"container\" data-settings=\"{&quot;background_background&quot;:&quot;classic&quot;}\">\n\t\t\t\t<div class=\"elementor-element elementor-element-38b2f3f elementor-widget elementor-widget-text-editor\" data-id=\"38b2f3f\" data-element_type=\"widget\" data-e-type=\"widget\" data-widget_type=\"text-editor.default\">\n\t\t\t\t<div class=\"elementor-widget-container\">\n\t\t\t\t\t\t\t\t\t<p><span style=\"color: #f7c008;\"><a style=\"color: #f7c008;\" href=\"https:\/\/www.solis-porec.com\/de\/\"><strong>Kastelir entdecken<\/strong><\/a><\/span><\/p><p><a href=\"https:\/\/www.booking.solis-porec.com\/rentals\/apartments-kastelir-castelliere-c1e4607\/\">Apartment<\/a> | <a href=\"https:\/\/www.booking.solis-porec.com\/rentals\/houses-kastelir-castelliere-c19e4607\/\">H\u00e4user<\/a> | <a href=\"https:\/\/www.booking.solis-porec.com\/rentals\/villas-kastelir-castelliere-c2e4607\/\">Villen<\/a> | <a href=\"https:\/\/www.booking.solis-porec.com\/rentals\/rentals-kastelir-castelliere-e4607\/\">Alle<\/a><\/p>\t\t\t\t\t\t\t\t<\/div>\n\t\t\t\t<\/div>\n\t\t\t\t<\/div>\n\t\t<div class=\"elementor-element elementor-element-a21dc6b e-con-full e-flex e-con e-child\" data-id=\"a21dc6b\" data-element_type=\"container\" data-e-type=\"container\" data-settings=\"{&quot;background_background&quot;:&quot;classic&quot;}\">\n\t\t\t\t<div class=\"elementor-element elementor-element-f417bc5 elementor-widget elementor-widget-text-editor\" data-id=\"f417bc5\" data-element_type=\"widget\" data-e-type=\"widget\" data-widget_type=\"text-editor.default\">\n\t\t\t\t<div class=\"elementor-widget-container\">\n\t\t\t\t\t\t\t\t\t<p><span style=\"color: #f7c008;\"><a style=\"color: #f7c008;\" href=\"https:\/\/www.solis-porec.com\/de\/\"><strong>Nova vas entdecken<\/strong><\/a><\/span><\/p><p><a href=\"https:\/\/www.booking.solis-porec.com\/rentals\/apartments-nova-vas-c1e4787\/\">Apartment<\/a> | <a href=\"https:\/\/www.booking.solis-porec.com\/rentals\/villas-nova-vas-c2e4787\/\">Villen<\/a> | <a href=\"https:\/\/www.booking.solis-porec.com\/rentals\/rentals-nova-vas-e4787\/\">Alle<\/a><\/p>\t\t\t\t\t\t\t\t<\/div>\n\t\t\t\t<\/div>\n\t\t\t\t<\/div>\n\t\t<div class=\"elementor-element elementor-element-e70f2c5 e-con-full e-flex e-con e-child\" data-id=\"e70f2c5\" data-element_type=\"container\" data-e-type=\"container\" data-settings=\"{&quot;background_background&quot;:&quot;classic&quot;}\">\n\t\t\t\t<div class=\"elementor-element elementor-element-9675f30 elementor-widget elementor-widget-text-editor\" data-id=\"9675f30\" data-element_type=\"widget\" data-e-type=\"widget\" data-widget_type=\"text-editor.default\">\n\t\t\t\t<div class=\"elementor-widget-container\">\n\t\t\t\t\t\t\t\t\t<p><span style=\"color: #f7c008;\"><a style=\"color: #f7c008;\" href=\"https:\/\/www.solis-porec.com\/de\/\"><strong>Buzet entdecken<\/strong><\/a><\/span><\/p><p><a href=\"https:\/\/www.booking.solis-porec.com\/rentals\/houses-buzet-c19e4382\/\">H\u00e4user<\/a> | <a href=\"https:\/\/www.booking.solis-porec.com\/rentals\/villas-buzet-c2e4382\/\">Villen<\/a> | <a href=\"https:\/\/www.booking.solis-porec.com\/rentals\/rentals-buzet-e4382\/\">Alle<\/a><\/p>\t\t\t\t\t\t\t\t<\/div>\n\t\t\t\t<\/div>\n\t\t\t\t<\/div>\n\t\t\t\t<\/div>\n\t\t\t\t<\/div>\n\t\t\t\t\t<\/div>\n\t\t\t\t<\/div>\n\t\t\t\t\t<\/div>\n\t\t\t\t<\/div>\n\t\t\t\t<\/div>\n\t\t","protected":false},"excerpt":{"rendered":"<p>Ferienunterk\u00fcnfte Croatia Ferienwohnungen in Kroatien Mieten Sie Ihre Ferienwohnungen in Kroatien mit uns Entfliehen Sie nach Kroatien, wo sich der mediterrane Geist mit zeitloser Sch\u00f6nheit verbindet. Eine Ferienunterkunft bietet die Freiheit, in Ihrem eigenen Tempo zu erkunden, den Komfort von viel Platz und die Herzlichkeit lokaler Authentizit\u00e4t. Wachen Sie mit dem Rauschen der Adria auf, [&hellip;]<\/p>\n","protected":false},"author":3,"featured_media":3383,"parent":0,"menu_order":0,"comment_status":"closed","ping_status":"closed","template":"","meta":{"footnotes":""},"class_list":["post-4267","page","type-page","status-publish","has-post-thumbnail","hentry"],"yoast_head":"<!-- This site is optimized with the Yoast SEO plugin v27.5 - https:\/\/yoast.com\/product\/yoast-seo-wordpress\/ -->\n<title>Ferienwohnungen in Kroatien. Buchen Sie Ihren Traumurlaub jetzt<\/title>\n<meta name=\"description\" content=\"Entdecken Sie wundersch\u00f6ne Ferienwohnungen in Kroatien. Genie\u00dfen Sie Komfort, Meerblick und die besten Lagen f\u00fcr Ihren perfekten Urlaub!\" \/>\n<meta name=\"robots\" content=\"index, follow, max-snippet:-1, max-image-preview:large, max-video-preview:-1\" \/>\n<link rel=\"canonical\" href=\"https:\/\/www.solis-porec.com\/de\/ferienwohnungen-in-kroatien\/\" \/>\n<meta property=\"og:locale\" content=\"de_DE\" \/>\n<meta property=\"og:type\" content=\"article\" \/>\n<meta property=\"og:title\" content=\"Ferienwohnungen in Kroatien. Buchen Sie Ihren Traumurlaub jetzt\" \/>\n<meta property=\"og:description\" content=\"Entdecken Sie wundersch\u00f6ne Ferienwohnungen in Kroatien. Genie\u00dfen Sie Komfort, Meerblick und die besten Lagen f\u00fcr Ihren perfekten Urlaub!\" \/>\n<meta property=\"og:url\" content=\"https:\/\/www.solis-porec.com\/de\/ferienwohnungen-in-kroatien\/\" \/>\n<meta property=\"og:site_name\" content=\"Istria tourism information\" \/>\n<meta property=\"article:modified_time\" content=\"2025-11-27T09:44:38+00:00\" \/>\n<meta property=\"og:image\" content=\"https:\/\/www.solis-porec.com\/wp-content\/uploads\/2025\/11\/apartments-croatia.jpg\" \/>\n\t<meta property=\"og:image:width\" content=\"1183\" \/>\n\t<meta property=\"og:image:height\" content=\"887\" \/>\n\t<meta property=\"og:image:type\" content=\"image\/jpeg\" \/>\n<meta name=\"twitter:card\" content=\"summary_large_image\" \/>\n<meta name=\"twitter:label1\" content=\"Gesch\u00e4tzte Lesezeit\" \/>\n\t<meta name=\"twitter:data1\" content=\"14\u00a0Minuten\" \/>\n<script type=\"application\/ld+json\" class=\"yoast-schema-graph\">{\"@context\":\"https:\\\/\\\/schema.org\",\"@graph\":[{\"@type\":\"WebPage\",\"@id\":\"https:\\\/\\\/www.solis-porec.com\\\/de\\\/ferienwohnungen-in-kroatien\\\/\",\"url\":\"https:\\\/\\\/www.solis-porec.com\\\/de\\\/ferienwohnungen-in-kroatien\\\/\",\"name\":\"Ferienwohnungen in Kroatien. Buchen Sie Ihren Traumurlaub jetzt\",\"isPartOf\":{\"@id\":\"https:\\\/\\\/www.solis-porec.com\\\/#website\"},\"primaryImageOfPage\":{\"@id\":\"https:\\\/\\\/www.solis-porec.com\\\/de\\\/ferienwohnungen-in-kroatien\\\/#primaryimage\"},\"image\":{\"@id\":\"https:\\\/\\\/www.solis-porec.com\\\/de\\\/ferienwohnungen-in-kroatien\\\/#primaryimage\"},\"thumbnailUrl\":\"https:\\\/\\\/www.solis-porec.com\\\/wp-content\\\/uploads\\\/2025\\\/11\\\/apartments-croatia.jpg\",\"datePublished\":\"2025-11-25T07:31:41+00:00\",\"dateModified\":\"2025-11-27T09:44:38+00:00\",\"description\":\"Entdecken Sie wundersch\u00f6ne Ferienwohnungen in Kroatien. Genie\u00dfen Sie Komfort, Meerblick und die besten Lagen f\u00fcr Ihren perfekten Urlaub!\",\"breadcrumb\":{\"@id\":\"https:\\\/\\\/www.solis-porec.com\\\/de\\\/ferienwohnungen-in-kroatien\\\/#breadcrumb\"},\"inLanguage\":\"de\",\"potentialAction\":[{\"@type\":\"ReadAction\",\"target\":[\"https:\\\/\\\/www.solis-porec.com\\\/de\\\/ferienwohnungen-in-kroatien\\\/\"]}]},{\"@type\":\"ImageObject\",\"inLanguage\":\"de\",\"@id\":\"https:\\\/\\\/www.solis-porec.com\\\/de\\\/ferienwohnungen-in-kroatien\\\/#primaryimage\",\"url\":\"https:\\\/\\\/www.solis-porec.com\\\/wp-content\\\/uploads\\\/2025\\\/11\\\/apartments-croatia.jpg\",\"contentUrl\":\"https:\\\/\\\/www.solis-porec.com\\\/wp-content\\\/uploads\\\/2025\\\/11\\\/apartments-croatia.jpg\",\"width\":1183,\"height\":887,\"caption\":\"Panoramic view of Split, Croatia from Marjan Hill, featuring the historic old town, bustling harbor, and distant mountains beneath a vibrant blue sky.\"},{\"@type\":\"BreadcrumbList\",\"@id\":\"https:\\\/\\\/www.solis-porec.com\\\/de\\\/ferienwohnungen-in-kroatien\\\/#breadcrumb\",\"itemListElement\":[{\"@type\":\"ListItem\",\"position\":1,\"name\":\"Home\",\"item\":\"https:\\\/\\\/www.solis-porec.com\\\/\"},{\"@type\":\"ListItem\",\"position\":2,\"name\":\"Ferienwohnungen in Kroatien\"}]},{\"@type\":\"WebSite\",\"@id\":\"https:\\\/\\\/www.solis-porec.com\\\/#website\",\"url\":\"https:\\\/\\\/www.solis-porec.com\\\/\",\"name\":\"Istria tourism information\",\"description\":\"Solis Porec\",\"potentialAction\":[{\"@type\":\"SearchAction\",\"target\":{\"@type\":\"EntryPoint\",\"urlTemplate\":\"https:\\\/\\\/www.solis-porec.com\\\/?s={search_term_string}\"},\"query-input\":{\"@type\":\"PropertyValueSpecification\",\"valueRequired\":true,\"valueName\":\"search_term_string\"}}],\"inLanguage\":\"de\"}]}<\/script>\n<!-- \/ Yoast SEO plugin. -->","yoast_head_json":{"title":"Ferienwohnungen in Kroatien. Buchen Sie Ihren Traumurlaub jetzt","description":"Entdecken Sie wundersch\u00f6ne Ferienwohnungen in Kroatien. Genie\u00dfen Sie Komfort, Meerblick und die besten Lagen f\u00fcr Ihren perfekten Urlaub!","robots":{"index":"index","follow":"follow","max-snippet":"max-snippet:-1","max-image-preview":"max-image-preview:large","max-video-preview":"max-video-preview:-1"},"canonical":"https:\/\/www.solis-porec.com\/de\/ferienwohnungen-in-kroatien\/","og_locale":"de_DE","og_type":"article","og_title":"Ferienwohnungen in Kroatien. Buchen Sie Ihren Traumurlaub jetzt","og_description":"Entdecken Sie wundersch\u00f6ne Ferienwohnungen in Kroatien. Genie\u00dfen Sie Komfort, Meerblick und die besten Lagen f\u00fcr Ihren perfekten Urlaub!","og_url":"https:\/\/www.solis-porec.com\/de\/ferienwohnungen-in-kroatien\/","og_site_name":"Istria tourism information","article_modified_time":"2025-11-27T09:44:38+00:00","og_image":[{"width":1183,"height":887,"url":"https:\/\/www.solis-porec.com\/wp-content\/uploads\/2025\/11\/apartments-croatia.jpg","type":"image\/jpeg"}],"twitter_card":"summary_large_image","twitter_misc":{"Gesch\u00e4tzte Lesezeit":"14\u00a0Minuten"},"schema":{"@context":"https:\/\/schema.org","@graph":[{"@type":"WebPage","@id":"https:\/\/www.solis-porec.com\/de\/ferienwohnungen-in-kroatien\/","url":"https:\/\/www.solis-porec.com\/de\/ferienwohnungen-in-kroatien\/","name":"Ferienwohnungen in Kroatien. Buchen Sie Ihren Traumurlaub jetzt","isPartOf":{"@id":"https:\/\/www.solis-porec.com\/#website"},"primaryImageOfPage":{"@id":"https:\/\/www.solis-porec.com\/de\/ferienwohnungen-in-kroatien\/#primaryimage"},"image":{"@id":"https:\/\/www.solis-porec.com\/de\/ferienwohnungen-in-kroatien\/#primaryimage"},"thumbnailUrl":"https:\/\/www.solis-porec.com\/wp-content\/uploads\/2025\/11\/apartments-croatia.jpg","datePublished":"2025-11-25T07:31:41+00:00","dateModified":"2025-11-27T09:44:38+00:00","description":"Entdecken Sie wundersch\u00f6ne Ferienwohnungen in Kroatien. Genie\u00dfen Sie Komfort, Meerblick und die besten Lagen f\u00fcr Ihren perfekten Urlaub!","breadcrumb":{"@id":"https:\/\/www.solis-porec.com\/de\/ferienwohnungen-in-kroatien\/#breadcrumb"},"inLanguage":"de","potentialAction":[{"@type":"ReadAction","target":["https:\/\/www.solis-porec.com\/de\/ferienwohnungen-in-kroatien\/"]}]},{"@type":"ImageObject","inLanguage":"de","@id":"https:\/\/www.solis-porec.com\/de\/ferienwohnungen-in-kroatien\/#primaryimage","url":"https:\/\/www.solis-porec.com\/wp-content\/uploads\/2025\/11\/apartments-croatia.jpg","contentUrl":"https:\/\/www.solis-porec.com\/wp-content\/uploads\/2025\/11\/apartments-croatia.jpg","width":1183,"height":887,"caption":"Panoramic view of Split, Croatia from Marjan Hill, featuring the historic old town, bustling harbor, and distant mountains beneath a vibrant blue sky."},{"@type":"BreadcrumbList","@id":"https:\/\/www.solis-porec.com\/de\/ferienwohnungen-in-kroatien\/#breadcrumb","itemListElement":[{"@type":"ListItem","position":1,"name":"Home","item":"https:\/\/www.solis-porec.com\/"},{"@type":"ListItem","position":2,"name":"Ferienwohnungen in Kroatien"}]},{"@type":"WebSite","@id":"https:\/\/www.solis-porec.com\/#website","url":"https:\/\/www.solis-porec.com\/","name":"Istria tourism information","description":"Solis Porec","potentialAction":[{"@type":"SearchAction","target":{"@type":"EntryPoint","urlTemplate":"https:\/\/www.solis-porec.com\/?s={search_term_string}"},"query-input":{"@type":"PropertyValueSpecification","valueRequired":true,"valueName":"search_term_string"}}],"inLanguage":"de"}]}},"_links":{"self":[{"href":"https:\/\/www.solis-porec.com\/de\/wp-json\/wp\/v2\/pages\/4267","targetHints":{"allow":["GET"]}}],"collection":[{"href":"https:\/\/www.solis-porec.com\/de\/wp-json\/wp\/v2\/pages"}],"about":[{"href":"https:\/\/www.solis-porec.com\/de\/wp-json\/wp\/v2\/types\/page"}],"author":[{"embeddable":true,"href":"https:\/\/www.solis-porec.com\/de\/wp-json\/wp\/v2\/users\/3"}],"replies":[{"embeddable":true,"href":"https:\/\/www.solis-porec.com\/de\/wp-json\/wp\/v2\/comments?post=4267"}],"version-history":[{"count":10,"href":"https:\/\/www.solis-porec.com\/de\/wp-json\/wp\/v2\/pages\/4267\/revisions"}],"predecessor-version":[{"id":4491,"href":"https:\/\/www.solis-porec.com\/de\/wp-json\/wp\/v2\/pages\/4267\/revisions\/4491"}],"wp:featuredmedia":[{"embeddable":true,"href":"https:\/\/www.solis-porec.com\/de\/wp-json\/wp\/v2\/media\/3383"}],"wp:attachment":[{"href":"https:\/\/www.solis-porec.com\/de\/wp-json\/wp\/v2\/media?parent=4267"}],"curies":[{"name":"wp","href":"https:\/\/api.w.org\/{rel}","templated":true}]}}