{"id":4074,"date":"2025-11-24T11:10:38","date_gmt":"2025-11-24T11:10:38","guid":{"rendered":"https:\/\/www.solis-porec.com\/?page_id=4074"},"modified":"2025-11-24T11:33:35","modified_gmt":"2025-11-24T11:33:35","slug":"case-vacanze-parenzo","status":"publish","type":"page","link":"https:\/\/www.solis-porec.com\/it\/case-vacanze-parenzo\/","title":{"rendered":"Case vacanze Parenzo"},"content":{"rendered":"\t\t<div data-elementor-type=\"wp-page\" data-elementor-id=\"4074\" class=\"elementor elementor-4074 elementor-3403\" data-elementor-post-type=\"page\">\n\t\t\t\t<div class=\"elementor-element elementor-element-3408783d e-flex e-con-boxed e-con e-parent\" data-id=\"3408783d\" data-element_type=\"container\" data-e-type=\"container\" data-settings=\"{&quot;background_background&quot;:&quot;classic&quot;}\">\n\t\t\t\t\t<div class=\"e-con-inner\">\n\t\t\t\t<div class=\"elementor-element elementor-element-2a6be7f1 elementor-icon-list--layout-inline elementor-align-center elementor-list-item-link-full_width elementor-widget elementor-widget-icon-list\" data-id=\"2a6be7f1\" data-element_type=\"widget\" data-e-type=\"widget\" data-widget_type=\"icon-list.default\">\n\t\t\t\t<div class=\"elementor-widget-container\">\n\t\t\t\t\t\t\t<ul class=\"elementor-icon-list-items elementor-inline-items\">\n\t\t\t\t\t\t\t<li class=\"elementor-icon-list-item elementor-inline-item\">\n\t\t\t\t\t\t\t\t\t\t<span class=\"elementor-icon-list-text\">Case vacanze<\/span>\n\t\t\t\t\t\t\t\t\t<\/li>\n\t\t\t\t\t\t\t\t<li class=\"elementor-icon-list-item elementor-inline-item\">\n\t\t\t\t\t\t\t\t\t\t\t<span class=\"elementor-icon-list-icon\">\n\t\t\t\t\t\t\t<i aria-hidden=\"true\" class=\"jki jki-right-arrow-8\"><\/i>\t\t\t\t\t\t<\/span>\n\t\t\t\t\t\t\t\t\t\t<span class=\"elementor-icon-list-text\">Parenzo<\/span>\n\t\t\t\t\t\t\t\t\t<\/li>\n\t\t\t\t\t\t<\/ul>\n\t\t\t\t\t\t<\/div>\n\t\t\t\t<\/div>\n\t\t\t\t<div class=\"elementor-element elementor-element-1a371a5f elementor-widget elementor-widget-heading\" data-id=\"1a371a5f\" data-element_type=\"widget\" data-e-type=\"widget\" data-widget_type=\"heading.default\">\n\t\t\t\t<div class=\"elementor-widget-container\">\n\t\t\t\t\t<h1 class=\"elementor-heading-title elementor-size-default\">Case vacanze a Parenzo<\/h1>\t\t\t\t<\/div>\n\t\t\t\t<\/div>\n\t\t\t\t\t<\/div>\n\t\t\t\t<\/div>\n\t\t<div class=\"elementor-element elementor-element-73362b04 e-flex e-con-boxed e-con e-child\" data-id=\"73362b04\" data-element_type=\"container\" data-e-type=\"container\">\n\t\t\t\t\t<div class=\"e-con-inner\">\n\t\t<div class=\"elementor-element elementor-element-6fd83fe2 e-con-full e-flex e-con e-child\" data-id=\"6fd83fe2\" data-element_type=\"container\" data-e-type=\"container\">\n\t\t<div class=\"elementor-element elementor-element-6454d929 e-con-full jkit-sticky-element--enabled e-flex jkit-sticky-element-on--down jkit-sticky-position--sticky e-con e-child\" data-id=\"6454d929\" data-element_type=\"container\" data-e-type=\"container\" data-settings=\"{&quot;jkit_sticky_top_position&quot;:{&quot;unit&quot;:&quot;px&quot;,&quot;size&quot;:&quot;50&quot;,&quot;sizes&quot;:[]},&quot;jkit_sticky_device&quot;:&quot;desktop&quot;}\">\n\t\t<div class=\"elementor-element elementor-element-5d68d80c e-con-full e-flex e-con e-child\" data-id=\"5d68d80c\" data-element_type=\"container\" data-e-type=\"container\" data-settings=\"{&quot;background_background&quot;:&quot;classic&quot;}\">\n\t\t\t\t<div class=\"elementor-element elementor-element-38e8d00d elementor-widget elementor-widget-heading\" data-id=\"38e8d00d\" data-element_type=\"widget\" data-e-type=\"widget\" data-widget_type=\"heading.default\">\n\t\t\t\t<div class=\"elementor-widget-container\">\n\t\t\t\t\t<h2 class=\"elementor-heading-title elementor-size-default\">I tuoi servizi preferiti<\/h2>\t\t\t\t<\/div>\n\t\t\t\t<\/div>\n\t\t\t\t<div class=\"elementor-element elementor-element-584d82e8 elementor-widget-divider--view-line elementor-widget elementor-widget-divider\" data-id=\"584d82e8\" data-element_type=\"widget\" data-e-type=\"widget\" data-widget_type=\"divider.default\">\n\t\t\t\t<div class=\"elementor-widget-container\">\n\t\t\t\t\t\t\t<div class=\"elementor-divider\">\n\t\t\t<span class=\"elementor-divider-separator\">\n\t\t\t\t\t\t<\/span>\n\t\t<\/div>\n\t\t\t\t\t\t<\/div>\n\t\t\t\t<\/div>\n\t\t\t\t<div class=\"elementor-element elementor-element-3d8d41a0 jkit-equal-height-disable elementor-widget elementor-widget-jkit_icon_box\" data-id=\"3d8d41a0\" data-element_type=\"widget\" data-e-type=\"widget\" data-widget_type=\"jkit_icon_box.default\">\n\t\t\t\t<div class=\"elementor-widget-container\">\n\t\t\t\t\t<div  class=\"jeg-elementor-kit jkit-icon-box icon-position-left elementor-animation- jeg_module___69ec7a53472d8\" ><div class=\"jkit-icon-box-wrapper hover-from-left\"><div class=\"icon-box icon-box-header elementor-animation-\"><div class=\"icon style-color\"><i aria-hidden=\"true\" class=\"jki jki-swimming-pool-solid\"><\/i><\/div><\/div><div class=\"icon-box icon-box-body\">\n                <h2 class=\"title\">Piscina<\/h2>\n            <\/div>\n            \n            <\/div><\/div>\t\t\t\t<\/div>\n\t\t\t\t<\/div>\n\t\t\t\t<div class=\"elementor-element elementor-element-fabb941 jkit-equal-height-disable elementor-widget elementor-widget-jkit_icon_box\" data-id=\"fabb941\" data-element_type=\"widget\" data-e-type=\"widget\" data-widget_type=\"jkit_icon_box.default\">\n\t\t\t\t<div class=\"elementor-widget-container\">\n\t\t\t\t\t<div  class=\"jeg-elementor-kit jkit-icon-box icon-position-left elementor-animation- jeg_module__1_69ec7a5348344\" ><div class=\"jkit-icon-box-wrapper hover-from-left\"><div class=\"icon-box icon-box-header elementor-animation-\"><div class=\"icon style-color\"><i aria-hidden=\"true\" class=\"jki jki-dog-solid\"><\/i><\/div><\/div><div class=\"icon-box icon-box-body\">\n                <h2 class=\"title\">Animali<\/h2>\n            <\/div>\n            \n            <\/div><\/div>\t\t\t\t<\/div>\n\t\t\t\t<\/div>\n\t\t\t\t<div class=\"elementor-element elementor-element-12bfa36 jkit-equal-height-disable elementor-widget elementor-widget-jkit_icon_box\" data-id=\"12bfa36\" data-element_type=\"widget\" data-e-type=\"widget\" data-widget_type=\"jkit_icon_box.default\">\n\t\t\t\t<div class=\"elementor-widget-container\">\n\t\t\t\t\t<div  class=\"jeg-elementor-kit jkit-icon-box icon-position-left elementor-animation- jeg_module__2_69ec7a53492d3\" ><div class=\"jkit-icon-box-wrapper hover-from-left\"><div class=\"icon-box icon-box-header elementor-animation-\"><div class=\"icon style-color\"><i aria-hidden=\"true\" class=\"jki jki-smile-solid\"><\/i><\/div><\/div><div class=\"icon-box icon-box-body\">\n                <h2 class=\"title\">Economici<\/h2>\n            <\/div>\n            \n            <\/div><\/div>\t\t\t\t<\/div>\n\t\t\t\t<\/div>\n\t\t\t\t<div class=\"elementor-element elementor-element-02a15f6 jkit-equal-height-disable elementor-widget elementor-widget-jkit_icon_box\" data-id=\"02a15f6\" data-element_type=\"widget\" data-e-type=\"widget\" data-widget_type=\"jkit_icon_box.default\">\n\t\t\t\t<div class=\"elementor-widget-container\">\n\t\t\t\t\t<div  class=\"jeg-elementor-kit jkit-icon-box icon-position-left elementor-animation- jeg_module__3_69ec7a534a20c\" ><div class=\"jkit-icon-box-wrapper hover-from-left\"><div class=\"icon-box icon-box-header elementor-animation-\"><div class=\"icon style-color\"><i aria-hidden=\"true\" class=\"jki jki-star2-light\"><\/i><\/div><\/div><div class=\"icon-box icon-box-body\">\n                <h2 class=\"title\">Il pi\u00f9 votato<\/h2>\n            <\/div>\n            \n            <\/div><\/div>\t\t\t\t<\/div>\n\t\t\t\t<\/div>\n\t\t\t\t<\/div>\n\t\t<div class=\"elementor-element elementor-element-463be7bf e-con-full e-flex e-con e-child\" data-id=\"463be7bf\" data-element_type=\"container\" data-e-type=\"container\" data-settings=\"{&quot;background_background&quot;:&quot;classic&quot;}\">\n\t\t\t\t<div class=\"elementor-element elementor-element-7a51047c elementor-widget elementor-widget-metform\" data-id=\"7a51047c\" data-element_type=\"widget\" data-e-type=\"widget\" data-widget_type=\"metform.default\">\n\t\t\t\t<div class=\"elementor-widget-container\">\n\t\t\t\t\t<div id=\"mf-response-props-id-634\" data-previous-steps-style=\"\" data-editswitchopen=\"\" data-response_type=\"alert\" data-erroricon=\"fas fa-exclamation-triangle\" data-successicon=\"fas fa-check\" data-messageposition=\"top\" class=\"   mf-scroll-top-no\">\n\t\t<div class=\"formpicker_warper formpicker_warper_editable\" data-metform-formpicker-key=\"634\" >\n\t\t\t\t\n\t\t\t<div class=\"mf-widget-container\">\n\t\t\t\t\r\n\t\t<div\r\n\t\t\tid=\"metform-wrap-7a51047c-634\"\r\n\t\t\tclass=\"mf-form-wrapper\"\r\n\t\t\tdata-form-id=\"634\"\r\n\t\t\tdata-action=\"https:\/\/www.solis-porec.com\/it\/wp-json\/metform\/v1\/entries\/insert\/634\"\r\n\t\t\tdata-wp-nonce=\"58b44b038a\"\r\n\t\t\tdata-form-nonce=\"b1393b266a\"\r\n\t\t\tdata-quiz-summery = \"false\"\r\n\t\t\tdata-save-progress = \"false\"\r\n\t\t\tdata-form-type=\"contact_form\"\r\n\t\t\tdata-stop-vertical-effect=\"\"\r\n\t\t\t><\/div>\r\n\r\n\r\n\t\t<!----------------------------- \r\n\t\t\t* controls_data : find the the props passed indie of data attribute\r\n\t\t\t* props.SubmitResponseMarkup : contains the markup of error or success message\r\n\t\t\t* https:\/\/developer.mozilla.org\/en-US\/docs\/Web\/JavaScript\/Reference\/Template_literals\r\n\t\t--------------------------- -->\r\n\r\n\t\t\t\t<script type=\"text\/mf\" class=\"mf-template\">\r\n\t\t\tfunction controls_data (value){\r\n\t\t\t\tlet currentWrapper = \"mf-response-props-id-634\";\r\n\t\t\t\tlet currentEl = document.getElementById(currentWrapper);\r\n\t\t\t\t\r\n\t\t\t\treturn currentEl ? currentEl.dataset[value] : false\r\n\t\t\t}\r\n\r\n\r\n\t\t\tlet is_edit_mode = '' ? true : false;\r\n\t\t\tlet message_position = controls_data('messageposition') || 'top';\r\n\r\n\t\t\t\r\n\t\t\tlet message_successIcon = controls_data('successicon') || '';\r\n\t\t\tlet message_errorIcon = controls_data('erroricon') || '';\r\n\t\t\tlet message_editSwitch = controls_data('editswitchopen') === 'yes' ? true : false;\r\n\t\t\tlet message_proClass = controls_data('editswitchopen') === 'yes' ? 'mf_pro_activated' : '';\r\n\t\t\t\r\n\t\t\tlet is_dummy_markup = is_edit_mode && message_editSwitch ? true : false;\r\n\r\n\t\t\t\r\n\t\t\treturn html`\r\n\t\t\t\t<form\r\n\t\t\t\t\tclassName=\"metform-form-content\"\r\n\t\t\t\t\tref=${parent.formContainerRef}\r\n\t\t\t\t\tonSubmit=${ validation.handleSubmit( parent.handleFormSubmit ) }\r\n\t\t\t\t\r\n\t\t\t\t\t>\r\n\t\t\t\r\n\t\t\t\r\n\t\t\t\t\t${is_dummy_markup ? message_position === 'top' ?  props.ResponseDummyMarkup(message_successIcon, message_proClass) : '' : ''}\r\n\t\t\t\t\t${is_dummy_markup ? ' ' :  message_position === 'top' ? props.SubmitResponseMarkup`${parent}${state}${message_successIcon}${message_errorIcon}${message_proClass}` : ''}\r\n\r\n\t\t\t\t\t<!--------------------------------------------------------\r\n\t\t\t\t\t*** IMPORTANT \/ DANGEROUS ***\r\n\t\t\t\t\t${html``} must be used as in immediate child of \"metform-form-main-wrapper\"\r\n\t\t\t\t\tclass otherwise multistep form will not run at all\r\n\t\t\t\t\t---------------------------------------------------------->\r\n\r\n\t\t\t\t\t<div className=\"metform-form-main-wrapper\" key=${'hide-form-after-submit'} ref=${parent.formRef}>\r\n\t\t\t\t\t${html`\r\n\t\t\t\t\t\t\t\t\t\t\t`}\r\n\t\t\t\t\t<\/div>\r\n\r\n\t\t\t\t\t${is_dummy_markup ? message_position === 'bottom' ? props.ResponseDummyMarkup(message_successIcon, message_proClass) : '' : ''}\r\n\t\t\t\t\t${is_dummy_markup ? ' ' : message_position === 'bottom' ? props.SubmitResponseMarkup`${parent}${state}${message_successIcon}${message_errorIcon}${message_proClass}` : ''}\r\n\t\t\t\t\r\n\t\t\t\t<\/form>\r\n\t\t\t`\r\n\t\t<\/script>\r\n\r\n\t\t\t\t\t<\/div>\n\t\t<\/div>\n\t\t<\/div>\t\t\t\t<\/div>\n\t\t\t\t<\/div>\n\t\t\t\t<\/div>\n\t\t<div class=\"elementor-element elementor-element-46c2464b e-con-full e-flex e-con e-child\" data-id=\"46c2464b\" data-element_type=\"container\" data-e-type=\"container\" data-settings=\"{&quot;background_background&quot;:&quot;classic&quot;}\">\n\t\t\t\t<div class=\"elementor-element elementor-element-27eaae05 elementor-widget elementor-widget-heading\" data-id=\"27eaae05\" data-element_type=\"widget\" data-e-type=\"widget\" data-widget_type=\"heading.default\">\n\t\t\t\t<div class=\"elementor-widget-container\">\n\t\t\t\t\t<h2 class=\"elementor-heading-title elementor-size-default\">Turismo Istria<\/h2>\t\t\t\t<\/div>\n\t\t\t\t<\/div>\n\t\t\t\t<div class=\"elementor-element elementor-element-4f4a9a38 elementor-widget elementor-widget-jkit_heading\" data-id=\"4f4a9a38\" data-element_type=\"widget\" data-e-type=\"widget\" data-widget_type=\"jkit_heading.default\">\n\t\t\t\t<div class=\"elementor-widget-container\">\n\t\t\t\t\t<div  class=\"jeg-elementor-kit jkit-heading  align-left align-tablet- align-mobile- jeg_module__4_69ec7a53520dc\" ><div class=\"heading-section-title  display-inline-block\"><h2 class=\"heading-title\"><span class=\"style-color\"><span>Visita il nostro Blog<\/span><\/span><\/h2><\/div><h3 class=\"heading-section-subtitle  style-color\">Tutte le informazioni di cui hai bisogno prima di arrivare.<\/h3><\/div>\t\t\t\t<\/div>\n\t\t\t\t<\/div>\n\t\t\t\t<div class=\"elementor-element elementor-element-15fbe55 e-transform elementor-widget elementor-widget-jkit_button\" data-id=\"15fbe55\" data-element_type=\"widget\" data-e-type=\"widget\" data-settings=\"{&quot;_transform_scale_effect_hover&quot;:{&quot;unit&quot;:&quot;px&quot;,&quot;size&quot;:&quot;0.9&quot;,&quot;sizes&quot;:[]},&quot;_transform_scale_effect_hover_tablet&quot;:{&quot;unit&quot;:&quot;px&quot;,&quot;size&quot;:&quot;&quot;,&quot;sizes&quot;:[]},&quot;_transform_scale_effect_hover_mobile&quot;:{&quot;unit&quot;:&quot;px&quot;,&quot;size&quot;:&quot;&quot;,&quot;sizes&quot;:[]}}\" data-widget_type=\"jkit_button.default\">\n\t\t\t\t<div class=\"elementor-widget-container\">\n\t\t\t\t\t<div  class=\"jeg-elementor-kit jkit-button  icon-position-after jeg_module__5_69ec7a5354bea\" ><a href=\"https:\/\/www.solis-porec.com\/blog-istria-tourism\/\" class=\"jkit-button-wrapper\">Blog turistico dell&#039;Istria<i aria-hidden=\"true\" class=\"jki jki-right-arrow2-light\"><\/i><\/a><\/div>\t\t\t\t<\/div>\n\t\t\t\t<\/div>\n\t\t\t\t<div class=\"elementor-element elementor-element-533e7f33 elementor-widget elementor-widget-spacer\" data-id=\"533e7f33\" data-element_type=\"widget\" data-e-type=\"widget\" data-widget_type=\"spacer.default\">\n\t\t\t\t<div class=\"elementor-widget-container\">\n\t\t\t\t\t\t\t<div class=\"elementor-spacer\">\n\t\t\t<div class=\"elementor-spacer-inner\"><\/div>\n\t\t<\/div>\n\t\t\t\t\t\t<\/div>\n\t\t\t\t<\/div>\n\t\t\t\t<\/div>\n\t\t\t\t<\/div>\n\t\t\t\t<\/div>\n\t\t<div class=\"elementor-element elementor-element-77fa272f e-con-full e-flex e-con e-child\" data-id=\"77fa272f\" data-element_type=\"container\" data-e-type=\"container\">\n\t\t<div class=\"elementor-element elementor-element-412022c6 e-con-full e-flex e-con e-child\" data-id=\"412022c6\" data-element_type=\"container\" data-e-type=\"container\">\n\t\t\t\t<div class=\"elementor-element elementor-element-39237ac4 elementor-widget elementor-widget-image\" data-id=\"39237ac4\" data-element_type=\"widget\" data-e-type=\"widget\" data-widget_type=\"image.default\">\n\t\t\t\t<div class=\"elementor-widget-container\">\n\t\t\t\t\t\t\t\t\t\t\t\t\t\t\t<img fetchpriority=\"high\" decoding=\"async\" width=\"892\" height=\"595\" src=\"https:\/\/www.solis-porec.com\/wp-content\/uploads\/2025\/11\/porec.webp\" class=\"attachment-full size-full wp-image-4076\" alt=\"porec\" srcset=\"https:\/\/www.solis-porec.com\/wp-content\/uploads\/2025\/11\/porec.webp 892w, https:\/\/www.solis-porec.com\/wp-content\/uploads\/2025\/11\/porec-300x200.webp 300w, https:\/\/www.solis-porec.com\/wp-content\/uploads\/2025\/11\/porec-768x512.webp 768w\" sizes=\"(max-width: 892px) 100vw, 892px\" \/>\t\t\t\t\t\t\t\t\t\t\t\t\t\t\t<\/div>\n\t\t\t\t<\/div>\n\t\t\t\t<\/div>\n\t\t<div class=\"elementor-element elementor-element-59e14fd2 e-con-full e-flex e-con e-child\" data-id=\"59e14fd2\" data-element_type=\"container\" data-e-type=\"container\">\n\t\t\t\t<div class=\"elementor-element elementor-element-540faf7 elementor-widget elementor-widget-jkit_heading\" data-id=\"540faf7\" data-element_type=\"widget\" data-e-type=\"widget\" data-widget_type=\"jkit_heading.default\">\n\t\t\t\t<div class=\"elementor-widget-container\">\n\t\t\t\t\t<div  class=\"jeg-elementor-kit jkit-heading  align-left align-tablet- align-mobile- jeg_module__6_69ec7a5355dfb\" ><div class=\"heading-section-title  display-inline-block\"><h2 class=\"heading-title\">Affitta la tua <span class=\"style-color\"><span> casa vacanze <\/span><\/span> a Parenzo<\/h2><\/div><\/div>\t\t\t\t<\/div>\n\t\t\t\t<\/div>\n\t\t\t\t<div class=\"elementor-element elementor-element-1e6b593e elementor-widget elementor-widget-text-editor\" data-id=\"1e6b593e\" data-element_type=\"widget\" data-e-type=\"widget\" data-widget_type=\"text-editor.default\">\n\t\t\t\t<div class=\"elementor-widget-container\">\n\t\t\t\t\t\t\t\t\t<p>Fuggi a Parenzo, dove lo splendore dell&#8217;Adriatico incontra il fascino mediterraneo senza tempo. Soggiornare in una sistemazione locale ti permette di esplorare liberamente, godere di spazio e comfort e sentire il battito della vita costiera autentica. Svegliati con vista mare, passeggia per le strade acciottolate bagnate dal sole e assapora il pregiato vino istriano e i piatti a base di tartufo. Scopri le nostre sistemazioni selezionate con cura e vivi la magia di Parenzo a modo tuo.   <\/p>\t\t\t\t\t\t\t\t<\/div>\n\t\t\t\t<\/div>\n\t\t\t\t<\/div>\n\t\t<div class=\"elementor-element elementor-element-23b3c2ba e-con-full e-flex e-con e-child\" data-id=\"23b3c2ba\" data-element_type=\"container\" data-e-type=\"container\">\n\t\t<div class=\"elementor-element elementor-element-69b20a29 e-con-full e-flex e-con e-child\" data-id=\"69b20a29\" data-element_type=\"container\" data-e-type=\"container\">\n\t\t\t\t<div class=\"elementor-element elementor-element-dca82aa elementor-widget elementor-widget-grid\" data-id=\"dca82aa\" data-element_type=\"widget\" data-e-type=\"widget\" data-widget_type=\"grid.default\">\n\t\t\t\t<div class=\"elementor-widget-container\">\n\t\t\t\t\t\t\t<div class=\"its--row alojamientos-recomendados\">\n\n\t\t\t<div class=\"alojamientos-recomendados-container\">\n\n\t\t\t\t\t\n\t\t\t\t\t<a href=\"https:\/\/www.booking.solis-porec.com\/it\/affitti\/casa-porec-casa-astrid-by-the-sea-in-porec-istria-219822.html\" rel=\"nofollow\" style=\"width: 49%;\">\n\t\t\t\t\t\t<div class=\"apartamento-box\">\n\t\t\t\t\t\t\t<div class=\"imagen_recomendados\">\n\t\t\t\t\t\t\t\t<img decoding=\"async\" src=\"https:\/\/crs.avantio.com\/fotos\/2\/15117901214cb045cdc9b18d92197356eb0721d945\/big15117936637cab2cc62c27123c4ea2f65acb69721b.jpg\" alt=\"Casa Vacanze Casa Astrid sul mare a Parenzo, Istria\">\n\t\t\t\t\t\t\t<\/div>\n\t\t\t\t\t\t\t<div class=\"info\">\n\t\t\t\t\t\t\t\t<div class=\"ubicacion\">\n\t\t\t\t\t\t\t\t\t<i class=\"fa-solid fa-location-dot icono-mapa\"><\/i><span class=\"ubicacion-texto\">Porec - Pore\u010d (Parenzo)<\/span>\n\t\t\t\t\t\t\t\t<\/div>\n\t\t\t\t\t\t\t\t<H4 class=\"titulo-alojamiento\">\n\t\t\t\t\t\t\t\t\tCasa Vacanze Casa Astrid sul mare a Parenzo, Istria\t\t\t\t\t\t\t\t<\/H4>\n\t\t\t\t\t\t\t\t<p class=\"precio-alojamiento\">Da <span class=\"precio\">110.00\u20ac<\/span> per notte<\/p>\n\t\t\t\t\t\t\t<\/div>\n\t\t\t\t\t\t<\/div>\n\t\t\t\t\t<\/a> \n\t\t\t\t\t\t\n\t\t\t\t\t<a href=\"https:\/\/www.booking.solis-porec.com\/it\/affitti\/appartamento-porec-apartment-rocco-in-porec-istria-219995.html\" rel=\"nofollow\" style=\"width: 49%;\">\n\t\t\t\t\t\t<div class=\"apartamento-box\">\n\t\t\t\t\t\t\t<div class=\"imagen_recomendados\">\n\t\t\t\t\t\t\t\t<img decoding=\"async\" src=\"https:\/\/crs.avantio.com\/fotos\/2\/150814926738ea3ace8b49b3914a16778c7716b792\/big17489544271e9c0ec57d7f1829c742ce66cfc28079.jpg\" alt=\"Appartamento Rocco con balcone a Parenzo\">\n\t\t\t\t\t\t\t<\/div>\n\t\t\t\t\t\t\t<div class=\"info\">\n\t\t\t\t\t\t\t\t<div class=\"ubicacion\">\n\t\t\t\t\t\t\t\t\t<i class=\"fa-solid fa-location-dot icono-mapa\"><\/i><span class=\"ubicacion-texto\">Porec - Pore\u010d (Parenzo)<\/span>\n\t\t\t\t\t\t\t\t<\/div>\n\t\t\t\t\t\t\t\t<H4 class=\"titulo-alojamiento\">\n\t\t\t\t\t\t\t\t\tAppartamento Rocco con balcone a Parenzo\t\t\t\t\t\t\t\t<\/H4>\n\t\t\t\t\t\t\t\t<p class=\"precio-alojamiento\">Da <span class=\"precio\">70.00\u20ac<\/span> per notte<\/p>\n\t\t\t\t\t\t\t<\/div>\n\t\t\t\t\t\t<\/div>\n\t\t\t\t\t<\/a> \n\t\t\t\t\t\t\n\t\t\t\t\t<a href=\"https:\/\/www.booking.solis-porec.com\/it\/affitti\/appartamento-porec-apartment-sasa-in-porec-220071.html\" rel=\"nofollow\" style=\"width: 49%;\">\n\t\t\t\t\t\t<div class=\"apartamento-box\">\n\t\t\t\t\t\t\t<div class=\"imagen_recomendados\">\n\t\t\t\t\t\t\t\t<img decoding=\"async\" src=\"https:\/\/crs.avantio.com\/fotos\/2\/15082319416a904a4d9f82755b1bcc1296daaea154\/big17489546394b3ae63f7f6861422ac704e699f8de00.jpg\" alt=\"Appartamento Sa\u0161a con balcone a Parenzo\">\n\t\t\t\t\t\t\t<\/div>\n\t\t\t\t\t\t\t<div class=\"info\">\n\t\t\t\t\t\t\t\t<div class=\"ubicacion\">\n\t\t\t\t\t\t\t\t\t<i class=\"fa-solid fa-location-dot icono-mapa\"><\/i><span class=\"ubicacion-texto\">Porec - Pore\u010d (Parenzo)<\/span>\n\t\t\t\t\t\t\t\t<\/div>\n\t\t\t\t\t\t\t\t<H4 class=\"titulo-alojamiento\">\n\t\t\t\t\t\t\t\t\tAppartamento Sa\u0161a con balcone a Parenzo\t\t\t\t\t\t\t\t<\/H4>\n\t\t\t\t\t\t\t\t<p class=\"precio-alojamiento\">Da <span class=\"precio\">65.00\u20ac<\/span> per notte<\/p>\n\t\t\t\t\t\t\t<\/div>\n\t\t\t\t\t\t<\/div>\n\t\t\t\t\t<\/a> \n\t\t\t\t\t\t\n\t\t\t\t\t<a href=\"https:\/\/www.booking.solis-porec.com\/it\/affitti\/appartamento-porec-apartment-filipin-in-porec-istria-220076.html\" rel=\"nofollow\" style=\"width: 49%;\">\n\t\t\t\t\t\t<div class=\"apartamento-box\">\n\t\t\t\t\t\t\t<div class=\"imagen_recomendados\">\n\t\t\t\t\t\t\t\t<img decoding=\"async\" src=\"https:\/\/crs.avantio.com\/fotos\/2\/1508235095c1759a14a51eccac2e4fface3649ca37\/big1508235101bf5652d88178d91233df2d3d74f1e52d.jpg\" alt=\"Appartamento  Filipin  vicino al mare in Porec, Istria\">\n\t\t\t\t\t\t\t<\/div>\n\t\t\t\t\t\t\t<div class=\"info\">\n\t\t\t\t\t\t\t\t<div class=\"ubicacion\">\n\t\t\t\t\t\t\t\t\t<i class=\"fa-solid fa-location-dot icono-mapa\"><\/i><span class=\"ubicacion-texto\">Porec - Pore\u010d (Parenzo)<\/span>\n\t\t\t\t\t\t\t\t<\/div>\n\t\t\t\t\t\t\t\t<H4 class=\"titulo-alojamiento\">\n\t\t\t\t\t\t\t\t\tAppartamento  Filipin  vicino al mare in Porec, Istria\t\t\t\t\t\t\t\t<\/H4>\n\t\t\t\t\t\t\t\t<p class=\"precio-alojamiento\">Da <span class=\"precio\">65.00\u20ac<\/span> per notte<\/p>\n\t\t\t\t\t\t\t<\/div>\n\t\t\t\t\t\t<\/div>\n\t\t\t\t\t<\/a> \n\t\t\t\t\t\t\n\t\t\t\t\t<a href=\"https:\/\/www.booking.solis-porec.com\/it\/affitti\/appartamento-porec-apartment-alma-ig-in-porec-istria-224250.html\" rel=\"nofollow\" style=\"width: 49%;\">\n\t\t\t\t\t\t<div class=\"apartamento-box\">\n\t\t\t\t\t\t\t<div class=\"imagen_recomendados\">\n\t\t\t\t\t\t\t\t<img decoding=\"async\" src=\"https:\/\/crs.avantio.com\/fotos\/2\/1510929194a627323402220b000b5d27a8aaaee2bc\/big1654341456ccc1bbd1f4bae1636eabd100140fd011.jpg\" alt=\"Appartamento Alma IG con balcone a Parenzo, Istria \">\n\t\t\t\t\t\t\t<\/div>\n\t\t\t\t\t\t\t<div class=\"info\">\n\t\t\t\t\t\t\t\t<div class=\"ubicacion\">\n\t\t\t\t\t\t\t\t\t<i class=\"fa-solid fa-location-dot icono-mapa\"><\/i><span class=\"ubicacion-texto\">Porec - Pore\u010d (Parenzo)<\/span>\n\t\t\t\t\t\t\t\t<\/div>\n\t\t\t\t\t\t\t\t<H4 class=\"titulo-alojamiento\">\n\t\t\t\t\t\t\t\t\tAppartamento Alma IG con balcone a Parenzo, Istria \t\t\t\t\t\t\t\t<\/H4>\n\t\t\t\t\t\t\t\t<p class=\"precio-alojamiento\">Da <span class=\"precio\">64.00\u20ac<\/span> per notte<\/p>\n\t\t\t\t\t\t\t<\/div>\n\t\t\t\t\t\t<\/div>\n\t\t\t\t\t<\/a> \n\t\t\t\t\t\t\n\t\t\t\t\t<a href=\"https:\/\/www.booking.solis-porec.com\/it\/affitti\/appartamento-porec-apartment-alma-iig-in-porec-istria-224263.html\" rel=\"nofollow\" style=\"width: 49%;\">\n\t\t\t\t\t\t<div class=\"apartamento-box\">\n\t\t\t\t\t\t\t<div class=\"imagen_recomendados\">\n\t\t\t\t\t\t\t\t<img decoding=\"async\" src=\"https:\/\/crs.avantio.com\/fotos\/2\/15111826287fdf2dd55c8dfa8ec13bb3be8114bb56\/big165434219686bcd7acd75a19584ffe618049a62134.jpg\" alt=\"Appartamento Alma IIG con balcone a Parenzo, Istria\">\n\t\t\t\t\t\t\t<\/div>\n\t\t\t\t\t\t\t<div class=\"info\">\n\t\t\t\t\t\t\t\t<div class=\"ubicacion\">\n\t\t\t\t\t\t\t\t\t<i class=\"fa-solid fa-location-dot icono-mapa\"><\/i><span class=\"ubicacion-texto\">Porec - Pore\u010d (Parenzo)<\/span>\n\t\t\t\t\t\t\t\t<\/div>\n\t\t\t\t\t\t\t\t<H4 class=\"titulo-alojamiento\">\n\t\t\t\t\t\t\t\t\tAppartamento Alma IIG con balcone a Parenzo, Istria\t\t\t\t\t\t\t\t<\/H4>\n\t\t\t\t\t\t\t\t<p class=\"precio-alojamiento\">Da <span class=\"precio\">55.00\u20ac<\/span> per notte<\/p>\n\t\t\t\t\t\t\t<\/div>\n\t\t\t\t\t\t<\/div>\n\t\t\t\t\t<\/a> \n\t\t\t\t\t\t\n\t\t\t\t\t<a href=\"https:\/\/www.booking.solis-porec.com\/it\/affitti\/appartamento-porec-deluxe-apartment-nina-by-the-sea-in-porec-istria-224557.html\" rel=\"nofollow\" style=\"width: 49%;\">\n\t\t\t\t\t\t<div class=\"apartamento-box\">\n\t\t\t\t\t\t\t<div class=\"imagen_recomendados\">\n\t\t\t\t\t\t\t\t<img decoding=\"async\" src=\"https:\/\/crs.avantio.com\/fotos\/2\/1511261058bf1f739ee1f3c18e8a85a482b69af420\/big168433656063555ec67dbe3cff0b054cc6501b6627.jpg\" alt=\"Appartamento Nina a Parenzo ,centro, Istria\">\n\t\t\t\t\t\t\t<\/div>\n\t\t\t\t\t\t\t<div class=\"info\">\n\t\t\t\t\t\t\t\t<div class=\"ubicacion\">\n\t\t\t\t\t\t\t\t\t<i class=\"fa-solid fa-location-dot icono-mapa\"><\/i><span class=\"ubicacion-texto\">Porec - Pore\u010d (Parenzo)<\/span>\n\t\t\t\t\t\t\t\t<\/div>\n\t\t\t\t\t\t\t\t<H4 class=\"titulo-alojamiento\">\n\t\t\t\t\t\t\t\t\tAppartamento Nina a Parenzo ,centro, Istria\t\t\t\t\t\t\t\t<\/H4>\n\t\t\t\t\t\t\t\t<p class=\"precio-alojamiento\">Da <span class=\"precio\">150.00\u20ac<\/span> per notte<\/p>\n\t\t\t\t\t\t\t<\/div>\n\t\t\t\t\t\t<\/div>\n\t\t\t\t\t<\/a> \n\t\t\t\t\t\t\n\t\t\t\t\t<a href=\"https:\/\/www.booking.solis-porec.com\/it\/affitti\/appartamento-porec-premium-apartment-hari-i-224634.html\" rel=\"nofollow\" style=\"width: 49%;\">\n\t\t\t\t\t\t<div class=\"apartamento-box\">\n\t\t\t\t\t\t\t<div class=\"imagen_recomendados\">\n\t\t\t\t\t\t\t\t<img decoding=\"async\" src=\"https:\/\/crs.avantio.com\/fotos\/2\/15117883376b28f13ec8eb7f9e014c64c1f6647864\/big166567304570fb985052a6ae470e1bfcac8b3b858c.jpg\" alt=\"Appartamento Hari I con terrazza a Parenzo, Istria\">\n\t\t\t\t\t\t\t<\/div>\n\t\t\t\t\t\t\t<div class=\"info\">\n\t\t\t\t\t\t\t\t<div class=\"ubicacion\">\n\t\t\t\t\t\t\t\t\t<i class=\"fa-solid fa-location-dot icono-mapa\"><\/i><span class=\"ubicacion-texto\">Porec - Pore\u010d (Parenzo)<\/span>\n\t\t\t\t\t\t\t\t<\/div>\n\t\t\t\t\t\t\t\t<H4 class=\"titulo-alojamiento\">\n\t\t\t\t\t\t\t\t\tAppartamento Hari I con terrazza a Parenzo, Istria\t\t\t\t\t\t\t\t<\/H4>\n\t\t\t\t\t\t\t\t<p class=\"precio-alojamiento\">Da <span class=\"precio\">72.00\u20ac<\/span> per notte<\/p>\n\t\t\t\t\t\t\t<\/div>\n\t\t\t\t\t\t<\/div>\n\t\t\t\t\t<\/a> \n\t\t\t\t\t\t\n\t\t\t\t\t<a href=\"https:\/\/www.booking.solis-porec.com\/it\/affitti\/appartamento-porec-apartment-inteuro-porec-224641.html\" rel=\"nofollow\" style=\"width: 49%;\">\n\t\t\t\t\t\t<div class=\"apartamento-box\">\n\t\t\t\t\t\t\t<div class=\"imagen_recomendados\">\n\t\t\t\t\t\t\t\t<img decoding=\"async\" src=\"https:\/\/crs.avantio.com\/fotos\/2\/151127553530ed37667fce0662a31d5bfbd3bb1417\/big1684839569b5815778a9c01865793a547433fb259b.jpg\" alt=\"Appartamento Inteuro a Parenzo, Istria\">\n\t\t\t\t\t\t\t<\/div>\n\t\t\t\t\t\t\t<div class=\"info\">\n\t\t\t\t\t\t\t\t<div class=\"ubicacion\">\n\t\t\t\t\t\t\t\t\t<i class=\"fa-solid fa-location-dot icono-mapa\"><\/i><span class=\"ubicacion-texto\">Porec - Pore\u010d (Parenzo)<\/span>\n\t\t\t\t\t\t\t\t<\/div>\n\t\t\t\t\t\t\t\t<H4 class=\"titulo-alojamiento\">\n\t\t\t\t\t\t\t\t\tAppartamento Inteuro a Parenzo, Istria\t\t\t\t\t\t\t\t<\/H4>\n\t\t\t\t\t\t\t\t<p class=\"precio-alojamiento\">Da <span class=\"precio\">200.00\u20ac<\/span> per notte<\/p>\n\t\t\t\t\t\t\t<\/div>\n\t\t\t\t\t\t<\/div>\n\t\t\t\t\t<\/a> \n\t\t\t\t\t\t\n\t\t\t\t\t<a href=\"https:\/\/www.booking.solis-porec.com\/it\/affitti\/appartamento-porec-apartment-alexandra-in-porec-istria-224651.html\" rel=\"nofollow\" style=\"width: 49%;\">\n\t\t\t\t\t\t<div class=\"apartamento-box\">\n\t\t\t\t\t\t\t<div class=\"imagen_recomendados\">\n\t\t\t\t\t\t\t\t<img decoding=\"async\" src=\"https:\/\/crs.avantio.com\/fotos\/2\/15112767784ffb4ff7cb76bb260db7af505526a317\/big1511276789459dc266323d4487db698839ec654fc6.jpg\" alt=\"Apartment Alexandra con terrazza a Parenzo, Istria\">\n\t\t\t\t\t\t\t<\/div>\n\t\t\t\t\t\t\t<div class=\"info\">\n\t\t\t\t\t\t\t\t<div class=\"ubicacion\">\n\t\t\t\t\t\t\t\t\t<i class=\"fa-solid fa-location-dot icono-mapa\"><\/i><span class=\"ubicacion-texto\">Porec - Pore\u010d (Parenzo)<\/span>\n\t\t\t\t\t\t\t\t<\/div>\n\t\t\t\t\t\t\t\t<H4 class=\"titulo-alojamiento\">\n\t\t\t\t\t\t\t\t\tApartment Alexandra con terrazza a Parenzo, Istria\t\t\t\t\t\t\t\t<\/H4>\n\t\t\t\t\t\t\t\t<p class=\"precio-alojamiento\">Da <span class=\"precio\">55.00\u20ac<\/span> per notte<\/p>\n\t\t\t\t\t\t\t<\/div>\n\t\t\t\t\t\t<\/div>\n\t\t\t\t\t<\/a> \n\t\t\t\t\t\t\t\t<\/div>\n\t\t\t<\/div>\n\t\t\t\t\t\t<\/div>\n\t\t\t\t<\/div>\n\t\t\t\t<div class=\"elementor-element elementor-element-048e92e elementor-align-center elementor-widget elementor-widget-button\" data-id=\"048e92e\" data-element_type=\"widget\" data-e-type=\"widget\" data-widget_type=\"button.default\">\n\t\t\t\t<div class=\"elementor-widget-container\">\n\t\t\t\t\t\t\t\t\t<div class=\"elementor-button-wrapper\">\n\t\t\t\t\t<a class=\"elementor-button elementor-button-link elementor-size-sm\" href=\"https:\/\/www.booking.solis-porec.com\/it\/affitti\/affitti-istria-r283\/\">\n\t\t\t\t\t\t<span class=\"elementor-button-content-wrapper\">\n\t\t\t\t\t\t\t\t\t<span class=\"elementor-button-text\">Vedi tutte le sistemazioni a Parenzo<\/span>\n\t\t\t\t\t<\/span>\n\t\t\t\t\t<\/a>\n\t\t\t\t<\/div>\n\t\t\t\t\t\t\t\t<\/div>\n\t\t\t\t<\/div>\n\t\t\t\t<\/div>\n\t\t\t\t<\/div>\n\t\t<div class=\"elementor-element elementor-element-2b2ecd68 e-con-full e-flex e-con e-child\" data-id=\"2b2ecd68\" data-element_type=\"container\" data-e-type=\"container\">\n\t\t\t\t<div class=\"elementor-element elementor-element-1aa72b0f elementor-widget elementor-widget-heading\" data-id=\"1aa72b0f\" data-element_type=\"widget\" data-e-type=\"widget\" data-widget_type=\"heading.default\">\n\t\t\t\t<div class=\"elementor-widget-container\">\n\t\t\t\t\t<h2 class=\"elementor-heading-title elementor-size-default\">Motivi per visitare Parenzo<\/h2>\t\t\t\t<\/div>\n\t\t\t\t<\/div>\n\t\t\t\t<div class=\"elementor-element elementor-element-2a52aa7c elementor-icon-list--layout-traditional elementor-list-item-link-full_width elementor-widget elementor-widget-icon-list\" data-id=\"2a52aa7c\" data-element_type=\"widget\" data-e-type=\"widget\" data-widget_type=\"icon-list.default\">\n\t\t\t\t<div class=\"elementor-widget-container\">\n\t\t\t\t\t\t\t<ul class=\"elementor-icon-list-items\">\n\t\t\t\t\t\t\t<li class=\"elementor-icon-list-item\">\n\t\t\t\t\t\t\t\t\t\t\t<span class=\"elementor-icon-list-icon\">\n\t\t\t\t\t\t\t<i aria-hidden=\"true\" class=\"fas fa-check-circle\"><\/i>\t\t\t\t\t\t<\/span>\n\t\t\t\t\t\t\t\t\t\t<span class=\"elementor-icon-list-text\"><b>Coste mozzafiato<\/b> \u2013 Acque cristalline e spiagge nascoste perfette per nuotare<\/span>\n\t\t\t\t\t\t\t\t\t<\/li>\n\t\t\t\t\t\t\t\t<li class=\"elementor-icon-list-item\">\n\t\t\t\t\t\t\t\t\t\t\t<span class=\"elementor-icon-list-icon\">\n\t\t\t\t\t\t\t<i aria-hidden=\"true\" class=\"fas fa-check-circle\"><\/i>\t\t\t\t\t\t<\/span>\n\t\t\t\t\t\t\t\t\t\t<span class=\"elementor-icon-list-text\"><b>Affascinanti citt\u00e0 medievali<\/b> \u2013 Esplora Rovigno o Parenzo, ricche di storia e romanticismo<\/span>\n\t\t\t\t\t\t\t\t\t<\/li>\n\t\t\t\t\t\t\t\t<li class=\"elementor-icon-list-item\">\n\t\t\t\t\t\t\t\t\t\t\t<span class=\"elementor-icon-list-icon\">\n\t\t\t\t\t\t\t<i aria-hidden=\"true\" class=\"fas fa-check-circle\"><\/i>\t\t\t\t\t\t<\/span>\n\t\t\t\t\t\t\t\t\t\t<span class=\"elementor-icon-list-text\"><b>Cibo e vino di fama mondiale<\/b> \u2013 Assaggia tartufi, olio d'oliva e la pluripremiata Malvasia istriana<\/span>\n\t\t\t\t\t\t\t\t\t<\/li>\n\t\t\t\t\t\t\t\t<li class=\"elementor-icon-list-item\">\n\t\t\t\t\t\t\t\t\t\t\t<span class=\"elementor-icon-list-icon\">\n\t\t\t\t\t\t\t<i aria-hidden=\"true\" class=\"fas fa-check-circle\"><\/i>\t\t\t\t\t\t<\/span>\n\t\t\t\t\t\t\t\t\t\t<span class=\"elementor-icon-list-text\"><b>Avventure nella natura<\/b> \u2013 Fai escursioni, vai in bici o naviga attraverso parchi lussureggianti e sentieri panoramici<\/span>\n\t\t\t\t\t\t\t\t\t<\/li>\n\t\t\t\t\t\t\t\t<li class=\"elementor-icon-list-item\">\n\t\t\t\t\t\t\t\t\t\t\t<span class=\"elementor-icon-list-icon\">\n\t\t\t\t\t\t\t<i aria-hidden=\"true\" class=\"fas fa-check-circle\"><\/i>\t\t\t\t\t\t<\/span>\n\t\t\t\t\t\t\t\t\t\t<span class=\"elementor-icon-list-text\"><b>Lusso accessibile<\/b> \u2013 Soggiorni premium a costi inferiori rispetto ad altre localit\u00e0 mediterranee.<\/span>\n\t\t\t\t\t\t\t\t\t<\/li>\n\t\t\t\t\t\t\t\t<li class=\"elementor-icon-list-item\">\n\t\t\t\t\t\t\t\t\t\t\t<span class=\"elementor-icon-list-icon\">\n\t\t\t\t\t\t\t<i aria-hidden=\"true\" class=\"fas fa-check-circle\"><\/i>\t\t\t\t\t\t<\/span>\n\t\t\t\t\t\t\t\t\t\t<span class=\"elementor-icon-list-text\"><b>Bellezza tutto l'anno<\/b> \u2013 Estati soleggiate, inverni accoglienti: ogni stagione ha la sua magia.<\/span>\n\t\t\t\t\t\t\t\t\t<\/li>\n\t\t\t\t\t\t<\/ul>\n\t\t\t\t\t\t<\/div>\n\t\t\t\t<\/div>\n\t\t\t\t<\/div>\n\t\t\t\t<\/div>\n\t\t\t\t\t<\/div>\n\t\t\t\t<\/div>\n\t\t<div class=\"elementor-element elementor-element-e8dcc47 e-flex e-con-boxed e-con e-parent\" data-id=\"e8dcc47\" data-element_type=\"container\" data-e-type=\"container\">\n\t\t\t\t\t<div class=\"e-con-inner\">\n\t\t<div class=\"elementor-element elementor-element-5c22aa2 e-flex e-con-boxed e-con e-child\" data-id=\"5c22aa2\" data-element_type=\"container\" data-e-type=\"container\">\n\t\t\t\t\t<div class=\"e-con-inner\">\n\t\t<div class=\"elementor-element elementor-element-fd8d6c9 e-con-full e-flex e-con e-child\" data-id=\"fd8d6c9\" data-element_type=\"container\" data-e-type=\"container\">\n\t\t\t\t<div class=\"elementor-element elementor-element-e6f81c8 elementor-widget elementor-widget-jkit_heading\" data-id=\"e6f81c8\" data-element_type=\"widget\" data-e-type=\"widget\" data-widget_type=\"jkit_heading.default\">\n\t\t\t\t<div class=\"elementor-widget-container\">\n\t\t\t\t\t<div  class=\"jeg-elementor-kit jkit-heading  align-left align-tablet- align-mobile- jeg_module__7_69ec7a5424046\" ><div class=\"heading-section-title  display-inline-block\"><h2 class=\"heading-title\">Allogi a parenzo <span class=\"style-color\"><span>con Piscina<\/span><\/span><\/h2><\/div><\/div>\t\t\t\t<\/div>\n\t\t\t\t<\/div>\n\t\t\t\t<\/div>\n\t\t\t\t\t<\/div>\n\t\t\t\t<\/div>\n\t\t<div class=\"elementor-element elementor-element-eeb44f8 e-flex e-con-boxed e-con e-child\" data-id=\"eeb44f8\" data-element_type=\"container\" data-e-type=\"container\">\n\t\t\t\t\t<div class=\"e-con-inner\">\n\t\t<div class=\"elementor-element elementor-element-a05c850 e-con-full e-flex e-con e-child\" data-id=\"a05c850\" data-element_type=\"container\" data-e-type=\"container\">\n\t\t\t\t<div class=\"elementor-element elementor-element-087b1b4 elementor-widget elementor-widget-grid\" data-id=\"087b1b4\" data-element_type=\"widget\" data-e-type=\"widget\" data-widget_type=\"grid.default\">\n\t\t\t\t<div class=\"elementor-widget-container\">\n\t\t\t\t\t\t\t<div class=\"its--row alojamientos-recomendados\">\n\n\t\t\t<div class=\"alojamientos-recomendados-container\">\n\n\t\t\t\t\t\n\t\t\t\t\t<a href=\"https:\/\/www.booking.solis-porec.com\/it\/affitti\/villa-porec-casa-de-stalla-with-private-pool-in-porec-260861.html\" rel=\"nofollow\" style=\"width: 23%;\">\n\t\t\t\t\t\t<div class=\"apartamento-box\">\n\t\t\t\t\t\t\t<div class=\"imagen_recomendados\">\n\t\t\t\t\t\t\t\t<img decoding=\"async\" src=\"https:\/\/crs.avantio.com\/fotos\/2\/1538217920c77ea720d966ba091ff52bd216d8feec\/big16888150878aa465fc2215264c62fe85244cb64036.jpg\" alt=\"Villa Casa de Stalla con piscina a Parenzo\">\n\t\t\t\t\t\t\t<\/div>\n\t\t\t\t\t\t\t<div class=\"info\">\n\t\t\t\t\t\t\t\t<div class=\"ubicacion\">\n\t\t\t\t\t\t\t\t\t<i class=\"fa-solid fa-location-dot icono-mapa\"><\/i><span class=\"ubicacion-texto\">Porec - Pore\u010d (Parenzo)<\/span>\n\t\t\t\t\t\t\t\t<\/div>\n\t\t\t\t\t\t\t\t<H4 class=\"titulo-alojamiento\">\n\t\t\t\t\t\t\t\t\tVilla Casa de Stalla con piscina a Parenzo\t\t\t\t\t\t\t\t<\/H4>\n\t\t\t\t\t\t\t\t<p class=\"precio-alojamiento\">Da <span class=\"precio\">169.00\u20ac<\/span> per notte<\/p>\n\t\t\t\t\t\t\t<\/div>\n\t\t\t\t\t\t<\/div>\n\t\t\t\t\t<\/a> \n\t\t\t\t\t\t\n\t\t\t\t\t<a href=\"https:\/\/www.booking.solis-porec.com\/it\/affitti\/appartamento-porec-apartment-josipa-with-whirpool-in-porec-286340.html\" rel=\"nofollow\" style=\"width: 23%;\">\n\t\t\t\t\t\t<div class=\"apartamento-box\">\n\t\t\t\t\t\t\t<div class=\"imagen_recomendados\">\n\t\t\t\t\t\t\t\t<img decoding=\"async\" src=\"https:\/\/crs.avantio.com\/fotos\/2\/15566241101a3bceab2b79ffb335718b0ec6e56381\/big1654098701c237171a4d5df25956a34fc6a557fd08.jpg\" alt=\"Appartamento Josipa con jacuzzi all'aperto, a Parenzo, Istria\">\n\t\t\t\t\t\t\t<\/div>\n\t\t\t\t\t\t\t<div class=\"info\">\n\t\t\t\t\t\t\t\t<div class=\"ubicacion\">\n\t\t\t\t\t\t\t\t\t<i class=\"fa-solid fa-location-dot icono-mapa\"><\/i><span class=\"ubicacion-texto\">Porec - Pore\u010d (Parenzo)<\/span>\n\t\t\t\t\t\t\t\t<\/div>\n\t\t\t\t\t\t\t\t<H4 class=\"titulo-alojamiento\">\n\t\t\t\t\t\t\t\t\tAppartamento Josipa con jacuzzi all'aperto, a Parenzo, Istria\t\t\t\t\t\t\t\t<\/H4>\n\t\t\t\t\t\t\t\t<p class=\"precio-alojamiento\">Da <span class=\"precio\">165.00\u20ac<\/span> per notte<\/p>\n\t\t\t\t\t\t\t<\/div>\n\t\t\t\t\t\t<\/div>\n\t\t\t\t\t<\/a> \n\t\t\t\t\t\t\n\t\t\t\t\t<a href=\"https:\/\/www.booking.solis-porec.com\/it\/affitti\/villa-buici-villa-anela-with-pool-in-porec-297770.html\" rel=\"nofollow\" style=\"width: 23%;\">\n\t\t\t\t\t\t<div class=\"apartamento-box\">\n\t\t\t\t\t\t\t<div class=\"imagen_recomendados\">\n\t\t\t\t\t\t\t\t<img decoding=\"async\" src=\"https:\/\/crs.avantio.com\/fotos\/2\/1568306866fc5d221f985c847b67380b62e2a3a82c\/big1741805080a965872226a1e2bfcd531617d6228d62.jpg\" alt=\"Villa Anela con piscina a Parenzo, Istria\">\n\t\t\t\t\t\t\t<\/div>\n\t\t\t\t\t\t\t<div class=\"info\">\n\t\t\t\t\t\t\t\t<div class=\"ubicacion\">\n\t\t\t\t\t\t\t\t\t<i class=\"fa-solid fa-location-dot icono-mapa\"><\/i><span class=\"ubicacion-texto\">Buici - Pore\u010d (Parenzo)<\/span>\n\t\t\t\t\t\t\t\t<\/div>\n\t\t\t\t\t\t\t\t<H4 class=\"titulo-alojamiento\">\n\t\t\t\t\t\t\t\t\tVilla Anela con piscina a Parenzo, Istria\t\t\t\t\t\t\t\t<\/H4>\n\t\t\t\t\t\t\t\t<p class=\"precio-alojamiento\">Da <span class=\"precio\">360.00\u20ac<\/span> per notte<\/p>\n\t\t\t\t\t\t\t<\/div>\n\t\t\t\t\t\t<\/div>\n\t\t\t\t\t<\/a> \n\t\t\t\t\t\t\n\t\t\t\t\t<a href=\"https:\/\/www.booking.solis-porec.com\/it\/affitti\/appartamento-kukci-apartment-monika-with-private-pool-in-porec-306905.html\" rel=\"nofollow\" style=\"width: 23%;\">\n\t\t\t\t\t\t<div class=\"apartamento-box\">\n\t\t\t\t\t\t\t<div class=\"imagen_recomendados\">\n\t\t\t\t\t\t\t\t<img decoding=\"async\" src=\"https:\/\/crs.avantio.com\/fotos\/2\/15792662435c9e1998b6b5847ecbcce6f90f4849a6\/big162498878199f7746ad1612e8eecafd1d35528a3ae.jpg\" alt=\"Appartamento Monika con piscina privata a Parenzo\">\n\t\t\t\t\t\t\t<\/div>\n\t\t\t\t\t\t\t<div class=\"info\">\n\t\t\t\t\t\t\t\t<div class=\"ubicacion\">\n\t\t\t\t\t\t\t\t\t<i class=\"fa-solid fa-location-dot icono-mapa\"><\/i><span class=\"ubicacion-texto\">Kukci - Pore\u010d (Parenzo)<\/span>\n\t\t\t\t\t\t\t\t<\/div>\n\t\t\t\t\t\t\t\t<H4 class=\"titulo-alojamiento\">\n\t\t\t\t\t\t\t\t\tAppartamento Monika con piscina privata a Parenzo\t\t\t\t\t\t\t\t<\/H4>\n\t\t\t\t\t\t\t\t<p class=\"precio-alojamiento\">Da <span class=\"precio\">135.00\u20ac<\/span> per notte<\/p>\n\t\t\t\t\t\t\t<\/div>\n\t\t\t\t\t\t<\/div>\n\t\t\t\t\t<\/a> \n\t\t\t\t\t\t\t\t<\/div>\n\t\t\t<\/div>\n\t\t\t\t\t\t<\/div>\n\t\t\t\t<\/div>\n\t\t\t\t<div class=\"elementor-element elementor-element-161be50 elementor-align-right elementor-widget elementor-widget-button\" data-id=\"161be50\" data-element_type=\"widget\" data-e-type=\"widget\" data-widget_type=\"button.default\">\n\t\t\t\t<div class=\"elementor-widget-container\">\n\t\t\t\t\t\t\t\t\t<div class=\"elementor-button-wrapper\">\n\t\t\t\t\t<a class=\"elementor-button elementor-button-link elementor-size-sm\" href=\"https:\/\/www.booking.solis-porec.com\/it\/affitti\/affitti-istria-r283\/tag-con-piscina\/\">\n\t\t\t\t\t\t<span class=\"elementor-button-content-wrapper\">\n\t\t\t\t\t\t\t\t\t<span class=\"elementor-button-text\">Vedi tutti con piscina<\/span>\n\t\t\t\t\t<\/span>\n\t\t\t\t\t<\/a>\n\t\t\t\t<\/div>\n\t\t\t\t\t\t\t\t<\/div>\n\t\t\t\t<\/div>\n\t\t\t\t<\/div>\n\t\t\t\t\t<\/div>\n\t\t\t\t<\/div>\n\t\t\t\t\t<\/div>\n\t\t\t\t<\/div>\n\t\t<div class=\"elementor-element elementor-element-c44aa8b e-flex e-con-boxed e-con e-parent\" data-id=\"c44aa8b\" data-element_type=\"container\" data-e-type=\"container\">\n\t\t\t\t\t<div class=\"e-con-inner\">\n\t\t<div class=\"elementor-element elementor-element-c557791 e-flex e-con-boxed e-con e-child\" data-id=\"c557791\" data-element_type=\"container\" data-e-type=\"container\">\n\t\t\t\t\t<div class=\"e-con-inner\">\n\t\t<div class=\"elementor-element elementor-element-a937cd5 e-con-full e-flex e-con e-child\" data-id=\"a937cd5\" data-element_type=\"container\" data-e-type=\"container\">\n\t\t\t\t<div class=\"elementor-element elementor-element-58e4f66 elementor-widget elementor-widget-jkit_heading\" data-id=\"58e4f66\" data-element_type=\"widget\" data-e-type=\"widget\" data-widget_type=\"jkit_heading.default\">\n\t\t\t\t<div class=\"elementor-widget-container\">\n\t\t\t\t\t<div  class=\"jeg-elementor-kit jkit-heading  align-left align-tablet- align-mobile- jeg_module__8_69ec7a54ae512\" ><div class=\"heading-section-title  display-inline-block\"><h2 class=\"heading-title\">Case vacanze a Porec <span class=\"style-color\"><span> sul Mare<\/span><\/span><\/h2><\/div><\/div>\t\t\t\t<\/div>\n\t\t\t\t<\/div>\n\t\t\t\t<\/div>\n\t\t\t\t\t<\/div>\n\t\t\t\t<\/div>\n\t\t<div class=\"elementor-element elementor-element-93b404c e-flex e-con-boxed e-con e-child\" data-id=\"93b404c\" data-element_type=\"container\" data-e-type=\"container\">\n\t\t\t\t\t<div class=\"e-con-inner\">\n\t\t<div class=\"elementor-element elementor-element-a11becd e-con-full e-flex e-con e-child\" data-id=\"a11becd\" data-element_type=\"container\" data-e-type=\"container\">\n\t\t\t\t<div class=\"elementor-element elementor-element-cf2d6bf elementor-widget elementor-widget-grid\" data-id=\"cf2d6bf\" data-element_type=\"widget\" data-e-type=\"widget\" data-widget_type=\"grid.default\">\n\t\t\t\t<div class=\"elementor-widget-container\">\n\t\t\t\t\t\t\t<div class=\"its--row alojamientos-recomendados\">\n\n\t\t\t<div class=\"alojamientos-recomendados-container\">\n\n\t\t\t\t\t\n\t\t\t\t\t<a href=\"https:\/\/www.booking.solis-porec.com\/it\/affitti\/casa-porec-casa-astrid-by-the-sea-in-porec-istria-219822.html\" rel=\"nofollow\" style=\"width: 23%;\">\n\t\t\t\t\t\t<div class=\"apartamento-box\">\n\t\t\t\t\t\t\t<div class=\"imagen_recomendados\">\n\t\t\t\t\t\t\t\t<img decoding=\"async\" src=\"https:\/\/crs.avantio.com\/fotos\/2\/15117901214cb045cdc9b18d92197356eb0721d945\/big15117936637cab2cc62c27123c4ea2f65acb69721b.jpg\" alt=\"Casa Vacanze Casa Astrid sul mare a Parenzo, Istria\">\n\t\t\t\t\t\t\t<\/div>\n\t\t\t\t\t\t\t<div class=\"info\">\n\t\t\t\t\t\t\t\t<div class=\"ubicacion\">\n\t\t\t\t\t\t\t\t\t<i class=\"fa-solid fa-location-dot icono-mapa\"><\/i><span class=\"ubicacion-texto\">Porec - Pore\u010d (Parenzo)<\/span>\n\t\t\t\t\t\t\t\t<\/div>\n\t\t\t\t\t\t\t\t<H4 class=\"titulo-alojamiento\">\n\t\t\t\t\t\t\t\t\tCasa Vacanze Casa Astrid sul mare a Parenzo, Istria\t\t\t\t\t\t\t\t<\/H4>\n\t\t\t\t\t\t\t\t<p class=\"precio-alojamiento\">Da <span class=\"precio\">110.00\u20ac<\/span> per notte<\/p>\n\t\t\t\t\t\t\t<\/div>\n\t\t\t\t\t\t<\/div>\n\t\t\t\t\t<\/a> \n\t\t\t\t\t\t\n\t\t\t\t\t<a href=\"https:\/\/www.booking.solis-porec.com\/it\/affitti\/appartamento-porec-apartment-filipin-in-porec-istria-220076.html\" rel=\"nofollow\" style=\"width: 23%;\">\n\t\t\t\t\t\t<div class=\"apartamento-box\">\n\t\t\t\t\t\t\t<div class=\"imagen_recomendados\">\n\t\t\t\t\t\t\t\t<img decoding=\"async\" src=\"https:\/\/crs.avantio.com\/fotos\/2\/1508235095c1759a14a51eccac2e4fface3649ca37\/big1508235101bf5652d88178d91233df2d3d74f1e52d.jpg\" alt=\"Appartamento  Filipin  vicino al mare in Porec, Istria\">\n\t\t\t\t\t\t\t<\/div>\n\t\t\t\t\t\t\t<div class=\"info\">\n\t\t\t\t\t\t\t\t<div class=\"ubicacion\">\n\t\t\t\t\t\t\t\t\t<i class=\"fa-solid fa-location-dot icono-mapa\"><\/i><span class=\"ubicacion-texto\">Porec - Pore\u010d (Parenzo)<\/span>\n\t\t\t\t\t\t\t\t<\/div>\n\t\t\t\t\t\t\t\t<H4 class=\"titulo-alojamiento\">\n\t\t\t\t\t\t\t\t\tAppartamento  Filipin  vicino al mare in Porec, Istria\t\t\t\t\t\t\t\t<\/H4>\n\t\t\t\t\t\t\t\t<p class=\"precio-alojamiento\">Da <span class=\"precio\">65.00\u20ac<\/span> per notte<\/p>\n\t\t\t\t\t\t\t<\/div>\n\t\t\t\t\t\t<\/div>\n\t\t\t\t\t<\/a> \n\t\t\t\t\t\t\n\t\t\t\t\t<a href=\"https:\/\/www.booking.solis-porec.com\/it\/affitti\/appartamento-porec-deluxe-apartment-nina-by-the-sea-in-porec-istria-224557.html\" rel=\"nofollow\" style=\"width: 23%;\">\n\t\t\t\t\t\t<div class=\"apartamento-box\">\n\t\t\t\t\t\t\t<div class=\"imagen_recomendados\">\n\t\t\t\t\t\t\t\t<img decoding=\"async\" src=\"https:\/\/crs.avantio.com\/fotos\/2\/1511261058bf1f739ee1f3c18e8a85a482b69af420\/big168433656063555ec67dbe3cff0b054cc6501b6627.jpg\" alt=\"Appartamento Nina a Parenzo ,centro, Istria\">\n\t\t\t\t\t\t\t<\/div>\n\t\t\t\t\t\t\t<div class=\"info\">\n\t\t\t\t\t\t\t\t<div class=\"ubicacion\">\n\t\t\t\t\t\t\t\t\t<i class=\"fa-solid fa-location-dot icono-mapa\"><\/i><span class=\"ubicacion-texto\">Porec - Pore\u010d (Parenzo)<\/span>\n\t\t\t\t\t\t\t\t<\/div>\n\t\t\t\t\t\t\t\t<H4 class=\"titulo-alojamiento\">\n\t\t\t\t\t\t\t\t\tAppartamento Nina a Parenzo ,centro, Istria\t\t\t\t\t\t\t\t<\/H4>\n\t\t\t\t\t\t\t\t<p class=\"precio-alojamiento\">Da <span class=\"precio\">150.00\u20ac<\/span> per notte<\/p>\n\t\t\t\t\t\t\t<\/div>\n\t\t\t\t\t\t<\/div>\n\t\t\t\t\t<\/a> \n\t\t\t\t\t\t\n\t\t\t\t\t<a href=\"https:\/\/www.booking.solis-porec.com\/it\/affitti\/appartamento-porec-premium-apartment-hari-i-224634.html\" rel=\"nofollow\" style=\"width: 23%;\">\n\t\t\t\t\t\t<div class=\"apartamento-box\">\n\t\t\t\t\t\t\t<div class=\"imagen_recomendados\">\n\t\t\t\t\t\t\t\t<img decoding=\"async\" src=\"https:\/\/crs.avantio.com\/fotos\/2\/15117883376b28f13ec8eb7f9e014c64c1f6647864\/big166567304570fb985052a6ae470e1bfcac8b3b858c.jpg\" alt=\"Appartamento Hari I con terrazza a Parenzo, Istria\">\n\t\t\t\t\t\t\t<\/div>\n\t\t\t\t\t\t\t<div class=\"info\">\n\t\t\t\t\t\t\t\t<div class=\"ubicacion\">\n\t\t\t\t\t\t\t\t\t<i class=\"fa-solid fa-location-dot icono-mapa\"><\/i><span class=\"ubicacion-texto\">Porec - Pore\u010d (Parenzo)<\/span>\n\t\t\t\t\t\t\t\t<\/div>\n\t\t\t\t\t\t\t\t<H4 class=\"titulo-alojamiento\">\n\t\t\t\t\t\t\t\t\tAppartamento Hari I con terrazza a Parenzo, Istria\t\t\t\t\t\t\t\t<\/H4>\n\t\t\t\t\t\t\t\t<p class=\"precio-alojamiento\">Da <span class=\"precio\">72.00\u20ac<\/span> per notte<\/p>\n\t\t\t\t\t\t\t<\/div>\n\t\t\t\t\t\t<\/div>\n\t\t\t\t\t<\/a> \n\t\t\t\t\t\t\t\t<\/div>\n\t\t\t<\/div>\n\t\t\t\t\t\t<\/div>\n\t\t\t\t<\/div>\n\t\t\t\t<div class=\"elementor-element elementor-element-829f7dd elementor-align-right elementor-widget elementor-widget-button\" data-id=\"829f7dd\" data-element_type=\"widget\" data-e-type=\"widget\" data-widget_type=\"button.default\">\n\t\t\t\t<div class=\"elementor-widget-container\">\n\t\t\t\t\t\t\t\t\t<div class=\"elementor-button-wrapper\">\n\t\t\t\t\t<a class=\"elementor-button elementor-button-link elementor-size-sm\" href=\"https:\/\/www.booking.solis-porec.com\/it\/affitti\/affitti-istria-r283\/tag-sul-mare\/\">\n\t\t\t\t\t\t<span class=\"elementor-button-content-wrapper\">\n\t\t\t\t\t\t\t\t\t<span class=\"elementor-button-text\">Vedi tutti con vista mare<\/span>\n\t\t\t\t\t<\/span>\n\t\t\t\t\t<\/a>\n\t\t\t\t<\/div>\n\t\t\t\t\t\t\t\t<\/div>\n\t\t\t\t<\/div>\n\t\t\t\t<\/div>\n\t\t\t\t\t<\/div>\n\t\t\t\t<\/div>\n\t\t\t\t\t<\/div>\n\t\t\t\t<\/div>\n\t\t<div class=\"elementor-element elementor-element-2aeb24f e-flex e-con-boxed e-con e-parent\" data-id=\"2aeb24f\" data-element_type=\"container\" data-e-type=\"container\">\n\t\t\t\t\t<div class=\"e-con-inner\">\n\t\t<div class=\"elementor-element elementor-element-3e415cb e-flex e-con-boxed e-con e-child\" data-id=\"3e415cb\" data-element_type=\"container\" data-e-type=\"container\">\n\t\t\t\t\t<div class=\"e-con-inner\">\n\t\t<div class=\"elementor-element elementor-element-f59fabc e-con-full e-flex e-con e-child\" data-id=\"f59fabc\" data-element_type=\"container\" data-e-type=\"container\">\n\t\t\t\t<div class=\"elementor-element elementor-element-8398289 elementor-widget elementor-widget-jkit_heading\" data-id=\"8398289\" data-element_type=\"widget\" data-e-type=\"widget\" data-widget_type=\"jkit_heading.default\">\n\t\t\t\t<div class=\"elementor-widget-container\">\n\t\t\t\t\t<div  class=\"jeg-elementor-kit jkit-heading  align-left align-tablet- align-mobile- jeg_module__9_69ec7a55527c9\" ><div class=\"heading-section-title  display-inline-block\"><h2 class=\"heading-title\">Alloggi a Parenzo nel <span class=\"style-color\"><span> centro storico<\/span><\/span><\/h2><\/div><\/div>\t\t\t\t<\/div>\n\t\t\t\t<\/div>\n\t\t\t\t<\/div>\n\t\t\t\t\t<\/div>\n\t\t\t\t<\/div>\n\t\t<div class=\"elementor-element elementor-element-0f0a02f e-flex e-con-boxed e-con e-child\" data-id=\"0f0a02f\" data-element_type=\"container\" data-e-type=\"container\">\n\t\t\t\t\t<div class=\"e-con-inner\">\n\t\t<div class=\"elementor-element elementor-element-e06b26d e-con-full e-flex e-con e-child\" data-id=\"e06b26d\" data-element_type=\"container\" data-e-type=\"container\">\n\t\t\t\t<div class=\"elementor-element elementor-element-0127efd elementor-widget elementor-widget-grid\" data-id=\"0127efd\" data-element_type=\"widget\" data-e-type=\"widget\" data-widget_type=\"grid.default\">\n\t\t\t\t<div class=\"elementor-widget-container\">\n\t\t\t\t\t\t\t<div class=\"its--row alojamientos-recomendados\">\n\n\t\t\t<div class=\"alojamientos-recomendados-container\">\n\n\t\t\t\t\t\n\t\t\t\t\t<a href=\"https:\/\/www.booking.solis-porec.com\/it\/affitti\/appartamento-porec-premium-apartment-peschiera-porec-247445.html\" rel=\"nofollow\" style=\"width: 23%;\">\n\t\t\t\t\t\t<div class=\"apartamento-box\">\n\t\t\t\t\t\t\t<div class=\"imagen_recomendados\">\n\t\t\t\t\t\t\t\t<img decoding=\"async\" src=\"https:\/\/crs.avantio.com\/fotos\/2\/152777401514219c9dbe059dbfbf40f7043a70300a\/big16493428683fd55d682408ce3da91a0128b494d855.jpg\" alt=\"Appartamento Peschiera con balcone a Parenzo\">\n\t\t\t\t\t\t\t<\/div>\n\t\t\t\t\t\t\t<div class=\"info\">\n\t\t\t\t\t\t\t\t<div class=\"ubicacion\">\n\t\t\t\t\t\t\t\t\t<i class=\"fa-solid fa-location-dot icono-mapa\"><\/i><span class=\"ubicacion-texto\">Porec - Pore\u010d (Parenzo)<\/span>\n\t\t\t\t\t\t\t\t<\/div>\n\t\t\t\t\t\t\t\t<H4 class=\"titulo-alojamiento\">\n\t\t\t\t\t\t\t\t\tAppartamento Peschiera con balcone a Parenzo\t\t\t\t\t\t\t\t<\/H4>\n\t\t\t\t\t\t\t\t<p class=\"precio-alojamiento\">Da <span class=\"precio\">85.00\u20ac<\/span> per notte<\/p>\n\t\t\t\t\t\t\t<\/div>\n\t\t\t\t\t\t<\/div>\n\t\t\t\t\t<\/a> \n\t\t\t\t\t\t\n\t\t\t\t\t<a href=\"https:\/\/www.booking.solis-porec.com\/it\/affitti\/appartamento-porec-urban-loft-marafor-porec-366730.html\" rel=\"nofollow\" style=\"width: 23%;\">\n\t\t\t\t\t\t<div class=\"apartamento-box\">\n\t\t\t\t\t\t\t<div class=\"imagen_recomendados\">\n\t\t\t\t\t\t\t\t<img decoding=\"async\" src=\"https:\/\/crs.avantio.com\/fotos\/2\/1636973428d8b41170cff541fe9279f2cde7f9db22\/big1636973447a87d31b79d835d3945dfcc4beed4934c.jpg\" alt=\"Appartamento Urban Loft Marafor a Parenzo\">\n\t\t\t\t\t\t\t<\/div>\n\t\t\t\t\t\t\t<div class=\"info\">\n\t\t\t\t\t\t\t\t<div class=\"ubicacion\">\n\t\t\t\t\t\t\t\t\t<i class=\"fa-solid fa-location-dot icono-mapa\"><\/i><span class=\"ubicacion-texto\">Porec - Pore\u010d (Parenzo)<\/span>\n\t\t\t\t\t\t\t\t<\/div>\n\t\t\t\t\t\t\t\t<H4 class=\"titulo-alojamiento\">\n\t\t\t\t\t\t\t\t\tAppartamento Urban Loft Marafor a Parenzo\t\t\t\t\t\t\t\t<\/H4>\n\t\t\t\t\t\t\t\t<p class=\"precio-alojamiento\">Da <span class=\"precio\">75.00\u20ac<\/span> per notte<\/p>\n\t\t\t\t\t\t\t<\/div>\n\t\t\t\t\t\t<\/div>\n\t\t\t\t\t<\/a> \n\t\t\t\t\t\t\n\t\t\t\t\t<a href=\"https:\/\/www.booking.solis-porec.com\/it\/affitti\/appartamento-porec-apartment-maria-in-porec-istria-394057.html\" rel=\"nofollow\" style=\"width: 23%;\">\n\t\t\t\t\t\t<div class=\"apartamento-box\">\n\t\t\t\t\t\t\t<div class=\"imagen_recomendados\">\n\t\t\t\t\t\t\t\t<img decoding=\"async\" src=\"https:\/\/crs.avantio.com\/fotos\/2\/165548562992a2d7abf96debdb47f617e106705e4e\/big16848421555e6d3f13b8997096658b2e2dd4978e01.jpg\" alt=\"Appartamento Maria in Porec, Istria\">\n\t\t\t\t\t\t\t<\/div>\n\t\t\t\t\t\t\t<div class=\"info\">\n\t\t\t\t\t\t\t\t<div class=\"ubicacion\">\n\t\t\t\t\t\t\t\t\t<i class=\"fa-solid fa-location-dot icono-mapa\"><\/i><span class=\"ubicacion-texto\">Porec - Pore\u010d (Parenzo)<\/span>\n\t\t\t\t\t\t\t\t<\/div>\n\t\t\t\t\t\t\t\t<H4 class=\"titulo-alojamiento\">\n\t\t\t\t\t\t\t\t\tAppartamento Maria in Porec, Istria\t\t\t\t\t\t\t\t<\/H4>\n\t\t\t\t\t\t\t\t<p class=\"precio-alojamiento\">Da <span class=\"precio\">85.00\u20ac<\/span> per notte<\/p>\n\t\t\t\t\t\t\t<\/div>\n\t\t\t\t\t\t<\/div>\n\t\t\t\t\t<\/a> \n\t\t\t\t\t\t\n\t\t\t\t\t<a href=\"https:\/\/www.booking.solis-porec.com\/it\/affitti\/appartamento-porec-deluxe-apartment-antonija-398024.html\" rel=\"nofollow\" style=\"width: 23%;\">\n\t\t\t\t\t\t<div class=\"apartamento-box\">\n\t\t\t\t\t\t\t<div class=\"imagen_recomendados\">\n\t\t\t\t\t\t\t\t<img decoding=\"async\" src=\"https:\/\/crs.avantio.com\/fotos\/2\/1658516516bc232e7625073e51334411d771bef49c\/big1658768526d3b62c9f83a01298f40c4116e7ac2b7d.jpg\" alt=\"Appartamento Antonija a Parenzo, Istria\">\n\t\t\t\t\t\t\t<\/div>\n\t\t\t\t\t\t\t<div class=\"info\">\n\t\t\t\t\t\t\t\t<div class=\"ubicacion\">\n\t\t\t\t\t\t\t\t\t<i class=\"fa-solid fa-location-dot icono-mapa\"><\/i><span class=\"ubicacion-texto\">Porec - Pore\u010d (Parenzo)<\/span>\n\t\t\t\t\t\t\t\t<\/div>\n\t\t\t\t\t\t\t\t<H4 class=\"titulo-alojamiento\">\n\t\t\t\t\t\t\t\t\tAppartamento Antonija a Parenzo, Istria\t\t\t\t\t\t\t\t<\/H4>\n\t\t\t\t\t\t\t\t<p class=\"precio-alojamiento\">Da <span class=\"precio\">145.00\u20ac<\/span> per notte<\/p>\n\t\t\t\t\t\t\t<\/div>\n\t\t\t\t\t\t<\/div>\n\t\t\t\t\t<\/a> \n\t\t\t\t\t\t\t\t<\/div>\n\t\t\t<\/div>\n\t\t\t\t\t\t<\/div>\n\t\t\t\t<\/div>\n\t\t\t\t<div class=\"elementor-element elementor-element-e74a1a0 elementor-align-right elementor-widget elementor-widget-button\" data-id=\"e74a1a0\" data-element_type=\"widget\" data-e-type=\"widget\" data-widget_type=\"button.default\">\n\t\t\t\t<div class=\"elementor-widget-container\">\n\t\t\t\t\t\t\t\t\t<div class=\"elementor-button-wrapper\">\n\t\t\t\t\t<a class=\"elementor-button elementor-button-link elementor-size-sm\" href=\"https:\/\/www.booking.solis-porec.com\/it\/affitti\/affitti-istria-r283\/tag-centro-storico\/\">\n\t\t\t\t\t\t<span class=\"elementor-button-content-wrapper\">\n\t\t\t\t\t\t\t\t\t<span class=\"elementor-button-text\">Vedi tutti nei centri storici<\/span>\n\t\t\t\t\t<\/span>\n\t\t\t\t\t<\/a>\n\t\t\t\t<\/div>\n\t\t\t\t\t\t\t\t<\/div>\n\t\t\t\t<\/div>\n\t\t\t\t<\/div>\n\t\t\t\t\t<\/div>\n\t\t\t\t<\/div>\n\t\t\t\t\t<\/div>\n\t\t\t\t<\/div>\n\t\t<div class=\"elementor-element elementor-element-0c145d9 e-flex e-con-boxed e-con e-parent\" data-id=\"0c145d9\" data-element_type=\"container\" data-e-type=\"container\">\n\t\t\t\t\t<div class=\"e-con-inner\">\n\t\t<div class=\"elementor-element elementor-element-b1332b6 e-flex e-con-boxed e-con e-child\" data-id=\"b1332b6\" data-element_type=\"container\" data-e-type=\"container\">\n\t\t\t\t\t<div class=\"e-con-inner\">\n\t\t<div class=\"elementor-element elementor-element-acec042 e-con-full e-flex e-con e-child\" data-id=\"acec042\" data-element_type=\"container\" data-e-type=\"container\">\n\t\t\t\t<div class=\"elementor-element elementor-element-3f9e464 elementor-widget elementor-widget-jkit_heading\" data-id=\"3f9e464\" data-element_type=\"widget\" data-e-type=\"widget\" data-widget_type=\"jkit_heading.default\">\n\t\t\t\t<div class=\"elementor-widget-container\">\n\t\t\t\t\t<div  class=\"jeg-elementor-kit jkit-heading  align-left align-tablet- align-mobile- jeg_module__10_69ec7a5622914\" ><div class=\"heading-section-title  display-inline-block\"><h2 class=\"heading-title\">Case Vacanze per <span class=\"style-color\"><span>famiglie  <\/span><\/span> a Parenzo<\/h2><\/div><\/div>\t\t\t\t<\/div>\n\t\t\t\t<\/div>\n\t\t\t\t<\/div>\n\t\t\t\t\t<\/div>\n\t\t\t\t<\/div>\n\t\t<div class=\"elementor-element elementor-element-f4ddbcc e-flex e-con-boxed e-con e-child\" data-id=\"f4ddbcc\" data-element_type=\"container\" data-e-type=\"container\">\n\t\t\t\t\t<div class=\"e-con-inner\">\n\t\t<div class=\"elementor-element elementor-element-0481bd9 e-con-full e-flex e-con e-child\" data-id=\"0481bd9\" data-element_type=\"container\" data-e-type=\"container\">\n\t\t\t\t<div class=\"elementor-element elementor-element-a5bcc4a elementor-widget elementor-widget-grid\" data-id=\"a5bcc4a\" data-element_type=\"widget\" data-e-type=\"widget\" data-widget_type=\"grid.default\">\n\t\t\t\t<div class=\"elementor-widget-container\">\n\t\t\t\t\t\t\t<div class=\"its--row alojamientos-recomendados\">\n\n\t\t\t<div class=\"alojamientos-recomendados-container\">\n\n\t\t\t\t\t\n\t\t\t\t\t<a href=\"https:\/\/www.booking.solis-porec.com\/it\/affitti\/appartamento-porec-premium-apartment-hari-i-224634.html\" rel=\"nofollow\" style=\"width: 23%;\">\n\t\t\t\t\t\t<div class=\"apartamento-box\">\n\t\t\t\t\t\t\t<div class=\"imagen_recomendados\">\n\t\t\t\t\t\t\t\t<img decoding=\"async\" src=\"https:\/\/crs.avantio.com\/fotos\/2\/15117883376b28f13ec8eb7f9e014c64c1f6647864\/big166567304570fb985052a6ae470e1bfcac8b3b858c.jpg\" alt=\"Appartamento Hari I con terrazza a Parenzo, Istria\">\n\t\t\t\t\t\t\t<\/div>\n\t\t\t\t\t\t\t<div class=\"info\">\n\t\t\t\t\t\t\t\t<div class=\"ubicacion\">\n\t\t\t\t\t\t\t\t\t<i class=\"fa-solid fa-location-dot icono-mapa\"><\/i><span class=\"ubicacion-texto\">Porec - Pore\u010d (Parenzo)<\/span>\n\t\t\t\t\t\t\t\t<\/div>\n\t\t\t\t\t\t\t\t<H4 class=\"titulo-alojamiento\">\n\t\t\t\t\t\t\t\t\tAppartamento Hari I con terrazza a Parenzo, Istria\t\t\t\t\t\t\t\t<\/H4>\n\t\t\t\t\t\t\t\t<p class=\"precio-alojamiento\">Da <span class=\"precio\">72.00\u20ac<\/span> per notte<\/p>\n\t\t\t\t\t\t\t<\/div>\n\t\t\t\t\t\t<\/div>\n\t\t\t\t\t<\/a> \n\t\t\t\t\t\t\n\t\t\t\t\t<a href=\"https:\/\/www.booking.solis-porec.com\/it\/affitti\/appartamento-porec-premium-apartment-hari-ii-224750.html\" rel=\"nofollow\" style=\"width: 23%;\">\n\t\t\t\t\t\t<div class=\"apartamento-box\">\n\t\t\t\t\t\t\t<div class=\"imagen_recomendados\">\n\t\t\t\t\t\t\t\t<img decoding=\"async\" src=\"https:\/\/crs.avantio.com\/fotos\/2\/15113457871b0e8f2d35e626756b5fee8b44ee30d3\/big1665675200ca93f76cc16cf8bea84282a8182dd905.jpg\" alt=\"Appartamento Hari II con terrazza a Pore\u010d, Istria\">\n\t\t\t\t\t\t\t<\/div>\n\t\t\t\t\t\t\t<div class=\"info\">\n\t\t\t\t\t\t\t\t<div class=\"ubicacion\">\n\t\t\t\t\t\t\t\t\t<i class=\"fa-solid fa-location-dot icono-mapa\"><\/i><span class=\"ubicacion-texto\">Porec - Pore\u010d (Parenzo)<\/span>\n\t\t\t\t\t\t\t\t<\/div>\n\t\t\t\t\t\t\t\t<H4 class=\"titulo-alojamiento\">\n\t\t\t\t\t\t\t\t\tAppartamento Hari II con terrazza a Pore\u010d, Istria\t\t\t\t\t\t\t\t<\/H4>\n\t\t\t\t\t\t\t\t<p class=\"precio-alojamiento\">Da <span class=\"precio\">80.00\u20ac<\/span> per notte<\/p>\n\t\t\t\t\t\t\t<\/div>\n\t\t\t\t\t\t<\/div>\n\t\t\t\t\t<\/a> \n\t\t\t\t\t\t\n\t\t\t\t\t<a href=\"https:\/\/www.booking.solis-porec.com\/it\/affitti\/appartamento-porec-premium-apartment-peschiera-porec-247445.html\" rel=\"nofollow\" style=\"width: 23%;\">\n\t\t\t\t\t\t<div class=\"apartamento-box\">\n\t\t\t\t\t\t\t<div class=\"imagen_recomendados\">\n\t\t\t\t\t\t\t\t<img decoding=\"async\" src=\"https:\/\/crs.avantio.com\/fotos\/2\/152777401514219c9dbe059dbfbf40f7043a70300a\/big16493428683fd55d682408ce3da91a0128b494d855.jpg\" alt=\"Appartamento Peschiera con balcone a Parenzo\">\n\t\t\t\t\t\t\t<\/div>\n\t\t\t\t\t\t\t<div class=\"info\">\n\t\t\t\t\t\t\t\t<div class=\"ubicacion\">\n\t\t\t\t\t\t\t\t\t<i class=\"fa-solid fa-location-dot icono-mapa\"><\/i><span class=\"ubicacion-texto\">Porec - Pore\u010d (Parenzo)<\/span>\n\t\t\t\t\t\t\t\t<\/div>\n\t\t\t\t\t\t\t\t<H4 class=\"titulo-alojamiento\">\n\t\t\t\t\t\t\t\t\tAppartamento Peschiera con balcone a Parenzo\t\t\t\t\t\t\t\t<\/H4>\n\t\t\t\t\t\t\t\t<p class=\"precio-alojamiento\">Da <span class=\"precio\">85.00\u20ac<\/span> per notte<\/p>\n\t\t\t\t\t\t\t<\/div>\n\t\t\t\t\t\t<\/div>\n\t\t\t\t\t<\/a> \n\t\t\t\t\t\t\n\t\t\t\t\t<a href=\"https:\/\/www.booking.solis-porec.com\/it\/affitti\/appartamento-porec-apartment-josipa-with-whirpool-in-porec-286340.html\" rel=\"nofollow\" style=\"width: 23%;\">\n\t\t\t\t\t\t<div class=\"apartamento-box\">\n\t\t\t\t\t\t\t<div class=\"imagen_recomendados\">\n\t\t\t\t\t\t\t\t<img decoding=\"async\" src=\"https:\/\/crs.avantio.com\/fotos\/2\/15566241101a3bceab2b79ffb335718b0ec6e56381\/big1654098701c237171a4d5df25956a34fc6a557fd08.jpg\" alt=\"Appartamento Josipa con jacuzzi all'aperto, a Parenzo, Istria\">\n\t\t\t\t\t\t\t<\/div>\n\t\t\t\t\t\t\t<div class=\"info\">\n\t\t\t\t\t\t\t\t<div class=\"ubicacion\">\n\t\t\t\t\t\t\t\t\t<i class=\"fa-solid fa-location-dot icono-mapa\"><\/i><span class=\"ubicacion-texto\">Porec - Pore\u010d (Parenzo)<\/span>\n\t\t\t\t\t\t\t\t<\/div>\n\t\t\t\t\t\t\t\t<H4 class=\"titulo-alojamiento\">\n\t\t\t\t\t\t\t\t\tAppartamento Josipa con jacuzzi all'aperto, a Parenzo, Istria\t\t\t\t\t\t\t\t<\/H4>\n\t\t\t\t\t\t\t\t<p class=\"precio-alojamiento\">Da <span class=\"precio\">165.00\u20ac<\/span> per notte<\/p>\n\t\t\t\t\t\t\t<\/div>\n\t\t\t\t\t\t<\/div>\n\t\t\t\t\t<\/a> \n\t\t\t\t\t\t\t\t<\/div>\n\t\t\t<\/div>\n\t\t\t\t\t\t<\/div>\n\t\t\t\t<\/div>\n\t\t\t\t<div class=\"elementor-element elementor-element-f3d44ea elementor-align-right elementor-widget elementor-widget-button\" data-id=\"f3d44ea\" data-element_type=\"widget\" data-e-type=\"widget\" data-widget_type=\"button.default\">\n\t\t\t\t<div class=\"elementor-widget-container\">\n\t\t\t\t\t\t\t\t\t<div class=\"elementor-button-wrapper\">\n\t\t\t\t\t<a class=\"elementor-button elementor-button-link elementor-size-sm\" href=\"https:\/\/www.booking.solis-porec.com\/it\/affitti\/affitti-istria-r283\/tag-famiglia\/\">\n\t\t\t\t\t\t<span class=\"elementor-button-content-wrapper\">\n\t\t\t\t\t\t\t\t\t<span class=\"elementor-button-text\">Vedi tutte le sistemazioni per famiglie<\/span>\n\t\t\t\t\t<\/span>\n\t\t\t\t\t<\/a>\n\t\t\t\t<\/div>\n\t\t\t\t\t\t\t\t<\/div>\n\t\t\t\t<\/div>\n\t\t\t\t<\/div>\n\t\t\t\t\t<\/div>\n\t\t\t\t<\/div>\n\t\t\t\t\t<\/div>\n\t\t\t\t<\/div>\n\t\t<div class=\"elementor-element elementor-element-4ade776 e-flex e-con-boxed e-con e-parent\" data-id=\"4ade776\" data-element_type=\"container\" data-e-type=\"container\">\n\t\t\t\t\t<div class=\"e-con-inner\">\n\t\t<div class=\"elementor-element elementor-element-63a06513 e-flex e-con-boxed e-con e-child\" data-id=\"63a06513\" data-element_type=\"container\" data-e-type=\"container\">\n\t\t\t\t\t<div class=\"e-con-inner\">\n\t\t\t\t<div class=\"elementor-element elementor-element-244feda3 elementor-widget elementor-widget-jkit_heading\" data-id=\"244feda3\" data-element_type=\"widget\" data-e-type=\"widget\" data-widget_type=\"jkit_heading.default\">\n\t\t\t\t<div class=\"elementor-widget-container\">\n\t\t\t\t\t<div  class=\"jeg-elementor-kit jkit-heading  align-left align-tablet- align-mobile- jeg_module__11_69ec7a56a37a9\" ><div class=\"heading-section-title  display-inline-block\"><h2 class=\"heading-title\">Caratteristiche <span class=\"style-color\"><span>essenziali <\/span><\/span> nel mio alloggi<\/h2><\/div><\/div>\t\t\t\t<\/div>\n\t\t\t\t<\/div>\n\t\t\t\t<div class=\"elementor-element elementor-element-52410950 elementor-widget elementor-widget-text-editor\" data-id=\"52410950\" data-element_type=\"widget\" data-e-type=\"widget\" data-widget_type=\"text-editor.default\">\n\t\t\t\t<div class=\"elementor-widget-container\">\n\t\t\t\t\t\t\t\t\t<p>Servizi pensati per te. Quali sono quelli di cui non puoi fare a meno? Trova il tuo soggiorno filtrato perfetto!  <\/p>\t\t\t\t\t\t\t\t<\/div>\n\t\t\t\t<\/div>\n\t\t\t\t\t<\/div>\n\t\t\t\t<\/div>\n\t\t<div class=\"elementor-element elementor-element-4de24d8d e-flex e-con-boxed e-con e-child\" data-id=\"4de24d8d\" data-element_type=\"container\" data-e-type=\"container\">\n\t\t\t\t\t<div class=\"e-con-inner\">\n\t\t<div class=\"elementor-element elementor-element-175edeb e-con-full e-flex e-con e-child\" data-id=\"175edeb\" data-element_type=\"container\" data-e-type=\"container\">\n\t\t<div class=\"elementor-element elementor-element-518c9b8e e-con-full e-flex e-con e-child\" data-id=\"518c9b8e\" data-element_type=\"container\" data-e-type=\"container\">\n\t\t\t\t<div class=\"elementor-element elementor-element-800cf1e jkit-equal-height-disable elementor-widget elementor-widget-jkit_icon_box\" data-id=\"800cf1e\" data-element_type=\"widget\" data-e-type=\"widget\" data-widget_type=\"jkit_icon_box.default\">\n\t\t\t\t<div class=\"elementor-widget-container\">\n\t\t\t\t\t<div  class=\"jeg-elementor-kit jkit-icon-box icon-position-top elementor-animation- jeg_module__12_69ec7a56a54ab\" ><div class=\"jkit-icon-box-wrapper hover-from-left\"><div class=\"icon-box icon-box-header elementor-animation-\"><div class=\"icon style-color\"><i aria-hidden=\"true\" class=\"jki jki-wifi-solid\"><\/i><\/div><\/div><div class=\"icon-box icon-box-body\">\n                <h2 class=\"title\">Wifi<\/h2>\n            <\/div>\n            \n            <\/div><\/div>\t\t\t\t<\/div>\n\t\t\t\t<\/div>\n\t\t\t\t<\/div>\n\t\t<div class=\"elementor-element elementor-element-4d997054 e-con-full e-flex e-con e-child\" data-id=\"4d997054\" data-element_type=\"container\" data-e-type=\"container\">\n\t\t\t\t<div class=\"elementor-element elementor-element-20fcc851 jkit-equal-height-disable elementor-widget elementor-widget-jkit_icon_box\" data-id=\"20fcc851\" data-element_type=\"widget\" data-e-type=\"widget\" data-widget_type=\"jkit_icon_box.default\">\n\t\t\t\t<div class=\"elementor-widget-container\">\n\t\t\t\t\t<div  class=\"jeg-elementor-kit jkit-icon-box icon-position-top elementor-animation- jeg_module__13_69ec7a56a671e\" ><div class=\"jkit-icon-box-wrapper hover-from-left\"><div class=\"icon-box icon-box-header elementor-animation-\"><div class=\"icon style-color\"><i aria-hidden=\"true\" class=\"jki jki-parking-solid\"><\/i><\/div><\/div><div class=\"icon-box icon-box-body\">\n                <h2 class=\"title\">Parking<\/h2>\n            <\/div>\n            \n            <\/div><\/div>\t\t\t\t<\/div>\n\t\t\t\t<\/div>\n\t\t\t\t<\/div>\n\t\t<div class=\"elementor-element elementor-element-f0ab1d2 e-con-full e-flex e-con e-child\" data-id=\"f0ab1d2\" data-element_type=\"container\" data-e-type=\"container\">\n\t\t\t\t<div class=\"elementor-element elementor-element-3bc0717 jkit-equal-height-disable elementor-widget elementor-widget-jkit_icon_box\" data-id=\"3bc0717\" data-element_type=\"widget\" data-e-type=\"widget\" data-widget_type=\"jkit_icon_box.default\">\n\t\t\t\t<div class=\"elementor-widget-container\">\n\t\t\t\t\t<div  class=\"jeg-elementor-kit jkit-icon-box icon-position-top elementor-animation- jeg_module__14_69ec7a56a7a99\" ><div class=\"jkit-icon-box-wrapper hover-from-left\"><div class=\"icon-box icon-box-header elementor-animation-\"><div class=\"icon style-color\"><i aria-hidden=\"true\" class=\"jki jki-refresh-ccw-line\"><\/i><\/div><\/div><div class=\"icon-box icon-box-body\">\n                <h2 class=\"title\">A\/C<\/h2>\n            <\/div>\n            \n            <\/div><\/div>\t\t\t\t<\/div>\n\t\t\t\t<\/div>\n\t\t\t\t<\/div>\n\t\t<div class=\"elementor-element elementor-element-9e374a2 e-con-full e-flex e-con e-child\" data-id=\"9e374a2\" data-element_type=\"container\" data-e-type=\"container\">\n\t\t\t\t<div class=\"elementor-element elementor-element-2e32360 jkit-equal-height-disable elementor-widget elementor-widget-jkit_icon_box\" data-id=\"2e32360\" data-element_type=\"widget\" data-e-type=\"widget\" data-widget_type=\"jkit_icon_box.default\">\n\t\t\t\t<div class=\"elementor-widget-container\">\n\t\t\t\t\t<div  class=\"jeg-elementor-kit jkit-icon-box icon-position-top elementor-animation- jeg_module__15_69ec7a56a8c19\" ><div class=\"jkit-icon-box-wrapper hover-from-left\"><div class=\"icon-box icon-box-header elementor-animation-\"><div class=\"icon style-color\"><i aria-hidden=\"true\" class=\"jki jki-swimming-pool-solid\"><\/i><\/div><\/div><div class=\"icon-box icon-box-body\">\n                <h2 class=\"title\">Piscina<\/h2>\n            <\/div>\n            \n            <\/div><\/div>\t\t\t\t<\/div>\n\t\t\t\t<\/div>\n\t\t\t\t<\/div>\n\t\t\t\t<\/div>\n\t\t<div class=\"elementor-element elementor-element-af2d0e0 e-con-full e-flex e-con e-child\" data-id=\"af2d0e0\" data-element_type=\"container\" data-e-type=\"container\">\n\t\t<div class=\"elementor-element elementor-element-4f75f556 e-con-full e-flex e-con e-child\" data-id=\"4f75f556\" data-element_type=\"container\" data-e-type=\"container\">\n\t\t\t\t<div class=\"elementor-element elementor-element-21bac3b7 jkit-equal-height-disable elementor-widget elementor-widget-jkit_icon_box\" data-id=\"21bac3b7\" data-element_type=\"widget\" data-e-type=\"widget\" data-widget_type=\"jkit_icon_box.default\">\n\t\t\t\t<div class=\"elementor-widget-container\">\n\t\t\t\t\t<div  class=\"jeg-elementor-kit jkit-icon-box icon-position-top elementor-animation- jeg_module__16_69ec7a56a9d8e\" ><div class=\"jkit-icon-box-wrapper hover-from-left\"><div class=\"icon-box icon-box-header elementor-animation-\"><div class=\"icon style-color\"><i aria-hidden=\"true\" class=\"jki jki-tv-solid\"><\/i><\/div><\/div><div class=\"icon-box icon-box-body\">\n                <h2 class=\"title\">Tv<\/h2>\n            <\/div>\n            \n            <\/div><\/div>\t\t\t\t<\/div>\n\t\t\t\t<\/div>\n\t\t\t\t<\/div>\n\t\t<div class=\"elementor-element elementor-element-48312b0 e-con-full e-flex e-con e-child\" data-id=\"48312b0\" data-element_type=\"container\" data-e-type=\"container\">\n\t\t\t\t<div class=\"elementor-element elementor-element-fed04f8 jkit-equal-height-disable elementor-widget elementor-widget-jkit_icon_box\" data-id=\"fed04f8\" data-element_type=\"widget\" data-e-type=\"widget\" data-widget_type=\"jkit_icon_box.default\">\n\t\t\t\t<div class=\"elementor-widget-container\">\n\t\t\t\t\t<div  class=\"jeg-elementor-kit jkit-icon-box icon-position-top elementor-animation- jeg_module__17_69ec7a56aaef3\" ><div class=\"jkit-icon-box-wrapper hover-from-left\"><div class=\"icon-box icon-box-header elementor-animation-\"><div class=\"icon style-color\"><i aria-hidden=\"true\" class=\"jki jki-cat-solid\"><\/i><\/div><\/div><div class=\"icon-box icon-box-body\">\n                <h2 class=\"title\">Animali<\/h2>\n            <\/div>\n            \n            <\/div><\/div>\t\t\t\t<\/div>\n\t\t\t\t<\/div>\n\t\t\t\t<\/div>\n\t\t<div class=\"elementor-element elementor-element-79c5b16 e-con-full e-flex e-con e-child\" data-id=\"79c5b16\" data-element_type=\"container\" data-e-type=\"container\">\n\t\t\t\t<div class=\"elementor-element elementor-element-7c7b2c6 jkit-equal-height-disable elementor-widget elementor-widget-jkit_icon_box\" data-id=\"7c7b2c6\" data-element_type=\"widget\" data-e-type=\"widget\" data-widget_type=\"jkit_icon_box.default\">\n\t\t\t\t<div class=\"elementor-widget-container\">\n\t\t\t\t\t<div  class=\"jeg-elementor-kit jkit-icon-box icon-position-top elementor-animation- jeg_module__18_69ec7a56ac047\" ><div class=\"jkit-icon-box-wrapper hover-from-left\"><div class=\"icon-box icon-box-header elementor-animation-\"><div class=\"icon style-color\"><i aria-hidden=\"true\" class=\"jki jki-wheelchair-solid\"><\/i><\/div><\/div><div class=\"icon-box icon-box-body\">\n                <h2 class=\"title\">Disabili<\/h2>\n            <\/div>\n            \n            <\/div><\/div>\t\t\t\t<\/div>\n\t\t\t\t<\/div>\n\t\t\t\t<\/div>\n\t\t<div class=\"elementor-element elementor-element-48479fcc e-con-full e-flex e-con e-child\" data-id=\"48479fcc\" data-element_type=\"container\" data-e-type=\"container\">\n\t\t\t\t<div class=\"elementor-element elementor-element-6c7a43b2 jkit-equal-height-disable elementor-widget elementor-widget-jkit_icon_box\" data-id=\"6c7a43b2\" data-element_type=\"widget\" data-e-type=\"widget\" data-widget_type=\"jkit_icon_box.default\">\n\t\t\t\t<div class=\"elementor-widget-container\">\n\t\t\t\t\t<div  class=\"jeg-elementor-kit jkit-icon-box icon-position-top elementor-animation- jeg_module__19_69ec7a56ad1b6\" ><div class=\"jkit-icon-box-wrapper hover-from-left\"><div class=\"icon-box icon-box-header elementor-animation-\"><div class=\"icon style-color\"><i aria-hidden=\"true\" class=\"jki jki-fire-alt-solid\"><\/i><\/div><\/div><div class=\"icon-box icon-box-body\">\n                <h2 class=\"title\">Bbq<\/h2>\n            <\/div>\n            \n            <\/div><\/div>\t\t\t\t<\/div>\n\t\t\t\t<\/div>\n\t\t\t\t<\/div>\n\t\t\t\t<\/div>\n\t\t\t\t\t<\/div>\n\t\t\t\t<\/div>\n\t\t\t\t\t<\/div>\n\t\t\t\t<\/div>\n\t\t<div class=\"elementor-element elementor-element-66dc8820 e-flex e-con-boxed e-con e-parent\" data-id=\"66dc8820\" data-element_type=\"container\" data-e-type=\"container\">\n\t\t\t\t\t<div class=\"e-con-inner\">\n\t\t<div class=\"elementor-element elementor-element-2c43c2d2 e-flex e-con-boxed e-con e-child\" data-id=\"2c43c2d2\" data-element_type=\"container\" data-e-type=\"container\">\n\t\t\t\t\t<div class=\"e-con-inner\">\n\t\t\t\t<div class=\"elementor-element elementor-element-4df5262e elementor-widget elementor-widget-jkit_heading\" data-id=\"4df5262e\" data-element_type=\"widget\" data-e-type=\"widget\" data-widget_type=\"jkit_heading.default\">\n\t\t\t\t<div class=\"elementor-widget-container\">\n\t\t\t\t\t<div  class=\"jeg-elementor-kit jkit-heading  align-left align-tablet- align-mobile- jeg_module__20_69ec7a56ae1cd\" ><div class=\"heading-section-title  display-inline-block\"><h2 class=\"heading-title\">Su <span class=\"style-color\"><span>Parenzo <\/span><\/span>  come destinazione<\/h2><\/div><\/div>\t\t\t\t<\/div>\n\t\t\t\t<\/div>\n\t\t\t\t<div class=\"elementor-element elementor-element-406ea12e elementor-widget elementor-widget-text-editor\" data-id=\"406ea12e\" data-element_type=\"widget\" data-e-type=\"widget\" data-widget_type=\"text-editor.default\">\n\t\t\t\t<div class=\"elementor-widget-container\">\n\t\t\t\t\t\t\t\t\t<p>fornisce dettagli importanti da sapere prima di visitare Parenzo in Croazia<\/p>\t\t\t\t\t\t\t\t<\/div>\n\t\t\t\t<\/div>\n\t\t\t\t\t<\/div>\n\t\t\t\t<\/div>\n\t\t<div class=\"elementor-element elementor-element-33490da2 e-flex e-con-boxed e-con e-child\" data-id=\"33490da2\" data-element_type=\"container\" data-e-type=\"container\">\n\t\t\t\t\t<div class=\"e-con-inner\">\n\t\t\t\t<div class=\"elementor-element elementor-element-664f117 elementor-hidden-tablet elementor-hidden-mobile elementor-widget elementor-widget-jkit_tabs\" data-id=\"664f117\" data-element_type=\"widget\" data-e-type=\"widget\" data-widget_type=\"jkit_tabs.default\">\n\t\t\t\t<div class=\"elementor-widget-container\">\n\t\t\t\t\t<div  class=\"jeg-elementor-kit jkit-tabs layout-vertical jeg_module__21_69ec7a56bc430\" ><div class=\"tab-navigation\"><ul class=\"tab-nav-list   \" data-toggle=\"yes\"><li class=\"tab-nav active toggle-tab\" data-tab=\"tab-24ab2a9\"><span class=\"tab-title\">Storia di Parenzo<\/span><div class=\"tab-content\"><div class=\"tab-description\"><p style=\"text-align: left;\" data-start=\"1295\" data-end=\"1825\">Parenzo \u00e8 un'affascinante fusione di grandiosit\u00e0 romana, raffinatezza veneziana e fascino istriano. La sua Basilica Eufrasiana, patrimonio UNESCO, si erge come un capolavoro dell'arte bizantina antica, mentre le stradine del centro storico svelano secoli di storia a ogni svolta. Lungo la costa si trovano calette serene e vivaci passeggiate, mentre nell'entroterra vigneti e uliveti modellano un paesaggio dove tradizione e bellezza si intrecciano. Parenzo incarna lo spirito stesso dell'Istria \u2014 un luogo dove storia, cultura e brezza marina si incontrano in perfetta armonia.<\/p><\/div><\/div><\/li><li class=\"tab-nav  toggle-tab\" data-tab=\"tab-c71084f\"><span class=\"tab-title\">Punti di interesse a Parenzo<\/span><div class=\"tab-content\"><div class=\"tab-description\"><p style=\"text-align: left;\">Dalla scintillante marina all'antica Basilica Eufrasiana, Parenzo \u00e8 ricca di luoghi indimenticabili. Il lungomare invita a tranquille passeggiate al tramonto, mentre il vicino Canale di Leme e le isole Brioni promettono facili escursioni giornaliere nella natura incontaminata. Poco fuori citt\u00e0, i borghi collinari come Montona e Grisignana attendono con panorami mozzafiato, gallerie d'arte e secoli di tradizione vinicola. Ogni angolo di Parenzo racconta una storia - incorniciata dall'Adriatico e intrisa di autenticit\u00e0.<\/p><\/div><\/div><\/li><li class=\"tab-nav  toggle-tab\" data-tab=\"tab-a2ab903\"><span class=\"tab-title\">Cosa fare a Parenzo<\/span><div class=\"tab-content\"><div class=\"tab-description\"><p style=\"text-align: left;\" data-start=\"2359\" data-end=\"2843\">Goditi i sapori che rendono Parenzo una delizia culinaria. Assaggia la pasta al tartufo, il pesce fresco appena pescato al mattino e il dorato vino Malvasia delle vigne vicine. Trascorri le tue giornate tuffandoti nelle acque turchesi, pedalando lungo la pista della Parenzana o esplorando i sentieri costieri fiancheggiati da pini e ulivi. Quando cala la notte, unisciti ai locali per le feste estive che riempiono l'aria di musica e risate, o semplicemente gusta una cena in riva al mare sotto un cielo stellato.<\/p><\/div><\/div><\/li><li class=\"tab-nav  toggle-tab\" data-tab=\"tab-a6e3ff4\"><span class=\"tab-title\">Clima a Parenzo<\/span><div class=\"tab-content\"><div class=\"tab-description\"><p style=\"text-align: left;\">Le estati (giugno-agosto) portano giornate di pieno sole (25-30\u00b0C) ideali per scoprire diverse spiagge, mentre la primavera e l'autunno (15-25\u00b0C) offrono un clima mite perfetto per esplorare i borghi collinari e gli uliveti. Anche l'inverno (5-12\u00b0C) ha il suo fascino, con taverne accoglienti, la stagione della caccia al tartufo e i mercatini di Natale che risplendono sulle strade di pietra.<\/p><\/div><\/div><\/li><li class=\"tab-nav  toggle-tab\" data-tab=\"tab-c6d2195\"><span class=\"tab-title\">Consigli per Parenzo<\/span><div class=\"tab-content\"><div class=\"tab-description\"><p style=\"text-align: left;\">Il fascino di Parenzo sta nei dettagli \u2013 dai vicoli silenziosi in riva al mare alle colline ricoperte di vigneti e uliveti. Prenota il tuo soggiorno in anticipo, specialmente durante i vivaci mesi estivi quando la citt\u00e0 ospita eventi culturali e concerti all'aperto. Porta con te abiti leggeri per le serate ventilate e scarpe comode per esplorare le sue strade di ciottoli. Non perderti i fu\u017ei al tartufo o l'orata fresca alla griglia, e ricorda di salutare con un caloroso \"Hvala!\" \u2013 una semplice parola che in Croazia apre sempr.e i cuori<\/p><\/div><\/div><\/li><\/ul><\/div><div class=\"tab-content-list\"><div class=\"tab-content tab-24ab2a9 active\"><\/div><div class=\"tab-content tab-c71084f \"><\/div><div class=\"tab-content tab-a2ab903 \"><\/div><div class=\"tab-content tab-a6e3ff4 \"><\/div><div class=\"tab-content tab-c6d2195 \"><\/div><\/div><\/div>\t\t\t\t<\/div>\n\t\t\t\t<\/div>\n\t\t\t\t\t<\/div>\n\t\t\t\t<\/div>\n\t\t\t\t\t<\/div>\n\t\t\t\t<\/div>\n\t\t<div class=\"elementor-element elementor-element-52c2c7f1 e-flex e-con-boxed e-con e-parent\" data-id=\"52c2c7f1\" data-element_type=\"container\" data-e-type=\"container\">\n\t\t\t\t\t<div class=\"e-con-inner\">\n\t\t<div class=\"elementor-element elementor-element-73fafc3a e-con-full e-flex e-con e-child\" data-id=\"73fafc3a\" data-element_type=\"container\" data-e-type=\"container\">\n\t\t\t\t<div class=\"elementor-element elementor-element-3314f100 elementor-widget__width-initial elementor-widget elementor-widget-jkit_heading\" data-id=\"3314f100\" data-element_type=\"widget\" data-e-type=\"widget\" data-widget_type=\"jkit_heading.default\">\n\t\t\t\t<div class=\"elementor-widget-container\">\n\t\t\t\t\t<div  class=\"jeg-elementor-kit jkit-heading  align-left align-tablet- align-mobile- jeg_module__22_69ec7a56c0131\" ><div class=\"heading-section-title  display-inline-block\"><h2 class=\"heading-title\"><span class=\"style-color\"><span>Domande<\/span><\/span> Frequenti<\/h2><\/div><\/div>\t\t\t\t<\/div>\n\t\t\t\t<\/div>\n\t\t\t\t<div class=\"elementor-element elementor-element-4f94e6f1 elementor-widget elementor-widget-text-editor\" data-id=\"4f94e6f1\" data-element_type=\"widget\" data-e-type=\"widget\" data-widget_type=\"text-editor.default\">\n\t\t\t\t<div class=\"elementor-widget-container\">\n\t\t\t\t\t\t\t\t\t<p>Domande comuni, risposte semplici: la tua guida agli appartamenti Solis Parenzo.<\/p>\t\t\t\t\t\t\t\t<\/div>\n\t\t\t\t<\/div>\n\t\t\t\t<\/div>\n\t\t\t\t<div class=\"elementor-element elementor-element-11633113 elementor-widget elementor-widget-jkit_accordion\" data-id=\"11633113\" data-element_type=\"widget\" data-e-type=\"widget\" data-widget_type=\"jkit_accordion.default\">\n\t\t\t\t<div class=\"elementor-widget-container\">\n\t\t\t\t\t<div  class=\"jeg-elementor-kit jkit-accordion style-default jeg_module__23_69ec7a56c745c\" ><div class=\"card-wrapper expand\">\n                <div class=\"card-header\">\n                    <a href=\"#expand-e4bb230\" class=\"card-header-button\" aria-expanded=\"false\" data-target=\"#expand-e4bb230\" aria-controls=\"expand-e4bb230\">\n                        <span class=\"title\">Quali metodi di pagamento accettate per il mio affitto vacanza a Parenzo?<\/span><div class=\"right-icon-group\">\n                <div class=\"normal-icon\"><i aria-hidden=\"true\" class=\"jki jki-down-arrow-4\"><\/i><\/div>\n                <div class=\"active-icon\"><i aria-hidden=\"true\" class=\"jki jki-up-arrow-4\"><\/i><\/div>\n            <\/div>\n                    <\/a>\n                <\/div>\n                <div class=\"card-expand\" id=\"expand-e4bb230\" style=\"display:block\"><div class=\"card-body\"><div class=\"ds-message _63c77b1\"><div class=\"ds-markdown\"><p class=\"ds-markdown-paragraph\">Per tua comodit\u00e0, accettiamo pagamenti con Visa, Mastercard, Maestro, bonifico bancario e PayPal, garantendo un'esperienza di prenotazione fluida e sicura.<\/p><\/div><\/div><\/div><\/div>\n            <\/div><div class=\"card-wrapper \">\n                <div class=\"card-header\">\n                    <a href=\"#expand-65e3492\" class=\"card-header-button\" aria-expanded=\"false\" data-target=\"#expand-65e3492\" aria-controls=\"expand-65e3492\">\n                        <span class=\"title\">Quali sono gli orari di check-in e check-out per il mio affitto vacanza a Parenzo?<\/span><div class=\"right-icon-group\">\n                <div class=\"normal-icon\"><i aria-hidden=\"true\" class=\"jki jki-down-arrow-4\"><\/i><\/div>\n                <div class=\"active-icon\"><i aria-hidden=\"true\" class=\"jki jki-up-arrow-4\"><\/i><\/div>\n            <\/div>\n                    <\/a>\n                <\/div>\n                <div class=\"card-expand\" id=\"expand-65e3492\" style=\"display:none\"><div class=\"card-body\"><p>Normalmente, il check-in \u00e8 dopo le 15:00 e il check-out entro le 10:00.<\/p><p>Tuttavia, possiamo offrirti un check-in anticipato o un check-out posticipato, in base alla disponibilit\u00e0. Contatta semplicemente il nostro team per valutare le tue opzioni!<\/p><p>Ti informiamo che tali accordi sono pi\u00f9 probabili durante la bassa stagione.<\/p><\/div><\/div>\n            <\/div><div class=\"card-wrapper \">\n                <div class=\"card-header\">\n                    <a href=\"#expand-016c517\" class=\"card-header-button\" aria-expanded=\"false\" data-target=\"#expand-016c517\" aria-controls=\"expand-016c517\">\n                        <span class=\"title\">La pulizia \u00e8 inclusa nel prezzo di tutte le vostre sistemazioni vacanze a Parenzo?<\/span><div class=\"right-icon-group\">\n                <div class=\"normal-icon\"><i aria-hidden=\"true\" class=\"jki jki-down-arrow-4\"><\/i><\/div>\n                <div class=\"active-icon\"><i aria-hidden=\"true\" class=\"jki jki-up-arrow-4\"><\/i><\/div>\n            <\/div>\n                    <\/a>\n                <\/div>\n                <div class=\"card-expand\" id=\"expand-016c517\" style=\"display:none\"><div class=\"card-body\"><p>S\u00ec, per vostra comodit\u00e0, le pulizie finali e il servizio di lavanderia sono inclusi. Tuttavia, vi chiediamo gentilmente di lasciare la propriet\u00e0 in buone condizioni per gli ospiti successivi.<\/p><\/div><\/div>\n            <\/div><div class=\"card-wrapper \">\n                <div class=\"card-header\">\n                    <a href=\"#expand-296d6ce\" class=\"card-header-button\" aria-expanded=\"false\" data-target=\"#expand-296d6ce\" aria-controls=\"expand-296d6ce\">\n                        <span class=\"title\">\u00c8 disponibile il parcheggio per il mio affitto vacanza a Parenzo?<\/span><div class=\"right-icon-group\">\n                <div class=\"normal-icon\"><i aria-hidden=\"true\" class=\"jki jki-down-arrow-4\"><\/i><\/div>\n                <div class=\"active-icon\"><i aria-hidden=\"true\" class=\"jki jki-up-arrow-4\"><\/i><\/div>\n            <\/div>\n                    <\/a>\n                <\/div>\n                <div class=\"card-expand\" id=\"expand-296d6ce\" style=\"display:none\"><div class=\"card-body\"><p>S\u00ec! Alcune delle nostre propriet\u00e0 in Istria offrono parcheggio privato, mentre nei centri storici \u00e8 disponibile parcheggio pubblico gratuito per un'auto per propriet\u00e0.<\/p><p>Al momento della prenotazione, ti chiediamo gentilmente di specificare se necessiti di parcheggio, in modo da poterti fornire le informazioni corrette e le istruzioni successive.<\/p><\/div><\/div>\n            <\/div><div class=\"card-wrapper \">\n                <div class=\"card-header\">\n                    <a href=\"#expand-ec2e366\" class=\"card-header-button\" aria-expanded=\"false\" data-target=\"#expand-ec2e366\" aria-controls=\"expand-ec2e366\">\n                        <span class=\"title\">Posso portare il mio animale domestico nella vostra sistemazione vacanze?<\/span><div class=\"right-icon-group\">\n                <div class=\"normal-icon\"><i aria-hidden=\"true\" class=\"jki jki-down-arrow-4\"><\/i><\/div>\n                <div class=\"active-icon\"><i aria-hidden=\"true\" class=\"jki jki-up-arrow-4\"><\/i><\/div>\n            <\/div>\n                    <\/a>\n                <\/div>\n                <div class=\"card-expand\" id=\"expand-ec2e366\" style=\"display:none\"><div class=\"card-body\"><p>Accogliamo con piacere i vostri amici a quattro zampe! Gli animali domestici sono ammessi in selezionate propriet\u00e0 in affitto in Istria. Per scoprire le nostre sistemazioni pet-friendly per te e il tuo compagno a quattro zampe, clicca qui e goditi il soggiorno insieme!<\/p><\/div><\/div>\n            <\/div><div class=\"card-wrapper \">\n                <div class=\"card-header\">\n                    <a href=\"#expand-edfee25\" class=\"card-header-button\" aria-expanded=\"false\" data-target=\"#expand-edfee25\" aria-controls=\"expand-edfee25\">\n                        <span class=\"title\">Qual \u00e8 la vostra politica di cancellazione per gli affitti vacanza a Parenzo?<\/span><div class=\"right-icon-group\">\n                <div class=\"normal-icon\"><i aria-hidden=\"true\" class=\"jki jki-down-arrow-4\"><\/i><\/div>\n                <div class=\"active-icon\"><i aria-hidden=\"true\" class=\"jki jki-up-arrow-4\"><\/i><\/div>\n            <\/div>\n                    <\/a>\n                <\/div>\n                <div class=\"card-expand\" id=\"expand-edfee25\" style=\"display:none\"><div class=\"card-body\"><p>Capiamo che i tuoi piani di viaggio possano cambiare. Ecco la nostra politica di cancellazione flessibile:<\/p><p>Dalla data di prenotazione fino a 61 giorni prima del check-in: viene trattenuto il 10% del totale dell'affitto.<br \/>Da 60 giorni prima del check-in fino a 43 giorni prima del check-in: viene trattenuto il 20% del totale dell'affitto.<br \/>Da 42 giorni prima del check-in fino alla data di arrivo: viene trattenuto il 100% del totale dell'affitto.<br \/>Mancato check-in: viene trattenuto il 100% dell'importo prepagato.<\/p><\/div><\/div>\n            <\/div><div class=\"card-wrapper \">\n                <div class=\"card-header\">\n                    <a href=\"#expand-2ae06e5\" class=\"card-header-button\" aria-expanded=\"false\" data-target=\"#expand-2ae06e5\" aria-controls=\"expand-2ae06e5\">\n                        <span class=\"title\">\u00c8 obbligatorio pagare un deposito cauzionale?<\/span><div class=\"right-icon-group\">\n                <div class=\"normal-icon\"><i aria-hidden=\"true\" class=\"jki jki-down-arrow-4\"><\/i><\/div>\n                <div class=\"active-icon\"><i aria-hidden=\"true\" class=\"jki jki-up-arrow-4\"><\/i><\/div>\n            <\/div>\n                    <\/a>\n                <\/div>\n                <div class=\"card-expand\" id=\"expand-2ae06e5\" style=\"display:none\"><div class=\"card-body\"><p>La maggior parte delle nostre propriet\u00e0 richiede un deposito cauzionale, rimborsabile in assenza di danni alla propriet\u00e0.<\/p><p>Solis Porec potrebbe richiedere un deposito diverso da quello applicato per propriet\u00e0 in caso di gruppi di giovani o in situazioni in cui l'agenzia valuta un rischio maggiore per la propriet\u00e0.<\/p><\/div><\/div>\n            <\/div><div class=\"card-wrapper \">\n                <div class=\"card-header\">\n                    <a href=\"#expand-c023220\" class=\"card-header-button\" aria-expanded=\"false\" data-target=\"#expand-c023220\" aria-controls=\"expand-c023220\">\n                        <span class=\"title\">Dov&#039;\u00e8 Parenzo? Parenzo \u00e8 un paese?<\/span><div class=\"right-icon-group\">\n                <div class=\"normal-icon\"><i aria-hidden=\"true\" class=\"jki jki-down-arrow-4\"><\/i><\/div>\n                <div class=\"active-icon\"><i aria-hidden=\"true\" class=\"jki jki-up-arrow-4\"><\/i><\/div>\n            <\/div>\n                    <\/a>\n                <\/div>\n                <div class=\"card-expand\" id=\"expand-c023220\" style=\"display:none\"><div class=\"card-body\"><p>Parenzo \u00e8 una delle citt\u00e0 pi\u00f9 amate della penisola istriana croata, affacciata sul tranquillo Mare Adriatico. Sebbene l'Istria sia condivisa tra Croazia, Slovenia e Italia, Parenzo appartiene alla Regione istriana croata \u2013 il gioiello culturale e storico della regione. Facilmente raggiungibile da Trieste o Zagabria, offre la perfetta combinazione di relax marittimo, antico patrimonio e uno spirito locale accogliente che fa tornare i viaggiatori anno dopo anno.<\/p><\/div><\/div>\n            <\/div><\/div>\t\t\t\t<\/div>\n\t\t\t\t<\/div>\n\t\t\t\t\t<\/div>\n\t\t\t\t<\/div>\n\t\t<div class=\"elementor-element elementor-element-2b863da6 e-flex e-con-boxed e-con e-parent\" data-id=\"2b863da6\" data-element_type=\"container\" data-e-type=\"container\">\n\t\t\t\t\t<div class=\"e-con-inner\">\n\t\t<div class=\"elementor-element elementor-element-4aa7a727 e-flex e-con-boxed e-con e-child\" data-id=\"4aa7a727\" data-element_type=\"container\" data-e-type=\"container\">\n\t\t\t\t\t<div class=\"e-con-inner\">\n\t\t\t\t<div class=\"elementor-element elementor-element-5d6863ff elementor-widget__width-initial elementor-widget elementor-widget-jkit_heading\" data-id=\"5d6863ff\" data-element_type=\"widget\" data-e-type=\"widget\" data-widget_type=\"jkit_heading.default\">\n\t\t\t\t<div class=\"elementor-widget-container\">\n\t\t\t\t\t<div  class=\"jeg-elementor-kit jkit-heading  align-left align-tablet- align-mobile- jeg_module__24_69ec7a56c8c3d\" ><div class=\"heading-section-title  display-inline-block\"><h2 class=\"heading-title\"><span class=\"style-color\"><span>Quick <\/span><\/span> Destination Links<\/h2><\/div><\/div>\t\t\t\t<\/div>\n\t\t\t\t<\/div>\n\t\t\t\t<div class=\"elementor-element elementor-element-2f20256 elementor-widget elementor-widget-text-editor\" data-id=\"2f20256\" data-element_type=\"widget\" data-e-type=\"widget\" data-widget_type=\"text-editor.default\">\n\t\t\t\t<div class=\"elementor-widget-container\">\n\t\t\t\t\t\t\t\t\t<p>Scopri le nostre localit\u00e0 e citt\u00e0 pi\u00f9 rilevanti. Vai direttamente al tipo di sistemazione e localit\u00e0 che desideri da qui.  <\/p>\t\t\t\t\t\t\t\t<\/div>\n\t\t\t\t<\/div>\n\t\t<div class=\"elementor-element elementor-element-3828ca1d e-con-full e-flex e-con e-child\" data-id=\"3828ca1d\" data-element_type=\"container\" data-e-type=\"container\">\n\t\t<div class=\"elementor-element elementor-element-445d0a7 e-grid e-con-full e-con e-child\" data-id=\"445d0a7\" data-element_type=\"container\" data-e-type=\"container\">\n\t\t<div class=\"elementor-element elementor-element-e2c9a2a e-con-full e-flex e-con e-child\" data-id=\"e2c9a2a\" data-element_type=\"container\" data-e-type=\"container\" data-settings=\"{&quot;background_background&quot;:&quot;classic&quot;}\">\n\t\t\t\t<div class=\"elementor-element elementor-element-13464a91 elementor-widget elementor-widget-text-editor\" data-id=\"13464a91\" data-element_type=\"widget\" data-e-type=\"widget\" data-widget_type=\"text-editor.default\">\n\t\t\t\t<div class=\"elementor-widget-container\">\n\t\t\t\t\t\t\t\t\t<p><span style=\"color: #f7c008;\"><strong>Scopri l&#8217;Istria<\/strong><\/span><\/p><p><a href=\"https:\/\/www.booking.solis-porec.com\/it\/affitti\/appartamenti-istria-c1r283\/\">Appartamento<\/a> | <a href=\"https:\/\/www.booking.solis-porec.com\/it\/affitti\/case-istria-c19r283\/l\">Case<\/a> | <a href=\"https:\/\/www.solis-porec.com\/holiday-villas-istria-croatia\/\">Ville<\/a> | <a href=\"https:\/\/www.booking.solis-porec.com\/it\/affitti\/affitti-istria-r283\/\">Tutti<\/a><\/p>\t\t\t\t\t\t\t\t<\/div>\n\t\t\t\t<\/div>\n\t\t\t\t<\/div>\n\t\t<div class=\"elementor-element elementor-element-49c8d2e3 e-con-full e-flex e-con e-child\" data-id=\"49c8d2e3\" data-element_type=\"container\" data-e-type=\"container\" data-settings=\"{&quot;background_background&quot;:&quot;classic&quot;}\">\n\t\t\t\t<div class=\"elementor-element elementor-element-6672e4a5 elementor-widget elementor-widget-text-editor\" data-id=\"6672e4a5\" data-element_type=\"widget\" data-e-type=\"widget\" data-widget_type=\"text-editor.default\">\n\t\t\t\t<div class=\"elementor-widget-container\">\n\t\t\t\t\t\t\t\t\t<p><span style=\"color: #f7c008;\"><a style=\"color: #f7c008;\" href=\"https:\/\/www.solis-porec.com\/it\/\"><strong>Scopri Parenzo<\/strong><\/a><\/span><\/p><p><a href=\"https:\/\/www.solis-porec.com\/it\/affitti\/appartamenti-porec-parenzo-c1e4881\/\">Appartamento<\/a> | <a href=\"https:\/\/www.booking.solis-porec.com\/it\/affitti\/case-porec-parenzo-c19e4881\/\">Case<\/a> | <a href=\"https:\/\/www.booking.solis-porec.com\/it\/affitti\/ville-porec-parenzo-c2e4881\/\">Ville<\/a> | <a href=\"https:\/\/www.booking.solis-porec.com\/it\/affitti\/affitti-porec-parenzo-e4881\/\">Tutti<\/a><\/p>\t\t\t\t\t\t\t\t<\/div>\n\t\t\t\t<\/div>\n\t\t\t\t<\/div>\n\t\t<div class=\"elementor-element elementor-element-6358dbcb e-con-full e-flex e-con e-child\" data-id=\"6358dbcb\" data-element_type=\"container\" data-e-type=\"container\" data-settings=\"{&quot;background_background&quot;:&quot;classic&quot;}\">\n\t\t\t\t<div class=\"elementor-element elementor-element-5a6feefc elementor-widget elementor-widget-text-editor\" data-id=\"5a6feefc\" data-element_type=\"widget\" data-e-type=\"widget\" data-widget_type=\"text-editor.default\">\n\t\t\t\t<div class=\"elementor-widget-container\">\n\t\t\t\t\t\t\t\t\t<p><span style=\"color: #f7c008;\"><a style=\"color: #f7c008;\" href=\"https:\/\/www.solis-porec.com\/it\/\"><strong>Scopri Visignano<\/strong><\/a><\/span><\/p><p><a href=\"https:\/\/www.booking.solis-porec.com\/it\/affitti\/appartamenti-visnjan-visignano-c1e5139\/\">Apartment<\/a> | <a href=\"https:\/\/www.booking.solis-porec.com\/it\/affitti\/ville-visnjan-visignano-c2e5139\/\">Villas<\/a> | <a href=\"https:\/\/www.booking.solis-porec.com\/it\/affitti\/affitti-visnjan-visignano-e5139\/\">All<\/a><\/p>\t\t\t\t\t\t\t\t<\/div>\n\t\t\t\t<\/div>\n\t\t\t\t<\/div>\n\t\t<div class=\"elementor-element elementor-element-7f1adc65 e-con-full e-flex e-con e-child\" data-id=\"7f1adc65\" data-element_type=\"container\" data-e-type=\"container\" data-settings=\"{&quot;background_background&quot;:&quot;classic&quot;}\">\n\t\t\t\t<div class=\"elementor-element elementor-element-5af9c6cf elementor-widget elementor-widget-text-editor\" data-id=\"5af9c6cf\" data-element_type=\"widget\" data-e-type=\"widget\" data-widget_type=\"text-editor.default\">\n\t\t\t\t<div class=\"elementor-widget-container\">\n\t\t\t\t\t\t\t\t\t<p><span style=\"color: #f7c008;\"><a style=\"color: #f7c008;\" href=\"https:\/\/www.solis-porec.com\/it\/\"><strong>Scopri Fontane<\/strong><\/a><\/span><\/p><p><a href=\"https:\/\/www.booking.solis-porec.com\/it\/affitti\/appartamenti-funtana-fontane-c1e4493\/\">Appartamento<\/a> | <a href=\"https:\/\/www.booking.solis-porec.com\/it\/affitti\/affitti-funtana-fontane-e4493\/\">Sistemazioni<\/a><\/p>\t\t\t\t\t\t\t\t<\/div>\n\t\t\t\t<\/div>\n\t\t\t\t<\/div>\n\t\t<div class=\"elementor-element elementor-element-605bcb01 e-con-full e-flex e-con e-child\" data-id=\"605bcb01\" data-element_type=\"container\" data-e-type=\"container\" data-settings=\"{&quot;background_background&quot;:&quot;classic&quot;}\">\n\t\t\t\t<div class=\"elementor-element elementor-element-1ebeba41 elementor-widget elementor-widget-text-editor\" data-id=\"1ebeba41\" data-element_type=\"widget\" data-e-type=\"widget\" data-widget_type=\"text-editor.default\">\n\t\t\t\t<div class=\"elementor-widget-container\">\n\t\t\t\t\t\t\t\t\t<p><span style=\"color: #f7c008;\"><a style=\"color: #f7c008;\" href=\"https:\/\/www.solis-porec.com\/it\/\"><strong>Scopri Tinjan<\/strong><\/a><\/span><\/p><p><a href=\"https:\/\/www.booking.solis-porec.com\/it\/affitti\/ville-tinjan-c2e5067\/\">Ville<\/a> | <a href=\"https:\/\/www.booking.solis-porec.com\/it\/affitti\/affitti-tinjan-e5067\/\">Sistemazioni<\/a><\/p>\t\t\t\t\t\t\t\t<\/div>\n\t\t\t\t<\/div>\n\t\t\t\t<\/div>\n\t\t<div class=\"elementor-element elementor-element-757b9707 e-con-full e-flex e-con e-child\" data-id=\"757b9707\" data-element_type=\"container\" data-e-type=\"container\" data-settings=\"{&quot;background_background&quot;:&quot;classic&quot;}\">\n\t\t\t\t<div class=\"elementor-element elementor-element-5a232621 elementor-widget elementor-widget-text-editor\" data-id=\"5a232621\" data-element_type=\"widget\" data-e-type=\"widget\" data-widget_type=\"text-editor.default\">\n\t\t\t\t<div class=\"elementor-widget-container\">\n\t\t\t\t\t\t\t\t\t<p><span style=\"color: #f7c008;\"><a style=\"color: #f7c008;\" href=\"https:\/\/www.solis-porec.com\/it\/\"><strong>Scopri Castellier<\/strong><\/a><\/span><\/p><p><a href=\"https:\/\/www.booking.solis-porec.com\/it\/affitti\/appartamenti-kastelir-castelliere-c1e4607\/\">Appartamento<\/a> | <a href=\"https:\/\/www.booking.solis-porec.com\/it\/affitti\/case-kastelir-castelliere-c19e4607\/\">Case<\/a> | <a href=\"https:\/\/www.booking.solis-porec.com\/it\/affitti\/ville-kastelir-castelliere-c2e4607\/\">Ville<\/a> | <a href=\"https:\/\/www.booking.solis-porec.com\/it\/affitti\/affitti-kastelir-castelliere-e4607\/\">Tutti<\/a><\/p>\t\t\t\t\t\t\t\t<\/div>\n\t\t\t\t<\/div>\n\t\t\t\t<\/div>\n\t\t<div class=\"elementor-element elementor-element-44a89c32 e-con-full e-flex e-con e-child\" data-id=\"44a89c32\" data-element_type=\"container\" data-e-type=\"container\" data-settings=\"{&quot;background_background&quot;:&quot;classic&quot;}\">\n\t\t\t\t<div class=\"elementor-element elementor-element-78bfb74c elementor-widget elementor-widget-text-editor\" data-id=\"78bfb74c\" data-element_type=\"widget\" data-e-type=\"widget\" data-widget_type=\"text-editor.default\">\n\t\t\t\t<div class=\"elementor-widget-container\">\n\t\t\t\t\t\t\t\t\t<p><span style=\"color: #f7c008;\"><a style=\"color: #f7c008;\" href=\"https:\/\/www.solis-porec.com\/it\/\"><strong>Scopri Villanova<\/strong><\/a><\/span><\/p><p><a href=\"https:\/\/www.booking.solis-porec.com\/it\/affitti\/appartamenti-nova-vas-c1e4787\/\">Appartamento<\/a> | <a href=\"https:\/\/www.booking.solis-porec.com\/it\/affitti\/ville-nova-vas-c2e4787\/\">Ville<\/a> | <a href=\"https:\/\/www.booking.solis-porec.com\/it\/affitti\/affitti-nova-vas-e4787\/\">Tutti<\/a><\/p>\t\t\t\t\t\t\t\t<\/div>\n\t\t\t\t<\/div>\n\t\t\t\t<\/div>\n\t\t<div class=\"elementor-element elementor-element-6e6895df e-con-full e-flex e-con e-child\" data-id=\"6e6895df\" data-element_type=\"container\" data-e-type=\"container\" data-settings=\"{&quot;background_background&quot;:&quot;classic&quot;}\">\n\t\t\t\t<div class=\"elementor-element elementor-element-290325c1 elementor-widget elementor-widget-text-editor\" data-id=\"290325c1\" data-element_type=\"widget\" data-e-type=\"widget\" data-widget_type=\"text-editor.default\">\n\t\t\t\t<div class=\"elementor-widget-container\">\n\t\t\t\t\t\t\t\t\t<p><span style=\"color: #f7c008;\"><a style=\"color: #f7c008;\" href=\"https:\/\/www.solis-porec.com\/it\/\"><strong>Scopri Buzet<\/strong><\/a><\/span><\/p><p><a href=\"https:\/\/www.booking.solis-porec.com\/rentals\/houses-buzet-c19e4382\/\">Case<\/a> | <a href=\"https:\/\/www.booking.solis-porec.com\/rentals\/villas-buzet-c2e4382\/\">Ville<\/a> | <a href=\"https:\/\/www.booking.solis-porec.com\/rentals\/rentals-buzet-e4382\/\">Tutti<\/a><\/p>\t\t\t\t\t\t\t\t<\/div>\n\t\t\t\t<\/div>\n\t\t\t\t<\/div>\n\t\t\t\t<\/div>\n\t\t\t\t<\/div>\n\t\t\t\t\t<\/div>\n\t\t\t\t<\/div>\n\t\t\t\t\t<\/div>\n\t\t\t\t<\/div>\n\t\t\t\t<\/div>\n\t\t","protected":false},"excerpt":{"rendered":"<p>Case vacanze Parenzo Case vacanze a Parenzo I tuoi servizi preferiti Piscina Animali Economici Il pi\u00f9 votato Turismo Istria Visita il nostro Blog Tutte le informazioni di cui hai bisogno prima di arrivare. Blog turistico dell&#039;Istria Affitta la tua casa vacanze a Parenzo Fuggi a Parenzo, dove lo splendore dell&#8217;Adriatico incontra il fascino mediterraneo senza [&hellip;]<\/p>\n","protected":false},"author":3,"featured_media":4075,"parent":0,"menu_order":0,"comment_status":"closed","ping_status":"closed","template":"","meta":{"footnotes":""},"class_list":["post-4074","page","type-page","status-publish","has-post-thumbnail","hentry"],"yoast_head":"<!-- This site is optimized with the Yoast SEO plugin v27.4 - https:\/\/yoast.com\/product\/yoast-seo-wordpress\/ -->\n<title>Case vacanze a Parenzo. Prenota le vacanze in Croazia<\/title>\n<meta name=\"description\" content=\"Trova la tua sistemazione perfetta in Istria! Splendide ville sul mare, accoglienti case di campagna &amp; soggiorni in citt\u00e0 vecchia.\" \/>\n<meta name=\"robots\" content=\"index, follow, max-snippet:-1, max-image-preview:large, max-video-preview:-1\" \/>\n<link rel=\"canonical\" href=\"https:\/\/www.solis-porec.com\/it\/case-vacanze-parenzo\/\" \/>\n<meta property=\"og:locale\" content=\"it_IT\" \/>\n<meta property=\"og:type\" content=\"article\" \/>\n<meta property=\"og:title\" content=\"Case vacanze a Parenzo. Prenota le vacanze in Croazia\" \/>\n<meta property=\"og:description\" content=\"Trova la tua sistemazione perfetta in Istria! Splendide ville sul mare, accoglienti case di campagna &amp; soggiorni in citt\u00e0 vecchia.\" \/>\n<meta property=\"og:url\" content=\"https:\/\/www.solis-porec.com\/it\/case-vacanze-parenzo\/\" \/>\n<meta property=\"og:site_name\" content=\"Istria tourism information\" \/>\n<meta property=\"article:modified_time\" content=\"2025-11-24T11:33:35+00:00\" \/>\n<meta property=\"og:image\" content=\"https:\/\/www.solis-porec.com\/wp-content\/uploads\/2025\/11\/porec-accommodation.webp\" \/>\n\t<meta property=\"og:image:width\" content=\"1255\" \/>\n\t<meta property=\"og:image:height\" content=\"836\" \/>\n\t<meta property=\"og:image:type\" content=\"image\/webp\" \/>\n<meta name=\"twitter:card\" content=\"summary_large_image\" \/>\n<meta name=\"twitter:label1\" content=\"Tempo di lettura stimato\" \/>\n\t<meta name=\"twitter:data1\" content=\"14 minuti\" \/>\n<script type=\"application\/ld+json\" class=\"yoast-schema-graph\">{\"@context\":\"https:\\\/\\\/schema.org\",\"@graph\":[{\"@type\":\"WebPage\",\"@id\":\"https:\\\/\\\/www.solis-porec.com\\\/it\\\/case-vacanze-parenzo\\\/\",\"url\":\"https:\\\/\\\/www.solis-porec.com\\\/it\\\/case-vacanze-parenzo\\\/\",\"name\":\"Case vacanze a Parenzo. Prenota le vacanze in Croazia\",\"isPartOf\":{\"@id\":\"https:\\\/\\\/www.solis-porec.com\\\/#website\"},\"primaryImageOfPage\":{\"@id\":\"https:\\\/\\\/www.solis-porec.com\\\/it\\\/case-vacanze-parenzo\\\/#primaryimage\"},\"image\":{\"@id\":\"https:\\\/\\\/www.solis-porec.com\\\/it\\\/case-vacanze-parenzo\\\/#primaryimage\"},\"thumbnailUrl\":\"https:\\\/\\\/www.solis-porec.com\\\/wp-content\\\/uploads\\\/2025\\\/11\\\/porec-accommodation.webp\",\"datePublished\":\"2025-11-24T11:10:38+00:00\",\"dateModified\":\"2025-11-24T11:33:35+00:00\",\"description\":\"Trova la tua sistemazione perfetta in Istria! Splendide ville sul mare, accoglienti case di campagna & soggiorni in citt\u00e0 vecchia.\",\"breadcrumb\":{\"@id\":\"https:\\\/\\\/www.solis-porec.com\\\/it\\\/case-vacanze-parenzo\\\/#breadcrumb\"},\"inLanguage\":\"it-IT\",\"potentialAction\":[{\"@type\":\"ReadAction\",\"target\":[\"https:\\\/\\\/www.solis-porec.com\\\/it\\\/case-vacanze-parenzo\\\/\"]}]},{\"@type\":\"ImageObject\",\"inLanguage\":\"it-IT\",\"@id\":\"https:\\\/\\\/www.solis-porec.com\\\/it\\\/case-vacanze-parenzo\\\/#primaryimage\",\"url\":\"https:\\\/\\\/www.solis-porec.com\\\/wp-content\\\/uploads\\\/2025\\\/11\\\/porec-accommodation.webp\",\"contentUrl\":\"https:\\\/\\\/www.solis-porec.com\\\/wp-content\\\/uploads\\\/2025\\\/11\\\/porec-accommodation.webp\",\"width\":1255,\"height\":836,\"caption\":\"porec-accommodation.webp\"},{\"@type\":\"BreadcrumbList\",\"@id\":\"https:\\\/\\\/www.solis-porec.com\\\/it\\\/case-vacanze-parenzo\\\/#breadcrumb\",\"itemListElement\":[{\"@type\":\"ListItem\",\"position\":1,\"name\":\"Home\",\"item\":\"https:\\\/\\\/www.solis-porec.com\\\/\"},{\"@type\":\"ListItem\",\"position\":2,\"name\":\"Case vacanze Parenzo\"}]},{\"@type\":\"WebSite\",\"@id\":\"https:\\\/\\\/www.solis-porec.com\\\/#website\",\"url\":\"https:\\\/\\\/www.solis-porec.com\\\/\",\"name\":\"Istria tourism information\",\"description\":\"Solis Porec\",\"potentialAction\":[{\"@type\":\"SearchAction\",\"target\":{\"@type\":\"EntryPoint\",\"urlTemplate\":\"https:\\\/\\\/www.solis-porec.com\\\/?s={search_term_string}\"},\"query-input\":{\"@type\":\"PropertyValueSpecification\",\"valueRequired\":true,\"valueName\":\"search_term_string\"}}],\"inLanguage\":\"it-IT\"}]}<\/script>\n<!-- \/ Yoast SEO plugin. -->","yoast_head_json":{"title":"Case vacanze a Parenzo. Prenota le vacanze in Croazia","description":"Trova la tua sistemazione perfetta in Istria! Splendide ville sul mare, accoglienti case di campagna & soggiorni in citt\u00e0 vecchia.","robots":{"index":"index","follow":"follow","max-snippet":"max-snippet:-1","max-image-preview":"max-image-preview:large","max-video-preview":"max-video-preview:-1"},"canonical":"https:\/\/www.solis-porec.com\/it\/case-vacanze-parenzo\/","og_locale":"it_IT","og_type":"article","og_title":"Case vacanze a Parenzo. Prenota le vacanze in Croazia","og_description":"Trova la tua sistemazione perfetta in Istria! Splendide ville sul mare, accoglienti case di campagna & soggiorni in citt\u00e0 vecchia.","og_url":"https:\/\/www.solis-porec.com\/it\/case-vacanze-parenzo\/","og_site_name":"Istria tourism information","article_modified_time":"2025-11-24T11:33:35+00:00","og_image":[{"width":1255,"height":836,"url":"https:\/\/www.solis-porec.com\/wp-content\/uploads\/2025\/11\/porec-accommodation.webp","type":"image\/webp"}],"twitter_card":"summary_large_image","twitter_misc":{"Tempo di lettura stimato":"14 minuti"},"schema":{"@context":"https:\/\/schema.org","@graph":[{"@type":"WebPage","@id":"https:\/\/www.solis-porec.com\/it\/case-vacanze-parenzo\/","url":"https:\/\/www.solis-porec.com\/it\/case-vacanze-parenzo\/","name":"Case vacanze a Parenzo. Prenota le vacanze in Croazia","isPartOf":{"@id":"https:\/\/www.solis-porec.com\/#website"},"primaryImageOfPage":{"@id":"https:\/\/www.solis-porec.com\/it\/case-vacanze-parenzo\/#primaryimage"},"image":{"@id":"https:\/\/www.solis-porec.com\/it\/case-vacanze-parenzo\/#primaryimage"},"thumbnailUrl":"https:\/\/www.solis-porec.com\/wp-content\/uploads\/2025\/11\/porec-accommodation.webp","datePublished":"2025-11-24T11:10:38+00:00","dateModified":"2025-11-24T11:33:35+00:00","description":"Trova la tua sistemazione perfetta in Istria! Splendide ville sul mare, accoglienti case di campagna & soggiorni in citt\u00e0 vecchia.","breadcrumb":{"@id":"https:\/\/www.solis-porec.com\/it\/case-vacanze-parenzo\/#breadcrumb"},"inLanguage":"it-IT","potentialAction":[{"@type":"ReadAction","target":["https:\/\/www.solis-porec.com\/it\/case-vacanze-parenzo\/"]}]},{"@type":"ImageObject","inLanguage":"it-IT","@id":"https:\/\/www.solis-porec.com\/it\/case-vacanze-parenzo\/#primaryimage","url":"https:\/\/www.solis-porec.com\/wp-content\/uploads\/2025\/11\/porec-accommodation.webp","contentUrl":"https:\/\/www.solis-porec.com\/wp-content\/uploads\/2025\/11\/porec-accommodation.webp","width":1255,"height":836,"caption":"porec-accommodation.webp"},{"@type":"BreadcrumbList","@id":"https:\/\/www.solis-porec.com\/it\/case-vacanze-parenzo\/#breadcrumb","itemListElement":[{"@type":"ListItem","position":1,"name":"Home","item":"https:\/\/www.solis-porec.com\/"},{"@type":"ListItem","position":2,"name":"Case vacanze Parenzo"}]},{"@type":"WebSite","@id":"https:\/\/www.solis-porec.com\/#website","url":"https:\/\/www.solis-porec.com\/","name":"Istria tourism information","description":"Solis Porec","potentialAction":[{"@type":"SearchAction","target":{"@type":"EntryPoint","urlTemplate":"https:\/\/www.solis-porec.com\/?s={search_term_string}"},"query-input":{"@type":"PropertyValueSpecification","valueRequired":true,"valueName":"search_term_string"}}],"inLanguage":"it-IT"}]}},"_links":{"self":[{"href":"https:\/\/www.solis-porec.com\/it\/wp-json\/wp\/v2\/pages\/4074","targetHints":{"allow":["GET"]}}],"collection":[{"href":"https:\/\/www.solis-porec.com\/it\/wp-json\/wp\/v2\/pages"}],"about":[{"href":"https:\/\/www.solis-porec.com\/it\/wp-json\/wp\/v2\/types\/page"}],"author":[{"embeddable":true,"href":"https:\/\/www.solis-porec.com\/it\/wp-json\/wp\/v2\/users\/3"}],"replies":[{"embeddable":true,"href":"https:\/\/www.solis-porec.com\/it\/wp-json\/wp\/v2\/comments?post=4074"}],"version-history":[{"count":8,"href":"https:\/\/www.solis-porec.com\/it\/wp-json\/wp\/v2\/pages\/4074\/revisions"}],"predecessor-version":[{"id":4095,"href":"https:\/\/www.solis-porec.com\/it\/wp-json\/wp\/v2\/pages\/4074\/revisions\/4095"}],"wp:featuredmedia":[{"embeddable":true,"href":"https:\/\/www.solis-porec.com\/it\/wp-json\/wp\/v2\/media\/4075"}],"wp:attachment":[{"href":"https:\/\/www.solis-porec.com\/it\/wp-json\/wp\/v2\/media?parent=4074"}],"curies":[{"name":"wp","href":"https:\/\/api.w.org\/{rel}","templated":true}]}}